{"id":11051,"date":"2023-12-04T07:37:32","date_gmt":"2023-12-04T06:37:32","guid":{"rendered":"https:\/\/www.interreg6a.net\/?page_id=11051"},"modified":"2026-01-26T15:17:51","modified_gmt":"2026-01-26T14:17:51","slug":"3-nabor","status":"publish","type":"page","link":"https:\/\/www.interreg6a.net\/pl\/3-nabor\/","title":{"rendered":"3. Nab\u00f3r"},"content":{"rendered":"<div class=\"fusion-fullwidth fullwidth-box fusion-builder-row-1 fusion-flex-container has-pattern-background has-mask-background nonhundred-percent-fullwidth non-hundred-percent-height-scrolling\" style=\"--awb-border-radius-top-left:0px;--awb-border-radius-top-right:0px;--awb-border-radius-bottom-right:0px;--awb-border-radius-bottom-left:0px;--awb-flex-wrap:wrap;\" ><div class=\"fusion-builder-row fusion-row fusion-flex-align-items-flex-start fusion-flex-content-wrap\" style=\"max-width:1586px;margin-left: calc(-4% \/ 2 );margin-right: calc(-4% \/ 2 );\"><div class=\"fusion-layout-column fusion_builder_column fusion-builder-column-0 fusion_builder_column_1_1 1_1 fusion-flex-column\" style=\"--awb-bg-size:cover;--awb-width-large:100%;--awb-margin-top-large:0px;--awb-spacing-right-large:1.92%;--awb-margin-bottom-large:20px;--awb-spacing-left-large:1.92%;--awb-width-medium:100%;--awb-order-medium:0;--awb-spacing-right-medium:1.92%;--awb-spacing-left-medium:1.92%;--awb-width-small:100%;--awb-order-small:0;--awb-spacing-right-small:1.92%;--awb-spacing-left-small:1.92%;\"><div class=\"fusion-column-wrapper fusion-column-has-shadow fusion-flex-justify-content-flex-start fusion-content-layout-column\"><div class=\"fusion-title title fusion-title-1 fusion-sep-none fusion-title-center fusion-title-text fusion-title-size-one\" style=\"--awb-margin-top-small:10px;--awb-margin-right-small:0px;--awb-margin-bottom-small:10px;--awb-margin-left-small:0px;\"><h1 class=\"fusion-title-heading title-heading-center\" style=\"margin:0;\"><p class=\"title-heading-left\" style=\"text-align: center;\"><strong>3. Nab\u00f3r: INT03\/2023 \u2013 priorytet 3 <\/strong><\/p>\n<p class=\"title-heading-left\" style=\"text-align: center;\"><strong>(CS 4.2 i 4.6)<\/strong><\/p><\/h1><\/div><div class=\"fusion-text fusion-text-1\"><h5><strong>1. Tematyka i bud\u017cet naboru<\/strong><\/h5>\n<\/div><div class=\"fusion-text fusion-text-2\"><p><strong>Kwota \u015brodk\u00f3w przeznaczona w ramach naboru INT03\/2023 wynosi maksymalnie <\/strong><br \/>\n<strong>25 000 000 EUR EFRR:<\/strong><\/p>\n<p><strong>Priorytet 3: Umo\u017cliwienie lepszego uczestnictwa w transgranicznym \u017cyciu codziennym poprzez j\u0119zyk, kultur\u0119 i turystyk\u0119<\/strong><\/p>\n<p>Cel szczeg\u00f3\u0142owy 4.2: Edukacja: planowany maksymalny bud\u017cet naboru: 10 000 000 EUR EFRR<\/p>\n<p>Cel szczeg\u00f3\u0142owy 4.6: Kultura i zr\u00f3wnowa\u017cona turystyka: planowany maksymalny bud\u017cet naboru: 15 000 000 EUR EFRR<\/p>\n<\/div><div class=\"fusion-text fusion-text-3\"><h5><strong>2. Termin sk\u0142adania wniosk\u00f3w<\/strong><\/h5>\n<\/div><div class=\"fusion-text fusion-text-4\"><p>Od <strong>04.12.2023<\/strong> (godz. 8:00) do <strong>29.02.2024<\/strong> (godz.16:00)<\/p>\n<\/div><div class=\"fusion-text fusion-text-5\"><h5><strong>3. Forma sk\u0142adania wniosku<\/strong><\/h5>\n<\/div><div class=\"fusion-text fusion-text-6\"><p>Wniosek o dofinansowanie jest sk\u0142adany online przez partnera wiod\u0105cego za po\u015brednictwem Jems.<\/p>\n<p>Wniosek o dofinansowanie jest wype\u0142niany w Jems w obu j\u0119zykach Programu, tj. w j\u0119zyku polskim i niemieckim. Obie wersje j\u0119zykowe musz\u0105 mie\u0107 identyczn\u0105 tre\u015b\u0107.<\/p>\n<p>Podpisane Potwierdzenie do wniosku z\u0142o\u017conego elektronicznie musi wp\u0142yn\u0105\u0107 do Wsp\u00f3lnego Sekretariatu w oryginalnej wersji papierowej nie p\u00f3\u017aniej ni\u017c 14 dni kalendarzowych po zako\u0144czeniu naboru. (Patrz pkt 12)<\/p>\n<p>Dost\u0119p do systemu Jems:\u00a0<a href=\"https:\/\/jems-interreg6a.net\/\">https:\/\/jems-interreg6a.net\/<\/a><\/p>\n<p>albo przez stron\u0119 internetow\u0105 Programu: <a href=\"http:\/\/www.interreg6a.net\">www.interreg6a.net<\/a><\/p>\n<p>Materia\u0142y pomocnicze do Jems: <a href=\"https:\/\/www.interreg6a.net\/pl\/jems\/\">https:\/\/www.interreg6a.net\/jems\/<\/a><\/p>\n<p>Wnioski mo\u017cna przygotowa\u0107 wcze\u015bniej za pomoc\u0105 formularza offline!<\/p>\n<p><a href=\"https:\/\/www.interreg6a.net\/pl\/skladanie-wnioskow\/\">https:\/\/www.interreg6a.net\/pl\/skladanie-wnioskow\/<\/a><\/p>\n<p>Jems Helpdesk: <a href=\"mailto:jems@interreg6a.net\">jems@interreg6a.net<\/a><\/p>\n<\/div><div class=\"fusion-text fusion-text-7\"><h5><strong>4. Przyk\u0142adowi beneficjenci:<\/strong><\/h5>\n<\/div><div class=\"fusion-text fusion-text-8\"><ul>\n<li>jednostki administracji pa\u0144stwowej, regionalnej i lokalnej,<\/li>\n<li>zrzeszenia interes\u00f3w wraz z organizacjami pozarz\u0105dowymi (stowarzyszenia, zwi\u0105zki, fundacje),<\/li>\n<li>agencje sektorowe,<\/li>\n<li>pa\u0144stwowa administracja o\u015bwiatowa,<\/li>\n<li>podmioty kszta\u0142cenia i edukacji, jak i szko\u0142y wy\u017csze,<\/li>\n<li>plac\u00f3wki kultury,<\/li>\n<li>zrzeszenia i organizacje turystyczne,<\/li>\n<li>podmioty oferuj\u0105ce infrastruktur\u0119 oraz (publiczne) podmioty wykonuj\u0105ce us\u0142ugi,<\/li>\n<li>izby przemys\u0142owo-handlowe, izby rzemie\u015blnicze i inne instytucje oko\u0142obiznesowe,<\/li>\n<li>zwi\u0105zki zawodowe,<\/li>\n<li>przedsi\u0119biorstwa,<\/li>\n<li>i inne posiadaj\u0105ce osobowo\u015b\u0107 prawn\u0105.<\/li>\n<\/ul>\n<p>W ka\u017cdym projekcie musi by\u0107 <strong>co najmniej jeden partner z Polski i jeden z Niemiec<\/strong> \u2013 obaj z bud\u017cetami EFRR.<\/p>\n<p><strong>Partnerzy projektu wyznaczaj\u0105 jednego beneficjenta wiod\u0105cego (partner wiod\u0105cy).<\/strong><\/p>\n<p><strong>W Programie rol\u0119 partnera wiod\u0105cego mog\u0105 pe\u0142ni\u0107 tylko organizacje publiczne (Podr\u0119cznik Rozdzia\u0142 2.1 Partnerstwo projektu).<\/strong><\/p>\n<\/div><div class=\"fusion-text fusion-text-9\"><h5><strong>5. Obszar Programu<\/strong><\/h5>\n<\/div><div class=\"fusion-text fusion-text-10\"><p>Zasadniczo wszyscy partnerzy projektu posiadaj\u0105 sw\u0105 siedzib\u0119 w regionach tworz\u0105cych obszar Programu (Podr\u0119cznik Rozdzia\u0142 1.3 Obszar Programu). W wyj\u0105tkowych, uzasadnionych przypadkach dopuszczalne jest uczestnictwo r\u00f3wnie\u017c partner\u00f3w projektu posiadaj\u0105cych siedzib\u0119 poza obszarem Programu. Decyduj\u0105cym warunkiem jest w tym przypadku to, \u017ce dzia\u0142ania projektowe tego partnera s\u0105 realizowane na rzecz obszaru Programu, generuj\u0105 dla niego widoczn\u0105 warto\u015b\u0107 dodan\u0105 oraz dzia\u0142ania te s\u0105 niezb\u0119dne dla realizacji projektu.<\/p>\n<\/div><div class=\"fusion-text fusion-text-11\"><h5><strong>6. Obszar tematyczny wniosk\u00f3w o dofinansowanie<\/strong><\/h5>\n<\/div><div class=\"fusion-text fusion-text-12\"><p>Program Wsp\u00f3\u0142pracy okre\u015bla cechy specyficzne dla ka\u017cdego z cel\u00f3w szczeg\u00f3\u0142owych, kt\u00f3re s\u0105 brane pod uwag\u0119 przy ocenie wniosk\u00f3w o dofinansowanie. Szczeg\u00f3lnie preferowane s\u0105 projekty strategiczne, kt\u00f3re dotycz\u0105 wyzwa\u0144 zwi\u0105zanych z obszarami ponadprogramowymi.<\/p>\n<p><a href=\"https:\/\/www.interreg6a.net\/pl\/przygotowanie-programu-vi-a\/\">Dokument programowy<\/a><\/p>\n<p>Wi\u0119cej informacji na temat dofinansowywanych cel\u00f3w i oczekiwanych rodzaj\u00f3w dzia\u0142a\u0144 mo\u017cna znale\u017a\u0107 pod nast\u0119puj\u0105cym linkiem: <a href=\"https:\/\/www.interreg6a.net\/pl\/priorytet-3\/\">Priorytet 3<\/a> oraz w Podr\u0119czniku Programu, rozdzia\u0142 1.2 Priorytety Programu.<\/p>\n<\/div><div class=\"fusion-text fusion-text-13\"><h5><strong>7. Poziom dofinansowania projekt\u00f3w<\/strong><\/h5>\n<\/div><div class=\"fusion-text fusion-text-14\"><p>W ramach Programu, projekty mog\u0105 otrzyma\u0107 wsparcie z EFRR w wysoko\u015bci do <strong>80% wydatk\u00f3w kwalifikowanych<\/strong>.<\/p>\n<p>Na koszty przygotowania projektu mo\u017cna ubiega\u0107 si\u0119 o kwot\u0119 rycza\u0142tow\u0105 w wysoko\u015bci<br \/>\n10 560,00 EUR EFRR.<\/p>\n<p>W ramach Programu planuje si\u0119 korzystanie z kwoty rycza\u0142towej na koszty zako\u0144czenia projektu. Wykorzystanie kwoty rycza\u0142towej na te koszty jest obecnie uzale\u017cnione od zatwierdzenia przez Instytucj\u0119 Audytow\u0105. W przypadku braku zatwierdzenia planowane jest rozliczenie koszt\u00f3w zako\u0144czenia na podstawie rzeczywistych wydatk\u00f3w, przy czym dalsze szczeg\u00f3\u0142y zastan\u0105 przekazane\u00a0 przez Wsp\u00f3lny Sekretariat.<\/p>\n<p>Zasady kwalifikowalno\u015bci znajduj\u0105 si\u0119 w Podr\u0119czniku Programu Rozdzia\u0142 4 Wytyczne kwalifikowalno\u015bci wydatk\u00f3w.<\/p>\n<p><a href=\"https:\/\/www.interreg6a.net\/pl\/podrecznik-programu\/\">Podr\u0119cznik Programu<\/a><\/p>\n<\/div><div class=\"fusion-text fusion-text-15\"><h5><strong>8. Regularne projekty i projekty o ma\u0142ej skali<\/strong><\/h5>\n<\/div><div class=\"fusion-text fusion-text-16\"><p>Projekty regularne to takie, kt\u00f3rych ca\u0142kowity bud\u017cet jest wi\u0119kszy ni\u017c 200 000 EUR.<\/p>\n<p>Projekty o ca\u0142kowitym bud\u017cecie do 200 000 EUR, kt\u00f3re nie s\u0105 realizowane w ramach Funduszy Ma\u0142ych Projekt\u00f3w (FMP) nale\u017cy traktowa\u0107 jako projekty o ma\u0142ej skali (Podr\u0119cznik Programu Rozdzia\u0142 4.4.3 Draft budget).<\/p>\n<p>Minimalny bud\u017cet wniosk\u00f3w o dofinansowanie w ramach tego naboru musi wynosi\u0107 ponad 50 000 EUR EFRR.<\/p>\n<\/div><div class=\"fusion-text fusion-text-17\"><h5><strong>9. Wyb\u00f3r projekt\u00f3w<\/strong><\/h5>\n<\/div><div class=\"fusion-text fusion-text-18\"><p>Zapisy dotycz\u0105ce oceny projekt\u00f3w znajduj\u0105 si\u0119 w Podr\u0119czniku Programu Rozdzia\u0142 3.3 Wyb\u00f3r projekt\u00f3w.<\/p>\n<\/div><div class=\"fusion-text fusion-text-19\"><h5><strong>10. Oczekiwany termin wyboru projekt\u00f3w<\/strong><\/h5>\n<\/div><div class=\"fusion-text fusion-text-20\"><p>Decyzj\u0119 o wyborze projekt\u00f3w podejmuje Komitet Monitoruj\u0105cy (KM) Programu Wsp\u00f3\u0142pracy Interreg VI A Meklemburgia \u2013 Pomorze Przednie \/ Brandenburgia \/ Polska 2021-2027. Termin zostanie og\u0142oszony po zako\u0144czeniu procedury naboru (prawdopodobnie lipiec 2024).<\/p>\n<\/div><div class=\"fusion-text fusion-text-21\"><h5><strong>11. \u015arodek odwo\u0142awczy<\/strong><\/h5>\n<\/div><div class=\"fusion-text fusion-text-22\"><p>Wszyscy wnioskodawcy maj\u0105 prawo do z\u0142o\u017cenia skargi dotycz\u0105cej procedury oceny i wyboru.<\/p>\n<p>Procedura odwo\u0142awcza zosta\u0142a opisana w Podr\u0119czniku Programu Rozdzia\u0142 3.4 Procedura skargowa.<\/p>\n<\/div><div class=\"fusion-text fusion-text-23\"><h5><strong>12. Za\u0142\u0105czniki do sk\u0142adanego wniosku o dofinansowanie<\/strong><\/h5>\n<\/div><div class=\"fusion-text fusion-text-24\"><p>Za\u0142\u0105czniki do sk\u0142adanego wniosku o dofinansowanie (faza 1) znajduj\u0105 si\u0119 w Podr\u0119czniku Programu Rozdzia\u0142 8.2. Poni\u017csze za\u0142\u0105czniki nale\u017cy zachowa\u0107 bez zmian:<\/p>\n<ul>\n<li>Potwierdzenie do wniosku z\u0142o\u017conego elektronicznie (DE, PL)<\/li>\n<li>Porozumienie partnerskie w celu uregulowania obowi\u0105zk\u00f3w i praw partner\u00f3w w trakcie realizacji projektu w ramach (DE, PL)<\/li>\n<li>O\u015bwiadczenie dot. przestrzegania Karty Praw Podstawowych (PL)<\/li>\n<li>O\u015bwiadczenie zobowi\u0105zuj\u0105ce partnera stowarzyszonego (DE, PL).<\/li>\n<\/ul>\n<\/div><div class=\"fusion-text fusion-text-25\"><h5><strong>13. Doradztwo w sprawie wniosk\u00f3w o dofinansowanie<\/strong><\/h5>\n<\/div><div class=\"fusion-text fusion-text-26\"><p>Istnieje mo\u017cliwo\u015b\u0107 indywidualnego om\u00f3wienia pomys\u0142u na projekt. Prosimy o um\u00f3wienie si\u0119 na spotkanie ze Wsp\u00f3lnym Sekretariatem z odpowiednim wyprzedzeniem.<\/p>\n<\/div><div class='w3eden'>\n<!-- WPDM Link Template: Default Template -->\n\n<div class=\"link-template-default card mb-2\">\n    <div class=\"card-body\">\n        <div class=\"media\">\n            <div class=\"media-pic-icon\">\n                <a class='wpdm-download-link download-on-click btn btn-primary ' rel='nofollow' href='#' data-downloadurl=\"https:\/\/www.interreg6a.net\/pl\/download\/szkic-projektu\/?wpdmdl=8485&refresh=69f3619214ed81777557906\">Pobierz<\/a>\n            <\/div>\n            <div class=\"media-body\">\n                <h3 class=\"package-title\">Szkic projektu<\/h3>\n                <div class=\"text-muted text-small\">\n                    <span class=\"wpdm_file_ext\">DOCX<\/span> | <span class=\"wpdm_file_size\">138.40 KB<\/span> | <span class=\"wpdm_update_date\">29. marca 2023<\/span> <!-- 29. marca 2023 -->\n                <\/div>\n            <\/div>\n\n        <\/div>\n    <\/div>\n<\/div>\n\n<\/div><div class=\"fusion-text fusion-text-27\" style=\"--awb-margin-top:30px;\"><p><strong>Pytania nale\u017cy kierowa\u0107 do:<\/strong><br \/>\nWsp\u00f3lny Sekretariat Interreg VI A<br \/>\nErnst-Th\u00e4lmann-Str. 4<br \/>\nD \u2013 17321 L\u00f6cknitz<br \/>\nE-mail: <a href=\"mailto:info@interreg6a.net\">info@interreg6a.net<\/a><\/p>\n<\/div><div class=\"md-text-align-right sm-text-align-right\" style=\"text-align:left;\"><a class=\"fusion-button button-flat button-large button-custom fusion-button-default button-1 fusion-button-default-span fusion-button-default-type fusion-has-button-gradient button\" style=\"--button_accent_color:var(--awb-color1);--button_accent_hover_color:var(--awb-color1);--button_border_hover_color:var(--awb-color1);--button_gradient_angle:69deg;--button_gradient_top_color:var(--awb-color2);--button_gradient_bottom_color:var(--awb-custom_color_7);--button_gradient_top_color_hover:hsla(var(--awb-custom_color_4-h),calc(var(--awb-custom_color_4-s) - 5%),calc(var(--awb-custom_color_4-l) - 10%),var(--awb-custom_color_4-a));--button_gradient_bottom_color_hover:hsla(var(--awb-color2-h),calc(var(--awb-color2-s) - 5%),calc(var(--awb-color2-l) - 10%),var(--awb-color2-a));\" target=\"_self\" href=\"https:\/\/www.interreg6a.net\/pl\/osoby-do-kontaktu\/\"><i class=\"icon-link-pfeil awb-button__icon awb-button__icon--default button-icon-left\" aria-hidden=\"true\"><\/i><span class=\"fusion-button-text awb-button__text awb-button__text--default\">Osoby do kontaktu<\/span><\/a><\/div><\/div><\/div><\/div><\/div>\n","protected":false},"excerpt":{"rendered":"","protected":false},"author":20,"featured_media":0,"parent":0,"menu_order":0,"comment_status":"closed","ping_status":"closed","template":"100-width.php","meta":{"_price":"","_stock":"","_tribe_ticket_header":"","_tribe_default_ticket_provider":"","_tribe_ticket_capacity":"0","_ticket_start_date":"","_ticket_end_date":"","_tribe_ticket_show_description":"","_tribe_ticket_show_not_going":false,"_tribe_ticket_use_global_stock":"","_tribe_ticket_global_stock_level":"","_global_stock_mode":"","_global_stock_cap":"","_tribe_rsvp_for_event":"","_tribe_ticket_going_count":"","_tribe_ticket_not_going_count":"","_tribe_tickets_list":"[]","_tribe_ticket_has_attendee_info_fields":false,"footnotes":"","_tec_slr_enabled":"","_tec_slr_layout":""},"class_list":["post-11051","page","type-page","status-publish","hentry"],"yoast_head":"<!-- This site is optimized with the Yoast SEO plugin v27.3 - https:\/\/yoast.com\/product\/yoast-seo-wordpress\/ -->\n<title>3. Nab\u00f3r - Interreg VI A MV\/BB\/PL<\/title>\n<meta name=\"robots\" content=\"index, follow, max-snippet:-1, max-image-preview:large, max-video-preview:-1\" \/>\n<link rel=\"canonical\" href=\"https:\/\/www.interreg6a.net\/pl\/3-nabor\/\" \/>\n<meta property=\"og:locale\" content=\"pl_PL\" \/>\n<meta property=\"og:type\" content=\"article\" \/>\n<meta property=\"og:title\" content=\"3. Nab\u00f3r - Interreg VI A MV\/BB\/PL\" \/>\n<meta property=\"og:url\" content=\"https:\/\/www.interreg6a.net\/pl\/3-nabor\/\" \/>\n<meta property=\"og:site_name\" content=\"Interreg VI A MV\/BB\/PL\" \/>\n<meta property=\"article:modified_time\" content=\"2026-01-26T14:17:51+00:00\" \/>\n<meta name=\"twitter:card\" content=\"summary_large_image\" \/>\n<meta name=\"twitter:label1\" content=\"Szacowany czas czytania\" \/>\n\t<meta name=\"twitter:data1\" content=\"5 minut\" \/>\n<script type=\"application\/ld+json\" class=\"yoast-schema-graph\">{\"@context\":\"https:\\\/\\\/schema.org\",\"@graph\":[{\"@type\":\"WebPage\",\"@id\":\"https:\\\/\\\/www.interreg6a.net\\\/pl\\\/3-nabor\\\/\",\"url\":\"https:\\\/\\\/www.interreg6a.net\\\/pl\\\/3-nabor\\\/\",\"name\":\"3. Nab\u00f3r - Interreg VI A MV\\\/BB\\\/PL\",\"isPartOf\":{\"@id\":\"https:\\\/\\\/www.interreg6a.net\\\/pl\\\/#website\"},\"datePublished\":\"2023-12-04T06:37:32+00:00\",\"dateModified\":\"2026-01-26T14:17:51+00:00\",\"breadcrumb\":{\"@id\":\"https:\\\/\\\/www.interreg6a.net\\\/pl\\\/3-nabor\\\/#breadcrumb\"},\"inLanguage\":\"pl-PL\",\"potentialAction\":[{\"@type\":\"ReadAction\",\"target\":[\"https:\\\/\\\/www.interreg6a.net\\\/pl\\\/3-nabor\\\/\"]}]},{\"@type\":\"BreadcrumbList\",\"@id\":\"https:\\\/\\\/www.interreg6a.net\\\/pl\\\/3-nabor\\\/#breadcrumb\",\"itemListElement\":[{\"@type\":\"ListItem\",\"position\":1,\"name\":\"Strona g\u0142\u00f3wna\",\"item\":\"https:\\\/\\\/www.interreg6a.net\\\/pl\\\/\"},{\"@type\":\"ListItem\",\"position\":2,\"name\":\"3. Nab\u00f3r\"}]},{\"@type\":\"WebSite\",\"@id\":\"https:\\\/\\\/www.interreg6a.net\\\/pl\\\/#website\",\"url\":\"https:\\\/\\\/www.interreg6a.net\\\/pl\\\/\",\"name\":\"Interreg VI A MV\\\/BB\\\/PL\",\"description\":\"\",\"potentialAction\":[{\"@type\":\"SearchAction\",\"target\":{\"@type\":\"EntryPoint\",\"urlTemplate\":\"https:\\\/\\\/www.interreg6a.net\\\/pl\\\/?s={search_term_string}\"},\"query-input\":{\"@type\":\"PropertyValueSpecification\",\"valueRequired\":true,\"valueName\":\"search_term_string\"}}],\"inLanguage\":\"pl-PL\"}]}<\/script>\n<!-- \/ Yoast SEO plugin. -->","yoast_head_json":{"title":"3. Nab\u00f3r - Interreg VI A MV\/BB\/PL","robots":{"index":"index","follow":"follow","max-snippet":"max-snippet:-1","max-image-preview":"max-image-preview:large","max-video-preview":"max-video-preview:-1"},"canonical":"https:\/\/www.interreg6a.net\/pl\/3-nabor\/","og_locale":"pl_PL","og_type":"article","og_title":"3. Nab\u00f3r - Interreg VI A MV\/BB\/PL","og_url":"https:\/\/www.interreg6a.net\/pl\/3-nabor\/","og_site_name":"Interreg VI A MV\/BB\/PL","article_modified_time":"2026-01-26T14:17:51+00:00","twitter_card":"summary_large_image","twitter_misc":{"Szacowany czas czytania":"5 minut"},"schema":{"@context":"https:\/\/schema.org","@graph":[{"@type":"WebPage","@id":"https:\/\/www.interreg6a.net\/pl\/3-nabor\/","url":"https:\/\/www.interreg6a.net\/pl\/3-nabor\/","name":"3. Nab\u00f3r - Interreg VI A MV\/BB\/PL","isPartOf":{"@id":"https:\/\/www.interreg6a.net\/pl\/#website"},"datePublished":"2023-12-04T06:37:32+00:00","dateModified":"2026-01-26T14:17:51+00:00","breadcrumb":{"@id":"https:\/\/www.interreg6a.net\/pl\/3-nabor\/#breadcrumb"},"inLanguage":"pl-PL","potentialAction":[{"@type":"ReadAction","target":["https:\/\/www.interreg6a.net\/pl\/3-nabor\/"]}]},{"@type":"BreadcrumbList","@id":"https:\/\/www.interreg6a.net\/pl\/3-nabor\/#breadcrumb","itemListElement":[{"@type":"ListItem","position":1,"name":"Strona g\u0142\u00f3wna","item":"https:\/\/www.interreg6a.net\/pl\/"},{"@type":"ListItem","position":2,"name":"3. Nab\u00f3r"}]},{"@type":"WebSite","@id":"https:\/\/www.interreg6a.net\/pl\/#website","url":"https:\/\/www.interreg6a.net\/pl\/","name":"Interreg VI A MV\/BB\/PL","description":"","potentialAction":[{"@type":"SearchAction","target":{"@type":"EntryPoint","urlTemplate":"https:\/\/www.interreg6a.net\/pl\/?s={search_term_string}"},"query-input":{"@type":"PropertyValueSpecification","valueRequired":true,"valueName":"search_term_string"}}],"inLanguage":"pl-PL"}]}},"ticketed":false,"_links":{"self":[{"href":"https:\/\/www.interreg6a.net\/pl\/wp-json\/wp\/v2\/pages\/11051","targetHints":{"allow":["GET"]}}],"collection":[{"href":"https:\/\/www.interreg6a.net\/pl\/wp-json\/wp\/v2\/pages"}],"about":[{"href":"https:\/\/www.interreg6a.net\/pl\/wp-json\/wp\/v2\/types\/page"}],"author":[{"embeddable":true,"href":"https:\/\/www.interreg6a.net\/pl\/wp-json\/wp\/v2\/users\/20"}],"replies":[{"embeddable":true,"href":"https:\/\/www.interreg6a.net\/pl\/wp-json\/wp\/v2\/comments?post=11051"}],"version-history":[{"count":15,"href":"https:\/\/www.interreg6a.net\/pl\/wp-json\/wp\/v2\/pages\/11051\/revisions"}],"predecessor-version":[{"id":22660,"href":"https:\/\/www.interreg6a.net\/pl\/wp-json\/wp\/v2\/pages\/11051\/revisions\/22660"}],"wp:attachment":[{"href":"https:\/\/www.interreg6a.net\/pl\/wp-json\/wp\/v2\/media?parent=11051"}],"curies":[{"name":"wp","href":"https:\/\/api.w.org\/{rel}","templated":true}]}}