{"id":15553,"date":"2025-01-02T12:28:20","date_gmt":"2025-01-02T11:28:20","guid":{"rendered":"https:\/\/www.interreg6a.net\/?page_id=15553"},"modified":"2026-01-02T08:40:32","modified_gmt":"2026-01-02T07:40:32","slug":"projekt-miesiaca-2025","status":"publish","type":"page","link":"https:\/\/www.interreg6a.net\/pl\/projekt-miesiaca-2025\/","title":{"rendered":"Projekt miesi\u0105ca 2025"},"content":{"rendered":"<p><div class=\"fusion-fullwidth fullwidth-box fusion-builder-row-1 fusion-flex-container has-pattern-background has-mask-background nonhundred-percent-fullwidth non-hundred-percent-height-scrolling\" style=\"--awb-border-radius-top-left:0px;--awb-border-radius-top-right:0px;--awb-border-radius-bottom-right:0px;--awb-border-radius-bottom-left:0px;--awb-flex-wrap:wrap;\" ><div class=\"fusion-builder-row fusion-row fusion-flex-align-items-flex-start fusion-flex-content-wrap\" style=\"max-width:1586px;margin-left: calc(-4% \/ 2 );margin-right: calc(-4% \/ 2 );\"><div class=\"fusion-layout-column fusion_builder_column fusion-builder-column-0 fusion_builder_column_1_1 1_1 fusion-flex-column\" style=\"--awb-bg-color:var(--awb-custom_color_3);--awb-bg-color-hover:var(--awb-custom_color_3);--awb-bg-size:cover;--awb-width-large:100%;--awb-margin-top-large:0px;--awb-spacing-right-large:1.92%;--awb-margin-bottom-large:20px;--awb-spacing-left-large:1.92%;--awb-width-medium:100%;--awb-order-medium:0;--awb-spacing-right-medium:1.92%;--awb-spacing-left-medium:1.92%;--awb-width-small:100%;--awb-order-small:0;--awb-spacing-right-small:1.92%;--awb-spacing-left-small:1.92%;\"><div class=\"fusion-column-wrapper fusion-column-has-shadow fusion-flex-justify-content-flex-start fusion-content-layout-column\"><div class=\"fusion-title title fusion-title-1 fusion-sep-none fusion-title-center fusion-title-text fusion-title-size-one\" style=\"--awb-margin-top-small:10px;--awb-margin-right-small:0px;--awb-margin-bottom-small:10px;--awb-margin-left-small:0px;--awb-sep-color:var(--awb-custom_color_1);\"><h1 class=\"fusion-title-heading title-heading-center\" style=\"margin:0;\">Projekt miesi\u0105ca<\/h1><\/div><\/div><\/div><\/div><\/div><div class=\"fusion-fullwidth fullwidth-box fusion-builder-row-2 fusion-flex-container has-pattern-background has-mask-background nonhundred-percent-fullwidth non-hundred-percent-height-scrolling\" style=\"--awb-border-radius-top-left:0px;--awb-border-radius-top-right:0px;--awb-border-radius-bottom-right:0px;--awb-border-radius-bottom-left:0px;--awb-background-color:var(--awb-color1);--awb-flex-wrap:wrap;\" ><div class=\"fusion-builder-row fusion-row fusion-flex-align-items-flex-start fusion-flex-content-wrap\" style=\"max-width:1586px;margin-left: calc(-4% \/ 2 );margin-right: calc(-4% \/ 2 );\"><div class=\"fusion-layout-column fusion_builder_column fusion-builder-column-1 fusion_builder_column_1_1 1_1 fusion-flex-column absatz\" style=\"--awb-padding-top:40px;--awb-padding-top-medium:30px;--awb-padding-top-small:20px;--awb-bg-size:cover;--awb-width-large:100%;--awb-margin-top-large:0px;--awb-spacing-right-large:1.92%;--awb-margin-bottom-large:20px;--awb-spacing-left-large:1.92%;--awb-width-medium:100%;--awb-order-medium:0;--awb-spacing-right-medium:1.92%;--awb-spacing-left-medium:1.92%;--awb-width-small:100%;--awb-order-small:0;--awb-spacing-right-small:1.92%;--awb-spacing-left-small:1.92%;\"><div class=\"fusion-column-wrapper fusion-column-has-shadow fusion-flex-justify-content-flex-start fusion-content-layout-column\"><div class=\"fusion-title title fusion-title-2 fusion-sep-none fusion-title-center fusion-title-text fusion-title-size-two\" style=\"--awb-margin-top:3%;--awb-margin-bottom:1%;--awb-margin-top-small:10px;--awb-margin-right-small:0px;--awb-margin-bottom-small:10px;--awb-margin-left-small:0px;\"><h2 class=\"fusion-title-heading title-heading-center\" style=\"margin:0;\"><p class=\"fusion-title-heading title-heading-center\">Grudzie\u0144 2025<\/p><\/h2><\/div><div class=\"fusion-builder-row fusion-builder-row-inner fusion-row fusion-flex-align-items-flex-start fusion-flex-content-wrap\" style=\"--awb-flex-grow:0;--awb-flex-grow-medium:0;--awb-flex-grow-small:0;--awb-flex-shrink:0;--awb-flex-shrink-medium:0;--awb-flex-shrink-small:0;width:104% !important;max-width:104% !important;margin-left: calc(-4% \/ 2 );margin-right: calc(-4% \/ 2 );\"><div class=\"fusion-layout-column fusion_builder_column_inner fusion-builder-nested-column-0 fusion_builder_column_inner_2_3 2_3 fusion-flex-column\" style=\"--awb-bg-size:cover;--awb-width-large:66.666666666667%;--awb-margin-top-large:0px;--awb-spacing-right-large:2.88%;--awb-margin-bottom-large:20px;--awb-spacing-left-large:2.88%;--awb-width-medium:100%;--awb-order-medium:0;--awb-spacing-right-medium:1.92%;--awb-spacing-left-medium:1.92%;--awb-width-small:100%;--awb-order-small:0;--awb-spacing-right-small:1.92%;--awb-spacing-left-small:1.92%;\"><div class=\"fusion-column-wrapper fusion-column-has-shadow fusion-flex-justify-content-flex-start fusion-content-layout-column\"><div class=\"fusion-text fusion-text-1\"><p class=\"western\"><b>Autor zdj\u0119cia: <\/b>Dr Linus Gro\u00dfmann<\/p>\n<\/div><div class=\"fusion-image-element \" style=\"--awb-caption-title-font-family:var(--h2_typography-font-family);--awb-caption-title-font-weight:var(--h2_typography-font-weight);--awb-caption-title-font-style:var(--h2_typography-font-style);--awb-caption-title-size:var(--h2_typography-font-size);--awb-caption-title-transform:var(--h2_typography-text-transform);--awb-caption-title-line-height:var(--h2_typography-line-height);--awb-caption-title-letter-spacing:var(--h2_typography-letter-spacing);\"><span class=\" fusion-imageframe imageframe-none imageframe-1 hover-type-none\"><img decoding=\"async\" width=\"1200\" height=\"630\" title=\"facebook-querformat-dezember\" src=\"https:\/\/www.interreg6a.net\/wp-content\/uploads\/2025\/09\/facebook-querformat-dezember.jpg\" alt class=\"img-responsive wp-image-19585\" srcset=\"https:\/\/www.interreg6a.net\/wp-content\/uploads\/2025\/09\/facebook-querformat-dezember-200x105.jpg 200w, https:\/\/www.interreg6a.net\/wp-content\/uploads\/2025\/09\/facebook-querformat-dezember-400x210.jpg 400w, https:\/\/www.interreg6a.net\/wp-content\/uploads\/2025\/09\/facebook-querformat-dezember-600x315.jpg 600w, https:\/\/www.interreg6a.net\/wp-content\/uploads\/2025\/09\/facebook-querformat-dezember-800x420.jpg 800w, https:\/\/www.interreg6a.net\/wp-content\/uploads\/2025\/09\/facebook-querformat-dezember.jpg 1200w\" sizes=\"(max-width: 575px) 100vw, 1200px\" \/><\/span><\/div><\/div><\/div><div class=\"fusion-layout-column fusion_builder_column_inner fusion-builder-nested-column-1 fusion_builder_column_inner_1_3 1_3 fusion-flex-column\" style=\"--awb-bg-color:rgba(255,255,255,0);--awb-bg-color-hover:rgba(255,255,255,0);--awb-bg-size:cover;--awb-width-large:33.333333333333%;--awb-margin-top-large:0px;--awb-spacing-right-large:5.76%;--awb-margin-bottom-large:20px;--awb-spacing-left-large:5.76%;--awb-width-medium:100%;--awb-order-medium:0;--awb-spacing-right-medium:1.92%;--awb-spacing-left-medium:1.92%;--awb-width-small:100%;--awb-order-small:0;--awb-spacing-right-small:1.92%;--awb-spacing-left-small:1.92%;\"><div class=\"fusion-column-wrapper fusion-column-has-shadow fusion-flex-justify-content-flex-start fusion-content-layout-column\"><div class=\"fusion-title title fusion-title-3 fusion-sep-none fusion-title-text fusion-title-size-four\" style=\"--awb-margin-top:3%;--awb-margin-bottom:1%;--awb-margin-top-small:10px;--awb-margin-right-small:0px;--awb-margin-bottom-small:10px;--awb-margin-left-small:0px;\"><h4 class=\"fusion-title-heading title-heading-left\" style=\"margin:0;\"><strong>Projekt<\/strong><\/h4><\/div><div class=\"fusion-text fusion-text-2\"><p class=\"ng-star-inserted\"><strong>INT0100008 \u2013 <\/strong><strong>HEALTH.AI Pomerania<\/strong><\/p>\n<p><strong>Okres wsparcia:<\/strong> 2021-2027<\/p>\n<\/div><div class=\"fusion-title title fusion-title-4 fusion-sep-none fusion-title-text fusion-title-size-four\" style=\"--awb-margin-top:3%;--awb-margin-bottom:1%;--awb-margin-top-small:10px;--awb-margin-right-small:0px;--awb-margin-bottom-small:10px;--awb-margin-left-small:0px;\"><h4 class=\"fusion-title-heading title-heading-left\" style=\"margin:0;\"><strong>Wnioskodawca<\/strong><\/h4><\/div><div class=\"fusion-text fusion-text-3\"><ul>\n<li>Universit\u00e4t Greifswald<\/li>\n<\/ul>\n<\/div><div class=\"fusion-title title fusion-title-5 fusion-sep-none fusion-title-text fusion-title-size-four\" style=\"--awb-margin-top:3%;--awb-margin-bottom:1%;--awb-margin-top-small:10px;--awb-margin-right-small:0px;--awb-margin-bottom-small:10px;--awb-margin-left-small:0px;\"><h4 class=\"fusion-title-heading title-heading-left\" style=\"margin:0;\"><strong>Partnerzy projektu<\/strong><\/h4><\/div><div class=\"fusion-text fusion-text-4\"><ul>\n<li>Zachodniopomorskie Centrum Onkologii<\/li>\n<li>GLG Werner For\u00dfmann Klinikum Eberswalde GmbH<\/li>\n<\/ul>\n<\/div><div class=\"fusion-text fusion-text-5\"><p><a href=\"https:\/\/www.interreg6a.net\/pl\/zatwierdzone-projekty\/int0100008-health-ai-pomerania\/\">do projektu<\/a><\/p>\n<\/div><\/div><\/div><\/div><div class=\"fusion-builder-row fusion-builder-row-inner fusion-row fusion-flex-align-items-flex-start fusion-flex-content-wrap\" style=\"--awb-flex-grow:0;--awb-flex-grow-medium:0;--awb-flex-grow-small:0;--awb-flex-shrink:0;--awb-flex-shrink-medium:0;--awb-flex-shrink-small:0;width:104% !important;max-width:104% !important;margin-left: calc(-4% \/ 2 );margin-right: calc(-4% \/ 2 );\"><div class=\"fusion-layout-column fusion_builder_column_inner fusion-builder-nested-column-2 fusion_builder_column_inner_1_1 1_1 fusion-flex-column\" style=\"--awb-bg-size:cover;--awb-width-large:100%;--awb-margin-top-large:0px;--awb-spacing-right-large:1.92%;--awb-margin-bottom-large:20px;--awb-spacing-left-large:1.92%;--awb-width-medium:100%;--awb-order-medium:0;--awb-spacing-right-medium:1.92%;--awb-spacing-left-medium:1.92%;--awb-width-small:100%;--awb-order-small:0;--awb-spacing-right-small:1.92%;--awb-spacing-left-small:1.92%;\"><div class=\"fusion-column-wrapper fusion-column-has-shadow fusion-flex-justify-content-flex-start fusion-content-layout-column\"><div class=\"fusion-title title fusion-title-6 fusion-sep-none fusion-title-text fusion-title-size-four\" style=\"--awb-margin-top:3%;--awb-margin-bottom:1%;--awb-margin-top-small:10px;--awb-margin-right-small:0px;--awb-margin-bottom-small:10px;--awb-margin-left-small:0px;\"><h4 class=\"fusion-title-heading title-heading-left\" style=\"margin:0;\"><h4 class=\"fusion-title-heading title-heading-left\">Szczeg\u00f3lny moment w realizacji projektu<\/h4><\/h4><\/div><div class=\"fusion-text fusion-text-6\"><p>Dipl.-pharm. Lydia Neubauer (doktorantka w Instytucie Farmacji Uniwersytetu w Greifswaldzie) i dr Linus Gro\u00dfmann (adiunkt w tym samym instytucie) monitoruj\u0105 przebieg swoich bada\u0144 w ramach projektu HEALTH.AI Pomerania z konsoli steruj\u0105cej tomografem rezonansu magnetycznego. Na tym etapie analizowane s\u0105 zdj\u0119cia badanego pacjenta: dane obrazowe i wideo z badania MRI s\u0105 analizowane przy pomocy sztucznej inteligencji (AI). Pracownicy projektu opracowuj\u0105 w Euroregionie Pomerania ca\u0142kowicie nowatorsk\u0105 metod\u0119 diagnozowania funkcjonalnych zaburze\u0144 trawienia za pomoc\u0105 sztucznej inteligencji.<\/p>\n<\/div><\/div><\/div><div class=\"fusion-layout-column fusion_builder_column_inner fusion-builder-nested-column-3 fusion_builder_column_inner_1_1 1_1 fusion-flex-column\" style=\"--awb-bg-size:cover;--awb-width-large:100%;--awb-margin-top-large:0px;--awb-spacing-right-large:1.92%;--awb-margin-bottom-large:20px;--awb-spacing-left-large:1.92%;--awb-width-medium:100%;--awb-order-medium:0;--awb-spacing-right-medium:1.92%;--awb-spacing-left-medium:1.92%;--awb-width-small:100%;--awb-order-small:0;--awb-spacing-right-small:1.92%;--awb-spacing-left-small:1.92%;\"><div class=\"fusion-column-wrapper fusion-column-has-shadow fusion-flex-justify-content-flex-start fusion-content-layout-column\"><div class=\"fusion-title title fusion-title-7 fusion-sep-none fusion-title-text fusion-title-size-four\" style=\"--awb-margin-top:3%;--awb-margin-bottom:1%;--awb-margin-top-small:10px;--awb-margin-right-small:0px;--awb-margin-bottom-small:10px;--awb-margin-left-small:0px;\"><h4 class=\"fusion-title-heading title-heading-left\" style=\"margin:0;\">Wgl\u0105d w projekt<\/h4><\/div><div class=\"fusion-text fusion-text-7\"><p><strong>Wywiad z Zuzann\u0105 Papierz, odpowiedzialn\u0105 za projekt HEALTH.AI Pomerania po stronie partnera wiod\u0105cego (Centrum Wsparcia Bada\u0144 Naukowych i Transferu, Uniwersytet w Greifswaldzie)<\/strong><\/p>\n<h5><strong>Jakie jest wsp\u00f3lne wyzwanie, z kt\u00f3rym partnerzy wsp\u00f3lnie mierz\u0105 si\u0119 w ramach projektu?<\/strong><\/h5>\n<p>Podstawow\u0105 ide\u0105 projektu HEALTH.AI Pomerania jest utorowanie drogi do wprowadzania sztucznej inteligencji w leczeniu i diagnostyce medycznej w Euroregionie Pomerania. Aby tego dokona\u0107 Uniwersytet w Greifswaldzie, Zachodniopomorskie Centrum Onkologii w Szczecinie, Klinika Werner For\u00dfmann w Eberswalde oraz Medycyna Uniwersytecka w Greifswaldzie po\u0142\u0105czy\u0142y swoje si\u0142y. Partnerzy projektu testuj\u0105 r\u00f3\u017cnorodne technologie AI i wsp\u00f3lnie dokonuj\u0105 oceny wynik\u00f3w ich zastosowania.<\/p>\n<p>Wszyscy zmagamy si\u0119 z narastaj\u0105cym niedoborem lekarzy, a jednocze\u015bnie ze wzrastaj\u0105cym zapotrzebowaniem na opiek\u0119 medyczn\u0105, wynikaj\u0105cym przyk\u0142adowo ze starzenia si\u0119 spo\u0142ecze\u0144stwa lub z niskiej g\u0119sto\u015bci zaludnienia, zw\u0142aszcza na obszarach wiejskich naszego regionu. Wykorzystanie sztucznej inteligencji mo\u017ce pom\u00f3c w obj\u0119ciu opiek\u0105 medyczn\u0105 wi\u0119kszej liczby pacjent\u00f3w w kr\u00f3tszym czasie. Wdro\u017cenie takiego rozwi\u0105zania nie jest jednak mo\u017cliwe na zawo\u0142anie. Wprowadzaj\u0105c innowacje i implementuj\u0105c je w istniej\u0105cych ju\u017c systemach oraz procedurach pracy, na przyk\u0142ad w szpitalach, nale\u017cy najpierw przygotowa\u0107 dla nich drog\u0119, co stanowi z\u0142o\u017cony proces. St\u0105d stwierdzenie, \u017ce innowacja jest tak naprawd\u0119 prac\u0105 zespo\u0142ow\u0105, podobnie jak praca projektowa. Zale\u017cy nam jak najbardziej na tym, aby z wiedzy wygenerowanej w ramach projektu skorzysta\u0142y inne instytucje i urz\u0119dy, a tak\u017ce indywidualni u\u017cytkownicy sztucznej inteligencji w sektorze medycznym.<\/p>\n<h5><strong>Jaki rezultat partnerzy chc\u0105 wsp\u00f3lnie osi\u0105gn\u0105\u0107?<\/strong><\/h5>\n<p>Partnerzy projektu chc\u0105 wprowadzi\u0107 narz\u0119dzia sztucznej inteligencji do leczenia i diagnostyki medycznej, aby zapewni\u0107 wysok\u0105 jako\u015b\u0107 opieki zdrowotnej. Dzi\u0119ki wsp\u00f3\u0142pracy transgranicznej bardzo zyskujemy wdra\u017caj\u0105c ten proces, jednak\u017ce konieczne jest stworzenie ku temu odpowiednich struktur i w\u0142a\u015bnie tym si\u0119 zajmujemy.<\/p>\n<p>Tworzymy system bezpiecznej wymiany zdj\u0119\u0107 medycznych, dzi\u0119ki kt\u00f3remu wiedza specjalistyczna i mo\u017cliwo\u015bci technologiczne partner\u00f3w mog\u0105 by\u0107 wykorzystywane do cel\u00f3w szkoleniowych i wymiany wiedzy niezale\u017cnie od lokalizacji. Chcemy r\u00f3wnie\u017c dzieli\u0107 si\u0119 nasz\u0105 wiedz\u0105 z innymi instytucjami i urz\u0119dami: w ramach projektu powstaje praktyczny przewodnik zawieraj\u0105cy zalecenia dotycz\u0105ce praktyki klinicznej z zastosowaniem AI, gromadzimy nasz\u0105 wiedz\u0119 eksperck\u0105 na platformie wiedzy i rozbudowujemy nasz\u0105 sie\u0107 po\u015bwi\u0119con\u0105 sztucznej inteligencji w naukach przyrodniczych i medycynie.<\/p>\n<p>Dzi\u0119ki przygotowanemu przez nas modu\u0142owi kszta\u0142cenia kompetencji AI lekarze zdob\u0119d\u0105 praktyczn\u0105 wiedz\u0119 na temat wykorzystania sztucznej inteligencji. Cech\u0105 szczeg\u00f3ln\u0105 projektu jest analiza ca\u0142ego procesu z perspektywy prawnej i ekonomicznej. Wyniki tych bada\u0144 maj\u0105 istotny wp\u0142yw na kszta\u0142towanie warunk\u00f3w ramowych dla wprowadzenia sztucznej inteligencji w s\u0142u\u017cbie zdrowia na poziomie regionalnym, krajowym i transgranicznym.<\/p>\n<h5><strong>Jaki jest planowany du\u017cy krok, kt\u00f3ry partnerzy chc\u0105 zrealizowa\u0107 w ci\u0105gu najbli\u017cszych 12 miesi\u0119cy?<\/strong><\/h5>\n<p>Zakupili\u015bmy ju\u017c r\u00f3\u017cne rozwi\u0105zania AI oraz niezb\u0119dne sprz\u0119ty IT. Obecnie trwa faza testowa. Wst\u0119pne wyniki wraz z nasz\u0105 sieci\u0105 ekspert\u00f3w zaprezentowali\u015bmy na pocz\u0105tku listopada podczas konferencji <a href=\"https:\/\/aiforlife.uni-greifswald.de\/ai-horizons-2025\/\">AI HORIZONS 2025<\/a> w Greifswaldzie. Skala zainteresowania tym tematem zaskoczy\u0142a nawet nas samych. Coraz wi\u0119cej partner\u00f3w zewn\u0119trznych do\u0142\u0105cza do naszej sieci, co ogromnie nas cieszy. Dzi\u0119ki temu ro\u015bnie r\u00f3wnie\u017c gromadzona w sieci kompetencja i mo\u017cemy jeszcze lepiej kooperowa\u0107 transdyscyplinarnie. Planujemy ju\u017c kolejn\u0105 du\u017c\u0105 konferencj\u0119 w przysz\u0142ym roku w Szczecinie.<\/p>\n<p>Jeste\u015bmy r\u00f3wnie\u017c w ko\u0144cowej fazie tworzenia naszej transgranicznej bazy danych do wykorzystania zasob\u00f3w sztucznej inteligencji i wiedzy specjalistycznej przez partner\u00f3w projektu w r\u00f3\u017cnych lokalizacjach. W tym celu w ramach projektu konieczna b\u0119dzie jeszcze analiza ram prawnych dotycz\u0105cych wykorzystania sztucznej inteligencji i wymiany danych wra\u017cliwych.<\/p>\n<p>Od przysz\u0142ego roku rozpoczynamy r\u00f3wnie\u017c seri\u0119 for\u00f3w eksperckich w formacie online dotycz\u0105cych wykorzystania sztucznej inteligencji w medycynie. Pierwsze spotkanie b\u0119dzie po\u015bwi\u0119cone wa\u017cnemu tematowi regulacji prawnych w tym obszarze.<\/p>\n<h5><strong>Dlaczego wsp\u00f3\u0142praca polsko-niemiecka jest wa\u017cniejsza ni\u017c kiedykolwiek?<\/strong><\/h5>\n<p>Uwa\u017cam, \u017ce wsp\u00f3\u0142praca niemiecko-polska zawsze by\u0142a bardzo wa\u017cna, po prostu dlatego, \u017ce jeste\u015bmy s\u0105siadami. Nie podzielam opinii, \u017ce jej znaczenie jest obecnie wi\u0119ksze ni\u017c w przesz\u0142o\u015bci. Budowanie dobrych stosunk\u00f3w s\u0105siedzkich to d\u0142ugotrwa\u0142y proces, pe\u0142en wzlot\u00f3w i upadk\u00f3w. Wymaga on sporo wytrwa\u0142o\u015bci i wzajemnego zrozumienia. Takim zbli\u017caj\u0105cym nas do siebie nawzajem czynnikiem, jest bez w\u0105tpienia zdecydowane dzia\u0142anie w obliczu wsp\u00f3lnych problem\u00f3w, kt\u00f3rych nie zatrzymuj\u0105 \u017cadne granice pa\u0144stwowe, np. niedoboru lekarzy, niedoboru nauczycieli, rozprzestrzeniania si\u0119 zagro\u017ce\u0144 dla zdrowia, zanieczyszcze\u0144 \u015brodowiska. Decyduj\u0105ce znaczenie ma tu, moim zdaniem, bezpo\u015brednie i konkretne wsparcie ze strony decydent\u00f3w politycznych, zw\u0142aszcza w zakresie instytucjonalnego i strukturalnego utrwalania projekt\u00f3w, kt\u00f3re przeciwdzia\u0142aj\u0105 takim problemom.<\/p>\n<h5><strong>Jakie ma Pani wskaz\u00f3wki dla innych projekt\u00f3w, aby zapewni\u0107 udan\u0105 codzienn\u0105 wsp\u00f3\u0142prac\u0119 z partnerami?<\/strong><\/h5>\n<p>Wsp\u00f3\u0142praca przebiega najlepiej wtedy, gdy r\u00f3\u017cnice mi\u0119dzy partnerami s\u0105 postrzegane jako zasoby. Je\u015bli istniej\u0105 dwa r\u00f3\u017cne systemy, to prawdopodobnie s\u0105 one <strong>mo\u017cliwo\u015bci\u0105 elastyczno\u015bci<\/strong> w r\u00f3\u017cnych od siebie obszarach \u2013 mo\u017cna taki potencja\u0142 do dopasowania si\u0119 znakomicie wykorzysta\u0107 przy realizacji projekt\u00f3w. Oczywi\u015bcie wymaga to odpowiedniej znajomo\u015bci partner\u00f3w lub ch\u0119ci ich poznania. Bardzo dobrze nadaj\u0105 si\u0119 do tego <strong>bezpo\u015brednie spotkania<\/strong> oraz, ta forma niestety rzadko pojawia si\u0119 w kontek\u015bcie wsp\u00f3\u0142pracy projektowej, specjalne aktywno\u015bci teambuildingowe obejmuj\u0105ce wszystkich partner\u00f3w projektu. Uwa\u017cam, \u017ce <strong>profesjonalizacja zarz\u0105dzania projektami<\/strong> jest r\u00f3wnie\u017c dobrym sposobem na zapewnienie udanej wsp\u00f3\u0142pracy. Natomiast dla stworzenia wzajemnego zaufania niezwykle wa\u017cna wydaje mi si\u0119 wzajemna <strong>transparentno\u015b\u0107<\/strong>. Je\u015bli udost\u0119pniam swoj\u0105 wiedz\u0119 i zasoby wszystkim partnerom projektu w r\u00f3wnym stopniu i dbam o to, \u017ceby nie wyklucza\u0107 nikogo z komunikacji, buduj\u0119 takimi staraniami p\u0142aszczyzn\u0119 zaufania dla wsp\u00f3lnego dzia\u0142ania.<\/p>\n<\/div><div class=\"fusion-text fusion-text-8\" style=\"--awb-margin-top:15px;\"><h5>Strony internetowe:<\/h5>\n<p><a href=\"https:\/\/aiforlife.uni-greifswald.de\/pl\/health-ai-pomerania-pl\/\">https:\/\/aiforlife.uni-greifswald.de\/pl\/health-ai-pomerania-pl\/<\/a><\/p>\n<\/div><\/div><\/div><\/div><div class=\"fusion-sharing-box fusion-sharing-box-1 boxed-icons has-taglines layout-floated layout-medium-floated layout-small-stacked\" style=\"background-color:rgba(255,255,255,0);padding:0;border-color:#cccccc;--awb-padding-right:10px;--awb-icon-size:34px;--awb-separator-border-color:#cccccc;--awb-separator-border-sizes:0px;--awb-layout:row;--awb-alignment-small:space-between;--awb-stacked-align-small:center;\" data-title=\"Projekt des Monats von interreg \" data-description=\"Projekt des Monats von interreg \" data-link=\"https:\/\/www.interreg6a.net\/pl\/projekt-miesiaca-2025\/\"><h4 class=\"tagline\" style=\"color:var(--awb-color2);\">Teilen Sie das Projekt des Monats!<\/h4><div class=\"fusion-social-networks sharingbox-shortcode-icon-wrapper sharingbox-shortcode-icon-wrapper-1 boxed-icons\"><span><a href=\"https:\/\/www.facebook.com\/sharer.php?u=https%3A%2F%2Fwww.interreg6a.net%2Fpl%2Fprojekt-miesiaca-2025%2F&amp;t=Projekt%20des%20Monats%20von%20interreg%20\" target=\"_blank\" rel=\"noreferrer\" title=\"Facebook\" aria-label=\"Facebook\" data-placement=\"top\" data-toggle=\"tooltip\" data-title=\"Facebook\"><i class=\"fusion-social-network-icon fusion-tooltip fusion-facebook awb-icon-facebook\" style=\"color:#ffffff;background-color:#3b5998;border-color:#3b5998;border-radius:3px;\" aria-hidden=\"true\"><\/i><\/a><\/span><span><a href=\"https:\/\/www.linkedin.com\/shareArticle?mini=true&amp;url=https%3A%2F%2Fwww.interreg6a.net%2Fpl%2Fprojekt-miesiaca-2025%2F&amp;title=Projekt%20des%20Monats%20von%20interreg%20&amp;summary=Projekt%20des%20Monats%20von%20interreg%20\" target=\"_blank\" rel=\"noopener noreferrer\" title=\"LinkedIn\" aria-label=\"LinkedIn\" data-placement=\"top\" data-toggle=\"tooltip\" data-title=\"LinkedIn\"><i class=\"fusion-social-network-icon fusion-tooltip fusion-linkedin awb-icon-linkedin\" style=\"color:#ffffff;background-color:#0077b5;border-color:#0077b5;border-radius:3px;\" aria-hidden=\"true\"><\/i><\/a><\/span><span><a href=\"https:\/\/api.whatsapp.com\/send?text=https%3A%2F%2Fwww.interreg6a.net%2Fpl%2Fprojekt-miesiaca-2025%2F\" target=\"_blank\" rel=\"noopener noreferrer\" title=\"WhatsApp\" aria-label=\"WhatsApp\" data-placement=\"top\" data-toggle=\"tooltip\" data-title=\"WhatsApp\"><i class=\"fusion-social-network-icon fusion-tooltip fusion-whatsapp awb-icon-whatsapp\" style=\"color:#ffffff;background-color:#77e878;border-color:#77e878;border-radius:3px;\" aria-hidden=\"true\"><\/i><\/a><\/span><span><a href=\"mailto:?subject=Projekt%20des%20Monats%20von%20interreg%20&amp;body=https%3A%2F%2Fwww.interreg6a.net%2Fpl%2Fprojekt-miesiaca-2025%2F\" target=\"_self\" title=\"Email\" aria-label=\"Email\" data-placement=\"top\" data-toggle=\"tooltip\" data-title=\"Email\"><i class=\"fusion-social-network-icon fusion-tooltip fusion-mail awb-icon-mail\" style=\"color:#ffffff;background-color:#000000;border-color:#000000;border-radius:3px;\" aria-hidden=\"true\"><\/i><\/a><\/span><\/div><\/div><\/div><\/div><\/div><\/div><div class=\"fusion-fullwidth fullwidth-box fusion-builder-row-3 fusion-flex-container has-pattern-background has-mask-background nonhundred-percent-fullwidth non-hundred-percent-height-scrolling\" style=\"--awb-border-radius-top-left:0px;--awb-border-radius-top-right:0px;--awb-border-radius-bottom-right:0px;--awb-border-radius-bottom-left:0px;--awb-margin-top:35px;--awb-background-color:#f0f4fa;--awb-flex-wrap:wrap;\" ><div class=\"fusion-builder-row fusion-row fusion-flex-align-items-flex-start fusion-flex-content-wrap\" style=\"max-width:1586px;margin-left: calc(-4% \/ 2 );margin-right: calc(-4% \/ 2 );\"><div class=\"fusion-layout-column fusion_builder_column fusion-builder-column-2 fusion_builder_column_1_1 1_1 fusion-flex-column\" style=\"--awb-bg-size:cover;--awb-width-large:100%;--awb-margin-top-large:0px;--awb-spacing-right-large:1.92%;--awb-margin-bottom-large:20px;--awb-spacing-left-large:1.92%;--awb-width-medium:100%;--awb-order-medium:0;--awb-spacing-right-medium:1.92%;--awb-spacing-left-medium:1.92%;--awb-width-small:100%;--awb-order-small:0;--awb-spacing-right-small:1.92%;--awb-spacing-left-small:1.92%;\"><div class=\"fusion-column-wrapper fusion-column-has-shadow fusion-flex-justify-content-flex-start fusion-content-layout-column\"><div class=\"fusion-title title fusion-title-8 fusion-sep-none fusion-title-text fusion-title-size-two\" style=\"--awb-margin-top:25px;--awb-margin-top-small:10px;--awb-margin-right-small:0px;--awb-margin-bottom-small:10px;--awb-margin-left-small:0px;\"><h2 class=\"fusion-title-heading title-heading-left\" style=\"margin:0;\"><p style=\"text-align: center;\">Spis Projekt\u00f3w miesi\u0105ca<\/p><\/h2><\/div><\/div><\/div><div class=\"fusion-layout-column fusion_builder_column fusion-builder-column-3 fusion-flex-column\" style=\"--awb-bg-size:cover;--awb-width-large:42%;--awb-margin-top-large:0px;--awb-spacing-right-large:4.5714285714286%;--awb-margin-bottom-large:20px;--awb-spacing-left-large:4.5714285714286%;--awb-width-medium:42%;--awb-order-medium:0;--awb-spacing-right-medium:4.5714285714286%;--awb-spacing-left-medium:4.5714285714286%;--awb-width-small:100%;--awb-order-small:0;--awb-spacing-right-small:1.92%;--awb-spacing-left-small:1.92%;\" data-scroll-devices=\"small-visibility,medium-visibility,large-visibility\"><div class=\"fusion-column-wrapper fusion-column-has-shadow fusion-flex-justify-content-flex-start fusion-content-layout-column\"><\/div><\/div><div class=\"fusion-layout-column fusion_builder_column fusion-builder-column-4 fusion_builder_column_1_2 1_2 fusion-flex-column\" style=\"--awb-bg-size:cover;--awb-width-large:50%;--awb-margin-top-large:0px;--awb-spacing-right-large:3.84%;--awb-margin-bottom-large:20px;--awb-spacing-left-large:3.84%;--awb-width-medium:50%;--awb-order-medium:0;--awb-spacing-right-medium:3.84%;--awb-spacing-left-medium:3.84%;--awb-width-small:100%;--awb-order-small:0;--awb-spacing-right-small:1.92%;--awb-spacing-left-small:1.92%;\"><div class=\"fusion-column-wrapper fusion-column-has-shadow fusion-flex-justify-content-flex-start fusion-content-layout-column\"><div class=\"awb-toc-el awb-toc-el--1\" data-awb-toc-id=\"1\" data-awb-toc-options=\"{&quot;allowed_heading_tags&quot;:{&quot;h2&quot;:0},&quot;ignore_headings&quot;:&quot;&quot;,&quot;ignore_headings_words&quot;:&quot;grudzie\\u0144|Spis|Projekt|Przydatne&quot;,&quot;enable_cache&quot;:&quot;yes&quot;,&quot;highlight_current_heading&quot;:&quot;no&quot;,&quot;hide_hidden_titles&quot;:&quot;yes&quot;,&quot;limit_container&quot;:&quot;all&quot;,&quot;select_custom_headings&quot;:&quot;&quot;,&quot;icon&quot;:&quot;fa-flag fas&quot;,&quot;counter_type&quot;:&quot;none&quot;}\"><div class=\"awb-toc-el__content\"><ul class=\"awb-toc-el__list awb-toc-el__list--0\"><li class=\"awb-toc-el__list-item\"><a class=\"awb-toc-el__item-anchor\" href=\"#toc_Listopad_2025\"><span>Listopad 2025<\/span><\/a><\/li><li class=\"awb-toc-el__list-item\"><a class=\"awb-toc-el__item-anchor\" href=\"#toc_Pazdziernik_2025\"><span>Pa\u017adziernik 2025<\/span><\/a><\/li><li class=\"awb-toc-el__list-item\"><a class=\"awb-toc-el__item-anchor\" href=\"#toc_Wrzesien_2025\"><span>Wrzesie\u0144 2025<\/span><\/a><\/li><li class=\"awb-toc-el__list-item\"><a class=\"awb-toc-el__item-anchor\" href=\"#toc_Sierpien_2025\"><span>Sierpie\u0144 2025<\/span><\/a><\/li><li class=\"awb-toc-el__list-item\"><a class=\"awb-toc-el__item-anchor\" href=\"#toc_Lipiec_2025\"><span>Lipiec 2025<\/span><\/a><\/li><li class=\"awb-toc-el__list-item\"><a class=\"awb-toc-el__item-anchor\" href=\"#toc_Czerwiec_2025\"><span>Czerwiec 2025<\/span><\/a><\/li><li class=\"awb-toc-el__list-item\"><a class=\"awb-toc-el__item-anchor\" href=\"#toc_Maj_2025\"><span>Maj 2025<\/span><\/a><\/li><li class=\"awb-toc-el__list-item\"><a class=\"awb-toc-el__item-anchor\" href=\"#toc_Kwiecien_2025\"><span>Kwiecie\u0144 2025<\/span><\/a><\/li><li class=\"awb-toc-el__list-item\"><a class=\"awb-toc-el__item-anchor\" href=\"#toc_Marzec_2025\"><span>Marzec 2025<\/span><\/a><\/li><li class=\"awb-toc-el__list-item\"><a class=\"awb-toc-el__item-anchor\" href=\"#toc_Luty_2025\"><span>Luty 2025<\/span><\/a><\/li><li class=\"awb-toc-el__list-item\"><a class=\"awb-toc-el__item-anchor\" href=\"#toc_Styczen_2025\">Stycze\u0144 2025<\/a><\/li><\/ul><\/div><\/div><\/div><\/div><\/div><\/div><div class=\"fusion-fullwidth fullwidth-box fusion-builder-row-4 fusion-flex-container has-pattern-background has-mask-background nonhundred-percent-fullwidth non-hundred-percent-height-scrolling\" style=\"--awb-border-radius-top-left:0px;--awb-border-radius-top-right:0px;--awb-border-radius-bottom-right:0px;--awb-border-radius-bottom-left:0px;--awb-background-color:var(--awb-color1);--awb-flex-wrap:wrap;\" ><div class=\"fusion-builder-row fusion-row fusion-flex-align-items-flex-start fusion-flex-content-wrap\" style=\"max-width:1586px;margin-left: calc(-4% \/ 2 );margin-right: calc(-4% \/ 2 );\"><div class=\"fusion-layout-column fusion_builder_column fusion-builder-column-5 fusion_builder_column_1_1 1_1 fusion-flex-column absatz\" style=\"--awb-padding-top:40px;--awb-padding-top-medium:30px;--awb-padding-top-small:20px;--awb-bg-size:cover;--awb-width-large:100%;--awb-margin-top-large:0px;--awb-spacing-right-large:1.92%;--awb-margin-bottom-large:20px;--awb-spacing-left-large:1.92%;--awb-width-medium:100%;--awb-order-medium:0;--awb-spacing-right-medium:1.92%;--awb-spacing-left-medium:1.92%;--awb-width-small:100%;--awb-order-small:0;--awb-spacing-right-small:1.92%;--awb-spacing-left-small:1.92%;\"><div class=\"fusion-column-wrapper fusion-column-has-shadow fusion-flex-justify-content-flex-start fusion-content-layout-column\"><div class=\"fusion-title title fusion-title-9 fusion-sep-none fusion-title-center fusion-title-text fusion-title-size-two\" style=\"--awb-margin-top:3%;--awb-margin-bottom:1%;--awb-margin-top-small:10px;--awb-margin-right-small:0px;--awb-margin-bottom-small:10px;--awb-margin-left-small:0px;\"><h2 class=\"fusion-title-heading title-heading-center\" style=\"margin:0;\"><p class=\"fusion-title-heading title-heading-center\">Listopad 2025<\/p><\/h2><\/div><div class=\"fusion-builder-row fusion-builder-row-inner fusion-row fusion-flex-align-items-flex-start fusion-flex-content-wrap\" style=\"--awb-flex-grow:0;--awb-flex-grow-medium:0;--awb-flex-grow-small:0;--awb-flex-shrink:0;--awb-flex-shrink-medium:0;--awb-flex-shrink-small:0;width:104% !important;max-width:104% !important;margin-left: calc(-4% \/ 2 );margin-right: calc(-4% \/ 2 );\"><div class=\"fusion-layout-column fusion_builder_column_inner fusion-builder-nested-column-4 fusion_builder_column_inner_2_3 2_3 fusion-flex-column\" style=\"--awb-bg-size:cover;--awb-width-large:66.666666666667%;--awb-margin-top-large:0px;--awb-spacing-right-large:2.88%;--awb-margin-bottom-large:20px;--awb-spacing-left-large:2.88%;--awb-width-medium:100%;--awb-order-medium:0;--awb-spacing-right-medium:1.92%;--awb-spacing-left-medium:1.92%;--awb-width-small:100%;--awb-order-small:0;--awb-spacing-right-small:1.92%;--awb-spacing-left-small:1.92%;\"><div class=\"fusion-column-wrapper fusion-column-has-shadow fusion-flex-justify-content-flex-start fusion-content-layout-column\"><div class=\"fusion-text fusion-text-9\"><p class=\"western\"><b>Autor zdj\u0119cia: <\/b>Kamila Budzynowska<\/p>\n<\/div><div class=\"fusion-image-element \" style=\"--awb-caption-title-font-family:var(--h2_typography-font-family);--awb-caption-title-font-weight:var(--h2_typography-font-weight);--awb-caption-title-font-style:var(--h2_typography-font-style);--awb-caption-title-size:var(--h2_typography-font-size);--awb-caption-title-transform:var(--h2_typography-text-transform);--awb-caption-title-line-height:var(--h2_typography-line-height);--awb-caption-title-letter-spacing:var(--h2_typography-letter-spacing);\"><span class=\" fusion-imageframe imageframe-none imageframe-2 hover-type-none\"><img decoding=\"async\" width=\"1200\" height=\"630\" title=\"facebook-querformat-november\" src=\"https:\/\/www.interreg6a.net\/wp-content\/uploads\/2025\/09\/facebook-querformat-november.jpg\" alt class=\"img-responsive wp-image-19581\" srcset=\"https:\/\/www.interreg6a.net\/wp-content\/uploads\/2025\/09\/facebook-querformat-november-200x105.jpg 200w, https:\/\/www.interreg6a.net\/wp-content\/uploads\/2025\/09\/facebook-querformat-november-400x210.jpg 400w, https:\/\/www.interreg6a.net\/wp-content\/uploads\/2025\/09\/facebook-querformat-november-600x315.jpg 600w, https:\/\/www.interreg6a.net\/wp-content\/uploads\/2025\/09\/facebook-querformat-november-800x420.jpg 800w, https:\/\/www.interreg6a.net\/wp-content\/uploads\/2025\/09\/facebook-querformat-november.jpg 1200w\" sizes=\"(max-width: 575px) 100vw, 1200px\" \/><\/span><\/div><\/div><\/div><div class=\"fusion-layout-column fusion_builder_column_inner fusion-builder-nested-column-5 fusion_builder_column_inner_1_3 1_3 fusion-flex-column\" style=\"--awb-bg-color:rgba(255,255,255,0);--awb-bg-color-hover:rgba(255,255,255,0);--awb-bg-size:cover;--awb-width-large:33.333333333333%;--awb-margin-top-large:0px;--awb-spacing-right-large:5.76%;--awb-margin-bottom-large:20px;--awb-spacing-left-large:5.76%;--awb-width-medium:100%;--awb-order-medium:0;--awb-spacing-right-medium:1.92%;--awb-spacing-left-medium:1.92%;--awb-width-small:100%;--awb-order-small:0;--awb-spacing-right-small:1.92%;--awb-spacing-left-small:1.92%;\"><div class=\"fusion-column-wrapper fusion-column-has-shadow fusion-flex-justify-content-flex-start fusion-content-layout-column\"><div class=\"fusion-title title fusion-title-10 fusion-sep-none fusion-title-text fusion-title-size-four\" style=\"--awb-margin-top:3%;--awb-margin-bottom:1%;--awb-margin-top-small:10px;--awb-margin-right-small:0px;--awb-margin-bottom-small:10px;--awb-margin-left-small:0px;\"><h4 class=\"fusion-title-heading title-heading-left\" style=\"margin:0;\"><strong>Projekt<\/strong><\/h4><\/div><div class=\"fusion-text fusion-text-10\"><p class=\"ng-star-inserted\"><strong>INT0100042 \u2013 DigitalClass Pomerania<\/strong><\/p>\n<p><strong>Okres wsparcia:<\/strong> 2021-2027<\/p>\n<\/div><div class=\"fusion-title title fusion-title-11 fusion-sep-none fusion-title-text fusion-title-size-four\" style=\"--awb-margin-top:3%;--awb-margin-bottom:1%;--awb-margin-top-small:10px;--awb-margin-right-small:0px;--awb-margin-bottom-small:10px;--awb-margin-left-small:0px;\"><h4 class=\"fusion-title-heading title-heading-left\" style=\"margin:0;\"><strong>Wnioskodawca<\/strong><\/h4><\/div><div class=\"fusion-text fusion-text-11\"><ul>\n<li>Powiat Wa\u0142ecki<\/li>\n<\/ul>\n<\/div><div class=\"fusion-title title fusion-title-12 fusion-sep-none fusion-title-text fusion-title-size-four\" style=\"--awb-margin-top:3%;--awb-margin-bottom:1%;--awb-margin-top-small:10px;--awb-margin-right-small:0px;--awb-margin-bottom-small:10px;--awb-margin-left-small:0px;\"><h4 class=\"fusion-title-heading title-heading-left\" style=\"margin:0;\"><strong>Partnerzy projektu<\/strong><\/h4><\/div><div class=\"fusion-text fusion-text-12\"><ul>\n<li>Landkreis Uckermark<\/li>\n<\/ul>\n<\/div><div class=\"fusion-text fusion-text-13\"><p><a href=\"https:\/\/www.interreg6a.net\/pl\/zatwierdzone-projekty\/int0100042-digitalclass-pomerania\/\">do projektu<\/a><\/p>\n<\/div><\/div><\/div><\/div><div class=\"fusion-builder-row fusion-builder-row-inner fusion-row fusion-flex-align-items-flex-start fusion-flex-content-wrap\" style=\"--awb-flex-grow:0;--awb-flex-grow-medium:0;--awb-flex-grow-small:0;--awb-flex-shrink:0;--awb-flex-shrink-medium:0;--awb-flex-shrink-small:0;width:104% !important;max-width:104% !important;margin-left: calc(-4% \/ 2 );margin-right: calc(-4% \/ 2 );\"><div class=\"fusion-layout-column fusion_builder_column_inner fusion-builder-nested-column-6 fusion_builder_column_inner_1_1 1_1 fusion-flex-column\" style=\"--awb-bg-size:cover;--awb-width-large:100%;--awb-margin-top-large:0px;--awb-spacing-right-large:1.92%;--awb-margin-bottom-large:20px;--awb-spacing-left-large:1.92%;--awb-width-medium:100%;--awb-order-medium:0;--awb-spacing-right-medium:1.92%;--awb-spacing-left-medium:1.92%;--awb-width-small:100%;--awb-order-small:0;--awb-spacing-right-small:1.92%;--awb-spacing-left-small:1.92%;\"><div class=\"fusion-column-wrapper fusion-column-has-shadow fusion-flex-justify-content-flex-start fusion-content-layout-column\"><div class=\"fusion-title title fusion-title-13 fusion-sep-none fusion-title-text fusion-title-size-four\" style=\"--awb-margin-top:3%;--awb-margin-bottom:1%;--awb-margin-top-small:10px;--awb-margin-right-small:0px;--awb-margin-bottom-small:10px;--awb-margin-left-small:0px;\"><h4 class=\"fusion-title-heading title-heading-left\" style=\"margin:0;\"><h4 class=\"fusion-title-heading title-heading-left\">Szczeg\u00f3lny moment w realizacji projektu<\/h4><\/h4><\/div><div class=\"fusion-text fusion-text-14\"><p>Zdj\u0119cie zosta\u0142o wykonane podczas konferencji na temat wdra\u017cania innowacyjnych rozwi\u0105za\u0144 informatycznych w kszta\u0142ceniu zawodowym, kt\u00f3ra mia\u0142a miejsce w maju 2024 roku. Uj\u0119cie przedstawia uczestnika projektu, kt\u00f3ry prezentuje zastosowanie technologii wirtualnej rzeczywisto\u015bci (VR). Osoba ma na g\u0142owie okulary VR i trzyma kontrolery, a obraz z wirtualnego \u015brodowiska jest wy\u015bwietlany na ekranie.<\/p>\n<\/div><\/div><\/div><div class=\"fusion-layout-column fusion_builder_column_inner fusion-builder-nested-column-7 fusion_builder_column_inner_1_1 1_1 fusion-flex-column\" style=\"--awb-bg-size:cover;--awb-width-large:100%;--awb-margin-top-large:0px;--awb-spacing-right-large:1.92%;--awb-margin-bottom-large:20px;--awb-spacing-left-large:1.92%;--awb-width-medium:100%;--awb-order-medium:0;--awb-spacing-right-medium:1.92%;--awb-spacing-left-medium:1.92%;--awb-width-small:100%;--awb-order-small:0;--awb-spacing-right-small:1.92%;--awb-spacing-left-small:1.92%;\"><div class=\"fusion-column-wrapper fusion-column-has-shadow fusion-flex-justify-content-flex-start fusion-content-layout-column\"><div class=\"fusion-title title fusion-title-14 fusion-sep-none fusion-title-text fusion-title-size-four\" style=\"--awb-margin-top:3%;--awb-margin-bottom:1%;--awb-margin-top-small:10px;--awb-margin-right-small:0px;--awb-margin-bottom-small:10px;--awb-margin-left-small:0px;\"><h4 class=\"fusion-title-heading title-heading-left\" style=\"margin:0;\">Wgl\u0105d w projekt<\/h4><\/div><div class=\"fusion-text fusion-text-15\"><p><strong>Wywiad z dr Bogdanem Wankiewiczem, Starost\u0105 Powiatu Wa\u0142eckiego<\/strong><\/p>\n<h5><strong>Jakie jest wsp\u00f3lne wyzwanie, z kt\u00f3rym partnerzy wsp\u00f3lnie mierz\u0105 si\u0119 w ramach projektu?<\/strong><\/h5>\n<p>Wsp\u00f3lnym wyzwaniem naszych powiat\u00f3w, czyli Powiatu Wa\u0142eckiego oraz naszego partnera, Powiatu Uckermark jest wspieranie rozwoju kompetencji cyfrowych i edukacyjnych poprzez wykorzystanie technologii wirtualnej rzeczywisto\u015bci (VR) w procesie nauczania i wsp\u00f3\u0142pracy mi\u0119dzynarodowej.<\/p>\n<h5><strong>Jak dosz\u0142o do nawi\u0105zania wsp\u00f3\u0142pracy?<\/strong><\/h5>\n<p>Zacz\u0119\u0142o si\u0119 od rozm\u00f3w pomi\u0119dzy starostami o problemach zwi\u0105zanych z ubywaniem m\u0142odzie\u017cy z naszych powiat\u00f3w, jak zach\u0119ci\u0107 m\u0142odych ludzi do podj\u0119cia edukacji i nauki w wybranym zawodzie na miejscu (Wa\u0142cz i Uckermark). Pojawi\u0142 si\u0119 pomys\u0142, aby w edukacji wykorzysta\u0107 to, co jest nie tylko atrakcyjne dla m\u0142odych ludzi, ale tak\u017ce kszta\u0142tuje ich codzienno\u015b\u0107, czyli nowoczesne technologie informatyczne, narz\u0119dzia i aplikacje. Wszystko, czego u\u017cywaj\u0105 do rozrywki i sp\u0119dzania wolnego czasu, powinno by\u0107 r\u00f3wnie\u017c wykorzystywane w ich edukacji i zach\u0119ci\u0107 do nauki konkretnego zawodu z wykorzystaniem technologii VR, aplikacji VR, a tak\u017ce nowoczesnych platform edukacyjnych. Ten pomys\u0142 zosta\u0142 wsp\u00f3lne przelany na papier w formie wniosku o dofinansowanie i realizacja projektu cieszy si\u0119 du\u017cym zainteresowaniem w szko\u0142ach oraz sprawia, \u017ce nauka sta\u0142a si\u0119 ciekawsza i bogatsza o nowe do\u015bwiadczenia.<\/p>\n<h5><strong>Jaki rezultat partnerzy chc\u0105 wsp\u00f3lnie osi\u0105gn\u0105\u0107?<\/strong><\/h5>\n<p>Partnerzy d\u0105\u017c\u0105 do wsp\u00f3lnego rozwoju kompetencji cyfrowych i innowacyjnych w\u015br\u00f3d obu powiat\u00f3w. Celem projektu jest pokazanie, w jaki spos\u00f3b technologia VR mo\u017ce wspiera\u0107 edukacj\u0119. Rezultatem wsp\u00f3\u0142pracy jest stworzenie wsp\u00f3lnej przestrzeni do wymiany do\u015bwiadcze\u0144, powstanie materia\u0142\u00f3w i aplikacji VR, a tak\u017ce wzmocnienie trwa\u0142ych relacji mi\u0119dzy uczestnikami po obu stronach granicy.<br \/>\nNajwa\u017cniejszym produktem projektu jest stworzonie interaktywnej przestrzeni wirtualnej rzeczywisto\u015bci. To efekt wsp\u00f3lnej nauki, kreatywno\u015bci i wymiany do\u015bwiadcze\u0144 m\u0142odzie\u017cy z Polski oraz z Niemiec.<br \/>\nSzczeg\u00f3lne korzy\u015bci z projektu odnios\u0105: uczniowie z Polski i Niemiec, nauczyciele, kt\u00f3rzy wykorzystuj\u0105 aplikacje w codziennym nauczaniu oraz szko\u0142y, kt\u00f3re zyska\u0142y nowoczesne narz\u0119dzia, podnosz\u0105ce atrakcyjno\u015b\u0107 oferty edukacyjnej.<\/p>\n<h5><strong>Jaki jest planowany du\u017cy krok, kt\u00f3ry partnerzy chc\u0105 zrealizowa\u0107 w ci\u0105gu najbli\u017cszych 12 miesi\u0119cy?<\/strong><\/h5>\n<p>Najbli\u017csze 12 miesi\u0119cy to zaj\u0119cia z wykorzystaniem narz\u0105dzi i aplikacji do nauki przedmiot\u00f3w zawodowych tj. np. technik \u017cywienia i us\u0142ug gastronomicznych, technik hotelarz, technik logistyk czy spawacz. To r\u00f3wnie\u017c wsp\u00f3lne spotkania on-line, kt\u00f3re s\u0105 mo\u017cliwe dzi\u0119ki platformie edukacyjnej.<br \/>\nWa\u017cnym punktem jest konferencja podsumowuj\u0105ca projekt z udzia\u0142em nauczycieli i uczni\u00f3w, ale tak\u017ce koordynator\u00f3w projektu. B\u0119dzie to czas na podsumowanie efekt\u00f3w i zebranie do\u015bwiadcze\u0144.<br \/>\nNale\u017cy r\u00f3wnie\u017c wspomnie\u0107, \u017ce pracujemy ju\u017c nad nowym wnioskiem o dofinansowanie na rozwijanie umiej\u0119tno\u015bci oraz kszta\u0142cenie w nowych bran\u017cach, ale wi\u0119cej na ten temat b\u0119d\u0119 m\u00f3g\u0142 powiedzie\u0107 za kilka tygodni.<\/p>\n<h5><strong>Dlaczego wsp\u00f3\u0142praca polsko-niemiecka jest wa\u017cniejsza ni\u017c kiedykolwiek?<\/strong><\/h5>\n<p>Wsp\u00f3\u0142praca polsko &#8211; niemiecka jest dzi\u015b wa\u017cniejsza ni\u017c kiedykolwiek, poniewa\u017c Europa stoi przed wieloma wyzwaniami spo\u0142ecznymi, technologicznymi i kulturowymi. Tylko poprzez wsp\u00f3lne dzia\u0142ania, dialogi i wymian\u0119 do\u015bwiadcze\u0144 mo\u017cemy budowa\u0107 wzajemne zrozumienie oraz wzmacnia\u0107 poczucie jedno\u015bci i odpowiedzialno\u015bci za przysz\u0142o\u015b\u0107. W kontek\u015bcie dynamicznego rozwoju technologii, takich jak VR, wsp\u00f3\u0142praca mi\u0119dzy naszymi powiatami pozwala \u0142\u0105czy\u0107 tradycj\u0119 z nowoczesno\u015bci\u0105. Dzi\u0119ki takim projektom m\u0142odzie\u017c uczy si\u0119 otwarto\u015bci i wsp\u00f3\u0142pracy ponad granicami.<\/p>\n<\/div><div class=\"fusion-text fusion-text-16\" style=\"--awb-margin-top:15px;\"><h5>Strony internetowe:<\/h5>\n<p><a href=\"https:\/\/powiatwalecki.pl\/digitalclass-pomerania\/\">https:\/\/powiatwalecki.pl\/digitalclass-pomerania\/\u00a0<\/a><\/p>\n<\/div><\/div><\/div><\/div><\/div><\/div><\/div><\/div><div class=\"fusion-fullwidth fullwidth-box fusion-builder-row-5 fusion-flex-container has-pattern-background has-mask-background nonhundred-percent-fullwidth non-hundred-percent-height-scrolling\" style=\"--awb-border-radius-top-left:0px;--awb-border-radius-top-right:0px;--awb-border-radius-bottom-right:0px;--awb-border-radius-bottom-left:0px;--awb-background-color:var(--awb-color1);--awb-flex-wrap:wrap;\" ><div class=\"fusion-builder-row fusion-row fusion-flex-align-items-flex-start fusion-flex-content-wrap\" style=\"max-width:1586px;margin-left: calc(-4% \/ 2 );margin-right: calc(-4% \/ 2 );\"><div class=\"fusion-layout-column fusion_builder_column fusion-builder-column-6 fusion_builder_column_1_1 1_1 fusion-flex-column absatz\" style=\"--awb-padding-top:40px;--awb-padding-top-medium:30px;--awb-padding-top-small:20px;--awb-bg-size:cover;--awb-width-large:100%;--awb-margin-top-large:0px;--awb-spacing-right-large:1.92%;--awb-margin-bottom-large:20px;--awb-spacing-left-large:1.92%;--awb-width-medium:100%;--awb-order-medium:0;--awb-spacing-right-medium:1.92%;--awb-spacing-left-medium:1.92%;--awb-width-small:100%;--awb-order-small:0;--awb-spacing-right-small:1.92%;--awb-spacing-left-small:1.92%;\"><div class=\"fusion-column-wrapper fusion-column-has-shadow fusion-flex-justify-content-flex-start fusion-content-layout-column\"><div class=\"fusion-title title fusion-title-15 fusion-sep-none fusion-title-center fusion-title-text fusion-title-size-two\" style=\"--awb-margin-top:3%;--awb-margin-bottom:1%;--awb-margin-top-small:10px;--awb-margin-right-small:0px;--awb-margin-bottom-small:10px;--awb-margin-left-small:0px;\"><h2 class=\"fusion-title-heading title-heading-center\" style=\"margin:0;\"><p class=\"fusion-title-heading title-heading-center\">Pa\u017adziernik 2025<\/p><\/h2><\/div><div class=\"fusion-builder-row fusion-builder-row-inner fusion-row fusion-flex-align-items-flex-start fusion-flex-content-wrap\" style=\"--awb-flex-grow:0;--awb-flex-grow-medium:0;--awb-flex-grow-small:0;--awb-flex-shrink:0;--awb-flex-shrink-medium:0;--awb-flex-shrink-small:0;width:104% !important;max-width:104% !important;margin-left: calc(-4% \/ 2 );margin-right: calc(-4% \/ 2 );\"><div class=\"fusion-layout-column fusion_builder_column_inner fusion-builder-nested-column-8 fusion_builder_column_inner_2_3 2_3 fusion-flex-column\" style=\"--awb-bg-size:cover;--awb-width-large:66.666666666667%;--awb-margin-top-large:0px;--awb-spacing-right-large:2.88%;--awb-margin-bottom-large:20px;--awb-spacing-left-large:2.88%;--awb-width-medium:100%;--awb-order-medium:0;--awb-spacing-right-medium:1.92%;--awb-spacing-left-medium:1.92%;--awb-width-small:100%;--awb-order-small:0;--awb-spacing-right-small:1.92%;--awb-spacing-left-small:1.92%;\"><div class=\"fusion-column-wrapper fusion-column-has-shadow fusion-flex-justify-content-flex-start fusion-content-layout-column\"><div class=\"fusion-text fusion-text-17\"><p class=\"western\"><b>Autor zdj\u0119cia: <\/b>Thomas Pleul, Pommersches Landesmuseum<\/p>\n<\/div><div class=\"fusion-image-element \" style=\"--awb-caption-title-font-family:var(--h2_typography-font-family);--awb-caption-title-font-weight:var(--h2_typography-font-weight);--awb-caption-title-font-style:var(--h2_typography-font-style);--awb-caption-title-size:var(--h2_typography-font-size);--awb-caption-title-transform:var(--h2_typography-text-transform);--awb-caption-title-line-height:var(--h2_typography-line-height);--awb-caption-title-letter-spacing:var(--h2_typography-letter-spacing);\"><span class=\" fusion-imageframe imageframe-none imageframe-3 hover-type-none\"><img decoding=\"async\" width=\"1200\" height=\"630\" title=\"facebook-querformat-oktober\" src=\"https:\/\/www.interreg6a.net\/wp-content\/uploads\/2025\/09\/facebook-querformat-oktober.jpg\" alt class=\"img-responsive wp-image-19583\" srcset=\"https:\/\/www.interreg6a.net\/wp-content\/uploads\/2025\/09\/facebook-querformat-oktober-200x105.jpg 200w, https:\/\/www.interreg6a.net\/wp-content\/uploads\/2025\/09\/facebook-querformat-oktober-400x210.jpg 400w, https:\/\/www.interreg6a.net\/wp-content\/uploads\/2025\/09\/facebook-querformat-oktober-600x315.jpg 600w, https:\/\/www.interreg6a.net\/wp-content\/uploads\/2025\/09\/facebook-querformat-oktober-800x420.jpg 800w, https:\/\/www.interreg6a.net\/wp-content\/uploads\/2025\/09\/facebook-querformat-oktober.jpg 1200w\" sizes=\"(max-width: 575px) 100vw, 1200px\" \/><\/span><\/div><\/div><\/div><div class=\"fusion-layout-column fusion_builder_column_inner fusion-builder-nested-column-9 fusion_builder_column_inner_1_3 1_3 fusion-flex-column\" style=\"--awb-bg-color:rgba(255,255,255,0);--awb-bg-color-hover:rgba(255,255,255,0);--awb-bg-size:cover;--awb-width-large:33.333333333333%;--awb-margin-top-large:0px;--awb-spacing-right-large:5.76%;--awb-margin-bottom-large:20px;--awb-spacing-left-large:5.76%;--awb-width-medium:100%;--awb-order-medium:0;--awb-spacing-right-medium:1.92%;--awb-spacing-left-medium:1.92%;--awb-width-small:100%;--awb-order-small:0;--awb-spacing-right-small:1.92%;--awb-spacing-left-small:1.92%;\"><div class=\"fusion-column-wrapper fusion-column-has-shadow fusion-flex-justify-content-flex-start fusion-content-layout-column\"><div class=\"fusion-title title fusion-title-16 fusion-sep-none fusion-title-text fusion-title-size-four\" style=\"--awb-margin-top:3%;--awb-margin-bottom:1%;--awb-margin-top-small:10px;--awb-margin-right-small:0px;--awb-margin-bottom-small:10px;--awb-margin-left-small:0px;\"><h4 class=\"fusion-title-heading title-heading-left\" style=\"margin:0;\"><strong>Projekt<\/strong><\/h4><\/div><div class=\"fusion-text fusion-text-18\"><p class=\"ng-star-inserted\"><strong>INT0100048 \u2013 Wege zur Kunst in Pommern<\/strong><\/p>\n<p><strong>Okres wsparcia:<\/strong> 2021-2027<\/p>\n<\/div><div class=\"fusion-title title fusion-title-17 fusion-sep-none fusion-title-text fusion-title-size-four\" style=\"--awb-margin-top:3%;--awb-margin-bottom:1%;--awb-margin-top-small:10px;--awb-margin-right-small:0px;--awb-margin-bottom-small:10px;--awb-margin-left-small:0px;\"><h4 class=\"fusion-title-heading title-heading-left\" style=\"margin:0;\"><strong>Wnioskodawca<\/strong><\/h4><\/div><div class=\"fusion-text fusion-text-19\"><ul>\n<li>Stiftung Pommersches Landesmuseum<\/li>\n<\/ul>\n<\/div><div class=\"fusion-title title fusion-title-18 fusion-sep-none fusion-title-text fusion-title-size-four\" style=\"--awb-margin-top:3%;--awb-margin-bottom:1%;--awb-margin-top-small:10px;--awb-margin-right-small:0px;--awb-margin-bottom-small:10px;--awb-margin-left-small:0px;\"><h4 class=\"fusion-title-heading title-heading-left\" style=\"margin:0;\"><strong>Partnerzy projektu<\/strong><\/h4><\/div><div class=\"fusion-text fusion-text-20\"><ul>\n<li>Muzeum Narodowe w Szczecinie<\/li>\n<\/ul>\n<\/div><div class=\"fusion-text fusion-text-21\"><p><a href=\"https:\/\/www.interreg6a.net\/pl\/zatwierdzone-projekty\/int0100048-wege-zur-kunst-in-pommern\/\">do projektu<\/a><\/p>\n<\/div><\/div><\/div><\/div><div class=\"fusion-builder-row fusion-builder-row-inner fusion-row fusion-flex-align-items-flex-start fusion-flex-content-wrap\" style=\"--awb-flex-grow:0;--awb-flex-grow-medium:0;--awb-flex-grow-small:0;--awb-flex-shrink:0;--awb-flex-shrink-medium:0;--awb-flex-shrink-small:0;width:104% !important;max-width:104% !important;margin-left: calc(-4% \/ 2 );margin-right: calc(-4% \/ 2 );\"><div class=\"fusion-layout-column fusion_builder_column_inner fusion-builder-nested-column-10 fusion_builder_column_inner_1_1 1_1 fusion-flex-column\" style=\"--awb-bg-size:cover;--awb-width-large:100%;--awb-margin-top-large:0px;--awb-spacing-right-large:1.92%;--awb-margin-bottom-large:20px;--awb-spacing-left-large:1.92%;--awb-width-medium:100%;--awb-order-medium:0;--awb-spacing-right-medium:1.92%;--awb-spacing-left-medium:1.92%;--awb-width-small:100%;--awb-order-small:0;--awb-spacing-right-small:1.92%;--awb-spacing-left-small:1.92%;\"><div class=\"fusion-column-wrapper fusion-column-has-shadow fusion-flex-justify-content-flex-start fusion-content-layout-column\"><div class=\"fusion-title title fusion-title-19 fusion-sep-none fusion-title-text fusion-title-size-four\" style=\"--awb-margin-top:3%;--awb-margin-bottom:1%;--awb-margin-top-small:10px;--awb-margin-right-small:0px;--awb-margin-bottom-small:10px;--awb-margin-left-small:0px;\"><h4 class=\"fusion-title-heading title-heading-left\" style=\"margin:0;\"><h4 class=\"fusion-title-heading title-heading-left\">Szczeg\u00f3lny moment w realizacji projektu<\/h4><\/h4><\/div><div class=\"fusion-text fusion-text-22\"><p>Zdj\u0119cie przedstawia niemiecki zesp\u00f3\u0142 projektowy w kostiumach romantycznych w dniu 5 wrze\u015bnia 2024 r., w 250. rocznic\u0119 urodzin Caspara Davida Friedricha. Po rozpocz\u0119ciu projektu 1 lipca rocznica ta by\u0142a pierwszym wa\u017cnym wydarzeniem na \u201ewsp\u00f3lnej drodze ku sztuce\u201d, kt\u00f3rej centrum w Greifswaldzie stanowi Caspar David Friedrich, najs\u0142ynniejszy Pomorzanin na \u015bwiecie!<\/p>\n<\/div><\/div><\/div><div class=\"fusion-layout-column fusion_builder_column_inner fusion-builder-nested-column-11 fusion_builder_column_inner_1_1 1_1 fusion-flex-column\" style=\"--awb-bg-size:cover;--awb-width-large:100%;--awb-margin-top-large:0px;--awb-spacing-right-large:1.92%;--awb-margin-bottom-large:20px;--awb-spacing-left-large:1.92%;--awb-width-medium:100%;--awb-order-medium:0;--awb-spacing-right-medium:1.92%;--awb-spacing-left-medium:1.92%;--awb-width-small:100%;--awb-order-small:0;--awb-spacing-right-small:1.92%;--awb-spacing-left-small:1.92%;\"><div class=\"fusion-column-wrapper fusion-column-has-shadow fusion-flex-justify-content-flex-start fusion-content-layout-column\"><div class=\"fusion-title title fusion-title-20 fusion-sep-none fusion-title-text fusion-title-size-four\" style=\"--awb-margin-top:3%;--awb-margin-bottom:1%;--awb-margin-top-small:10px;--awb-margin-right-small:0px;--awb-margin-bottom-small:10px;--awb-margin-left-small:0px;\"><h4 class=\"fusion-title-heading title-heading-left\" style=\"margin:0;\">Wgl\u0105d w projekt<\/h4><\/div><div class=\"fusion-text fusion-text-23\"><p><strong>Wywiad z Dr. Ruth Slenczka, Muzeum Pomorza w Greifswaldzie<\/strong><\/p>\n<h5><strong>Jakie jest wsp\u00f3lne wyzwanie, z kt\u00f3rym partnerzy wsp\u00f3lnie mierz\u0105 si\u0119 w ramach projektu?<\/strong><\/h5>\n<p>Jedno\u015b\u0107 transgranicznego krajobrazu kulturalno-artystycznego Pomorza jest cz\u0119sto trudna do dostrze\u017cenia i do\u015bwiadczenia zar\u00f3wno dla mieszka\u0144c\u00f3w, jak i odwiedzaj\u0105cych region, poniewa\u017c bariery j\u0119zykowe i r\u00f3\u017cnice kulturowe utrudniaj\u0105 dost\u0119p do oferty artystycznej i kulturalnej. Dlatego te\u017c oba muzea partnerskie \u2013 Muzeum Pomorza w Greifswaldzie i Muzeum Narodowe w Szczecinie \u2013 d\u0105\u017c\u0105 do wytyczenia nowych \u015bcie\u017cek w turystyce kulturalnej poprzez wprowadzenie innowacyjnych ofert.<\/p>\n<h5><strong>Jak dosz\u0142o do nawi\u0105zania wsp\u00f3\u0142pracy?<\/strong><\/h5>\n<p>Oba muzea s\u0105 ze sob\u0105 \u015bci\u015ble powi\u0105zane, poniewa\u017c w r\u00f3wnym stopniu po\u015bwi\u0119cone s\u0105 kulturze, historii i sztuce transgranicznego regionu Pomorza. W przesz\u0142o\u015bci partnerzy wsp\u00f3\u0142pracowali ju\u017c przy wsp\u00f3lnych projektach unijnych, uzupe\u0142niaj\u0105c si\u0119 nawzajem pod wzgl\u0119dem wystaw i tematyki ekspozycji. W zwi\u0105zku z tym w obu muzeach po\u0142\u0105czono kompetencje w zakresie konserwacji, prezentacji i badania sztuki. Partnerzy czerpi\u0105 korzy\u015bci ze wsp\u00f3\u0142pracy, zw\u0142aszcza dzi\u0119ki r\u00f3\u017cnym perspektywom i podej\u015bciom, kt\u00f3re wynikaj\u0105 z odmiennych uwarunkowa\u0144 naukowych i historycznych obu muze\u00f3w.<\/p>\n<h5><strong>Jaki rezultat partnerzy chc\u0105 wsp\u00f3lnie osi\u0105gn\u0105\u0107?<\/strong><\/h5>\n<p>Wieloj\u0119zyczno\u015b\u0107 pozwala prze\u0142ama\u0107 bariery j\u0119zykowe, zwi\u0119kszaj\u0105c tym samym dost\u0119pno\u015b\u0107 dziedzictwa kulturowego na wystawach i w przestrzeni cyfrowej. Ponadto planowane jest zintensyfikowanie wsp\u00f3\u0142pracy mi\u0119dzy pracownikami r\u00f3\u017cnych dzia\u0142\u00f3w w celu integracji odmiennych kultur naukowych i muzealnych.<\/p>\n<h5><strong>Jaki jest planowany du\u017cy krok, kt\u00f3ry partnerzy chc\u0105 zrealizowa\u0107 w ci\u0105gu najbli\u017cszych 12 miesi\u0119cy?<\/strong><\/h5>\n<p>Do tej pory w ramach przygotowa\u0144 do nowych wystaw w obu muzeach partnerskich przeprowadzono g\u0142\u00f3wnie prace budowlane i niezb\u0119dne dzia\u0142ania koncepcyjne. Pierwszym wa\u017cnym kamieniem milowym b\u0119dzie otwarcie Galerii Romantyzmu w Greifswaldzie, kt\u00f3re planowane jest jeszcze w tym roku. Nast\u0119pnie w po\u0142owie przysz\u0142ego roku rozpoczn\u0105 si\u0119 prace budowlane w Muzeum Narodowym w Szczecinie.<\/p>\n<h5><strong>Jakie ma Pan\/Pani wskaz\u00f3wki dla innych projekt\u00f3w, aby zapewni\u0107 udan\u0105 codzienn\u0105 wsp\u00f3\u0142prac\u0119 z partnerami?<\/strong><\/h5>\n<p>Bariery j\u0119zykowe s\u0105 zawsze powi\u0105zane z barierami kulturowymi, kt\u00f3re wynikaj\u0105 z r\u00f3\u017cnych wp\u0142yw\u00f3w i tradycji. Pokonanie tych barier wymaga czasu i dobrego t\u0142umaczenia, kt\u00f3re zawsze musi by\u0107 r\u00f3wnie\u017c t\u0142umaczeniem kulturowym. Z naszego do\u015bwiadczenia wynika, \u017ce warto po\u015bwi\u0119ci\u0107 na to czas. Sprawdzi\u0142o si\u0119 po\u0142\u0105czenie osobistych spotka\u0144 i wideokonferencji. Funkcja t\u0142umaczenia symultanicznego systemu wideokonferencyjnego, z kt\u00f3rego korzystamy, bardzo pomaga nam w codziennej wsp\u00f3\u0142pracy.<\/p>\n<\/div><div class=\"fusion-text fusion-text-24\" style=\"--awb-margin-top:15px;\"><h5>Strony internetowe:<\/h5>\n<p><a href=\"https:\/\/www.pommersches-landesmuseum.de\/pl\/wspolne-drogi-ku-sztuce-na-pomorzu\">https:\/\/www.pommersches-landesmuseum.de\/pl\/wspolne-drogi-ku-sztuce-na-pomorzu<\/a><\/p>\n<\/div><\/div><\/div><\/div><\/div><\/div><\/div><\/div><div class=\"fusion-fullwidth fullwidth-box fusion-builder-row-6 fusion-flex-container has-pattern-background has-mask-background nonhundred-percent-fullwidth non-hundred-percent-height-scrolling\" style=\"--awb-border-radius-top-left:0px;--awb-border-radius-top-right:0px;--awb-border-radius-bottom-right:0px;--awb-border-radius-bottom-left:0px;--awb-background-color:var(--awb-color1);--awb-flex-wrap:wrap;\" ><div class=\"fusion-builder-row fusion-row fusion-flex-align-items-flex-start fusion-flex-content-wrap\" style=\"max-width:1586px;margin-left: calc(-4% \/ 2 );margin-right: calc(-4% \/ 2 );\"><div class=\"fusion-layout-column fusion_builder_column fusion-builder-column-7 fusion_builder_column_1_1 1_1 fusion-flex-column absatz\" style=\"--awb-padding-top:40px;--awb-padding-top-medium:30px;--awb-padding-top-small:20px;--awb-bg-size:cover;--awb-width-large:100%;--awb-margin-top-large:0px;--awb-spacing-right-large:1.92%;--awb-margin-bottom-large:20px;--awb-spacing-left-large:1.92%;--awb-width-medium:100%;--awb-order-medium:0;--awb-spacing-right-medium:1.92%;--awb-spacing-left-medium:1.92%;--awb-width-small:100%;--awb-order-small:0;--awb-spacing-right-small:1.92%;--awb-spacing-left-small:1.92%;\"><div class=\"fusion-column-wrapper fusion-column-has-shadow fusion-flex-justify-content-flex-start fusion-content-layout-column\"><div class=\"fusion-title title fusion-title-21 fusion-sep-none fusion-title-center fusion-title-text fusion-title-size-two\" style=\"--awb-margin-top:3%;--awb-margin-bottom:1%;--awb-margin-top-small:10px;--awb-margin-right-small:0px;--awb-margin-bottom-small:10px;--awb-margin-left-small:0px;\"><h2 class=\"fusion-title-heading title-heading-center\" style=\"margin:0;\"><p class=\"fusion-title-heading title-heading-center\">Wrzesie\u0144 2025<\/p><\/h2><\/div><div class=\"fusion-builder-row fusion-builder-row-inner fusion-row fusion-flex-align-items-flex-start fusion-flex-content-wrap\" style=\"--awb-flex-grow:0;--awb-flex-grow-medium:0;--awb-flex-grow-small:0;--awb-flex-shrink:0;--awb-flex-shrink-medium:0;--awb-flex-shrink-small:0;width:104% !important;max-width:104% !important;margin-left: calc(-4% \/ 2 );margin-right: calc(-4% \/ 2 );\"><div class=\"fusion-layout-column fusion_builder_column_inner fusion-builder-nested-column-12 fusion_builder_column_inner_2_3 2_3 fusion-flex-column\" style=\"--awb-bg-size:cover;--awb-width-large:66.666666666667%;--awb-margin-top-large:0px;--awb-spacing-right-large:2.88%;--awb-margin-bottom-large:20px;--awb-spacing-left-large:2.88%;--awb-width-medium:100%;--awb-order-medium:0;--awb-spacing-right-medium:1.92%;--awb-spacing-left-medium:1.92%;--awb-width-small:100%;--awb-order-small:0;--awb-spacing-right-small:1.92%;--awb-spacing-left-small:1.92%;\"><div class=\"fusion-column-wrapper fusion-column-has-shadow fusion-flex-justify-content-flex-start fusion-content-layout-column\"><div class=\"fusion-text fusion-text-25\"><p class=\"western\"><b>Autor zdj\u0119cia: <\/b>Borja Navarro<\/p>\n<\/div><div class=\"fusion-image-element \" style=\"--awb-caption-title-font-family:var(--h2_typography-font-family);--awb-caption-title-font-weight:var(--h2_typography-font-weight);--awb-caption-title-font-style:var(--h2_typography-font-style);--awb-caption-title-size:var(--h2_typography-font-size);--awb-caption-title-transform:var(--h2_typography-text-transform);--awb-caption-title-line-height:var(--h2_typography-line-height);--awb-caption-title-letter-spacing:var(--h2_typography-letter-spacing);\"><span class=\" fusion-imageframe imageframe-none imageframe-4 hover-type-none\"><img decoding=\"async\" width=\"1200\" height=\"630\" title=\"facebook-querformat-september\" src=\"https:\/\/www.interreg6a.net\/wp-content\/uploads\/2025\/06\/facebook-querformat-september.jpg\" alt class=\"img-responsive wp-image-18399\" srcset=\"https:\/\/www.interreg6a.net\/wp-content\/uploads\/2025\/06\/facebook-querformat-september-200x105.jpg 200w, https:\/\/www.interreg6a.net\/wp-content\/uploads\/2025\/06\/facebook-querformat-september-400x210.jpg 400w, https:\/\/www.interreg6a.net\/wp-content\/uploads\/2025\/06\/facebook-querformat-september-600x315.jpg 600w, https:\/\/www.interreg6a.net\/wp-content\/uploads\/2025\/06\/facebook-querformat-september-800x420.jpg 800w, https:\/\/www.interreg6a.net\/wp-content\/uploads\/2025\/06\/facebook-querformat-september.jpg 1200w\" sizes=\"(max-width: 575px) 100vw, 1200px\" \/><\/span><\/div><\/div><\/div><div class=\"fusion-layout-column fusion_builder_column_inner fusion-builder-nested-column-13 fusion_builder_column_inner_1_3 1_3 fusion-flex-column\" style=\"--awb-bg-color:rgba(255,255,255,0);--awb-bg-color-hover:rgba(255,255,255,0);--awb-bg-size:cover;--awb-width-large:33.333333333333%;--awb-margin-top-large:0px;--awb-spacing-right-large:5.76%;--awb-margin-bottom-large:20px;--awb-spacing-left-large:5.76%;--awb-width-medium:100%;--awb-order-medium:0;--awb-spacing-right-medium:1.92%;--awb-spacing-left-medium:1.92%;--awb-width-small:100%;--awb-order-small:0;--awb-spacing-right-small:1.92%;--awb-spacing-left-small:1.92%;\"><div class=\"fusion-column-wrapper fusion-column-has-shadow fusion-flex-justify-content-flex-start fusion-content-layout-column\"><div class=\"fusion-title title fusion-title-22 fusion-sep-none fusion-title-text fusion-title-size-four\" style=\"--awb-margin-top:3%;--awb-margin-bottom:1%;--awb-margin-top-small:10px;--awb-margin-right-small:0px;--awb-margin-bottom-small:10px;--awb-margin-left-small:0px;\"><h4 class=\"fusion-title-heading title-heading-left\" style=\"margin:0;\"><strong>Projekt<\/strong><\/h4><\/div><div class=\"fusion-text fusion-text-26\"><p class=\"ng-star-inserted\"><strong>INT0100007 \u2013 One Pomerania<\/strong><\/p>\n<p><strong>Okres wsparcia:<\/strong> 2021-2027<\/p>\n<\/div><div class=\"fusion-title title fusion-title-23 fusion-sep-none fusion-title-text fusion-title-size-four\" style=\"--awb-margin-top:3%;--awb-margin-bottom:1%;--awb-margin-top-small:10px;--awb-margin-right-small:0px;--awb-margin-bottom-small:10px;--awb-margin-left-small:0px;\"><h4 class=\"fusion-title-heading title-heading-left\" style=\"margin:0;\"><strong>Wnioskodawca<\/strong><\/h4><\/div><div class=\"fusion-text fusion-text-27\"><ul>\n<li>Stowarzyszenie Gmin Polskich Euroregionu Pomerania<\/li>\n<\/ul>\n<\/div><div class=\"fusion-title title fusion-title-24 fusion-sep-none fusion-title-text fusion-title-size-four\" style=\"--awb-margin-top:3%;--awb-margin-bottom:1%;--awb-margin-top-small:10px;--awb-margin-right-small:0px;--awb-margin-bottom-small:10px;--awb-margin-left-small:0px;\"><h4 class=\"fusion-title-heading title-heading-left\" style=\"margin:0;\"><strong>Partnerzy projektu<\/strong><\/h4><\/div><div class=\"fusion-text fusion-text-28\"><ul>\n<li>Kommunalgemeinschaft Europaregion Pomerania e.V.<\/li>\n<\/ul>\n<\/div><div class=\"fusion-text fusion-text-29\"><p><a href=\"https:\/\/www.interreg6a.net\/pl\/zatwierdzone-projekty\/int0100007-one-pomerania\/\">do projektu<\/a><\/p>\n<\/div><\/div><\/div><\/div><div class=\"fusion-builder-row fusion-builder-row-inner fusion-row fusion-flex-align-items-flex-start fusion-flex-content-wrap\" style=\"--awb-flex-grow:0;--awb-flex-grow-medium:0;--awb-flex-grow-small:0;--awb-flex-shrink:0;--awb-flex-shrink-medium:0;--awb-flex-shrink-small:0;width:104% !important;max-width:104% !important;margin-left: calc(-4% \/ 2 );margin-right: calc(-4% \/ 2 );\"><div class=\"fusion-layout-column fusion_builder_column_inner fusion-builder-nested-column-14 fusion_builder_column_inner_1_1 1_1 fusion-flex-column\" style=\"--awb-bg-size:cover;--awb-width-large:100%;--awb-margin-top-large:0px;--awb-spacing-right-large:1.92%;--awb-margin-bottom-large:20px;--awb-spacing-left-large:1.92%;--awb-width-medium:100%;--awb-order-medium:0;--awb-spacing-right-medium:1.92%;--awb-spacing-left-medium:1.92%;--awb-width-small:100%;--awb-order-small:0;--awb-spacing-right-small:1.92%;--awb-spacing-left-small:1.92%;\"><div class=\"fusion-column-wrapper fusion-column-has-shadow fusion-flex-justify-content-flex-start fusion-content-layout-column\"><div class=\"fusion-title title fusion-title-25 fusion-sep-none fusion-title-text fusion-title-size-four\" style=\"--awb-margin-top:3%;--awb-margin-bottom:1%;--awb-margin-top-small:10px;--awb-margin-right-small:0px;--awb-margin-bottom-small:10px;--awb-margin-left-small:0px;\"><h4 class=\"fusion-title-heading title-heading-left\" style=\"margin:0;\"><h4 class=\"fusion-title-heading title-heading-left\">Szczeg\u00f3lny moment w realizacji projektu<\/h4><\/h4><\/div><div class=\"fusion-text fusion-text-30\"><p><span lang=\"PL\">Zdj\u0119cie zosta\u0142o zrobione podczas wizyty studyjnej do najstarszego istniej\u0105cego Europejskiego Ugrupowania Wsp\u00f3\u0142pracy Terytorialnej Galicia-Norte de Portugal, z siedzib\u0105 w Vigo w Hiszpanii (w pobli\u017cu p\u00f3\u0142nocnej granicy Portugalii). Wizyta odby\u0142a si\u0119 w ramach projektu \u201eThe One and Only Pomerania\u201d i mia\u0142a na celu poznanie praktycznych aspekt\u00f3w dzia\u0142alno\u015bci Europejskiego Ugrupowania Wsp\u00f3\u0142pracy Terytorialnej (EUWT), w tym dokumentacji rejestracyjnej, procedur tworzenia ugrupowania oraz metod organizowania wsp\u00f3\u0142pracy transgranicznej.<\/span><\/p>\n<p><span lang=\"PL\">Na zdj\u0119ciu widoczni s\u0105 uczestnicy wizyty: cz\u0142onkowie obu zarz\u0105d\u00f3w Stowarzyszenia Gmin Polskich Euroregionu Pomerania oraz Kommunalgemeinschaft e.V. Pomerania, pracownicy projektu, dyrektorzy biur, a tak\u017ce przedstawiciele EUWT Galicia-Norte de Portugal.<\/span><\/p>\n<p><span lang=\"PL\">Fotografia dokumentuje istotny etap budowania relacji mi\u0119dzyregionalnych oraz wymiany do\u015bwiadcze\u0144 instytucjonalnych. Spotkanie mia\u0142o znacz\u0105cy wp\u0142yw na kszta\u0142towanie przysz\u0142ej struktury i zakresu dzia\u0142ania planowanego EUWT Pomerania.<\/span><\/p>\n<\/div><\/div><\/div><div class=\"fusion-layout-column fusion_builder_column_inner fusion-builder-nested-column-15 fusion_builder_column_inner_1_1 1_1 fusion-flex-column\" style=\"--awb-bg-size:cover;--awb-width-large:100%;--awb-margin-top-large:0px;--awb-spacing-right-large:1.92%;--awb-margin-bottom-large:20px;--awb-spacing-left-large:1.92%;--awb-width-medium:100%;--awb-order-medium:0;--awb-spacing-right-medium:1.92%;--awb-spacing-left-medium:1.92%;--awb-width-small:100%;--awb-order-small:0;--awb-spacing-right-small:1.92%;--awb-spacing-left-small:1.92%;\"><div class=\"fusion-column-wrapper fusion-column-has-shadow fusion-flex-justify-content-flex-start fusion-content-layout-column\"><div class=\"fusion-title title fusion-title-26 fusion-sep-none fusion-title-text fusion-title-size-four\" style=\"--awb-margin-top:3%;--awb-margin-bottom:1%;--awb-margin-top-small:10px;--awb-margin-right-small:0px;--awb-margin-bottom-small:10px;--awb-margin-left-small:0px;\"><h4 class=\"fusion-title-heading title-heading-left\" style=\"margin:0;\">Wgl\u0105d w projekt<\/h4><\/div><div class=\"fusion-text fusion-text-31\"><p><strong>Wywiad z Paw\u0142em Bartnikiem &#8211; Dyrektorem &#8222;Stowarzyszenia Gmin Polskich Euroregionu Pomerania&#8221; oraz Martinem Hanf Dyrektorem niemieckiego stowarzyszenia &#8211; &#8222;Kommunalgemeinschaft Europaregion Pomerania e.V.&#8221;<\/strong><\/p>\n<h5><strong>Jakie jest wsp\u00f3lne wyzwanie, z kt\u00f3rym partnerzy wsp\u00f3lnie mierz\u0105 si\u0119 w ramach projektu?<\/strong><\/h5>\n<p>Partnerzy wsp\u00f3lnie pracuj\u0105 nad stworzeniem nowoczesnej formy wsp\u00f3\u0142pracy transgranicznej w postaci Europejskiego Ugrupowania Wsp\u00f3\u0142pracy Terytorialnej (EUWT).<br \/>\nIstniej\u0105ce struktury euroregionalne nie posiadaj\u0105 osobowo\u015bci prawnej, co ogranicza ich skuteczno\u015b\u0107.<br \/>\nNowa forma wsp\u00f3\u0142pracy pozwoli skuteczniej reagowa\u0107 na potrzeby mieszka\u0144c\u00f3w pogranicza i zlikwidowa\u0107 bariery administracyjne.<\/p>\n<h5><strong>Jak dosz\u0142o do nawi\u0105zania wsp\u00f3\u0142pracy?<\/strong><\/h5>\n<p>Euroregion Pomerania funkcjonuje ju\u017c od ponad 30 lat, realizuj\u0105c z sukcesem wiele wsp\u00f3lnych, polsko-niemieckich projekt\u00f3w w oparciu o partnerstwo po obu stronach granicy. Stowarzyszenie Gmin Polskich Euroregionu Pomerania reprezentuje stron\u0119 polsk\u0105, natomiast Kommunalgemeinschaft Europaregion Pomerania reprezentuje stron\u0119 niemieck\u0105.<br \/>\nDotychczasowa wsp\u00f3\u0142praca zawsze zak\u0142ada\u0142a podzia\u0142 dzia\u0142a\u0144 na cz\u0119\u015b\u0107 polsk\u0105 i cz\u0119\u015b\u0107 niemieck\u0105 \u2013 projekt EUWT <strong>One Pomerania<\/strong> wprowadza now\u0105 jako\u015b\u0107: wsp\u00f3lne dzia\u0142ania na jednakowych zasadach.<br \/>\nPartnerzy posiadaj\u0105 wieloletnie do\u015bwiadczenie, ugruntowane struktury i kompetencje w zakresie wsp\u00f3\u0142pracy transgranicznej &#8211; co czyni ich naturalnymi inicjatorami tego projektu.<br \/>\nPartnerzy wielokrotnie wsp\u00f3\u0142pracowali przy projektach o podobnej tematyce \u2013 m.in. przy programach Interreg IIIA, IVA i V A, czy tworzeniu sieci Centr\u00f3w Us\u0142ugowo-Doradczych, teraz <a href=\"https:\/\/www.interreg6a.net\/pl\/zatwierdzone-projekty\/int0100001-ibn-sid\/\">SID<\/a>.<\/p>\n<p>Chocia\u017c partnerzy stowarzyszeni nie s\u0105 bezpo\u015brednio zaanga\u017cowani w projekt, ich do\u015bwiadczenie jest jednak uwzgl\u0119dniane &#8211; na przyk\u0142ad poprzez cz\u0142onk\u00f3w stowarzysze\u0144 spo\u0142eczno\u015bci lokalnych lub partnerstwa z ekspertami o kluczowym znaczeniu. Zapewniaj\u0105 oni, \u017ce dzia\u0142ania projektowe s\u0105 ukierunkowane na rzeczywiste potrzeby regionu oraz zapewniaj\u0105 trwa\u0142o\u015b\u0107 i sp\u00f3jno\u015b\u0107 wynik\u00f3w projektu, na przyk\u0142ad poprzez wyjazdy studyjne i wymian\u0119 do\u015bwiadcze\u0144 z innymi EUWT, takimi jak \u201eEurodistrict Pamina\u201d z siedzib\u0105 w Lauterbourg we Francji (w pobli\u017cu granicy z Niemcami) czy \u201eGalicia-Norte de Portugal\u201d.<\/p>\n<h5><strong>Jaki rezultat partnerzy chc\u0105 wsp\u00f3lnie osi\u0105gn\u0105\u0107?<\/strong><\/h5>\n<p>Najwa\u017cniejszym rezultatem projektu b\u0119dzie utworzenie formalnej struktury EUWT w Euroregionie Pomerania.<br \/>\nOpracowany zostanie wsp\u00f3lny plan dzia\u0142a\u0144, kt\u00f3ry b\u0119dzie s\u0142u\u017cy\u0142 d\u0142ugofalowemu rozwojowi wsp\u00f3\u0142pracy transgranicznej.<br \/>\nZyskaj\u0105 na tym nie tylko partnerzy projektu, ale tak\u017ce mieszka\u0144cy regionu, instytucje oraz przedsi\u0119biorstwa.<\/p>\n<h5><strong>Jaki jest planowany du\u017cy krok, kt\u00f3ry partnerzy chc\u0105 zrealizowa\u0107 w ci\u0105gu najbli\u017cszych 12 miesi\u0119cy?<\/strong><\/h5>\n<p>Powo\u0142anie Europejskiego Ugrupowania Wsp\u00f3\u0142pracy Terytorialnej to prze\u0142omowy krok dla dalszego rozwoju wsp\u00f3lnej dzia\u0142alno\u015bci Stowarzyszenia Gmin Polskich Euroregionu Pomerania i Kommunalgemeinschaft Europaregion Pomerania e. V.<\/p>\n<p>Cho\u0107 obie organizacje od dawna z sukcesami wsp\u00f3\u0142pracuj\u0105 i realizowa\u0142y liczne projekty transgraniczne, EUWT umo\u017cliwi im po raz pierwszy funkcjonowanie jako jednolita, ponadnarodowa struktura z osobowo\u015bci\u0105 prawn\u0105 Unii Europejskiej, kt\u00f3ra dzia\u0142a na r\u00f3wnych zasadach po obu stronach granicy.<\/p>\n<p>W ostatnich miesi\u0105cach osi\u0105gni\u0119to znacz\u0105ce post\u0119py:<br \/>\nrozpocz\u0119to cykl fachowych warsztat\u00f3w prawnych i organizacyjnych, kt\u00f3rych celem jest opracowanie dokument\u00f3w rejestracyjnych \u2013 w tym Statutu i Konwencji EUWT. Warsztaty obejmuj\u0105 mi\u0119dzy innymi:<\/p>\n<ul>\n<li>analiz\u0119 ram prawnych w Polsce i Niemczech,<\/li>\n<li>okre\u015blenie struktury organizacyjnej, terytorium i zakresu dzia\u0142a\u0144 EUWT,<\/li>\n<li>kwestie finansowania, cz\u0142onkostwa i odpowiedzialno\u015bci cz\u0142onk\u00f3w,<\/li>\n<li>wyb\u00f3r siedziby oraz model zatrudnienia i organizacji biura,<\/li>\n<li>opracowanie dokumentacji statutowej i konwencyjnej.<\/li>\n<\/ul>\n<p><span lang=\"PL\">Efektem tych prac b\u0119dzie formalna rejestracja EUWT \u2013 planowana na drug\u0105 po\u0142ow\u0119 2026 roku \u2013 oraz rozpocz\u0119cie jego dzia\u0142alno\u015bci jako trwa\u0142ego narz\u0119dzia wsp\u00f3\u0142pracy instytucjonalnej na pograniczu polsko-niemieckim.<\/span><\/p>\n<h5><strong>Dlaczego wsp\u00f3\u0142praca polsko-niemiecka jest wa\u017cniejsza ni\u017c kiedykolwiek?<\/strong><\/h5>\n<p>Wsp\u00f3\u0142praca transgraniczna to nie tylko du\u017ce inwestycje i rozbudowane strategie. To przede wszystkim ludzie, ich relacje i codzienne wyzwania po obu stronach granicy. Dlatego Fundusz Ma\u0142ych Projekt\u00f3w (<a href=\"https:\/\/www.interreg6a.net\/pl\/fundusze-malych-projektow\/\">FMP<\/a>) jest jednym z najcenniejszych narz\u0119dzi polsko-niemieckiej wsp\u00f3\u0142pracy \u2013 wspiera to, co najtrudniej zbudowa\u0107: zaufanie.<\/p>\n<p>Jak kiedy\u015b powiedzia\u0142 V\u00e1clav Havel:<br \/>\n<em>\u201ePrawdziwe zmiany zaczynaj\u0105 si\u0119 od zwyk\u0142ych ludzi i ich codziennych decyzji.\u201d<\/em><\/p>\n<p>FMP umo\u017cliwia w\u0142a\u015bnie to \u2013 realizacj\u0119 praktycznych projekt\u00f3w, kt\u00f3re sprzyjaj\u0105 spotkaniom mieszka\u0144c\u00f3w, kulturze oraz zr\u00f3wnowa\u017conej turystyce.<\/p>\n<p>R\u00f3wnie wa\u017cne \u2013 co pokaza\u0142y warsztaty partycypacyjne \u2013 jest rozwijanie kompetencji j\u0119zykowych po obu stronach Odry oraz inicjatywy, kt\u00f3re poprzez wymian\u0119 dobrych praktyk czy szkolenia wspieraj\u0105 wzrost gospodarczy i lokalny rynek pracy.<\/p>\n<p>Nie mo\u017cna przy tym zapomina\u0107, \u017ce wsp\u00f3lne dzia\u0142ania mog\u0105 by\u0107 skuteczne tylko wtedy, gdy dost\u0119pne jest tak\u017ce wsparcie prawne i instytucjonalne. R\u00f3\u017cnice legislacyjne mi\u0119dzy Polsk\u0105 a Niemcami mog\u0105 stanowi\u0107 przeszkod\u0119. Dlatego sie\u0107 informacyjno-doradcza to nie tylko pomoc, ale filar skutecznej integracji w Euroregionie Pomerania. Wnosi bezcenny wk\u0142ad w usuwanie barier dziel\u0105cych ludzi i instytucje \u2013 czy to przy zak\u0142adaniu firm, organizacji wydarze\u0144, czy wsp\u00f3lnych szkoleniach.<\/p>\n<p>Dlatego dzi\u015b \u2013 po 30 latach udanej wsp\u00f3\u0142pracy w Euroregionie Pomerania i w momencie przej\u015bcia z modelu \u201ewsp\u00f3\u0142pracy r\u00f3wnoleg\u0142ej\u201d do wsp\u00f3lnego podmiotu, jakim jest EUWT \u2013 powinni\u015bmy jeszcze mocniej wspiera\u0107 sprawdzone, potrzebne i skuteczne narz\u0119dzia, takie jak FMP i sie\u0107 informacyjno-doradcza.<\/p>\n<p>To one sprawiaj\u0105, \u017ce Europa rozwija si\u0119 nie tylko \u201eod g\u00f3ry\u201d, lecz r\u00f3wnie\u017c \u201eod do\u0142u\u201d &#8211; dzi\u0119ki skutecznej integracji lokalnych spo\u0142eczno\u015bci.<\/p>\n<h5><strong>Jakie ma Pan\/Pani wskaz\u00f3wki dla innych projekt\u00f3w, aby zapewni\u0107 udan\u0105 codzienn\u0105 wsp\u00f3\u0142prac\u0119 z partnerami?<\/strong><\/h5>\n<p><strong>Wsp\u00f3\u0142praca transgraniczna to nie tylko kwestia wsp\u00f3lnych projekt\u00f3w \u2013 to wsp\u00f3lne \u017cycie.<\/strong> Codzienno\u015b\u0107 buduje si\u0119 nie w salach konferencyjnych, ale w codziennych mailach, telefonach, u\u015bmiechach i pr\u00f3bach zrozumienia, kt\u00f3re przekraczaj\u0105 s\u0142ownikowe definicje j\u0119zyk\u00f3w.<\/p>\n<p>W ramach tworz\u0105cego si\u0119 Europejskiego Ugrupowania Wsp\u00f3\u0142pracy Terytorialnej (EUWT), gdzie Polska i Niemcy przestaj\u0105 by\u0107 dwoma stronami partnerstwa, a staj\u0105 si\u0119 <strong>jedn\u0105 wsp\u00f3ln\u0105 struktur\u0105 o europejskiej to\u017csamo\u015bci<\/strong>, kluczow\u0105 warto\u015bci\u0105 jest <strong>empatia systemowa<\/strong> \u2013 zrozumienie, \u017ce r\u00f3\u017cnice kulturowe czy prawne nie s\u0105 przeszkod\u0105, ale zasobem.<\/p>\n<p><em>\u201eJedno\u015b\u0107 nie oznacza jednolito\u015bci \u2013 lecz wsp\u00f3lne oddychanie r\u00f3\u017cnorodno\u015bci\u0105.\u201d<\/em><\/p>\n<p><strong>Nasze wskaz\u00f3wki dla udanej codziennej wsp\u00f3\u0142pracy w ramach EUWT?<\/strong><\/p>\n<ol>\n<li><strong>J\u0119zyk serca \u2013 nie dokument\u00f3w.<\/strong><br \/>\nDbajmy o komunikacj\u0119, kt\u00f3ra nie gubi si\u0119 w formalizmach. Tam, gdzie brakuje s\u0142\u00f3w, cz\u0119sto wystarcza sama wola zrozumienia. Wsp\u00f3lne kursy j\u0119zykowe, \u201emi\u0119kkie\u201d t\u0142umaczenia obok urz\u0119dowych, a tak\u017ce humor \u2013 to mosty wa\u017cniejsze ni\u017c jakiekolwiek umowy.<\/li>\n<li><strong>Organizacja oparta na zaufaniu, a nie na hierarchii.<\/strong><br \/>\nEUWT otwiera nowe modele pracy: nie \u201emy i oni\u201d, lecz jeden wsp\u00f3lny zesp\u00f3\u0142. Szczeg\u00f3lne znaczenie maj\u0105 tu przejrzyste procesy, wzajemne spotkania oraz \u201ekulturowi budowniczowie most\u00f3w\u201d, kt\u00f3rzy \u0142\u0105cz\u0105 konteksty spo\u0142eczne i zawodowe.<\/li>\n<li><strong>Odwaga, by uznawa\u0107 r\u00f3\u017cnice.<\/strong><br \/>\nTam, gdzie systemy prawne si\u0119 r\u00f3\u017cni\u0105, nie ma sensu walczy\u0107 z rzeczywisto\u015bci\u0105 \u2013 trzeba j\u0105 zrozumie\u0107. Dlatego tak wa\u017cna jest sie\u0107 informacyjno-doradcza: nie tylko rozwi\u0105zuje problemy, lecz tak\u017ce uczy wsp\u00f3lnego \u201eczytania\u201d prawa.<\/li>\n<li><strong>Czas \u2013 najwa\u017cniejsza waluta integracji.<\/strong><br \/>\nSukcesu nie mierzy si\u0119 pr\u0119dko\u015bci\u0105 ani cz\u0119stotliwo\u015bci\u0105 spotka\u0144. Kluczowe jest uwa\u017cne s\u0142uchanie partnera z prawdziwym zainteresowaniem.<\/li>\n<\/ol>\n<\/div><div class=\"fusion-text fusion-text-32\" style=\"--awb-margin-top:15px;\"><h5>Strony internetowe:<\/h5>\n<p><a href=\"https:\/\/pomerania.org.pl\/?page_id=5606\">https:\/\/pomerania.org.pl\/?page_id=5606<\/a><\/p>\n<\/div><\/div><\/div><\/div><\/div><\/div><\/div><\/div><div class=\"fusion-fullwidth fullwidth-box fusion-builder-row-7 fusion-flex-container has-pattern-background has-mask-background nonhundred-percent-fullwidth non-hundred-percent-height-scrolling\" style=\"--awb-border-radius-top-left:0px;--awb-border-radius-top-right:0px;--awb-border-radius-bottom-right:0px;--awb-border-radius-bottom-left:0px;--awb-background-color:var(--awb-color1);--awb-flex-wrap:wrap;\" ><div class=\"fusion-builder-row fusion-row fusion-flex-align-items-flex-start fusion-flex-content-wrap\" style=\"max-width:1586px;margin-left: calc(-4% \/ 2 );margin-right: calc(-4% \/ 2 );\"><div class=\"fusion-layout-column fusion_builder_column fusion-builder-column-8 fusion_builder_column_1_1 1_1 fusion-flex-column absatz\" style=\"--awb-padding-top:40px;--awb-padding-top-medium:30px;--awb-padding-top-small:20px;--awb-bg-size:cover;--awb-width-large:100%;--awb-margin-top-large:0px;--awb-spacing-right-large:1.92%;--awb-margin-bottom-large:20px;--awb-spacing-left-large:1.92%;--awb-width-medium:100%;--awb-order-medium:0;--awb-spacing-right-medium:1.92%;--awb-spacing-left-medium:1.92%;--awb-width-small:100%;--awb-order-small:0;--awb-spacing-right-small:1.92%;--awb-spacing-left-small:1.92%;\"><div class=\"fusion-column-wrapper fusion-column-has-shadow fusion-flex-justify-content-flex-start fusion-content-layout-column\"><div class=\"fusion-title title fusion-title-27 fusion-sep-none fusion-title-center fusion-title-text fusion-title-size-two\" style=\"--awb-margin-top:3%;--awb-margin-bottom:1%;--awb-margin-top-small:10px;--awb-margin-right-small:0px;--awb-margin-bottom-small:10px;--awb-margin-left-small:0px;\"><h2 class=\"fusion-title-heading title-heading-center\" style=\"margin:0;\"><p class=\"fusion-title-heading title-heading-center\">Sierpie\u0144 2025<\/p><\/h2><\/div><div class=\"fusion-builder-row fusion-builder-row-inner fusion-row fusion-flex-align-items-flex-start fusion-flex-content-wrap\" style=\"--awb-flex-grow:0;--awb-flex-grow-medium:0;--awb-flex-grow-small:0;--awb-flex-shrink:0;--awb-flex-shrink-medium:0;--awb-flex-shrink-small:0;width:104% !important;max-width:104% !important;margin-left: calc(-4% \/ 2 );margin-right: calc(-4% \/ 2 );\"><div class=\"fusion-layout-column fusion_builder_column_inner fusion-builder-nested-column-16 fusion_builder_column_inner_2_3 2_3 fusion-flex-column\" style=\"--awb-bg-size:cover;--awb-width-large:66.666666666667%;--awb-margin-top-large:0px;--awb-spacing-right-large:2.88%;--awb-margin-bottom-large:20px;--awb-spacing-left-large:2.88%;--awb-width-medium:100%;--awb-order-medium:0;--awb-spacing-right-medium:1.92%;--awb-spacing-left-medium:1.92%;--awb-width-small:100%;--awb-order-small:0;--awb-spacing-right-small:1.92%;--awb-spacing-left-small:1.92%;\"><div class=\"fusion-column-wrapper fusion-column-has-shadow fusion-flex-justify-content-flex-start fusion-content-layout-column\"><div class=\"fusion-text fusion-text-33\"><p class=\"western\"><b>Autor zdj\u0119cia: <\/b>Micha\u0142 Abkowicz (Universit\u00e4tsmedizin Greifswald)<\/p>\n<\/div><div class=\"fusion-image-element \" style=\"--awb-caption-title-font-family:var(--h2_typography-font-family);--awb-caption-title-font-weight:var(--h2_typography-font-weight);--awb-caption-title-font-style:var(--h2_typography-font-style);--awb-caption-title-size:var(--h2_typography-font-size);--awb-caption-title-transform:var(--h2_typography-text-transform);--awb-caption-title-line-height:var(--h2_typography-line-height);--awb-caption-title-letter-spacing:var(--h2_typography-letter-spacing);\"><span class=\" fusion-imageframe imageframe-none imageframe-5 hover-type-none\"><img decoding=\"async\" width=\"1200\" height=\"630\" title=\"facebook-querformat-august\" src=\"https:\/\/www.interreg6a.net\/wp-content\/uploads\/2025\/06\/facebook-querformat-august.jpg\" alt class=\"img-responsive wp-image-18395\" srcset=\"https:\/\/www.interreg6a.net\/wp-content\/uploads\/2025\/06\/facebook-querformat-august-200x105.jpg 200w, https:\/\/www.interreg6a.net\/wp-content\/uploads\/2025\/06\/facebook-querformat-august-400x210.jpg 400w, https:\/\/www.interreg6a.net\/wp-content\/uploads\/2025\/06\/facebook-querformat-august-600x315.jpg 600w, https:\/\/www.interreg6a.net\/wp-content\/uploads\/2025\/06\/facebook-querformat-august-800x420.jpg 800w, https:\/\/www.interreg6a.net\/wp-content\/uploads\/2025\/06\/facebook-querformat-august.jpg 1200w\" sizes=\"(max-width: 575px) 100vw, 1200px\" \/><\/span><\/div><\/div><\/div><div class=\"fusion-layout-column fusion_builder_column_inner fusion-builder-nested-column-17 fusion_builder_column_inner_1_3 1_3 fusion-flex-column\" style=\"--awb-bg-color:rgba(255,255,255,0);--awb-bg-color-hover:rgba(255,255,255,0);--awb-bg-size:cover;--awb-width-large:33.333333333333%;--awb-margin-top-large:0px;--awb-spacing-right-large:5.76%;--awb-margin-bottom-large:20px;--awb-spacing-left-large:5.76%;--awb-width-medium:100%;--awb-order-medium:0;--awb-spacing-right-medium:1.92%;--awb-spacing-left-medium:1.92%;--awb-width-small:100%;--awb-order-small:0;--awb-spacing-right-small:1.92%;--awb-spacing-left-small:1.92%;\"><div class=\"fusion-column-wrapper fusion-column-has-shadow fusion-flex-justify-content-flex-start fusion-content-layout-column\"><div class=\"fusion-title title fusion-title-28 fusion-sep-none fusion-title-text fusion-title-size-four\" style=\"--awb-margin-top:3%;--awb-margin-bottom:1%;--awb-margin-top-small:10px;--awb-margin-right-small:0px;--awb-margin-bottom-small:10px;--awb-margin-left-small:0px;\"><h4 class=\"fusion-title-heading title-heading-left\" style=\"margin:0;\"><strong>Projekt<\/strong><\/h4><\/div><div class=\"fusion-text fusion-text-34\"><p class=\"ng-star-inserted\"><strong>INT0100016 \u2013 Temicare 2.0<\/strong><\/p>\n<p><strong>Okres wsparcia:<\/strong> 2021-2027<\/p>\n<\/div><div class=\"fusion-title title fusion-title-29 fusion-sep-none fusion-title-text fusion-title-size-four\" style=\"--awb-margin-top:3%;--awb-margin-bottom:1%;--awb-margin-top-small:10px;--awb-margin-right-small:0px;--awb-margin-bottom-small:10px;--awb-margin-left-small:0px;\"><h4 class=\"fusion-title-heading title-heading-left\" style=\"margin:0;\"><strong>Wnioskodawca<\/strong><\/h4><\/div><div class=\"fusion-text fusion-text-35\"><ul>\n<li>Universit\u00e4tsmedizin Greifswald<\/li>\n<\/ul>\n<\/div><div class=\"fusion-title title fusion-title-30 fusion-sep-none fusion-title-text fusion-title-size-four\" style=\"--awb-margin-top:3%;--awb-margin-bottom:1%;--awb-margin-top-small:10px;--awb-margin-right-small:0px;--awb-margin-bottom-small:10px;--awb-margin-left-small:0px;\"><h4 class=\"fusion-title-heading title-heading-left\" style=\"margin:0;\"><strong>Partnerzy projektu<\/strong><\/h4><\/div><div class=\"fusion-text fusion-text-36\"><ul>\n<li>Uniwersytecki Szpital Kliniczny Nr 1 im. prof. Tadeusza Soko\u0142owskiego PUM w Szczecinie<\/li>\n<li>Pomorski Uniwersytet Medyczny w Szczecinie<\/li>\n<li>Uniwersytet Jagiello\u0144ski &#8211; Collegium Medicum<\/li>\n<li>Gda\u0144ski Uniwersytet Medyczny<\/li>\n<\/ul>\n<\/div><div class=\"fusion-text fusion-text-37\"><p><a href=\"https:\/\/www.interreg6a.net\/pl\/zatwierdzone-projekty\/int0100016-temicare-2-0-2\/\">do projektu<\/a><\/p>\n<\/div><\/div><\/div><\/div><div class=\"fusion-builder-row fusion-builder-row-inner fusion-row fusion-flex-align-items-flex-start fusion-flex-content-wrap\" style=\"--awb-flex-grow:0;--awb-flex-grow-medium:0;--awb-flex-grow-small:0;--awb-flex-shrink:0;--awb-flex-shrink-medium:0;--awb-flex-shrink-small:0;width:104% !important;max-width:104% !important;margin-left: calc(-4% \/ 2 );margin-right: calc(-4% \/ 2 );\"><div class=\"fusion-layout-column fusion_builder_column_inner fusion-builder-nested-column-18 fusion_builder_column_inner_1_1 1_1 fusion-flex-column\" style=\"--awb-bg-size:cover;--awb-width-large:100%;--awb-margin-top-large:0px;--awb-spacing-right-large:1.92%;--awb-margin-bottom-large:20px;--awb-spacing-left-large:1.92%;--awb-width-medium:100%;--awb-order-medium:0;--awb-spacing-right-medium:1.92%;--awb-spacing-left-medium:1.92%;--awb-width-small:100%;--awb-order-small:0;--awb-spacing-right-small:1.92%;--awb-spacing-left-small:1.92%;\"><div class=\"fusion-column-wrapper fusion-column-has-shadow fusion-flex-justify-content-flex-start fusion-content-layout-column\"><div class=\"fusion-title title fusion-title-31 fusion-sep-none fusion-title-text fusion-title-size-four\" style=\"--awb-margin-top:3%;--awb-margin-bottom:1%;--awb-margin-top-small:10px;--awb-margin-right-small:0px;--awb-margin-bottom-small:10px;--awb-margin-left-small:0px;\"><h4 class=\"fusion-title-heading title-heading-left\" style=\"margin:0;\"><h4 class=\"fusion-title-heading title-heading-left\">Szczeg\u00f3lny moment w realizacji projektu<\/h4><\/h4><\/div><div class=\"fusion-text fusion-text-38\"><p>Zdj\u0119cie przedstawia \u0141ukasza Wi\u015bniewskiego z Pracownia Innowacyjnej Dydaktyki Medycznej Pomorskiegu Uniwersytetu Medycznego w Szczecinie, kt\u00f3ry prezentuje tr\u00f3jwymiarowe modele organ\u00f3w cia\u0142a wydrukowane na drukarce 3D. Cyfrowe, tr\u00f3jwymiarowe wersje narz\u0105d\u00f3w pacjent\u00f3w b\u0119d\u0105 prezentowane i omawiane w przestrzeni wirtualnej, przy u\u017cyciu okular\u00f3w VR, przez onkolog\u00f3w z Polski i Niemiec.<\/p>\n<\/div><\/div><\/div><div class=\"fusion-layout-column fusion_builder_column_inner fusion-builder-nested-column-19 fusion_builder_column_inner_1_1 1_1 fusion-flex-column\" style=\"--awb-bg-size:cover;--awb-width-large:100%;--awb-margin-top-large:0px;--awb-spacing-right-large:1.92%;--awb-margin-bottom-large:20px;--awb-spacing-left-large:1.92%;--awb-width-medium:100%;--awb-order-medium:0;--awb-spacing-right-medium:1.92%;--awb-spacing-left-medium:1.92%;--awb-width-small:100%;--awb-order-small:0;--awb-spacing-right-small:1.92%;--awb-spacing-left-small:1.92%;\"><div class=\"fusion-column-wrapper fusion-column-has-shadow fusion-flex-justify-content-flex-start fusion-content-layout-column\"><div class=\"fusion-title title fusion-title-32 fusion-sep-none fusion-title-text fusion-title-size-four\" style=\"--awb-margin-top:3%;--awb-margin-bottom:1%;--awb-margin-top-small:10px;--awb-margin-right-small:0px;--awb-margin-bottom-small:10px;--awb-margin-left-small:0px;\"><h4 class=\"fusion-title-heading title-heading-left\" style=\"margin:0;\">Wgl\u0105d w projekt<\/h4><\/div><div class=\"fusion-text fusion-text-39\"><p><strong>Wywiad z Tabe\u0105 Troschke, koordynatork\u0105 projektu Temicare 2.0<\/strong><\/p>\n<h5><strong>Jakie jest wsp\u00f3lne wyzwanie, z kt\u00f3rym partnerzy wsp\u00f3lnie mierz\u0105 si\u0119 w ramach projektu?<\/strong><\/h5>\n<p>Choroby onkologiczne i hematologiczne nale\u017c\u0105 do najpowa\u017cniejszych chor\u00f3b dzieci i m\u0142odzie\u017cy: jednocze\u015bnie wymagaj\u0105 wysokiego poziomu szybko dost\u0119pnej wiedzy specjalistycznej w zakresie diagnostyki i terapii, aby zwi\u0119kszy\u0107 szanse prze\u017cycia i powrotu do zdrowia. Wyzwanie stanowi fakt, \u017ce Euroregion Pomerania jest obszarem s\u0142abo zaludnionym, o niskim zag\u0119szczeniu specjalist\u00f3w medycznych, dlatego te\u017c dost\u0119p do o\u015brodk\u00f3w specjalizuj\u0105cych si\u0119 w danym obrazie klinicznym jest cz\u0119sto utrudniony i op\u00f3\u017aniony ze wzgl\u0119du na du\u017c\u0105 odleg\u0142o\u015b\u0107. Telemedycyna jest idealnym narz\u0119dziem do szybkiego dostarczenia niezb\u0119dnej wiedzy specjalistycznej.<\/p>\n<p>Kolejne wyzwanie wynika z tego, \u017ce podstaw\u0105 skutecznej terapii jest pe\u0142na zaufania wsp\u00f3\u0142praca lekarzy i personelu medycznego z chorymi dzie\u0107mi i ich rodzinami. Jednak wiele os\u00f3b dotkni\u0119tych chorob\u0105 ma trudno\u015bci ze zrozumieniem proces\u00f3w fizycznych i sposobu dzia\u0142ania leczenia, mimo \u017ce by\u0142oby to bardzo wa\u017cne dla ich wsp\u00f3\u0142pracy, np. przy podawaniu lek\u00f3w, podczas bada\u0144 diagnostycznych lub w zakresie przestrzegania zalece\u0144 terapeutycznych. Istniej\u0105ca literatura medyczna jest dla m\u0142odych pacjent\u00f3w trudna do zrozumienia, a zalew informacji w Internecie, kt\u00f3rych cz\u0119\u015b\u0107 jest w\u0105tpliwej jako\u015bci, mo\u017ce prowadzi\u0107 do niepewno\u015bci i dezorientacji w\u015br\u00f3d rodzin, szczeg\u00f3lnie w odniesieniu do indywidualnego przebiegu choroby. Poniewa\u017c jednak zrozumienie i zaufanie maj\u0105 ogromne znaczenie dla udzia\u0142u dzieci w procesie leczenia, nale\u017cy zapewni\u0107 im g\u0142\u0119bsze i odpowiednie zrozumienie w\u0142asnej choroby i idealnej \u015bcie\u017cki leczenia.<\/p>\n<p>Trzecim wyzwaniem jest konieczno\u015b\u0107 sta\u0142ego kszta\u0142cenia i rozwoju wiedzy specjalistycznej i strategii leczenia przez personel medyczny w dziedzinie onkologii dzieci\u0119cej w Euroregionie Pomerania.<\/p>\n<p>Projekt Temicare 2.0 opiera si\u0119 na wykorzystaniu i zbadaniu innowacyjnych technologii w celu stworzenia rozwi\u0105za\u0144 dla tych wyzwa\u0144.<\/p>\n<h5><strong>Jak dosz\u0142o do nawi\u0105zania wsp\u00f3\u0142pracy?<\/strong><\/h5>\n<p>Onkolodzy dzieci\u0119cy z Universit\u00e4tsmedizin Greifswald, Pomorskiego Uniwersytetu Medycznego w Szczecinie i Uniwersyteckiego Szpitala Klinicznego nr 1 PUM w Szczecinie pozostaj\u0105 w kontakcie od kilkunastu lat. Wcze\u015bniej spotykali si\u0119 g\u0142\u00f3wnie na specjalistycznych konferencjach. Na jednej z nich prof. Holger Lode z Greifswaldu i prof. Tomasz Urasi\u0144ski ze Szczecina wpadli na pomys\u0142 stworzenia transgranicznego Centrum Onkologii Dzieci\u0119cej. Towarzysz\u0105ca temu wieloletnia wsp\u00f3\u0142praca z kole\u017cankami i kolegami z Collegium Medicum Uniwersytetu Jagiello\u0144skiego oraz dofinansowanie z programu Interreg w roku 2019 w ramach projektu Temicare umo\u017c\u0142iwi\u0142o telemedyczne po\u0142\u0105czenie centr\u00f3w leczenia nowotwor\u00f3w dzieci\u0119cych. Rozpocz\u0119ty w 2024 roku projekt Temicare 2.0 jest w pewnym sensie rozwini\u0119ciem tej wsp\u00f3\u0142pracy. Przy jego planowaniu uwzgl\u0119dniono wnioski i potrzeby sformu\u0142owane w trakcie pierwszej edycji Temicare.<\/p>\n<h5><strong>Jaki rezultat partnerzy chc\u0105 wsp\u00f3lnie osi\u0105gn\u0105\u0107?<\/strong><\/h5>\n<p>Skupiamy si\u0119 na zastosowaniu i zbadaniu nowoczesnych technologii w obszarze polsko-niemieckiej wsp\u00f3\u0142pracy w dziedzinie onkologii dzieci\u0119cej. B\u0119dziemy wi\u0119c realizowa\u0107 seminaria i om\u00f3wienia przypadk\u00f3w medycznych z wykorzystaniem okular\u00f3w VR i specjalnie stworzonych, cyfrowych, tr\u00f3jwymiarowych modeli organ\u00f3w. Stworzymy wykorzystuj\u0105ce AI narz\u0119dzie online, kt\u00f3re odpowiada\u0107 b\u0119dzie na pytania pacjent\u00f3w i ich rodzin o chorob\u0119, rokowania, mo\u017cliwy przebieg leczenia w oparciu o zweryfikowane przez nas \u017ar\u00f3d\u0142a wiedzy. Partnerzy projektu wsp\u00f3lnie korzysta\u0107 b\u0119d\u0105 z nowoczesnego skanera pr\u00f3bek medycznych, co umo\u017cliwi lepsz\u0105 diagnostyk\u0119.<\/p>\n<p>Technologi\u0119 VR i skaner pr\u00f3bek wykorzystamy ponadto w celach edukacyjnych, szkol\u0105c student\u00f3w i m\u0142odych lekarzy w obszarze\u00a0 psychologicznych aspekt\u00f3w pracy z pacjentem. Edukacj\u0119 medyczn\u0105 wspiera\u0107 b\u0119dzie stworzona w ramach projektu specjalna aplikacja.<\/p>\n<p>Wa\u017cny jest r\u00f3wnie\u017c aspekt badawczy Temicare 2.0 w zakresie wykorzystywanych, nowych technologii. Sprawdzimy, jak wykorzystanie nowoczesnych technologii mo\u017ce wspiera\u0107 obszary onkologii i hematologii dzieci\u0119cej i opiszemy je w pracy naukowej na ten temat. P\u0142yn\u0105ce z niej wnioski pozwol\u0105 wykorzysta\u0107 Temicare 2.0 jako modelowy projekt daj\u0105cy przyk\u0142ad i inspiracj\u0119 innym europejskim regionom.<\/p>\n<h5><strong>Jaki jest planowany du\u017cy krok, kt\u00f3ry partnerzy chc\u0105 zrealizowa\u0107 w ci\u0105gu najbli\u017cszych 12 miesi\u0119cy?<\/strong><\/h5>\n<p>Obecnie przygotowujemy wdro\u017cenie rozwi\u0105za\u0144 technicznych takich jak okulary rzeczywisto\u015bci wirtualnej, narz\u0119dzie online wykorzystuj\u0105ce sztuczn\u0105 inteligencj\u0119, kt\u00f3remu pacjenci i ich rodziny mog\u0105 zadawa\u0107 pytania oraz skaner pr\u00f3bek medycznych. Gdy to nast\u0105pi, przetestujemy je z udzia\u0142em lekarek i lekarzy oraz personelu medycznego, a nast\u0119pnie udost\u0119pnimy je o\u015brodkom partnerskim i ich pacjentom.<\/p>\n<h5><strong>Dlaczego wsp\u00f3\u0142praca polsko-niemiecka jest wa\u017cniejsza ni\u017c kiedykolwiek?<\/strong><\/h5>\n<p>Z perspektywy Euroregionu Pomerania wsp\u00f3\u0142praca ta pomaga zmaga\u0107 si\u0119 ze wsp\u00f3lnymi wyzwaniami strukturalnymi i demograficznymi oraz budowa\u0107 dobre relacje z s\u0105siadami z drugiej strony granicy. Z perspektywy medycznej korzy\u015bci wynikaj\u0105ce z mo\u017cliwo\u015bci wymiany wiedzy mi\u0119dzy szpitalami i uczelniami medycznymi s\u0105 jednoznaczne i nie powinien ich utrudnia\u0107 fakt, \u017ce instytucje znajduj\u0105 si\u0119 po dw\u00f3ch stronach granicy. W skali krajowej i europejskiej konkretna, wymierna wsp\u00f3\u0142praca w tak wa\u017cnym obszarze jak pomoc dzieciom z chorobami nowotworowymi \u015bwiadczy o tym, jak wielkie korzy\u015bci przynosi spo\u0142ecze\u0144stwu europejska wsp\u00f3\u0142praca.<\/p>\n<h5><strong>Jakie ma Pan\/Pani wskaz\u00f3wki dla innych projekt\u00f3w, aby zapewni\u0107 udan\u0105 codzienn\u0105 wsp\u00f3\u0142prac\u0119 z partnerami?<\/strong><\/h5>\n<p>Warto okre\u015bli\u0107 cele i zadania projektu w ten spos\u00f3b aby rozwi\u0105zywa\u0142y one realne problemy partner\u00f3w i tych, na rzecz kt\u00f3rych oni dzia\u0142aj\u0105. Wtedy motywacja do realizacji projektu jest najwi\u0119ksza. Opr\u00f3cz tego kluczowa jest otwarta, mo\u017cliwie bezpo\u015brednia komunikacja mi\u0119dzy partnerami. Warto spotyka\u0107 si\u0119 osobi\u015bcie kiedy to tylko mo\u017cliwe, bo osobiste rozmowy buduj\u0105 zaufanie i pomagaj\u0105 znajdowa\u0107 nowe rozwi\u0105zania. W tym celu warto organizowa\u0107 spotkania partner\u00f3w, sta\u017ce i wzajemne wizyty. Skorzysta z tego projekt, partnerzy i ostateczni beneficjenci.<\/p>\n<\/div><div class=\"fusion-text fusion-text-40\" style=\"--awb-margin-top:15px;\"><h5>Strony internetowe:<\/h5>\n<p><a href=\"http:\/\/www.temicare2.pl\">www.temicare2.pl<\/a><\/p>\n<\/div><\/div><\/div><\/div><\/div><\/div><\/div><\/div><div class=\"fusion-fullwidth fullwidth-box fusion-builder-row-8 fusion-flex-container has-pattern-background has-mask-background nonhundred-percent-fullwidth non-hundred-percent-height-scrolling\" style=\"--awb-border-radius-top-left:0px;--awb-border-radius-top-right:0px;--awb-border-radius-bottom-right:0px;--awb-border-radius-bottom-left:0px;--awb-background-color:var(--awb-color1);--awb-flex-wrap:wrap;\" ><div class=\"fusion-builder-row fusion-row fusion-flex-align-items-flex-start fusion-flex-content-wrap\" style=\"max-width:1586px;margin-left: calc(-4% \/ 2 );margin-right: calc(-4% \/ 2 );\"><div class=\"fusion-layout-column fusion_builder_column fusion-builder-column-9 fusion_builder_column_1_1 1_1 fusion-flex-column absatz\" style=\"--awb-padding-top:40px;--awb-padding-top-medium:30px;--awb-padding-top-small:20px;--awb-bg-size:cover;--awb-width-large:100%;--awb-margin-top-large:0px;--awb-spacing-right-large:1.92%;--awb-margin-bottom-large:20px;--awb-spacing-left-large:1.92%;--awb-width-medium:100%;--awb-order-medium:0;--awb-spacing-right-medium:1.92%;--awb-spacing-left-medium:1.92%;--awb-width-small:100%;--awb-order-small:0;--awb-spacing-right-small:1.92%;--awb-spacing-left-small:1.92%;\"><div class=\"fusion-column-wrapper fusion-column-has-shadow fusion-flex-justify-content-flex-start fusion-content-layout-column\"><div class=\"fusion-title title fusion-title-33 fusion-sep-none fusion-title-center fusion-title-text fusion-title-size-two\" style=\"--awb-margin-top:3%;--awb-margin-bottom:1%;--awb-margin-top-small:10px;--awb-margin-right-small:0px;--awb-margin-bottom-small:10px;--awb-margin-left-small:0px;\"><h2 class=\"fusion-title-heading title-heading-center\" style=\"margin:0;\"><p class=\"fusion-title-heading title-heading-center\">Lipiec 2025<\/p><\/h2><\/div><div class=\"fusion-builder-row fusion-builder-row-inner fusion-row fusion-flex-align-items-flex-start fusion-flex-content-wrap\" style=\"--awb-flex-grow:0;--awb-flex-grow-medium:0;--awb-flex-grow-small:0;--awb-flex-shrink:0;--awb-flex-shrink-medium:0;--awb-flex-shrink-small:0;width:104% !important;max-width:104% !important;margin-left: calc(-4% \/ 2 );margin-right: calc(-4% \/ 2 );\"><div class=\"fusion-layout-column fusion_builder_column_inner fusion-builder-nested-column-20 fusion_builder_column_inner_2_3 2_3 fusion-flex-column\" style=\"--awb-bg-size:cover;--awb-width-large:66.666666666667%;--awb-margin-top-large:0px;--awb-spacing-right-large:2.88%;--awb-margin-bottom-large:20px;--awb-spacing-left-large:2.88%;--awb-width-medium:100%;--awb-order-medium:0;--awb-spacing-right-medium:1.92%;--awb-spacing-left-medium:1.92%;--awb-width-small:100%;--awb-order-small:0;--awb-spacing-right-small:1.92%;--awb-spacing-left-small:1.92%;\"><div class=\"fusion-column-wrapper fusion-column-has-shadow fusion-flex-justify-content-flex-start fusion-content-layout-column\"><div class=\"fusion-text fusion-text-41\"><p class=\"western\"><b>Autor zdj\u0119cia:\u00a0<\/b>Sebastian Wo\u0142osz (Wojew\u00f3dztwo Zachodniopomorskie)<\/p>\n<\/div><div class=\"fusion-image-element \" style=\"--awb-caption-title-font-family:var(--h2_typography-font-family);--awb-caption-title-font-weight:var(--h2_typography-font-weight);--awb-caption-title-font-style:var(--h2_typography-font-style);--awb-caption-title-size:var(--h2_typography-font-size);--awb-caption-title-transform:var(--h2_typography-text-transform);--awb-caption-title-line-height:var(--h2_typography-line-height);--awb-caption-title-letter-spacing:var(--h2_typography-letter-spacing);\"><span class=\" fusion-imageframe imageframe-none imageframe-6 hover-type-none\"><img decoding=\"async\" width=\"1200\" height=\"630\" title=\"facebook-querformat-juli\" src=\"https:\/\/www.interreg6a.net\/wp-content\/uploads\/2025\/06\/facebook-querformat-juli.jpg\" alt class=\"img-responsive wp-image-18397\" srcset=\"https:\/\/www.interreg6a.net\/wp-content\/uploads\/2025\/06\/facebook-querformat-juli-200x105.jpg 200w, https:\/\/www.interreg6a.net\/wp-content\/uploads\/2025\/06\/facebook-querformat-juli-400x210.jpg 400w, https:\/\/www.interreg6a.net\/wp-content\/uploads\/2025\/06\/facebook-querformat-juli-600x315.jpg 600w, https:\/\/www.interreg6a.net\/wp-content\/uploads\/2025\/06\/facebook-querformat-juli-800x420.jpg 800w, https:\/\/www.interreg6a.net\/wp-content\/uploads\/2025\/06\/facebook-querformat-juli.jpg 1200w\" sizes=\"(max-width: 575px) 100vw, 1200px\" \/><\/span><\/div><\/div><\/div><div class=\"fusion-layout-column fusion_builder_column_inner fusion-builder-nested-column-21 fusion_builder_column_inner_1_3 1_3 fusion-flex-column\" style=\"--awb-bg-color:rgba(255,255,255,0);--awb-bg-color-hover:rgba(255,255,255,0);--awb-bg-size:cover;--awb-width-large:33.333333333333%;--awb-margin-top-large:0px;--awb-spacing-right-large:5.76%;--awb-margin-bottom-large:20px;--awb-spacing-left-large:5.76%;--awb-width-medium:100%;--awb-order-medium:0;--awb-spacing-right-medium:1.92%;--awb-spacing-left-medium:1.92%;--awb-width-small:100%;--awb-order-small:0;--awb-spacing-right-small:1.92%;--awb-spacing-left-small:1.92%;\"><div class=\"fusion-column-wrapper fusion-column-has-shadow fusion-flex-justify-content-flex-start fusion-content-layout-column\"><div class=\"fusion-title title fusion-title-34 fusion-sep-none fusion-title-text fusion-title-size-four\" style=\"--awb-margin-top:3%;--awb-margin-bottom:1%;--awb-margin-top-small:10px;--awb-margin-right-small:0px;--awb-margin-bottom-small:10px;--awb-margin-left-small:0px;\"><h4 class=\"fusion-title-heading title-heading-left\" style=\"margin:0;\"><strong>Projekt<\/strong><\/h4><\/div><div class=\"fusion-text fusion-text-42\"><p class=\"ng-star-inserted\"><strong>INT0100003 \u2013 WTOT<\/strong><\/p>\n<p><strong>Okres wsparcia:<\/strong> 2021-2027<\/p>\n<\/div><div class=\"fusion-title title fusion-title-35 fusion-sep-none fusion-title-text fusion-title-size-four\" style=\"--awb-margin-top:3%;--awb-margin-bottom:1%;--awb-margin-top-small:10px;--awb-margin-right-small:0px;--awb-margin-bottom-small:10px;--awb-margin-left-small:0px;\"><h4 class=\"fusion-title-heading title-heading-left\" style=\"margin:0;\"><strong>Wnioskodawca<\/strong><\/h4><\/div><div class=\"fusion-text fusion-text-43\"><ul>\n<li>Wojew\u00f3dztwo Zachodniopomorskie<\/li>\n<\/ul>\n<\/div><div class=\"fusion-title title fusion-title-36 fusion-sep-none fusion-title-text fusion-title-size-four\" style=\"--awb-margin-top:3%;--awb-margin-bottom:1%;--awb-margin-top-small:10px;--awb-margin-right-small:0px;--awb-margin-bottom-small:10px;--awb-margin-left-small:0px;\"><h4 class=\"fusion-title-heading title-heading-left\" style=\"margin:0;\"><strong>Partnerzy projektu<\/strong><\/h4><\/div><div class=\"fusion-text fusion-text-44\"><ul>\n<li>Tourismusverband Vorpommern e.V.<\/li>\n<li>Zachodniopomorska Regionalna Organizacja Turystyczna<\/li>\n<li>Seenland Oder-Spree e. V.<\/li>\n<\/ul>\n<\/div><div class=\"fusion-text fusion-text-45\"><p><a href=\"https:\/\/www.interreg6a.net\/pl\/zatwierdzone-projekty\/int0100003-wtot\/\">do projektu<\/a><\/p>\n<\/div><\/div><\/div><\/div><div class=\"fusion-builder-row fusion-builder-row-inner fusion-row fusion-flex-align-items-flex-start fusion-flex-content-wrap\" style=\"--awb-flex-grow:0;--awb-flex-grow-medium:0;--awb-flex-grow-small:0;--awb-flex-shrink:0;--awb-flex-shrink-medium:0;--awb-flex-shrink-small:0;width:104% !important;max-width:104% !important;margin-left: calc(-4% \/ 2 );margin-right: calc(-4% \/ 2 );\"><div class=\"fusion-layout-column fusion_builder_column_inner fusion-builder-nested-column-22 fusion_builder_column_inner_1_1 1_1 fusion-flex-column\" style=\"--awb-bg-size:cover;--awb-width-large:100%;--awb-margin-top-large:0px;--awb-spacing-right-large:1.92%;--awb-margin-bottom-large:20px;--awb-spacing-left-large:1.92%;--awb-width-medium:100%;--awb-order-medium:0;--awb-spacing-right-medium:1.92%;--awb-spacing-left-medium:1.92%;--awb-width-small:100%;--awb-order-small:0;--awb-spacing-right-small:1.92%;--awb-spacing-left-small:1.92%;\"><div class=\"fusion-column-wrapper fusion-column-has-shadow fusion-flex-justify-content-flex-start fusion-content-layout-column\"><div class=\"fusion-title title fusion-title-37 fusion-sep-none fusion-title-text fusion-title-size-four\" style=\"--awb-margin-top:3%;--awb-margin-bottom:1%;--awb-margin-top-small:10px;--awb-margin-right-small:0px;--awb-margin-bottom-small:10px;--awb-margin-left-small:0px;\"><h4 class=\"fusion-title-heading title-heading-left\" style=\"margin:0;\"><h4 class=\"fusion-title-heading title-heading-left\">Szczeg\u00f3lny moment w realizacji projektu<\/h4><\/h4><\/div><div class=\"fusion-text fusion-text-46\"><p>Zdj\u0119cie zosta\u0142o wykonane podczas konferencji \u201ePoszerzamy perspektyw\u0119! Przysz\u0142o\u015b\u0107 turystyki w Euroregionie Pomerania\u201d, kt\u00f3ra odby\u0142a si\u0119 6 maja 2025 r. w Sali Konferencyjnej Delfin Urz\u0119du Marsza\u0142kowskiego Wojew\u00f3dztwa Zachodniopomorskiego w Szczecinie.<\/p>\n<p>Turystyka aktywna jest jednym z najwa\u017cniejszych trend\u00f3w w turystyce regionalnej. Jak jednak po\u0142\u0105czy\u0107 poczucie przygody z odpowiedzialno\u015bci\u0105 wobec natury? W pierwszym panelu zatytu\u0142owanym \u201e\u015awiadomi i w ruchu\u201d dyskutowali\u015bmy z ekspertami o tym, jak Euroregion Pomerania mo\u017ce sta\u0107 si\u0119 centrum turystyki aktywnej &#8211; ale tak\u017ce jak zadba\u0107 o zr\u00f3wnowa\u017cony rozw\u00f3j i ochron\u0119 przyrody. Uczestnikami panelu byli (od lewej):<\/p>\n<ul>\n<li>Dirk Treichel &#8211; dyrektor Parku Narodowego Doliny Dolnej Odry<\/li>\n<li>Igor Szakowski &#8211; dyrektor Zespo\u0142u Park\u00f3w Krajobrazowych Wojew\u00f3dztwa Zachodniopomorskiego<\/li>\n<li>Wanda Nowotarska &#8211; pe\u0142nomocniczka Marsza\u0142ka Wojew\u00f3dztwa Zachodniopomorskiego ds. komunikacji rowerowej<\/li>\n<li>Anet Hoppe &#8211; ekspertka dzia\u0142aj\u0105ca w tmu Tourismus Marketing Uckermark GmbH<\/li>\n<li>Hubert Gonera- ekspert i praktyk dziedzinie turystyki regeneratywnej.<\/li>\n<\/ul>\n<p>W projekcie WTOT konferencje dla bran\u017cy turystycznej s\u0142u\u017c\u0105 przede wszystkim prezentacji transgranicznej oferty turystycznej Euroregionu Pomerania na nowy sezon turystyczny oraz podsumowaniu poprzedniego sezonu.<\/p>\n<\/div><\/div><\/div><div class=\"fusion-layout-column fusion_builder_column_inner fusion-builder-nested-column-23 fusion_builder_column_inner_1_1 1_1 fusion-flex-column\" style=\"--awb-bg-size:cover;--awb-width-large:100%;--awb-margin-top-large:0px;--awb-spacing-right-large:1.92%;--awb-margin-bottom-large:20px;--awb-spacing-left-large:1.92%;--awb-width-medium:100%;--awb-order-medium:0;--awb-spacing-right-medium:1.92%;--awb-spacing-left-medium:1.92%;--awb-width-small:100%;--awb-order-small:0;--awb-spacing-right-small:1.92%;--awb-spacing-left-small:1.92%;\"><div class=\"fusion-column-wrapper fusion-column-has-shadow fusion-flex-justify-content-flex-start fusion-content-layout-column\"><div class=\"fusion-title title fusion-title-38 fusion-sep-none fusion-title-text fusion-title-size-four\" style=\"--awb-margin-top:3%;--awb-margin-bottom:1%;--awb-margin-top-small:10px;--awb-margin-right-small:0px;--awb-margin-bottom-small:10px;--awb-margin-left-small:0px;\"><h4 class=\"fusion-title-heading title-heading-left\" style=\"margin:0;\">Wgl\u0105d w projekt<\/h4><\/div><div class=\"fusion-text fusion-text-47\"><p><strong>Wywiad z Pani\u0105 Monik\u0105 Schneider, koordynatork\u0105 projektu &#8222;WTOT&#8221;<br \/>\n<\/strong><\/p>\n<p><strong>\u00a0<\/strong><\/p>\n<h5><strong>Jakie jest wsp\u00f3lne wyzwanie, z kt\u00f3rym partnerzy wsp\u00f3lnie mierz\u0105 si\u0119 w ramach projektu?<\/strong><\/h5>\n<p>Partnerzy projektu widz\u0105 wyzwanie we wsp\u00f3lnym rozwoju i promocji turystyki transgranicznej w Euroregionie Pomerania. Zr\u00f3wnowa\u017cona wsp\u00f3\u0142praca mi\u0119dzy organizacjami turystycznymi jest kluczem do wzmocnienia atrakcyjno\u015bci i odporno\u015bci sektora turystycznego. Chcemy, aby region by\u0142 prezentowany i postrzegany jako wsp\u00f3lny region turystyczny.<\/p>\n<h5><strong>Jak dosz\u0142o do nawi\u0105zania wsp\u00f3\u0142pracy?<\/strong><\/h5>\n<p>Wsp\u00f3\u0142praca mi\u0119dzy partnerami rozwija\u0142a si\u0119 naturalnie i wynika\u0142a z wcze\u015bniejszych kontakt\u00f3w. Na przyk\u0142ad niekt\u00f3rzy partnerzy realizowali ju\u017c projekty o podobnej tematyce, co u\u0142atwi\u0142o harmonizacj\u0119 i koordynacj\u0119 dzia\u0142a\u0144 w ramach projektu WTOT.<\/p>\n<h5><strong>Jaki rezultat partnerzy chc\u0105 wsp\u00f3lnie osi\u0105gn\u0105\u0107?<\/strong><\/h5>\n<p>Projekt ma na celu zainicjowanie i rozw\u00f3j wsp\u00f3\u0142pracy pomi\u0119dzy organizacjami odpowiedzialnymi za rozw\u00f3j sektora turystycznego w Euroregionie Pomerania. Dzia\u0142ania w ramach projektu skupiaj\u0105 si\u0119 na stworzeniu sieci transgranicznych ekspert\u00f3w w dziedzinie turystyki w celu wymiany informacji i rozwoju wsp\u00f3\u0142pracy transgranicznej oraz kampanii promocyjnych i ofert turystycznych. Partnerzy badaj\u0105 mo\u017cliwo\u015bci po\u0142\u0105czenia istniej\u0105cych system\u00f3w informacji turystycznej.<\/p>\n<h5><strong>Jaki jest planowany du\u017cy krok, kt\u00f3ry partnerzy chc\u0105 zrealizowa\u0107 w ci\u0105gu najbli\u017cszych 12 miesi\u0119cy?<\/strong><\/h5>\n<p>Szczeg\u00f3lnym celem projektu jest wyja\u015bnienie, w jaki spos\u00f3b cyfrowe informacje o ofertach turystycznych w regionie mog\u0105 by\u0107 dostarczane w spos\u00f3b jak najbardziej jednolity. W ci\u0105gu najbli\u017cszych 12 miesi\u0119cy partnerzy zamierzaj\u0105 przeprowadzi\u0107 analiz\u0119 system\u00f3w informacji turystycznej obs\u0142ugiwanych przez uczestnicz\u0105ce organizacje turystyczne. Analiza poka\u017ce, jakie rodzaje baz danych i dane s\u0105 wykorzystywane. Przeanalizowane zostanie r\u00f3wnie\u017c, czy mo\u017cliwe jest po\u0142\u0105czenie tych baz danych w celu bezkonfliktowego przesy\u0142ania danych mi\u0119dzy systemami i jakie metody mo\u017cna w tym celu wykorzysta\u0107. Okre\u015blone zostan\u0105 zasady i wymogi prawne, kt\u00f3re musz\u0105 by\u0107 spe\u0142nione podczas \u0142\u0105czenia baz danych oraz koszty zwi\u0105zane z \u0142\u0105czeniem baz danych.<\/p>\n<h5><strong>Jakie ma Pan\/Pani wskaz\u00f3wki dla innych projekt\u00f3w, aby zapewni\u0107 udan\u0105 codzienn\u0105 wsp\u00f3\u0142prac\u0119 z partnerami?<\/strong><\/h5>\n<p>Utrzymanie otwartej i regularnej komunikacji jest kluczem do udanej wsp\u00f3\u0142pracy. Regularne spotkania i jasna komunikacja na temat termin\u00f3w i obowi\u0105zk\u00f3w pomagaj\u0105 unikn\u0105\u0107 nieporozumie\u0144 i zapewniaj\u0105 p\u0142ynno\u015b\u0107 proces\u00f3w. W koordynacji pomagaj\u0105 narz\u0119dzia do zarz\u0105dzania projektami oraz aplikacje u\u0142atwiaj\u0105ce komunikacj\u0119 cyfrow\u0105 (np. komunikatory i wideokonferencje). Wa\u017cne jest r\u00f3wnie\u017c, aby by\u0107 elastycznym i otwartym na r\u00f3\u017cne podej\u015bcia. R\u00f3\u017cnorodno\u015b\u0107 kulturowa mo\u017ce przynie\u015b\u0107 r\u00f3\u017cne metody pracy, dlatego wa\u017cne jest, aby by\u0107 gotowym na kompromis i adaptacj\u0119.<\/p>\n<\/div><div class=\"fusion-text fusion-text-48\" style=\"--awb-margin-top:15px;\"><h5>Strony internetowe:<\/h5>\n<p><a href=\"https:\/\/turystyka.wzp.pl\/projekt-wspolna-promocja-walorow-turystycznych-euroregionu-pomerania\">https:\/\/turystyka.wzp.pl\/projekt-wspolna-promocja-walorow-turystycznych-euroregionu-pomerania<\/a><\/p>\n<p>Znany w Polsce popularyzator podr\u00f3\u017cniczy i kulinarny Rober Mak\u0142owicz promuje atrakcje naszego polsko-niemieckiego pogranicza w ramach projektu:<\/p>\n<ul>\n<li><a href=\"https:\/\/www.youtube.com\/watch?v=4q9WQSonumw\">\u015awinouj\u015bcie i Mi\u0119dzyzdroje<\/a><\/li>\n<li><a href=\"https:\/\/www.youtube.com\/watch?v=RHFxuRHIsAg\">Z Wolina do Ko\u0142obrzegu <\/a><\/li>\n<li><a href=\"https:\/\/www.youtube.com\/watch?v=pWVZuAb6WJw\">Pojezierze Drawskie<\/a><\/li>\n<li><a href=\"https:\/\/www.youtube.com\/watch?v=AhqFmvs9NRQ\">Szczecin i okolice<\/a><\/li>\n<\/ul>\n<\/div><\/div><\/div><\/div><\/div><\/div><\/div><\/div><div class=\"fusion-fullwidth fullwidth-box fusion-builder-row-9 fusion-flex-container has-pattern-background has-mask-background nonhundred-percent-fullwidth non-hundred-percent-height-scrolling\" style=\"--awb-border-radius-top-left:0px;--awb-border-radius-top-right:0px;--awb-border-radius-bottom-right:0px;--awb-border-radius-bottom-left:0px;--awb-background-color:var(--awb-color1);--awb-flex-wrap:wrap;\" ><div class=\"fusion-builder-row fusion-row fusion-flex-align-items-flex-start fusion-flex-content-wrap\" style=\"max-width:1586px;margin-left: calc(-4% \/ 2 );margin-right: calc(-4% \/ 2 );\"><div class=\"fusion-layout-column fusion_builder_column fusion-builder-column-10 fusion_builder_column_1_1 1_1 fusion-flex-column absatz\" style=\"--awb-padding-top:40px;--awb-padding-top-medium:30px;--awb-padding-top-small:20px;--awb-bg-size:cover;--awb-width-large:100%;--awb-margin-top-large:0px;--awb-spacing-right-large:1.92%;--awb-margin-bottom-large:20px;--awb-spacing-left-large:1.92%;--awb-width-medium:100%;--awb-order-medium:0;--awb-spacing-right-medium:1.92%;--awb-spacing-left-medium:1.92%;--awb-width-small:100%;--awb-order-small:0;--awb-spacing-right-small:1.92%;--awb-spacing-left-small:1.92%;\"><div class=\"fusion-column-wrapper fusion-column-has-shadow fusion-flex-justify-content-flex-start fusion-content-layout-column\"><div class=\"fusion-title title fusion-title-39 fusion-sep-none fusion-title-center fusion-title-text fusion-title-size-two\" style=\"--awb-margin-top:3%;--awb-margin-bottom:1%;--awb-margin-top-small:10px;--awb-margin-right-small:0px;--awb-margin-bottom-small:10px;--awb-margin-left-small:0px;\"><h2 class=\"fusion-title-heading title-heading-center\" style=\"margin:0;\"><p class=\"fusion-title-heading title-heading-center\">Czerwiec 2025<\/p><\/h2><\/div><div class=\"fusion-builder-row fusion-builder-row-inner fusion-row fusion-flex-align-items-flex-start fusion-flex-content-wrap\" style=\"--awb-flex-grow:0;--awb-flex-grow-medium:0;--awb-flex-grow-small:0;--awb-flex-shrink:0;--awb-flex-shrink-medium:0;--awb-flex-shrink-small:0;width:104% !important;max-width:104% !important;margin-left: calc(-4% \/ 2 );margin-right: calc(-4% \/ 2 );\"><div class=\"fusion-layout-column fusion_builder_column_inner fusion-builder-nested-column-24 fusion_builder_column_inner_2_3 2_3 fusion-flex-column\" style=\"--awb-bg-size:cover;--awb-width-large:66.666666666667%;--awb-margin-top-large:0px;--awb-spacing-right-large:2.88%;--awb-margin-bottom-large:20px;--awb-spacing-left-large:2.88%;--awb-width-medium:100%;--awb-order-medium:0;--awb-spacing-right-medium:1.92%;--awb-spacing-left-medium:1.92%;--awb-width-small:100%;--awb-order-small:0;--awb-spacing-right-small:1.92%;--awb-spacing-left-small:1.92%;\"><div class=\"fusion-column-wrapper fusion-column-has-shadow fusion-flex-justify-content-flex-start fusion-content-layout-column\"><div class=\"fusion-text fusion-text-49\"><p class=\"western\"><b>Autor zdj\u0119cia:\u00a0<\/b>Pawe\u0142 Mazur (p.o. z-cy dyrektora Zespo\u0142u Park\u00f3w Krajobrazowych Wojew\u00f3dztwa Zachodniopomorskiego w Szczecinie)<\/p>\n<\/div><div class=\"fusion-image-element \" style=\"--awb-caption-title-font-family:var(--h2_typography-font-family);--awb-caption-title-font-weight:var(--h2_typography-font-weight);--awb-caption-title-font-style:var(--h2_typography-font-style);--awb-caption-title-size:var(--h2_typography-font-size);--awb-caption-title-transform:var(--h2_typography-text-transform);--awb-caption-title-line-height:var(--h2_typography-line-height);--awb-caption-title-letter-spacing:var(--h2_typography-letter-spacing);\"><span class=\" fusion-imageframe imageframe-none imageframe-7 hover-type-none\"><img decoding=\"async\" width=\"1200\" height=\"630\" title=\"2025_juni_projekt_des_monats_facebook\" src=\"https:\/\/www.interreg6a.net\/wp-content\/uploads\/2025\/03\/2025_juni_projekt_des_monats_facebook.jpg\" alt class=\"img-responsive wp-image-17178\" srcset=\"https:\/\/www.interreg6a.net\/wp-content\/uploads\/2025\/03\/2025_juni_projekt_des_monats_facebook-200x105.jpg 200w, https:\/\/www.interreg6a.net\/wp-content\/uploads\/2025\/03\/2025_juni_projekt_des_monats_facebook-400x210.jpg 400w, https:\/\/www.interreg6a.net\/wp-content\/uploads\/2025\/03\/2025_juni_projekt_des_monats_facebook-600x315.jpg 600w, https:\/\/www.interreg6a.net\/wp-content\/uploads\/2025\/03\/2025_juni_projekt_des_monats_facebook-800x420.jpg 800w, https:\/\/www.interreg6a.net\/wp-content\/uploads\/2025\/03\/2025_juni_projekt_des_monats_facebook.jpg 1200w\" sizes=\"(max-width: 575px) 100vw, 1200px\" \/><\/span><\/div><\/div><\/div><div class=\"fusion-layout-column fusion_builder_column_inner fusion-builder-nested-column-25 fusion_builder_column_inner_1_3 1_3 fusion-flex-column\" style=\"--awb-bg-color:rgba(255,255,255,0);--awb-bg-color-hover:rgba(255,255,255,0);--awb-bg-size:cover;--awb-width-large:33.333333333333%;--awb-margin-top-large:0px;--awb-spacing-right-large:5.76%;--awb-margin-bottom-large:20px;--awb-spacing-left-large:5.76%;--awb-width-medium:100%;--awb-order-medium:0;--awb-spacing-right-medium:1.92%;--awb-spacing-left-medium:1.92%;--awb-width-small:100%;--awb-order-small:0;--awb-spacing-right-small:1.92%;--awb-spacing-left-small:1.92%;\"><div class=\"fusion-column-wrapper fusion-column-has-shadow fusion-flex-justify-content-flex-start fusion-content-layout-column\"><div class=\"fusion-title title fusion-title-40 fusion-sep-none fusion-title-text fusion-title-size-four\" style=\"--awb-margin-top:3%;--awb-margin-bottom:1%;--awb-margin-top-small:10px;--awb-margin-right-small:0px;--awb-margin-bottom-small:10px;--awb-margin-left-small:0px;\"><h4 class=\"fusion-title-heading title-heading-left\" style=\"margin:0;\"><strong>Projekt<\/strong><\/h4><\/div><div class=\"fusion-text fusion-text-50\"><p class=\"ng-star-inserted\"><strong>INT0100028 \u2013 MoPA<\/strong><\/p>\n<p><strong>Okres wsparcia:<\/strong> 2021-2027<\/p>\n<\/div><div class=\"fusion-title title fusion-title-41 fusion-sep-none fusion-title-text fusion-title-size-four\" style=\"--awb-margin-top:3%;--awb-margin-bottom:1%;--awb-margin-top-small:10px;--awb-margin-right-small:0px;--awb-margin-bottom-small:10px;--awb-margin-left-small:0px;\"><h4 class=\"fusion-title-heading title-heading-left\" style=\"margin:0;\"><strong>Wnioskodawca<\/strong><\/h4><\/div><div class=\"fusion-text fusion-text-51\"><ul>\n<li>Zachodniopomorski Uniwersytet Technologiczny w Szczecinie<\/li>\n<\/ul>\n<\/div><div class=\"fusion-title title fusion-title-42 fusion-sep-none fusion-title-text fusion-title-size-four\" style=\"--awb-margin-top:3%;--awb-margin-bottom:1%;--awb-margin-top-small:10px;--awb-margin-right-small:0px;--awb-margin-bottom-small:10px;--awb-margin-left-small:0px;\"><h4 class=\"fusion-title-heading title-heading-left\" style=\"margin:0;\"><strong>Partnerzy projektu<\/strong><\/h4><\/div><div class=\"fusion-text fusion-text-52\"><ul>\n<li>Universit\u00e4t Greifswald<\/li>\n<li>Uniwersytet Szczeci\u0144ski<\/li>\n<li>Hochschule f\u00fcr nachhaltige Entwicklung Eberswalde<\/li>\n<\/ul>\n<\/div><div class=\"fusion-text fusion-text-53\"><p><a href=\"https:\/\/www.interreg6a.net\/pl\/zatwierdzone-projekty\/int0100028-mopa\/\">do projektu<\/a><\/p>\n<\/div><\/div><\/div><\/div><div class=\"fusion-builder-row fusion-builder-row-inner fusion-row fusion-flex-align-items-flex-start fusion-flex-content-wrap\" style=\"--awb-flex-grow:0;--awb-flex-grow-medium:0;--awb-flex-grow-small:0;--awb-flex-shrink:0;--awb-flex-shrink-medium:0;--awb-flex-shrink-small:0;width:104% !important;max-width:104% !important;margin-left: calc(-4% \/ 2 );margin-right: calc(-4% \/ 2 );\"><div class=\"fusion-layout-column fusion_builder_column_inner fusion-builder-nested-column-26 fusion_builder_column_inner_1_1 1_1 fusion-flex-column\" style=\"--awb-bg-size:cover;--awb-width-large:100%;--awb-margin-top-large:0px;--awb-spacing-right-large:1.92%;--awb-margin-bottom-large:20px;--awb-spacing-left-large:1.92%;--awb-width-medium:100%;--awb-order-medium:0;--awb-spacing-right-medium:1.92%;--awb-spacing-left-medium:1.92%;--awb-width-small:100%;--awb-order-small:0;--awb-spacing-right-small:1.92%;--awb-spacing-left-small:1.92%;\"><div class=\"fusion-column-wrapper fusion-column-has-shadow fusion-flex-justify-content-flex-start fusion-content-layout-column\"><div class=\"fusion-title title fusion-title-43 fusion-sep-none fusion-title-text fusion-title-size-four\" style=\"--awb-margin-top:3%;--awb-margin-bottom:1%;--awb-margin-top-small:10px;--awb-margin-right-small:0px;--awb-margin-bottom-small:10px;--awb-margin-left-small:0px;\"><h4 class=\"fusion-title-heading title-heading-left\" style=\"margin:0;\"><h4 class=\"fusion-title-heading title-heading-left\">Szczeg\u00f3lny moment w realizacji projektu<\/h4><\/h4><\/div><div class=\"fusion-text fusion-text-54\"><p>Zdj\u0119cie zosta\u0142o zrobione podczas mi\u0119dzynarodowej konferencji naukowej \u201eEdukacja przyrodnicza na obszarach chronionych. Do\u015bwiadczenia i perspektywy\u201d, kt\u00f3ra odby\u0142a si\u0119 25 lutego 2025 r. w siedzibie Zespo\u0142u Park\u00f3w Krajobrazowych Wojew\u00f3dztwa Zachodniopomorskiego w Szczecinie.<\/p>\n<p>Zdj\u0119cie przedstawia przedstawicieli uczelni i obszar\u00f3w chronionych Euroregionu Pomerania bior\u0105cych udzia\u0142 w projekcie, kt\u00f3rzy z du\u017c\u0105 uwag\u0105 i zainteresowaniem s\u0142uchaj\u0105 wyst\u0105pienia Pani Kamili G\u00f3reckiej (ZPKWZ) po\u015bwi\u0119conego edukacji przyrodniczej w Zespole Park\u00f3w Krajobrazowych Wojew\u00f3dztwa Zachodniopomorskiego.<\/p>\n<\/div><\/div><\/div><div class=\"fusion-layout-column fusion_builder_column_inner fusion-builder-nested-column-27 fusion_builder_column_inner_1_1 1_1 fusion-flex-column\" style=\"--awb-bg-size:cover;--awb-width-large:100%;--awb-margin-top-large:0px;--awb-spacing-right-large:1.92%;--awb-margin-bottom-large:20px;--awb-spacing-left-large:1.92%;--awb-width-medium:100%;--awb-order-medium:0;--awb-spacing-right-medium:1.92%;--awb-spacing-left-medium:1.92%;--awb-width-small:100%;--awb-order-small:0;--awb-spacing-right-small:1.92%;--awb-spacing-left-small:1.92%;\"><div class=\"fusion-column-wrapper fusion-column-has-shadow fusion-flex-justify-content-flex-start fusion-content-layout-column\"><div class=\"fusion-title title fusion-title-44 fusion-sep-none fusion-title-text fusion-title-size-four\" style=\"--awb-margin-top:3%;--awb-margin-bottom:1%;--awb-margin-top-small:10px;--awb-margin-right-small:0px;--awb-margin-bottom-small:10px;--awb-margin-left-small:0px;\"><h4 class=\"fusion-title-heading title-heading-left\" style=\"margin:0;\">Wgl\u0105d w projekt<\/h4><\/div><div class=\"fusion-text fusion-text-55\"><p><strong>Wywiad z Panem Dr in\u017c. Wojciechem Zbaraszewskim, managerem projektu &#8222;MoPA&#8221;<br \/>\n<\/strong><\/p>\n<p><strong>\u00a0<\/strong><\/p>\n<h5><strong>Jakie jest wsp\u00f3lne wyzwanie, z kt\u00f3rym partnerzy wsp\u00f3lnie mierz\u0105 si\u0119 w ramach projektu?<\/strong><\/h5>\n<p>Dotychczasowe procedury monitorowania obszar\u00f3w chronionych Euroregionu Pomerania by\u0142y do tej pory skoncentrowane na ocenie przyrodniczych aspekt\u00f3w funkcjonowania tego rodzaju obszar\u00f3w. Natomiast spo\u0142eczne i ekonomiczne aspekty zwi\u0105zane z ich funkcjonowaniem by\u0142y w du\u017cej mierze ignorowane. Z tego wzgl\u0119du istniej\u0105ce systemy monitoringu nie odzwierciedlaj\u0105 jeszcze w wystarczaj\u0105cym stopniu znaczenia obszar\u00f3w chronionych jako no\u015bnik\u00f3w informacji o warto\u015bci bior\u00f3\u017cnorodno\u015bci. Brakuje innowacyjnych narz\u0119dzi monitorowania, kt\u00f3re umo\u017cliwiaj\u0105 kompleksowe podej\u015bcie do monitorowania ochrony i rozwoju tych cennych przyrodniczo teren\u00f3w.<\/p>\n<h5><strong>Jak dosz\u0142o do nawi\u0105zania wsp\u00f3\u0142pracy?<\/strong><\/h5>\n<p>Partnerzy projektu MoPA, jakimi s\u0105 4 uniwersytety oraz 9 administracji obszar\u00f3w chronionych, podj\u0119li wsp\u00f3\u0142prac\u0119, dostrzegaj\u0105c wsp\u00f3lne wyzwania zwi\u0105zane ze znalezieniem kompromisu pomi\u0119dzy potrzeb\u0105 ochrony przyrody oraz zapewnieniem rozwoju gospodarczego w Euroregionie Pomerania. Wsp\u00f3\u0142praca ta wynika z g\u0142\u0119bokiego przekonania o potrzebie transgranicznej wymiany wiedzy i do\u015bwiadcze\u0144, kt\u00f3rej efektem ma by\u0107 opracowanie innowacyjnych rozwi\u0105za\u0144 w dziedzinie monitoringu.<\/p>\n<p>Projekt wykorzystuje niekt\u00f3re metody opracowane w poprzednim projekcie Interreg \u201eWsp\u00f3\u0142praca transgraniczna mi\u0119dzy uczelniami i du\u017cymi obszarami chronionymi w Euroregionie Pomerania\u201d w celu udoskonalenia ich i zastosowania w praktyce.<\/p>\n<h5><strong>Jaki rezultat partnerzy chc\u0105 wsp\u00f3lnie osi\u0105gn\u0105\u0107?<\/strong><\/h5>\n<p>Celem projektu MoPA jest opracowanie wsp\u00f3lnych, nowoczesnych, transgranicznych procedur monitorowania du\u017cych obszar\u00f3w chronionych w Euroregionie Pomerania, kt\u00f3re umo\u017cliwi\u0105 znalezienie kompromisu pomi\u0119dzy potrzeb\u0105 ochrony przyrody i stymulowaniem rozwoju gospodarczego na obszarach chronionych. Najwa\u017cniejszym efektem projektu b\u0119dzie opracowanie zintegrowanych instrument\u00f3w monitoringu wykorzystuj\u0105cych innowacyjne metody szybkiego rozpoznawania konflikt\u00f3w interes\u00f3w w regionie, tak aby mo\u017cna by\u0142o na nie odpowiednio reagowa\u0107. Docelowo partnerzy chc\u0105 zbudowa\u0107 trwa\u0142\u0105 platform\u0119 wsp\u00f3\u0142pracy dla obszar\u00f3w chronionych i uniwersytet\u00f3w, kt\u00f3ra stanie si\u0119 podstaw\u0105 zr\u00f3wnowa\u017conego rozwoju i waloryzacji wsp\u00f3lnego dziedzictwa przyrodniczego Euroregionu Pomerania.<\/p>\n<h5><strong>Jaki jest planowany du\u017cy krok, kt\u00f3ry partnerzy chc\u0105 zrealizowa\u0107 w ci\u0105gu najbli\u017cszych 12 miesi\u0119cy?<\/strong><\/h5>\n<p>W tym roku partnerzy projektu MoPA planuj\u0105 przeprowadzi\u0107 badania na du\u017cych obszarach chronionych Euroregionu Pomerania, kt\u00f3re w szczeg\u00f3lno\u015bci b\u0119d\u0105 dotyczy\u0142y opracowania metody szacowania regionalnych efekt\u00f3w ekonomicznych z turystyki na tych obszarach oraz do\u015bwiadczania przyrody przez odwiedzaj\u0105cych. Ponadto analizowane b\u0119d\u0105 mo\u017cliwo\u015bci wykorzystania <em>Citizen Science<\/em>, tj. aktywnego udzia\u0142u spo\u0142ecze\u0144stwa obywatelskiego w procesie monitoringu obszar\u00f3w chronionych. Badania stworz\u0105 podstaw\u0119 dla kolejnego etapu projektu, kt\u00f3ry b\u0119dzie polega\u0142 na stworzeniu propozycji narz\u0119dzi analitycznych umo\u017cliwiaj\u0105cych zintegrowany monitoring bior\u00f3\u017cnorodno\u015bci na obszarach chronionych, aby skuteczne reagowa\u0107 na dynamiczne zmiany na obszarach chronionych w Euroregionie Pomerania.<\/p>\n<h5><strong>Dlaczego wsp\u00f3\u0142praca polsko-niemiecka jest wa\u017cniejsza ni\u017c kiedykolwiek?<\/strong><\/h5>\n<p>Wsp\u00f3\u0142praca polsko-niemiecka nabiera szczeg\u00f3lnego znaczenia w obliczu narastaj\u0105cych wyzwa\u0144 zwi\u0105zanych z ochron\u0105 unikalnych ekosystem\u00f3w Euroregionu Pomerania. Transgraniczna wymiana do\u015bwiadcze\u0144 oraz innowacyjnych rozwi\u0105za\u0144 jest kluczowa dla zr\u00f3wnowa\u017conego rozwoju. Projekt MoPA stanowi doskona\u0142y przyk\u0142ad tego, jak wsp\u00f3lne dzia\u0142ania mog\u0105 prowadzi\u0107 do tworzenia nowoczesnych narz\u0119dzi monitoringu, kt\u00f3re \u0142\u0105cz\u0105 badania naukowe z praktycznymi dzia\u0142aniami na rzecz ochrony \u015brodowiska. W dobie globalnych zmian oraz dynamicznie zmieniaj\u0105cych si\u0119 spo\u0142eczno-gospodarczych uwarunkowa\u0144 rozwoju, to partnerstwo nie tylko wzmacnia stabilno\u015b\u0107 regionaln\u0105, ale r\u00f3wnie\u017c staje si\u0119 strategicznym narz\u0119dziem w budowaniu lepszej przysz\u0142o\u015bci dla obu narod\u00f3w.<\/p>\n<h5><strong>Jakie ma Pan\/Pani wskaz\u00f3wki dla innych projekt\u00f3w, aby zapewni\u0107 udan\u0105 codzienn\u0105 wsp\u00f3\u0142prac\u0119 z partnerami?<\/strong><\/h5>\n<p>Kluczem do skutecznej wsp\u00f3\u0142pracy na co dzie\u0144 jest przejrzysta i otwarta komunikacja, kt\u00f3ra pozwala na bie\u017c\u0105ce rozwi\u0105zywanie problem\u00f3w oraz budowanie wzajemnego zaufania mi\u0119dzy partnerami. Wa\u017cne jest r\u00f3wnie\u017c wykazywanie elastyczno\u015bci oraz szanowanie r\u00f3\u017cnorodnych kulturowo i organizacyjnie podej\u015b\u0107, co sprzyja stworzeniu synergii i wsp\u00f3lnemu poszukiwaniu nowatorskich rozwi\u0105za\u0144. Regularne spotkania oraz dzia\u0142ania wzmacniaj\u0105ce relacje nie tylko usprawniaj\u0105 codzienn\u0105 koordynacj\u0119, ale tak\u017ce tworz\u0105 solidny fundament dla d\u0142ugoterminowego sukcesu projektu.<\/p>\n<\/div><div class=\"fusion-text fusion-text-56\" style=\"--awb-margin-top:15px;\"><h5>Strony internetowe:<\/h5>\n<p><a href=\"https:\/\/mopa.zut.edu.pl\/\">https:\/\/mopa.zut.edu.pl\/<\/a><\/p>\n<\/div><\/div><\/div><\/div><div class=\"fusion-sharing-box fusion-sharing-box-2 boxed-icons has-taglines layout-floated layout-medium-floated layout-small-stacked\" style=\"background-color:rgba(255,255,255,0);padding:0;border-color:#cccccc;--awb-padding-right:10px;--awb-icon-size:34px;--awb-separator-border-color:#cccccc;--awb-separator-border-sizes:0px;--awb-layout:row;--awb-alignment-small:space-between;--awb-stacked-align-small:center;\" data-title=\"Projekt des Monats von interreg \" data-description=\"Projekt des Monats von interreg \" data-link=\"https:\/\/www.interreg6a.net\/pl\/projekt-miesiaca-2025\/\"><h4 class=\"tagline\" style=\"color:var(--awb-color2);\">Teilen Sie das Projekt des Monats!<\/h4><div class=\"fusion-social-networks sharingbox-shortcode-icon-wrapper sharingbox-shortcode-icon-wrapper-2 boxed-icons\"><span><a href=\"https:\/\/www.facebook.com\/sharer.php?u=https%3A%2F%2Fwww.interreg6a.net%2Fpl%2Fprojekt-miesiaca-2025%2F&amp;t=Projekt%20des%20Monats%20von%20interreg%20\" target=\"_blank\" rel=\"noreferrer\" title=\"Facebook\" aria-label=\"Facebook\" data-placement=\"top\" data-toggle=\"tooltip\" data-title=\"Facebook\"><i class=\"fusion-social-network-icon fusion-tooltip fusion-facebook awb-icon-facebook\" style=\"color:#ffffff;background-color:#3b5998;border-color:#3b5998;border-radius:3px;\" aria-hidden=\"true\"><\/i><\/a><\/span><span><a href=\"https:\/\/www.linkedin.com\/shareArticle?mini=true&amp;url=https%3A%2F%2Fwww.interreg6a.net%2Fpl%2Fprojekt-miesiaca-2025%2F&amp;title=Projekt%20des%20Monats%20von%20interreg%20&amp;summary=Projekt%20des%20Monats%20von%20interreg%20\" target=\"_blank\" rel=\"noopener noreferrer\" title=\"LinkedIn\" aria-label=\"LinkedIn\" data-placement=\"top\" data-toggle=\"tooltip\" data-title=\"LinkedIn\"><i class=\"fusion-social-network-icon fusion-tooltip fusion-linkedin awb-icon-linkedin\" style=\"color:#ffffff;background-color:#0077b5;border-color:#0077b5;border-radius:3px;\" aria-hidden=\"true\"><\/i><\/a><\/span><span><a href=\"https:\/\/api.whatsapp.com\/send?text=https%3A%2F%2Fwww.interreg6a.net%2Fpl%2Fprojekt-miesiaca-2025%2F\" target=\"_blank\" rel=\"noopener noreferrer\" title=\"WhatsApp\" aria-label=\"WhatsApp\" data-placement=\"top\" data-toggle=\"tooltip\" data-title=\"WhatsApp\"><i class=\"fusion-social-network-icon fusion-tooltip fusion-whatsapp awb-icon-whatsapp\" style=\"color:#ffffff;background-color:#77e878;border-color:#77e878;border-radius:3px;\" aria-hidden=\"true\"><\/i><\/a><\/span><span><a href=\"mailto:?subject=Projekt%20des%20Monats%20von%20interreg%20&amp;body=https%3A%2F%2Fwww.interreg6a.net%2Fpl%2Fprojekt-miesiaca-2025%2F\" target=\"_self\" title=\"Email\" aria-label=\"Email\" data-placement=\"top\" data-toggle=\"tooltip\" data-title=\"Email\"><i class=\"fusion-social-network-icon fusion-tooltip fusion-mail awb-icon-mail\" style=\"color:#ffffff;background-color:#000000;border-color:#000000;border-radius:3px;\" aria-hidden=\"true\"><\/i><\/a><\/span><\/div><\/div><\/div><\/div><\/div><\/div><div class=\"fusion-fullwidth fullwidth-box fusion-builder-row-10 fusion-flex-container has-pattern-background has-mask-background nonhundred-percent-fullwidth non-hundred-percent-height-scrolling\" style=\"--awb-border-radius-top-left:0px;--awb-border-radius-top-right:0px;--awb-border-radius-bottom-right:0px;--awb-border-radius-bottom-left:0px;--awb-background-color:var(--awb-color1);--awb-flex-wrap:wrap;\" ><div class=\"fusion-builder-row fusion-row fusion-flex-align-items-flex-start fusion-flex-content-wrap\" style=\"max-width:1586px;margin-left: calc(-4% \/ 2 );margin-right: calc(-4% \/ 2 );\"><div class=\"fusion-layout-column fusion_builder_column fusion-builder-column-11 fusion_builder_column_1_1 1_1 fusion-flex-column absatz\" style=\"--awb-padding-top:40px;--awb-padding-top-medium:30px;--awb-padding-top-small:20px;--awb-bg-size:cover;--awb-width-large:100%;--awb-margin-top-large:0px;--awb-spacing-right-large:1.92%;--awb-margin-bottom-large:20px;--awb-spacing-left-large:1.92%;--awb-width-medium:100%;--awb-order-medium:0;--awb-spacing-right-medium:1.92%;--awb-spacing-left-medium:1.92%;--awb-width-small:100%;--awb-order-small:0;--awb-spacing-right-small:1.92%;--awb-spacing-left-small:1.92%;\"><div class=\"fusion-column-wrapper fusion-column-has-shadow fusion-flex-justify-content-flex-start fusion-content-layout-column\"><div class=\"fusion-title title fusion-title-45 fusion-sep-none fusion-title-center fusion-title-text fusion-title-size-two\" style=\"--awb-margin-top:3%;--awb-margin-bottom:1%;--awb-margin-top-small:10px;--awb-margin-right-small:0px;--awb-margin-bottom-small:10px;--awb-margin-left-small:0px;\"><h2 class=\"fusion-title-heading title-heading-center\" style=\"margin:0;\"><p class=\"fusion-title-heading title-heading-center\">Maj 2025<\/p><\/h2><\/div><div class=\"fusion-builder-row fusion-builder-row-inner fusion-row fusion-flex-align-items-flex-start fusion-flex-content-wrap\" style=\"--awb-flex-grow:0;--awb-flex-grow-medium:0;--awb-flex-grow-small:0;--awb-flex-shrink:0;--awb-flex-shrink-medium:0;--awb-flex-shrink-small:0;width:104% !important;max-width:104% !important;margin-left: calc(-4% \/ 2 );margin-right: calc(-4% \/ 2 );\"><div class=\"fusion-layout-column fusion_builder_column_inner fusion-builder-nested-column-28 fusion_builder_column_inner_2_3 2_3 fusion-flex-column\" style=\"--awb-bg-size:cover;--awb-width-large:66.666666666667%;--awb-margin-top-large:0px;--awb-spacing-right-large:2.88%;--awb-margin-bottom-large:20px;--awb-spacing-left-large:2.88%;--awb-width-medium:100%;--awb-order-medium:0;--awb-spacing-right-medium:1.92%;--awb-spacing-left-medium:1.92%;--awb-width-small:100%;--awb-order-small:0;--awb-spacing-right-small:1.92%;--awb-spacing-left-small:1.92%;\"><div class=\"fusion-column-wrapper fusion-column-has-shadow fusion-flex-justify-content-flex-start fusion-content-layout-column\"><div class=\"fusion-text fusion-text-57\"><p class=\"western\"><b>Autor zdj\u0119cia:\u00a0<\/b>Udo Krause<\/p>\n<\/div><div class=\"fusion-image-element \" style=\"--awb-caption-title-font-family:var(--h2_typography-font-family);--awb-caption-title-font-weight:var(--h2_typography-font-weight);--awb-caption-title-font-style:var(--h2_typography-font-style);--awb-caption-title-size:var(--h2_typography-font-size);--awb-caption-title-transform:var(--h2_typography-text-transform);--awb-caption-title-line-height:var(--h2_typography-line-height);--awb-caption-title-letter-spacing:var(--h2_typography-letter-spacing);\"><span class=\" fusion-imageframe imageframe-none imageframe-8 hover-type-none\"><img decoding=\"async\" width=\"1200\" height=\"630\" title=\"2025_mai_projekt_des_monats_facebook\" src=\"https:\/\/www.interreg6a.net\/wp-content\/uploads\/2025\/03\/2025_mai_projekt_des_monats_facebook.jpg\" alt class=\"img-responsive wp-image-17184\" srcset=\"https:\/\/www.interreg6a.net\/wp-content\/uploads\/2025\/03\/2025_mai_projekt_des_monats_facebook-200x105.jpg 200w, https:\/\/www.interreg6a.net\/wp-content\/uploads\/2025\/03\/2025_mai_projekt_des_monats_facebook-400x210.jpg 400w, https:\/\/www.interreg6a.net\/wp-content\/uploads\/2025\/03\/2025_mai_projekt_des_monats_facebook-600x315.jpg 600w, https:\/\/www.interreg6a.net\/wp-content\/uploads\/2025\/03\/2025_mai_projekt_des_monats_facebook-800x420.jpg 800w, https:\/\/www.interreg6a.net\/wp-content\/uploads\/2025\/03\/2025_mai_projekt_des_monats_facebook.jpg 1200w\" sizes=\"(max-width: 575px) 100vw, 1200px\" \/><\/span><\/div><\/div><\/div><div class=\"fusion-layout-column fusion_builder_column_inner fusion-builder-nested-column-29 fusion_builder_column_inner_1_3 1_3 fusion-flex-column\" style=\"--awb-bg-color:rgba(255,255,255,0);--awb-bg-color-hover:rgba(255,255,255,0);--awb-bg-size:cover;--awb-width-large:33.333333333333%;--awb-margin-top-large:0px;--awb-spacing-right-large:5.76%;--awb-margin-bottom-large:20px;--awb-spacing-left-large:5.76%;--awb-width-medium:100%;--awb-order-medium:0;--awb-spacing-right-medium:1.92%;--awb-spacing-left-medium:1.92%;--awb-width-small:100%;--awb-order-small:0;--awb-spacing-right-small:1.92%;--awb-spacing-left-small:1.92%;\"><div class=\"fusion-column-wrapper fusion-column-has-shadow fusion-flex-justify-content-flex-start fusion-content-layout-column\"><div class=\"fusion-title title fusion-title-46 fusion-sep-none fusion-title-text fusion-title-size-four\" style=\"--awb-margin-top:3%;--awb-margin-bottom:1%;--awb-margin-top-small:10px;--awb-margin-right-small:0px;--awb-margin-bottom-small:10px;--awb-margin-left-small:0px;\"><h4 class=\"fusion-title-heading title-heading-left\" style=\"margin:0;\"><strong>Projekt<\/strong><\/h4><\/div><div class=\"fusion-text fusion-text-58\"><p><strong>INT0100017 \u2013 viaTEATRI_2023<\/strong><\/p>\n<p><strong>Okres wsparcia:<\/strong> 2021-2027<\/p>\n<\/div><div class=\"fusion-title title fusion-title-47 fusion-sep-none fusion-title-text fusion-title-size-four\" style=\"--awb-margin-top:3%;--awb-margin-bottom:1%;--awb-margin-top-small:10px;--awb-margin-right-small:0px;--awb-margin-bottom-small:10px;--awb-margin-left-small:0px;\"><h4 class=\"fusion-title-heading title-heading-left\" style=\"margin:0;\"><strong>Wnioskodawca<\/strong><\/h4><\/div><div class=\"fusion-text fusion-text-59\"><ul>\n<li>Uckerm\u00e4rkische B\u00fchnen Schwedt, Eigenbetrieb der Stadt Schwedt<\/li>\n<\/ul>\n<\/div><div class=\"fusion-title title fusion-title-48 fusion-sep-none fusion-title-text fusion-title-size-four\" style=\"--awb-margin-top:3%;--awb-margin-bottom:1%;--awb-margin-top-small:10px;--awb-margin-right-small:0px;--awb-margin-bottom-small:10px;--awb-margin-left-small:0px;\"><h4 class=\"fusion-title-heading title-heading-left\" style=\"margin:0;\"><strong>Partnerzy projektu<\/strong><\/h4><\/div><div class=\"fusion-text fusion-text-60\"><ul>\n<li>Vorpommersche Landesb\u00fchne GmbH<\/li>\n<li>Opera na Zamku w Szczecinie<\/li>\n<\/ul>\n<\/div><div class=\"fusion-text fusion-text-61\"><p><a href=\"https:\/\/www.interreg6a.net\/pl\/zatwierdzone-projekty\/int0100017-viateatri_2023\/\">do projektu<\/a><\/p>\n<\/div><\/div><\/div><\/div><div class=\"fusion-builder-row fusion-builder-row-inner fusion-row fusion-flex-align-items-flex-start fusion-flex-content-wrap\" style=\"--awb-flex-grow:0;--awb-flex-grow-medium:0;--awb-flex-grow-small:0;--awb-flex-shrink:0;--awb-flex-shrink-medium:0;--awb-flex-shrink-small:0;width:104% !important;max-width:104% !important;margin-left: calc(-4% \/ 2 );margin-right: calc(-4% \/ 2 );\"><div class=\"fusion-layout-column fusion_builder_column_inner fusion-builder-nested-column-30 fusion_builder_column_inner_1_1 1_1 fusion-flex-column\" style=\"--awb-bg-size:cover;--awb-width-large:100%;--awb-margin-top-large:0px;--awb-spacing-right-large:1.92%;--awb-margin-bottom-large:20px;--awb-spacing-left-large:1.92%;--awb-width-medium:100%;--awb-order-medium:0;--awb-spacing-right-medium:1.92%;--awb-spacing-left-medium:1.92%;--awb-width-small:100%;--awb-order-small:0;--awb-spacing-right-small:1.92%;--awb-spacing-left-small:1.92%;\"><div class=\"fusion-column-wrapper fusion-column-has-shadow fusion-flex-justify-content-flex-start fusion-content-layout-column\"><div class=\"fusion-title title fusion-title-49 fusion-sep-none fusion-title-text fusion-title-size-four\" style=\"--awb-margin-top:3%;--awb-margin-bottom:1%;--awb-margin-top-small:10px;--awb-margin-right-small:0px;--awb-margin-bottom-small:10px;--awb-margin-left-small:0px;\"><h4 class=\"fusion-title-heading title-heading-left\" style=\"margin:0;\"><h4 class=\"fusion-title-heading title-heading-left\">Szczeg\u00f3lny moment w realizacji projektu<\/h4><\/h4><\/div><div class=\"fusion-text fusion-text-62\"><p>Zdj\u0119cie przedstawia scen\u0119 z przedstawienia baletowego p.t.: \u201eComing together\u201d prezentowanego przez Oper\u0119 na Zamku w Szczecinie w ramach Polsko-Niemieckich Dni Teatru 2024. Impreza ta jest jedn\u0105 z wizyt\u00f3wek projektu viaTEATRI, w kt\u00f3rym uczestnicz\u0105 Opera na Zamku, teatr Vorpommersche Landesb\u00fchne Anklam oraz Uckerm\u00e4rkische B\u00fchnen Schwedt. Co roku (naprzemiennie w siedzibach naszych trzech teatr\u00f3w) prezentujemy publiczno\u015bci w ci\u0105gu jednego weekendu przedstawienia bez barier j\u0119zykowych z bie\u017c\u0105cego programu. W listopadzie tego roku w Szczecinie odb\u0119dzie si\u0119 si\u00f3dma edycja Polsko-Niemieckich Dni Teatru.<\/p>\n<\/div><\/div><\/div><div class=\"fusion-layout-column fusion_builder_column_inner fusion-builder-nested-column-31 fusion_builder_column_inner_1_1 1_1 fusion-flex-column\" style=\"--awb-bg-size:cover;--awb-width-large:100%;--awb-margin-top-large:0px;--awb-spacing-right-large:1.92%;--awb-margin-bottom-large:20px;--awb-spacing-left-large:1.92%;--awb-width-medium:100%;--awb-order-medium:0;--awb-spacing-right-medium:1.92%;--awb-spacing-left-medium:1.92%;--awb-width-small:100%;--awb-order-small:0;--awb-spacing-right-small:1.92%;--awb-spacing-left-small:1.92%;\"><div class=\"fusion-column-wrapper fusion-column-has-shadow fusion-flex-justify-content-flex-start fusion-content-layout-column\"><div class=\"fusion-title title fusion-title-50 fusion-sep-none fusion-title-text fusion-title-size-four\" style=\"--awb-margin-top:3%;--awb-margin-bottom:1%;--awb-margin-top-small:10px;--awb-margin-right-small:0px;--awb-margin-bottom-small:10px;--awb-margin-left-small:0px;\"><h4 class=\"fusion-title-heading title-heading-left\" style=\"margin:0;\">Wgl\u0105d w projekt<\/h4><\/div><div class=\"fusion-text fusion-text-63\"><p><strong>Wywiad z Panem Przemys\u0142awem Konopk\u0105, managerem projektu &#8222;viaTEATRI_2023&#8221;<\/strong><\/p>\n<p><strong>\u00a0<\/strong><\/p>\n<h5><strong>Jakie jest wsp\u00f3lne wyzwanie, z kt\u00f3rym partnerzy wsp\u00f3lnie mierz\u0105 si\u0119 w ramach projektu?<\/strong><\/h5>\n<p>Wszystkie trzy teatry wsp\u00f3\u0142pracuj\u0105ce w sieci viaTEATRI mierz\u0105 si\u0119 z tymi samymi wyzwaniami wynikaj\u0105cymi z dzia\u0142alno\u015bci na pograniczu polsko-niemieckim:<\/p>\n<ul>\n<li>Bariera j\u0119zykowa na obszarze pogranicza<\/li>\n<li>Brak powi\u0105za\u0144 mi\u0119dzy instytucjami kultury i stowarzyszeniami kulturalnymi<\/li>\n<li>S\u0142aby dost\u0119p do sztuki i kultury na obszarach wiejskich.<\/li>\n<\/ul>\n<p>Tylko dzia\u0142aj\u0105c razem i tylko dzia\u0142aj\u0105c transgranicznie jeste\u015bmy w stanie zwi\u0119kszy\u0107 atrakcyjno\u015b\u0107 i dost\u0119pno\u015b\u0107 naszych teatr\u00f3w jako miejsc spotka\u0144 widz\u00f3w z Polski i Niemiec. Chcemy zaproponowa\u0107 publiczno\u015bci nowe oferty kulturalne, na przyk\u0142ad polsko-niemieckie festiwale dla teatr\u00f3w amatorskich, ch\u00f3r\u00f3w amatorskich oraz teatr\u00f3w szkolnych i m\u0142odzie\u017cowych.<\/p>\n<h5><strong>Jak dosz\u0142o do nawi\u0105zania wsp\u00f3\u0142pracy?<\/strong><\/h5>\n<p>Teatr w Schwedt i opera szczeci\u0144ska wsp\u00f3\u0142pracuj\u0105 ze sob\u0105 ju\u017c kilkana\u015bcie lat i maj\u0105 spore do\u015bwiadczenie w Programie Interreg, poniewa\u017c realizowali w poprzednim Interreg V A wsp\u00f3lny projekt. W aktualnym projekcie teatr z Anklam jest w tym zakresie \u201enowicjuszem\u201d. Wsp\u00f3lnie jako trzej partnerzy kontynuujemy i dalej rozwijamy udan\u0105 wsp\u00f3\u0142prac\u0119 w ramach sieci teatralnej viaTEATRI, kt\u00f3ra dzia\u0142a stale od 2013 roku.<\/p>\n<p>Ka\u017cdy z naszych teatr\u00f3w wnosi do sieci sw\u0105 kompetencj\u0119 regionaln\u0105 i lokaln\u0105. Uzupe\u0142niamy si\u0119 te\u017c nawzajem je\u015bli chodzi o rodzaju repertuaru teatralnego: Opera na Zamku to g\u0142\u00f3wnie opery i przedstawienia baletowe, teatr w Schwedt to teatr dramatyczny, musicale i teatr dla m\u0142odzie\u017cy, za\u015b Anklam oferuje klasyczne przedstawienia dramatyczne i plenerowe. Wsp\u00f3lnie jeste\u015bmy wi\u0119c w stanie zaproponowa\u0107 r\u00f3\u017cne formy teatru dla szerokiej publiczno\u015bci.<\/p>\n<h5><strong>Jaki rezultat partnerzy chc\u0105 wsp\u00f3lnie osi\u0105gn\u0105\u0107?<\/strong><\/h5>\n<p>Zaplanowali\u015bmy osi\u0105gni\u0119cie dw\u00f3ch g\u0142\u00f3wnych cel\u00f3w: zorganizowanie corocznych polsko-niemieckich festiwali dla artyst\u00f3w-amator\u00f3w w Szczecinie, Heringsdorfie i Schwedt oraz \u2013 tak\u017ce ka\u017cdego roku \u2013 przegl\u0105d repertuaru naszych teatr\u00f3w, czyli Polsko-Niemieckich Dni Teatru jako mini-festiwalu teatralnego bez bariery j\u0119zykowej.<\/p>\n<p>Pragniemy dotrze\u0107 z naszymi przedstawieniami do publiczno\u015bci na obszarach wiejskich, a tym samym zwi\u0119kszy\u0107 atrakcyjno\u015b\u0107 wsp\u00f3lnego regionu przygranicznego jako wsp\u00f3lnej przestrzeni do wsp\u00f3lnego \u017cycia. Wszystkie te dzia\u0142ania s\u0105 i b\u0119d\u0105 realizowane w taki spos\u00f3b, aby likwidowa\u0107 barier\u0119 j\u0119zykow\u0105.<\/p>\n<h5><strong>Jaki jest planowany du\u017cy krok, kt\u00f3ry partnerzy chc\u0105 zrealizowa\u0107 w ci\u0105gu najbli\u017cszych 12 miesi\u0119cy?<\/strong><\/h5>\n<p>W ci\u0105gu najbli\u017cszego roku w siedzibach naszych trzech teatr\u00f3w powstan\u0105 miejsca profesjonalnej organizacji festiwali polsko-niemieckich i innych polsko-niemieckich spotka\u0144 . W Heringsdorfie na wyspie Uznam, teatr w Anklam postawi namiot teatralny, w kt\u00f3rym przez ca\u0142y sezon letni oferowane b\u0119d\u0105 przedstawienia teatralne i imprezy dla mieszka\u0144c\u00f3w i turyst\u00f3w, w tym turyst\u00f3w z Polski oraz mieszka\u0144c\u00f3w polskiej cz\u0119\u015bci pogranicza. W Szczecinie przez oper\u0119 wykorzystywana b\u0119dzie mobilna scena i specjalne wyposa\u017cenie dla organizacji imprez open air. Za\u015b w Schwedt jedna z sal teatru dostosowana zostanie do potrzeb festiwalu teatr\u00f3w szkolnych i m\u0142odzie\u017cowych oraz polsko-niemieckich spotka\u0144.<\/p>\n<h5><strong>Dlaczego wsp\u00f3\u0142praca polsko-niemiecka jest wa\u017cniejsza ni\u017c kiedykolwiek?<\/strong><\/h5>\n<p>Wsp\u00f3\u0142prac\u0105 polsko-niemieck\u0105 zajmuj\u0119 si\u0119 od pocz\u0105tku lat 90-tych ubieg\u0142ego wieku. Najpierw jako dziennikarz, p\u00f3\u017aniej jako organizator spotka\u0144 Polak\u00f3w i Niemc\u00f3w, wreszcie jako koordynator projekt\u00f3w transgranicznych. Ca\u0142e moje do\u015bwiadczenie dowodzi, \u017ce wsp\u00f3\u0142praca transgraniczna na poziomie lokalnym i regionalnym jest wype\u0142nieniem ram, kt\u00f3re wypracowuj\u0105 politycy w Berlinie, Warszawie czy Brukseli. Co wi\u0119cej, ta regionalna kooperacja stanowi\u0107 mo\u017ce remedium na zawirowania w polityce czy polityczne kryzysy. \u017byczy\u0142bym sobie, by wsp\u00f3\u0142praca polsko-niemiecka osi\u0105gn\u0119\u0142a nowy, wy\u017cszy poziom poprzez realizacj\u0119 dw\u00f3ch cel\u00f3w:<\/p>\n<ol>\n<li>Wi\u0119kszego wsparcia dla kooperuj\u0105cych ze sob\u0105 polskich i niemieckich instytucji kultury.<\/li>\n<li>Zagwarantowania d\u0142ugoletniego wsparcia dla takiej wsp\u00f3\u0142pracy, by zapobiec zamieraniu najbardziej warto\u015bciowych projekt\u00f3w przez brak dofinansowania.<\/li>\n<\/ol>\n<h5><strong>Jakie ma Pan\/Pani wskaz\u00f3wki dla innych projekt\u00f3w, aby zapewni\u0107 udan\u0105 codzienn\u0105 wsp\u00f3\u0142prac\u0119 z partnerami?<\/strong><\/h5>\n<p>Zapewne mo\u017cliwe jest stworzenie czego\u015b w rodzaju \u201ekodeksu dobrej wsp\u00f3\u0142pracy\u201d. Moje propozycje regu\u0142 do takiego kodeksu:<\/p>\n<ul>\n<li>Nie ma dobrej wsp\u00f3\u0142pracy bez prawdziwego partnerstwa i zaufania.<\/li>\n<li>Poznaj swego partnera i jego dzia\u0142alno\u015b\u0107 \u2013 nie tylko z jego strony internetowej.<\/li>\n<li>Zacznij od komunikacji z partnerem. J\u0119zyk angielski jako <em>lingua franca <\/em>rzadko jest dobrym rozwi\u0105zaniem.<\/li>\n<li>Akceptujmy to, \u017ce si\u0119 r\u00f3\u017cnimy kulturowo, obyczajowo, ale jednocze\u015bnie b\u0105d\u017amy asertywni, gdy chodzi o realizacj\u0119 cel\u00f3w wsp\u00f3\u0142pracy.<\/li>\n<\/ul>\n<p>Tw\u00f3rz projekty, kt\u00f3re b\u0119dziesz m\u00f3g\u0142 realizowa\u0107 tak\u017ce po zako\u0144czeniu dofinansowania.<\/p>\n<\/div><div class=\"fusion-text fusion-text-64\" style=\"--awb-margin-top:15px;\"><h5>Strony internetowe:<\/h5>\n<p><a href=\"https:\/\/viateatri.de\/viaTeatri\">https:\/\/viateatri.de\/viaTeatri<\/a><\/p>\n<\/div><\/div><\/div><\/div><\/div><\/div><\/div><\/div><div class=\"fusion-fullwidth fullwidth-box fusion-builder-row-11 fusion-flex-container has-pattern-background has-mask-background nonhundred-percent-fullwidth non-hundred-percent-height-scrolling\" style=\"--awb-border-radius-top-left:0px;--awb-border-radius-top-right:0px;--awb-border-radius-bottom-right:0px;--awb-border-radius-bottom-left:0px;--awb-background-color:var(--awb-color1);--awb-flex-wrap:wrap;\" ><div class=\"fusion-builder-row fusion-row fusion-flex-align-items-flex-start fusion-flex-content-wrap\" style=\"max-width:1586px;margin-left: calc(-4% \/ 2 );margin-right: calc(-4% \/ 2 );\"><div class=\"fusion-layout-column fusion_builder_column fusion-builder-column-12 fusion_builder_column_1_1 1_1 fusion-flex-column absatz\" style=\"--awb-padding-top:40px;--awb-padding-top-medium:30px;--awb-padding-top-small:20px;--awb-bg-size:cover;--awb-width-large:100%;--awb-margin-top-large:0px;--awb-spacing-right-large:1.92%;--awb-margin-bottom-large:20px;--awb-spacing-left-large:1.92%;--awb-width-medium:100%;--awb-order-medium:0;--awb-spacing-right-medium:1.92%;--awb-spacing-left-medium:1.92%;--awb-width-small:100%;--awb-order-small:0;--awb-spacing-right-small:1.92%;--awb-spacing-left-small:1.92%;\"><div class=\"fusion-column-wrapper fusion-column-has-shadow fusion-flex-justify-content-flex-start fusion-content-layout-column\"><div class=\"fusion-title title fusion-title-51 fusion-sep-none fusion-title-center fusion-title-text fusion-title-size-two\" style=\"--awb-margin-top:3%;--awb-margin-bottom:1%;--awb-margin-top-small:10px;--awb-margin-right-small:0px;--awb-margin-bottom-small:10px;--awb-margin-left-small:0px;\"><h2 class=\"fusion-title-heading title-heading-center\" style=\"margin:0;\"><p class=\"fusion-title-heading title-heading-center\">Kwiecie\u0144 2025<\/p><\/h2><\/div><div class=\"fusion-builder-row fusion-builder-row-inner fusion-row fusion-flex-align-items-flex-start fusion-flex-content-wrap\" style=\"--awb-flex-grow:0;--awb-flex-grow-medium:0;--awb-flex-grow-small:0;--awb-flex-shrink:0;--awb-flex-shrink-medium:0;--awb-flex-shrink-small:0;width:104% !important;max-width:104% !important;margin-left: calc(-4% \/ 2 );margin-right: calc(-4% \/ 2 );\"><div class=\"fusion-layout-column fusion_builder_column_inner fusion-builder-nested-column-32 fusion_builder_column_inner_2_3 2_3 fusion-flex-column\" style=\"--awb-bg-size:cover;--awb-width-large:66.666666666667%;--awb-margin-top-large:0px;--awb-spacing-right-large:2.88%;--awb-margin-bottom-large:20px;--awb-spacing-left-large:2.88%;--awb-width-medium:100%;--awb-order-medium:0;--awb-spacing-right-medium:1.92%;--awb-spacing-left-medium:1.92%;--awb-width-small:100%;--awb-order-small:0;--awb-spacing-right-small:1.92%;--awb-spacing-left-small:1.92%;\"><div class=\"fusion-column-wrapper fusion-column-has-shadow fusion-flex-justify-content-flex-start fusion-content-layout-column\"><div class=\"fusion-text fusion-text-65\"><p class=\"western\"><b>Autor zdj\u0119cia: <\/b>Julia Teubner<\/p>\n<\/div><div class=\"fusion-image-element \" style=\"--awb-caption-title-font-family:var(--h2_typography-font-family);--awb-caption-title-font-weight:var(--h2_typography-font-weight);--awb-caption-title-font-style:var(--h2_typography-font-style);--awb-caption-title-size:var(--h2_typography-font-size);--awb-caption-title-transform:var(--h2_typography-text-transform);--awb-caption-title-line-height:var(--h2_typography-line-height);--awb-caption-title-letter-spacing:var(--h2_typography-letter-spacing);\"><span class=\" fusion-imageframe imageframe-none imageframe-9 hover-type-none\"><img decoding=\"async\" width=\"1200\" height=\"630\" title=\"2025_april_projekt_des_monats_facebook\" src=\"https:\/\/www.interreg6a.net\/wp-content\/uploads\/2025\/03\/2025_april_projekt_des_monats_facebook.jpg\" alt class=\"img-responsive wp-image-17172\" srcset=\"https:\/\/www.interreg6a.net\/wp-content\/uploads\/2025\/03\/2025_april_projekt_des_monats_facebook-200x105.jpg 200w, https:\/\/www.interreg6a.net\/wp-content\/uploads\/2025\/03\/2025_april_projekt_des_monats_facebook-400x210.jpg 400w, https:\/\/www.interreg6a.net\/wp-content\/uploads\/2025\/03\/2025_april_projekt_des_monats_facebook-600x315.jpg 600w, https:\/\/www.interreg6a.net\/wp-content\/uploads\/2025\/03\/2025_april_projekt_des_monats_facebook-800x420.jpg 800w, https:\/\/www.interreg6a.net\/wp-content\/uploads\/2025\/03\/2025_april_projekt_des_monats_facebook.jpg 1200w\" sizes=\"(max-width: 575px) 100vw, 1200px\" \/><\/span><\/div><\/div><\/div><div class=\"fusion-layout-column fusion_builder_column_inner fusion-builder-nested-column-33 fusion_builder_column_inner_1_3 1_3 fusion-flex-column\" style=\"--awb-bg-color:rgba(255,255,255,0);--awb-bg-color-hover:rgba(255,255,255,0);--awb-bg-size:cover;--awb-width-large:33.333333333333%;--awb-margin-top-large:0px;--awb-spacing-right-large:5.76%;--awb-margin-bottom-large:20px;--awb-spacing-left-large:5.76%;--awb-width-medium:100%;--awb-order-medium:0;--awb-spacing-right-medium:1.92%;--awb-spacing-left-medium:1.92%;--awb-width-small:100%;--awb-order-small:0;--awb-spacing-right-small:1.92%;--awb-spacing-left-small:1.92%;\"><div class=\"fusion-column-wrapper fusion-column-has-shadow fusion-flex-justify-content-flex-start fusion-content-layout-column\"><div class=\"fusion-title title fusion-title-52 fusion-sep-none fusion-title-text fusion-title-size-four\" style=\"--awb-margin-top:3%;--awb-margin-bottom:1%;--awb-margin-top-small:10px;--awb-margin-right-small:0px;--awb-margin-bottom-small:10px;--awb-margin-left-small:0px;\"><h4 class=\"fusion-title-heading title-heading-left\" style=\"margin:0;\"><strong>Projekt<\/strong><\/h4><\/div><div class=\"fusion-text fusion-text-66\"><p><strong>INT0100037 \u2013 VIVA LA FAUNA<\/strong><\/p>\n<p><strong>Okres wsparcia:<\/strong> 2021-2027<\/p>\n<\/div><div class=\"fusion-title title fusion-title-53 fusion-sep-none fusion-title-text fusion-title-size-four\" style=\"--awb-margin-top:3%;--awb-margin-bottom:1%;--awb-margin-top-small:10px;--awb-margin-right-small:0px;--awb-margin-bottom-small:10px;--awb-margin-left-small:0px;\"><h4 class=\"fusion-title-heading title-heading-left\" style=\"margin:0;\"><strong>Wnioskodawca<\/strong><\/h4><\/div><div class=\"fusion-text fusion-text-67\"><ul>\n<li>Landkreis Uckermark<\/li>\n<\/ul>\n<\/div><div class=\"fusion-title title fusion-title-54 fusion-sep-none fusion-title-text fusion-title-size-four\" style=\"--awb-margin-top:3%;--awb-margin-bottom:1%;--awb-margin-top-small:10px;--awb-margin-right-small:0px;--awb-margin-bottom-small:10px;--awb-margin-left-small:0px;\"><h4 class=\"fusion-title-heading title-heading-left\" style=\"margin:0;\"><strong>Partnerzy projektu<\/strong><\/h4><\/div><div class=\"fusion-text fusion-text-68\"><ul>\n<li>Powiat Wa\u0142ecki<\/li>\n<\/ul>\n<\/div><div class=\"fusion-text fusion-text-69\"><p><a href=\"https:\/\/www.interreg6a.net\/pl\/zatwierdzone-projekty\/int0100037-viva-la-fauna\/\">do projektu<\/a><\/p>\n<\/div><\/div><\/div><\/div><div class=\"fusion-builder-row fusion-builder-row-inner fusion-row fusion-flex-align-items-flex-start fusion-flex-content-wrap\" style=\"--awb-flex-grow:0;--awb-flex-grow-medium:0;--awb-flex-grow-small:0;--awb-flex-shrink:0;--awb-flex-shrink-medium:0;--awb-flex-shrink-small:0;width:104% !important;max-width:104% !important;margin-left: calc(-4% \/ 2 );margin-right: calc(-4% \/ 2 );\"><div class=\"fusion-layout-column fusion_builder_column_inner fusion-builder-nested-column-34 fusion_builder_column_inner_1_1 1_1 fusion-flex-column\" style=\"--awb-bg-size:cover;--awb-width-large:100%;--awb-margin-top-large:0px;--awb-spacing-right-large:1.92%;--awb-margin-bottom-large:20px;--awb-spacing-left-large:1.92%;--awb-width-medium:100%;--awb-order-medium:0;--awb-spacing-right-medium:1.92%;--awb-spacing-left-medium:1.92%;--awb-width-small:100%;--awb-order-small:0;--awb-spacing-right-small:1.92%;--awb-spacing-left-small:1.92%;\"><div class=\"fusion-column-wrapper fusion-column-has-shadow fusion-flex-justify-content-flex-start fusion-content-layout-column\"><div class=\"fusion-title title fusion-title-55 fusion-sep-none fusion-title-text fusion-title-size-four\" style=\"--awb-margin-top:3%;--awb-margin-bottom:1%;--awb-margin-top-small:10px;--awb-margin-right-small:0px;--awb-margin-bottom-small:10px;--awb-margin-left-small:0px;\"><h4 class=\"fusion-title-heading title-heading-left\" style=\"margin:0;\"><h4 class=\"fusion-title-heading title-heading-left\">Szczeg\u00f3lny moment w realizacji projektu<\/h4><\/h4><\/div><div class=\"fusion-text fusion-text-70\"><p>Dnia 14 listopada 2024 roku, klasa VIII z Carl Friedrich Grabow Oberschule w Prenzlau oraz polscy uczniowie z partnerskiego Powiatu Wa\u0142eckiego wzi\u0119li udzia\u0142 w polsko-niemieckich warsztatach w ramach projektu \u201eViva la Fauna\u201d.<\/p>\n<p>Na pocz\u0105tku 40 uczestnik\u00f3w warsztat\u00f3w mia\u0142o mo\u017cliwo\u015b\u0107 odkrywania wzajemnych podobie\u0144stw. Odpowiadali na pytania dotycz\u0105ce tego czy lubi\u0105 czekolad\u0119, popcorn, sushi albo oddycha\u0107 oraz czy przeszkadzaj\u0105 im komary. Wp\u0142yw ptak\u00f3w i nietoperzy jest korzystny dla ludzi. Zabijaj\u0105c owady, zapylaj\u0105c kwiaty i rozsiewaj\u0105c nasiona, chroni\u0105 nasz\u0105 \u017cywno\u015b\u0107 i zapewniaj\u0105, \u017ce drzewa mog\u0105 nadal produkowa\u0107 tlen, kt\u00f3rego potrzebujemy. Pomimo tego, \u017ce warto\u015b\u0107 ich wk\u0142adu jest znaczna, pozytywne efekty ekologiczne dzia\u0142a\u0144 tych gatunk\u00f3w nie s\u0105 doceniane. Poprzez zmiany w u\u017cytkowaniu grunt\u00f3w, bezpo\u015bredni\u0105 eksploatacj\u0119 zasob\u00f3w, przyspieszenie zmian klimatycznych, zanieczyszczanie i wprowadzanie gatunk\u00f3w inwazyjnych, pogarszamy ich egzystencj\u0119 oraz warunki \u017cycia. \u00a0Podczas warsztat\u00f3w uczniowie podsumowali zagro\u017cenia oraz om\u00f3wili mo\u017cliwe \u015brodki ochronne.<\/p>\n<p>Sw\u00f3j wk\u0142ad w ochron\u0119 gatunk\u00f3w uczestnicy wnie\u015bli ju\u017c podczas spotkania, kiedy to po pocz\u0119stunku w szkolnych pracowniach zbudowali budki dla nietoperzy i ptak\u00f3w, w celu u\u0142atwienia tym gatunkom znalezienie schronienia w ogrodach lub na szkolnym podw\u00f3rku. Opr\u00f3cz uwra\u017cliwienia m\u0142odzie\u017cy na ochron\u0119 zagro\u017conych gatunk\u00f3w, poprzez wsp\u00f3lne dzia\u0142ania i tworzenie, uda\u0142o si\u0119 r\u00f3wnie\u017c osi\u0105gn\u0105\u0107 inny cel projektu Interreg, tj. widoczne prze\u0142amywanie bariery j\u0119zykowej i o\u017cywienie przez to wymiany kontakt\u00f3w.<\/p>\n<\/div><\/div><\/div><div class=\"fusion-layout-column fusion_builder_column_inner fusion-builder-nested-column-35 fusion_builder_column_inner_1_1 1_1 fusion-flex-column\" style=\"--awb-bg-size:cover;--awb-width-large:100%;--awb-margin-top-large:0px;--awb-spacing-right-large:1.92%;--awb-margin-bottom-large:20px;--awb-spacing-left-large:1.92%;--awb-width-medium:100%;--awb-order-medium:0;--awb-spacing-right-medium:1.92%;--awb-spacing-left-medium:1.92%;--awb-width-small:100%;--awb-order-small:0;--awb-spacing-right-small:1.92%;--awb-spacing-left-small:1.92%;\"><div class=\"fusion-column-wrapper fusion-column-has-shadow fusion-flex-justify-content-flex-start fusion-content-layout-column\"><div class=\"fusion-title title fusion-title-56 fusion-sep-none fusion-title-text fusion-title-size-four\" style=\"--awb-margin-top:3%;--awb-margin-bottom:1%;--awb-margin-top-small:10px;--awb-margin-right-small:0px;--awb-margin-bottom-small:10px;--awb-margin-left-small:0px;\"><h4 class=\"fusion-title-heading title-heading-left\" style=\"margin:0;\">Wgl\u0105d w projekt<\/h4><\/div><div class=\"fusion-text fusion-text-71\"><p><strong>Wywiad z Pania Juli\u0105 Treubner, kierownikiem projektu \u201eViva la Fauna\u201d<\/strong><\/p>\n<h5><strong>Jakie jest wsp\u00f3lne wyzwanie, z kt\u00f3rym partnerzy wsp\u00f3lnie mierz\u0105 si\u0119 w ramach projektu?<\/strong><\/h5>\n<p>Naszym wsp\u00f3lnym zadaniem i wyzwaniem w obszarze projektu jest ustabilizowanie i promowanie populacji zagro\u017conych gatunk\u00f3w ptak\u00f3w i nietoperzy w osadach i lasach powiatowych. Wynika to z faktu, \u017ce wiele gatunk\u00f3w nie zatrzymuje si\u0119 na granicach wyznaczonych przez cz\u0142owieka i musi dostosowywa\u0107 si\u0119 do zmieniaj\u0105cych warunk\u00f3w \u015brodowiskowych i siedliskowych.<\/p>\n<h5><strong>Jak dosz\u0142o do nawi\u0105zania wsp\u00f3\u0142pracy?<\/strong><\/h5>\n<p>Partnerstwo mi\u0119dzy Powiatem Uckermark a Powiatem Wa\u0142eckim zosta\u0142o sformalizowane w 2022 r. umow\u0105 partnersk\u0105 maj\u0105c\u0105 na celu rozw\u00f3j i intensyfikacj\u0119 wsp\u00f3\u0142pracy na r\u00f3\u017cnych obszarach.<\/p>\n<p>Opr\u00f3cz projektu \u201eVIVA LA FAUNA\u201d obaj partnerzy wsp\u00f3lnie realizuj\u0105 r\u00f3wnie\u017c inny projekt z Programu Interreg VI A \u201eDigitalClass Pomerania\u201d.<\/p>\n<h5><strong>Jaki rezultat partnerzy chc\u0105 wsp\u00f3lnie osi\u0105gn\u0105\u0107?<\/strong><\/h5>\n<p>Celem projektu jest zwi\u0119kszenie populacji zagro\u017conych gatunk\u00f3w ptak\u00f3w i wybranych gatunk\u00f3w nietoperzy poprzez tworzenie miejsc l\u0119gowych i noclegowisk. Planowane dzia\u0142ania koncentruj\u0105 si\u0119 w szczeg\u00f3lno\u015bci na tworzeniu miejsc wyl\u0119gu dudk\u00f3w, puchaczy, bocian\u00f3w bia\u0142ych i ptak\u00f3w l\u0119gowych, takich jak pustu\u0142ki, kawki, jerzyki i jask\u00f3\u0142ki, a tak\u017ce tworzenie budek l\u0119gowych dla nietoperzy. W tym kontek\u015bcie organy ochrony przyrody, organizacje ekologiczne i eksperci projektu wsp\u00f3lnie analizuj\u0105 i opracowuj\u0105 rozwi\u0105zania w zakresie ochrony i rozwoju r\u00f3\u017cnorodno\u015bci biologicznej.<\/p>\n<p>Poprzez wsp\u00f3lne kampanie edukacji ekologicznej, mieszka\u0144cy &#8211; w tym dzieci i m\u0142odzie\u017c &#8211; b\u0119d\u0105 uwra\u017cliwiani i aktywnie zaanga\u017cowani w ochron\u0119 zagro\u017conych gatunk\u00f3w.<\/p>\n<h5><strong>Jaki jest planowany du\u017cy krok, kt\u00f3ry partnerzy chc\u0105 zrealizowa\u0107 w ci\u0105gu najbli\u017cszych 12 miesi\u0119cy?<\/strong><\/h5>\n<p>Partnerzy rozpocz\u0119li realizacj\u0119 pierwszych dzia\u0142a\u0144 od wsp\u00f3lnego wydarzenia inauguruj\u0105cego projekt, kt\u00f3re odby\u0142o si\u0119 w czerwcu 2024 r. w centrum dla zwiedzaj\u0105cych Park Narodowy Doliny Dolnej Odry w Criewen. Wa\u017cnym krokiem osi\u0105gni\u0119tym w 2024 r. by\u0142o opracowanie planu dotycz\u0105cego zakupu, rozmieszczenia i monitorowania budek l\u0119gowych. Zorganizowano r\u00f3wnie\u017c pierwsze wydarzenia. W 2024 r. w Wa\u0142czu odby\u0142a si\u0119 specjalistyczna konferencja z udzia\u0142em ekspert\u00f3w z obu partnerskich powiat\u00f3w oraz piknik ekologiczny dla dzieci, a jesieni\u0105 w Prenzlau polsko-niemieckie warsztaty dla grup szkolnych. Kwatery, kamery do budek l\u0119gowych i materia\u0142y na warsztaty szkolne zosta\u0142y r\u00f3wnie\u017c zakupione w 2024 roku. Kolejne budki s\u0105 ju\u017c tworzone w warsztatach socjalnych w Powiecie Uckermark.<\/p>\n<p>W ci\u0105gu najbli\u017cszych 12 miesi\u0119cy partnerzy chc\u0105 kontynuowa\u0107 dialog w ramach specjalistycznych konferencji oraz realizowa\u0107 dalsze kampanie z edukacji ekologicznej w szko\u0142ach, przedszkolach i spo\u0142eczno\u015bciach.<\/p>\n<p>Kolejnym wa\u017cnym krokiem w 2025 r. jest dystrybucja i dokumentacja oko\u0142o 1700 budek l\u0119gowych w obu powiatach. Planowana jest r\u00f3wnie\u017c produkcja i instalacja 24 bocianich gniazd i dw\u00f3ch platform dla puchaczy.<\/p>\n<h5><strong>Dlaczego wsp\u00f3\u0142praca polsko-niemiecka jest wa\u017cniejsza ni\u017c kiedykolwiek?<\/strong><\/h5>\n<p>Wsp\u00f3\u0142praca polsko-niemiecka jest wa\u017cniejsza ni\u017c kiedykolwiek z wielu powod\u00f3w. Po pierwsze, oba kraje odgrywaj\u0105 centraln\u0105 rol\u0119 w Unii Europejskiej i mog\u0105 wsp\u00f3\u0142pracowa\u0107 nad rozwi\u0105zaniami wynikaj\u0105cymi z wyzwa\u0144, tj. jak zmiany klimatyczne czy kryzys bior\u00f3\u017cnorodno\u015bci. Wsp\u00f3\u0142praca transgraniczna jest r\u00f3wnie\u017c wa\u017cna w zakresie edukacji. Je\u015bli jest przeprowadzana konstruktywnie, mo\u017ce pom\u00f3c w rozwoju wymiany i wzajemnego zrozumienia w celu kszta\u0142towania pozytywnej przysz\u0142o\u015bci.<\/p>\n<p>Moim zdaniem wsp\u00f3\u0142praca i fachowa wymiana w ramach specjalistycznych konferencji i polsko-niemieckich warsztat\u00f3w mo\u017ce si\u0119 szczeg\u00f3lnie do tego przyczyni\u0107. Komunikacja mi\u0119dzy m\u0142odymi lud\u017ami, kt\u00f3rzy pokonuj\u0105 bariery j\u0119zykowe, znajduj\u0105 wsp\u00f3ln\u0105 p\u0142aszczyzn\u0119 i nawi\u0105zuj\u0105 kontakty, daje nadziej\u0119 podczas ka\u017cdego wydarzenia oraz motywuje do dalszej wsp\u00f3\u0142pracy.<\/p>\n<\/div><div class=\"fusion-text fusion-text-72\" style=\"--awb-margin-top:15px;\"><h5>Strony internetowe:<\/h5>\n<p><a href=\"https:\/\/www.uckermark.de\/EU-Zusammenarbeit\/Projekte-Interreg-VI-A\/Viva-la-Fauna\/\">https:\/\/www.uckermark.de\/EU-Zusammenarbeit\/Projekte-Interreg-VI-A\/Viva-la-Fauna\/<\/a><\/p>\n<p><a href=\"https:\/\/powiatwalecki.pl\/viva-la-fauna\/\">https:\/\/powiatwalecki.pl\/viva-la-fauna\/<\/a><\/p>\n<\/div><\/div><\/div><\/div><\/div><\/div><\/div><\/div><div class=\"fusion-fullwidth fullwidth-box fusion-builder-row-12 fusion-flex-container has-pattern-background has-mask-background nonhundred-percent-fullwidth non-hundred-percent-height-scrolling\" style=\"--awb-border-radius-top-left:0px;--awb-border-radius-top-right:0px;--awb-border-radius-bottom-right:0px;--awb-border-radius-bottom-left:0px;--awb-background-color:var(--awb-color1);--awb-flex-wrap:wrap;\" ><div class=\"fusion-builder-row fusion-row fusion-flex-align-items-flex-start fusion-flex-content-wrap\" style=\"max-width:1586px;margin-left: calc(-4% \/ 2 );margin-right: calc(-4% \/ 2 );\"><div class=\"fusion-layout-column fusion_builder_column fusion-builder-column-13 fusion_builder_column_1_1 1_1 fusion-flex-column absatz\" style=\"--awb-padding-top:40px;--awb-padding-top-medium:30px;--awb-padding-top-small:20px;--awb-bg-size:cover;--awb-width-large:100%;--awb-margin-top-large:0px;--awb-spacing-right-large:1.92%;--awb-margin-bottom-large:20px;--awb-spacing-left-large:1.92%;--awb-width-medium:100%;--awb-order-medium:0;--awb-spacing-right-medium:1.92%;--awb-spacing-left-medium:1.92%;--awb-width-small:100%;--awb-order-small:0;--awb-spacing-right-small:1.92%;--awb-spacing-left-small:1.92%;\"><div class=\"fusion-column-wrapper fusion-column-has-shadow fusion-flex-justify-content-flex-start fusion-content-layout-column\"><div class=\"fusion-title title fusion-title-57 fusion-sep-none fusion-title-center fusion-title-text fusion-title-size-two\" style=\"--awb-margin-top:3%;--awb-margin-bottom:1%;--awb-margin-top-small:10px;--awb-margin-right-small:0px;--awb-margin-bottom-small:10px;--awb-margin-left-small:0px;\"><h2 class=\"fusion-title-heading title-heading-center\" style=\"margin:0;\"><p class=\"fusion-title-heading title-heading-center\">Marzec 2025<\/p><\/h2><\/div><div class=\"fusion-builder-row fusion-builder-row-inner fusion-row fusion-flex-align-items-flex-start fusion-flex-content-wrap\" style=\"--awb-flex-grow:0;--awb-flex-grow-medium:0;--awb-flex-grow-small:0;--awb-flex-shrink:0;--awb-flex-shrink-medium:0;--awb-flex-shrink-small:0;width:104% !important;max-width:104% !important;margin-left: calc(-4% \/ 2 );margin-right: calc(-4% \/ 2 );\"><div class=\"fusion-layout-column fusion_builder_column_inner fusion-builder-nested-column-36 fusion_builder_column_inner_2_3 2_3 fusion-flex-column\" style=\"--awb-bg-size:cover;--awb-width-large:66.666666666667%;--awb-margin-top-large:0px;--awb-spacing-right-large:2.88%;--awb-margin-bottom-large:20px;--awb-spacing-left-large:2.88%;--awb-width-medium:100%;--awb-order-medium:0;--awb-spacing-right-medium:1.92%;--awb-spacing-left-medium:1.92%;--awb-width-small:100%;--awb-order-small:0;--awb-spacing-right-small:1.92%;--awb-spacing-left-small:1.92%;\"><div class=\"fusion-column-wrapper fusion-column-has-shadow fusion-flex-justify-content-flex-start fusion-content-layout-column\"><div class=\"fusion-text fusion-text-73\"><p class=\"western\"><b>Autor zdj\u0119cia:\u00a0<\/b>Piotr Nykowski<\/p>\n<\/div><div class=\"fusion-image-element \" style=\"--awb-caption-title-font-family:var(--h2_typography-font-family);--awb-caption-title-font-weight:var(--h2_typography-font-weight);--awb-caption-title-font-style:var(--h2_typography-font-style);--awb-caption-title-size:var(--h2_typography-font-size);--awb-caption-title-transform:var(--h2_typography-text-transform);--awb-caption-title-line-height:var(--h2_typography-line-height);--awb-caption-title-letter-spacing:var(--h2_typography-letter-spacing);\"><span class=\" fusion-imageframe imageframe-none imageframe-10 hover-type-none\"><img decoding=\"async\" width=\"1200\" height=\"630\" title=\"facebook-querformat-maerz\" src=\"https:\/\/www.interreg6a.net\/wp-content\/uploads\/2025\/02\/facebook-querformat-maerz.jpg\" alt class=\"img-responsive wp-image-16398\" srcset=\"https:\/\/www.interreg6a.net\/wp-content\/uploads\/2025\/02\/facebook-querformat-maerz-200x105.jpg 200w, https:\/\/www.interreg6a.net\/wp-content\/uploads\/2025\/02\/facebook-querformat-maerz-400x210.jpg 400w, https:\/\/www.interreg6a.net\/wp-content\/uploads\/2025\/02\/facebook-querformat-maerz-600x315.jpg 600w, https:\/\/www.interreg6a.net\/wp-content\/uploads\/2025\/02\/facebook-querformat-maerz-800x420.jpg 800w, https:\/\/www.interreg6a.net\/wp-content\/uploads\/2025\/02\/facebook-querformat-maerz.jpg 1200w\" sizes=\"(max-width: 575px) 100vw, 1200px\" \/><\/span><\/div><\/div><\/div><div class=\"fusion-layout-column fusion_builder_column_inner fusion-builder-nested-column-37 fusion_builder_column_inner_1_3 1_3 fusion-flex-column\" style=\"--awb-bg-color:rgba(255,255,255,0);--awb-bg-color-hover:rgba(255,255,255,0);--awb-bg-size:cover;--awb-width-large:33.333333333333%;--awb-margin-top-large:0px;--awb-spacing-right-large:5.76%;--awb-margin-bottom-large:20px;--awb-spacing-left-large:5.76%;--awb-width-medium:100%;--awb-order-medium:0;--awb-spacing-right-medium:1.92%;--awb-spacing-left-medium:1.92%;--awb-width-small:100%;--awb-order-small:0;--awb-spacing-right-small:1.92%;--awb-spacing-left-small:1.92%;\"><div class=\"fusion-column-wrapper fusion-column-has-shadow fusion-flex-justify-content-flex-start fusion-content-layout-column\"><div class=\"fusion-title title fusion-title-58 fusion-sep-none fusion-title-text fusion-title-size-four\" style=\"--awb-margin-top:3%;--awb-margin-bottom:1%;--awb-margin-top-small:10px;--awb-margin-right-small:0px;--awb-margin-bottom-small:10px;--awb-margin-left-small:0px;\"><h4 class=\"fusion-title-heading title-heading-left\" style=\"margin:0;\"><strong>Projekt<\/strong><\/h4><\/div><div class=\"fusion-text fusion-text-74\"><p><strong>FMP &#8211; 0013-23 <\/strong><strong>Si\u0142y Antygrawitacji #8 \u2013 polsko-niemieckie warsztaty artystyczno \u2013 edukacyjne<\/strong><\/p>\n<p>Cykl projekt\u00f3w warsztatowych Si\u0142y Antygrawitacji otrzyma\u0142 wsparcie z Funduszu Ma\u0142ych Projekt\u00f3w w ramach celu szczeg\u00f3\u0142owego 6.3 Wzmocnienie zaufania.<\/p>\n<p><strong>Okres wsparcia:<\/strong> 2021-2027<\/p>\n<\/div><div class=\"fusion-title title fusion-title-59 fusion-sep-none fusion-title-text fusion-title-size-four\" style=\"--awb-margin-top:3%;--awb-margin-bottom:1%;--awb-margin-top-small:10px;--awb-margin-right-small:0px;--awb-margin-bottom-small:10px;--awb-margin-left-small:0px;\"><h4 class=\"fusion-title-heading title-heading-left\" style=\"margin:0;\"><strong>Wnioskodawca<\/strong><\/h4><\/div><div class=\"fusion-text fusion-text-75\"><ul>\n<li>Fundacja Antygrawitacja<\/li>\n<\/ul>\n<\/div><div class=\"fusion-title title fusion-title-60 fusion-sep-none fusion-title-text fusion-title-size-four\" style=\"--awb-margin-top:3%;--awb-margin-bottom:1%;--awb-margin-top-small:10px;--awb-margin-right-small:0px;--awb-margin-bottom-small:10px;--awb-margin-left-small:0px;\"><h4 class=\"fusion-title-heading title-heading-left\" style=\"margin:0;\"><strong>Partnerzy projektu<\/strong><\/h4><\/div><div class=\"fusion-text fusion-text-76\"><ul>\n<li>StudentenTheater der Universit\u00e4t Greifswald e.V.<\/li>\n<\/ul>\n<\/div><div class=\"fusion-text fusion-text-77\"><p><a href=\"https:\/\/www.antygrawitacja.org\/\">Strona internetowa Fundacji Antygrawitacja<\/a><\/p>\n<\/div><div class=\"fusion-text fusion-text-78\"><p><a href=\"https:\/\/www.interreg6a.net\/bewilligte-projekte\/int0200002\/\">Fundusz Ma\u0142ych Projekt\u00f3w Interreg VI A w ramach celu szczeg\u00f3\u0142owego 6.3 Wzmocnienie zaufania\u00a0<\/a><\/p>\n<\/div><\/div><\/div><\/div><div class=\"fusion-builder-row fusion-builder-row-inner fusion-row fusion-flex-align-items-flex-start fusion-flex-content-wrap\" style=\"--awb-flex-grow:0;--awb-flex-grow-medium:0;--awb-flex-grow-small:0;--awb-flex-shrink:0;--awb-flex-shrink-medium:0;--awb-flex-shrink-small:0;width:104% !important;max-width:104% !important;margin-left: calc(-4% \/ 2 );margin-right: calc(-4% \/ 2 );\"><div class=\"fusion-layout-column fusion_builder_column_inner fusion-builder-nested-column-38 fusion_builder_column_inner_1_1 1_1 fusion-flex-column\" style=\"--awb-bg-size:cover;--awb-width-large:100%;--awb-margin-top-large:0px;--awb-spacing-right-large:1.92%;--awb-margin-bottom-large:20px;--awb-spacing-left-large:1.92%;--awb-width-medium:100%;--awb-order-medium:0;--awb-spacing-right-medium:1.92%;--awb-spacing-left-medium:1.92%;--awb-width-small:100%;--awb-order-small:0;--awb-spacing-right-small:1.92%;--awb-spacing-left-small:1.92%;\"><div class=\"fusion-column-wrapper fusion-column-has-shadow fusion-flex-justify-content-flex-start fusion-content-layout-column\"><div class=\"fusion-title title fusion-title-61 fusion-sep-none fusion-title-text fusion-title-size-four\" style=\"--awb-margin-top:3%;--awb-margin-bottom:1%;--awb-margin-top-small:10px;--awb-margin-right-small:0px;--awb-margin-bottom-small:10px;--awb-margin-left-small:0px;\"><h4 class=\"fusion-title-heading title-heading-left\" style=\"margin:0;\"><strong>Szczeg\u00f3lny moment<\/strong> <strong>podczas cyklu projekt\u00f3w warsztatowych Si\u0142y Antygrawitacji<\/strong><\/h4><\/div><div class=\"fusion-text fusion-text-79\"><p>Trening ca\u0142ego cia\u0142a! Trapezy zosta\u0142y podwieszone na suficie sali gimnastycznej, a na pod\u0142odze le\u017c\u0105 grube czerwone maty. Zdj\u0119cie przedstawia moment z warsztat\u00f3w akrobatyki powietrznej, podczas kt\u00f3rych polsko-niemieccy uczestnicy \u0107wicz\u0105 swoje umiej\u0119tno\u015bci.<\/p>\n<p>Cykl warsztat\u00f3w \u201eSi\u0142y Antygrawitacji\u201d to regularne spotkania polskich i niemieckich artyst\u00f3w zajmuj\u0105cych si\u0119 cyrkiem, teatrem i sztukami performatywnymi. Warsztaty oferuj\u0105 m\u0142odym artystom mo\u017cliwo\u015b\u0107 rozwijania swoich umiej\u0119tno\u015bci w r\u00f3\u017cnych dziedzinach &#8211; g\u0142\u00f3wnie w formule weekendowych masterclass z profesjonalnymi prowadz\u0105cymi.<\/p>\n<\/div><\/div><\/div><div class=\"fusion-layout-column fusion_builder_column_inner fusion-builder-nested-column-39 fusion_builder_column_inner_1_1 1_1 fusion-flex-column\" style=\"--awb-bg-size:cover;--awb-width-large:100%;--awb-margin-top-large:0px;--awb-spacing-right-large:1.92%;--awb-margin-bottom-large:20px;--awb-spacing-left-large:1.92%;--awb-width-medium:100%;--awb-order-medium:0;--awb-spacing-right-medium:1.92%;--awb-spacing-left-medium:1.92%;--awb-width-small:100%;--awb-order-small:0;--awb-spacing-right-small:1.92%;--awb-spacing-left-small:1.92%;\"><div class=\"fusion-column-wrapper fusion-column-has-shadow fusion-flex-justify-content-flex-start fusion-content-layout-column\"><div class=\"fusion-title title fusion-title-62 fusion-sep-none fusion-title-text fusion-title-size-four\" style=\"--awb-margin-top:3%;--awb-margin-bottom:1%;--awb-margin-top-small:10px;--awb-margin-right-small:0px;--awb-margin-bottom-small:10px;--awb-margin-left-small:0px;\"><h4 class=\"fusion-title-heading title-heading-left\" style=\"margin:0;\">Wgl\u0105d w projekt<\/h4><\/div><div class=\"fusion-text fusion-text-80\"><p><strong>Wywiad z Panem Paw\u0142em Kr\u00f3likiem, prezesem Fundacji Antygrawitacja, jednym z inicjator\u00f3w cyklu projekt\u00f3w warsztatowych Si\u0142y Antygrawitacji<\/strong><\/p>\n<h5><strong>Jakie jest wsp\u00f3lne wyzwanie, z kt\u00f3rym partnerzy wsp\u00f3lnie mierz\u0105 si\u0119 w ramach projektu?<\/strong><\/h5>\n<p>M\u0142odzi arty\u015bci cz\u0119sto nie maj\u0105 dost\u0119pu do profesjonalnych warsztat\u00f3w ani mo\u017cliwo\u015bci mi\u0119dzynarodowej wsp\u00f3\u0142pracy. Dzi\u0119ki projektom warsztatowym &#8222;Si\u0142y Antygrawitacji&#8221; chcieliby\u015bmy stworzy\u0107 sta\u0142\u0105 platform\u0119 wsp\u00f3\u0142pracy artystycznej dla tw\u00f3rc\u00f3w z pogranicza polsko-niemieckiego. Podczas warsztat\u00f3w arty\u015bci mog\u0105 wymienia\u0107 si\u0119 do\u015bwiadczeniami, rozwija\u0107 swoje umiej\u0119tno\u015bci w zakresie nowego cyrku, teatru i dzia\u0142a\u0144 plenerowych, a tym samym uczy\u0107 si\u0119 od siebie nawzajem. Wsp\u00f3lne warsztaty maj\u0105 na celu stworzenie sieci trwa\u0142ych relacji artystycznych, kt\u00f3re umo\u017cliwi\u0105 dalsz\u0105 wsp\u00f3\u0142prac\u0119 transgraniczn\u0105 w przysz\u0142o\u015bci.<\/p>\n<h5><strong>Jak dosz\u0142o do nawi\u0105zania wsp\u00f3\u0142pracy?<\/strong><\/h5>\n<p>Poszukuj\u0105c partnera do wsp\u00f3\u0142pracy otrzymali\u015bmy odpowied\u017a od Teatru StuThe z Greifswaldu i podczas pierwszego spotkania zdecydowali\u015bmy si\u0119 na wsp\u00f3ln\u0105 realizacj\u0119 projektu \u201eSi\u0142y Antygrawitacji\u201d. By\u0142 to pocz\u0105tek naszej sta\u0142ej wsp\u00f3\u0142pracy, kt\u00f3ra trwa nieprzerwanie od 2020 roku.<\/p>\n<p>Od pocz\u0105tku zale\u017ca\u0142o nam, by nasze projekty by\u0142y otwarte nie tylko dla cz\u0142onk\u00f3w partnerskich organizacji, ale dla ca\u0142ego \u015brodowiska m\u0142odych artyst\u00f3w z regionu. Dzi\u0119ki tej otwarto\u015bci do naszych dzia\u0142a\u0144 do\u0142\u0105czyli m\u0142odzi tw\u00f3rcy z Greifswaldu, kt\u00f3rzy z czasem za\u0142o\u017cyli w\u0142asne stowarzyszenie \u2013 Zirkus Zweipommernhoch e.V. Obecnie nasze partnerstwo to tr\u00f3jstronna wsp\u00f3\u0142praca Fundacji, Teatru StuThe oraz Zirkus Zweipommernhoch e.V.<\/p>\n<p>Ka\u017cdy z partner\u00f3w wnosi do wsp\u00f3\u0142pracy unikalne zasoby i kompetencje \u2013 od zaplecza lokalowego i sprz\u0119towego, przez kadr\u0119 trenersk\u0105, a\u017c po specyficzne do\u015bwiadczenia artystyczne. \u0141\u0105czymy profesjonalne podej\u015bcie z amatorskim entuzjazmem, spontaniczn\u0105 energi\u0119 z merytoryczn\u0105 wiedz\u0105.<\/p>\n<p>Partnerzy stowarzyszeni i sympatyzuj\u0105ce z nami organizacje odgrywaj\u0105 istotn\u0105 rol\u0119 w promocji naszych dzia\u0142a\u0144 i docieraniu do nowych uczestnik\u00f3w. Kluczowym przyk\u0142adem jest Fundacja Cyrk Zodiak ze Szczecina, kt\u00f3ra wspiera nas w promocji, udost\u0119pnianiu przestrzeni i anga\u017cowaniu lokalnych artyst\u00f3w, co wzmacnia efekt transgranicznej wsp\u00f3\u0142pracy.<\/p>\n<h5><strong>Jaki rezultat partnerzy chc\u0105 wsp\u00f3lnie osi\u0105gn\u0105\u0107?<\/strong><\/h5>\n<p>Wsp\u00f3lnie d\u0105\u017cymy do stworzenia trwa\u0142ej, transgranicznej platformy wymiany, kt\u00f3ra umo\u017cliwia m\u0142odym artystom z Polski i Niemiec wsp\u00f3\u0142prac\u0119 i wsp\u00f3lny rozw\u00f3j talent\u00f3w. Chcemy doprowadzi\u0107 do powstania funkcjonuj\u0105cej ponad granicami, mi\u0119dzynarodowej grupy tw\u00f3rczej, kt\u00f3ra regularnie realizuje wsp\u00f3lne wydarzenia artystyczne. Takie dzia\u0142ania wzbogac\u0105 ofert\u0119 kulturaln\u0105 regionu i przyczyni\u0105 si\u0119 do zwi\u0119kszenia dost\u0119pno\u015bci oryginalnych, nowoczesnych form sztuki w regionie.<\/p>\n<h5><strong>Jaki jest planowany du\u017cy krok, kt\u00f3ry partnerzy chc\u0105 zrealizowa\u0107 w ci\u0105gu najbli\u017cszych 12 miesi\u0119cy?<\/strong><\/h5>\n<p>W najbli\u017cszych 12 miesi\u0105cach planujemy kontynuacj\u0119 wsp\u00f3lnych warsztat\u00f3w mistrzowskich pod mark\u0105 \u201eSi\u0142y Antygrawitacji\u201d oraz rozbudow\u0119 sieci partnerskiej o nowe organizacje i artyst\u00f3w z regionu Pomorza Przedniego i Pomorza Zachodniego.<\/p>\n<p>Szczeg\u00f3ln\u0105 atrakcj\u0105 w nadchodz\u0105cych miesi\u0105cach b\u0119dzie plenerowe widowisko cyrkowo-teatralne pt. \u201eTotentanz Circus\u201c, kt\u00f3ry powsta\u0142o latem 2024 roku i zostanie zaprezentowane w Polsce i Niemczech.<\/p>\n<h5><strong>Dlaczego wsp\u00f3\u0142praca polsko-niemiecka jest wa\u017cniejsza ni\u017c kiedykolwiek?<\/strong><\/h5>\n<p>Wsp\u00f3\u0142praca polsko-niemiecka pozwala nie tylko tworzy\u0107 wsp\u00f3lne projekty artystyczne, ale tak\u017ce prze\u0142amywa\u0107 stereotypy, budowa\u0107 wzajemne zrozumienie i zbli\u017ca\u0107 m\u0142odych ludzi z obu kraj\u00f3w. W czasach narastaj\u0105cych podzia\u0142\u00f3w i trudnych wyzwa\u0144 spo\u0142ecznych kultura i sztuka maj\u0105 ogromny potencja\u0142 \u0142\u0105czenia ludzi, niezale\u017cnie od granic i r\u00f3\u017cnic. Od wielu lat anga\u017cujemy si\u0119 w dzia\u0142ania polsko-niemieckie i widzimy, jak wsp\u00f3lna praca tw\u00f3rcza otwiera nowe perspektywy i pozwala budowa\u0107 prawdziwe przyja\u017anie, kt\u00f3re cz\u0119sto wykraczaj\u0105 poza czas trwania projektu.<\/p>\n<h5><strong>Jakie ma Pan\/Pani wskaz\u00f3wki dla innych projekt\u00f3w, aby zapewni\u0107 udan\u0105 codzienn\u0105 wsp\u00f3\u0142prac\u0119 z partnerami?<\/strong><\/h5>\n<p>Kluczowe jest wzajemne zaufanie i otwarta komunikacja, kt\u00f3ra uwzgl\u0119dnia r\u00f3\u017cnice kulturowe i organizacyjne po obu stronach granicy. Wa\u017cne jest, aby znale\u017a\u0107 wsp\u00f3lny j\u0119zyk \u2013 nie tylko dos\u0142ownie, ale tak\u017ce w podej\u015bciu do zarz\u0105dzania projektem i sposobie pracy. Regularne spotkania, zar\u00f3wno online, jak i na \u017cywo, pozwalaj\u0105 na bie\u017c\u0105co rozwi\u0105zywa\u0107 ewentualne problemy i budowa\u0107 dobr\u0105 atmosfer\u0119 wsp\u00f3\u0142pracy, kt\u00f3ra jest fundamentem udanych projekt\u00f3w transgranicznych.<\/p>\n<p><a href=\"https:\/\/www.youtube.com\/watch?v=u4FXf2zIH9o&amp;list=PLEiIQuwdfLtCerADP2KUas1dqLaAftGOz&amp;index=13\">Warto obejrze\u0107<\/a><\/p>\n<\/div><\/div><\/div><\/div><\/div><\/div><\/div><\/div><div class=\"fusion-fullwidth fullwidth-box fusion-builder-row-13 fusion-flex-container has-pattern-background has-mask-background nonhundred-percent-fullwidth non-hundred-percent-height-scrolling\" style=\"--awb-border-radius-top-left:0px;--awb-border-radius-top-right:0px;--awb-border-radius-bottom-right:0px;--awb-border-radius-bottom-left:0px;--awb-background-color:var(--awb-color1);--awb-flex-wrap:wrap;\" ><div class=\"fusion-builder-row fusion-row fusion-flex-align-items-flex-start fusion-flex-content-wrap\" style=\"max-width:1586px;margin-left: calc(-4% \/ 2 );margin-right: calc(-4% \/ 2 );\"><div class=\"fusion-layout-column fusion_builder_column fusion-builder-column-14 fusion_builder_column_1_1 1_1 fusion-flex-column absatz\" style=\"--awb-padding-top:40px;--awb-padding-top-medium:30px;--awb-padding-top-small:20px;--awb-bg-size:cover;--awb-width-large:100%;--awb-margin-top-large:0px;--awb-spacing-right-large:1.92%;--awb-margin-bottom-large:20px;--awb-spacing-left-large:1.92%;--awb-width-medium:100%;--awb-order-medium:0;--awb-spacing-right-medium:1.92%;--awb-spacing-left-medium:1.92%;--awb-width-small:100%;--awb-order-small:0;--awb-spacing-right-small:1.92%;--awb-spacing-left-small:1.92%;\"><div class=\"fusion-column-wrapper fusion-column-has-shadow fusion-flex-justify-content-flex-start fusion-content-layout-column\"><div class=\"fusion-title title fusion-title-63 fusion-sep-none fusion-title-center fusion-title-text fusion-title-size-two\" style=\"--awb-margin-top:3%;--awb-margin-bottom:1%;--awb-margin-top-small:10px;--awb-margin-right-small:0px;--awb-margin-bottom-small:10px;--awb-margin-left-small:0px;\"><h2 class=\"fusion-title-heading title-heading-center\" style=\"margin:0;\"><p class=\"fusion-title-heading title-heading-center\">Luty 2025<\/p><\/h2><\/div><div class=\"fusion-builder-row fusion-builder-row-inner fusion-row fusion-flex-align-items-flex-start fusion-flex-content-wrap\" style=\"--awb-flex-grow:0;--awb-flex-grow-medium:0;--awb-flex-grow-small:0;--awb-flex-shrink:0;--awb-flex-shrink-medium:0;--awb-flex-shrink-small:0;width:104% !important;max-width:104% !important;margin-left: calc(-4% \/ 2 );margin-right: calc(-4% \/ 2 );\"><div class=\"fusion-layout-column fusion_builder_column_inner fusion-builder-nested-column-40 fusion_builder_column_inner_2_3 2_3 fusion-flex-column\" style=\"--awb-bg-size:cover;--awb-width-large:66.666666666667%;--awb-margin-top-large:0px;--awb-spacing-right-large:2.88%;--awb-margin-bottom-large:20px;--awb-spacing-left-large:2.88%;--awb-width-medium:100%;--awb-order-medium:0;--awb-spacing-right-medium:1.92%;--awb-spacing-left-medium:1.92%;--awb-width-small:100%;--awb-order-small:0;--awb-spacing-right-small:1.92%;--awb-spacing-left-small:1.92%;\"><div class=\"fusion-column-wrapper fusion-column-has-shadow fusion-flex-justify-content-flex-start fusion-content-layout-column\"><div class=\"fusion-text fusion-text-81\"><p class=\"western\"><b>Autor zdj\u0119cia: <\/b>Natalia Reich, fotograf niezale\u017cny<\/p>\n<\/div><div class=\"fusion-image-element \" style=\"--awb-caption-title-font-family:var(--h2_typography-font-family);--awb-caption-title-font-weight:var(--h2_typography-font-weight);--awb-caption-title-font-style:var(--h2_typography-font-style);--awb-caption-title-size:var(--h2_typography-font-size);--awb-caption-title-transform:var(--h2_typography-text-transform);--awb-caption-title-line-height:var(--h2_typography-line-height);--awb-caption-title-letter-spacing:var(--h2_typography-letter-spacing);\"><span class=\" fusion-imageframe imageframe-none imageframe-11 hover-type-none\"><img decoding=\"async\" width=\"1200\" height=\"630\" title=\"facebook-querformat-februar\" src=\"https:\/\/www.interreg6a.net\/wp-content\/uploads\/2025\/01\/facebook-querformat-februar.jpg\" alt class=\"img-responsive wp-image-16231\" srcset=\"https:\/\/www.interreg6a.net\/wp-content\/uploads\/2025\/01\/facebook-querformat-februar-200x105.jpg 200w, https:\/\/www.interreg6a.net\/wp-content\/uploads\/2025\/01\/facebook-querformat-februar-400x210.jpg 400w, https:\/\/www.interreg6a.net\/wp-content\/uploads\/2025\/01\/facebook-querformat-februar-600x315.jpg 600w, https:\/\/www.interreg6a.net\/wp-content\/uploads\/2025\/01\/facebook-querformat-februar-800x420.jpg 800w, https:\/\/www.interreg6a.net\/wp-content\/uploads\/2025\/01\/facebook-querformat-februar.jpg 1200w\" sizes=\"(max-width: 575px) 100vw, 1200px\" \/><\/span><\/div><\/div><\/div><div class=\"fusion-layout-column fusion_builder_column_inner fusion-builder-nested-column-41 fusion_builder_column_inner_1_3 1_3 fusion-flex-column\" style=\"--awb-bg-color:rgba(255,255,255,0);--awb-bg-color-hover:rgba(255,255,255,0);--awb-bg-size:cover;--awb-width-large:33.333333333333%;--awb-margin-top-large:0px;--awb-spacing-right-large:5.76%;--awb-margin-bottom-large:20px;--awb-spacing-left-large:5.76%;--awb-width-medium:100%;--awb-order-medium:0;--awb-spacing-right-medium:1.92%;--awb-spacing-left-medium:1.92%;--awb-width-small:100%;--awb-order-small:0;--awb-spacing-right-small:1.92%;--awb-spacing-left-small:1.92%;\"><div class=\"fusion-column-wrapper fusion-column-has-shadow fusion-flex-justify-content-flex-start fusion-content-layout-column\"><div class=\"fusion-title title fusion-title-64 fusion-sep-none fusion-title-text fusion-title-size-four\" style=\"--awb-margin-top:3%;--awb-margin-bottom:1%;--awb-margin-top-small:10px;--awb-margin-right-small:0px;--awb-margin-bottom-small:10px;--awb-margin-left-small:0px;\"><h4 class=\"fusion-title-heading title-heading-left\" style=\"margin:0;\"><strong>Projekt<\/strong><\/h4><\/div><div class=\"fusion-text fusion-text-82\"><p><strong>FMP &#8211; 076-24 <\/strong><strong>Liederlauschen am Rand &#8211; Polsko-niemiecki festiwal Oderbruch<br \/>\n<\/strong><\/p>\n<p>Festiwal kulturalny \u201eLiederrauschen am Rand &#8211; Polsko-niemiecki festiwal Oderbruch 2024\u201d otrzyma\u0142 wsparcie z Funduszu Ma\u0142ych Projekt\u00f3w w ramach celu szczeg\u00f3\u0142owego 4.6 Kultura i zr\u00f3wnowa\u017cona turystyka.<\/p>\n<p><strong>Okres wsparcia:<\/strong> 2021-2027<\/p>\n<\/div><div class=\"fusion-title title fusion-title-65 fusion-sep-none fusion-title-text fusion-title-size-four\" style=\"--awb-margin-top:3%;--awb-margin-bottom:1%;--awb-margin-top-small:10px;--awb-margin-right-small:0px;--awb-margin-bottom-small:10px;--awb-margin-left-small:0px;\"><h4 class=\"fusion-title-heading title-heading-left\" style=\"margin:0;\"><strong>Partner wiod\u0105cy<\/strong><\/h4><\/div><div class=\"fusion-text fusion-text-83\"><ul>\n<li>Braumeister e.V.<\/li>\n<\/ul>\n<\/div><div class=\"fusion-title title fusion-title-66 fusion-sep-none fusion-title-text fusion-title-size-four\" style=\"--awb-margin-top:3%;--awb-margin-bottom:1%;--awb-margin-top-small:10px;--awb-margin-right-small:0px;--awb-margin-bottom-small:10px;--awb-margin-left-small:0px;\"><h4 class=\"fusion-title-heading title-heading-left\" style=\"margin:0;\"><strong>Partnerzy projektu<\/strong><\/h4><\/div><div class=\"fusion-text fusion-text-84\"><ul>\n<li>Centrum Kultury w Chojnie<\/li>\n<\/ul>\n<\/div><div class=\"fusion-text fusion-text-85\"><p><a href=\"https:\/\/liederlauschenamrand.de\/pl\/idee\">Strona internetowa festiwalu Liederrauschen am Rand<\/a><\/p>\n<\/div><div class=\"fusion-text fusion-text-86\"><p><a href=\"https:\/\/www.interreg6a.net\/pl\/zatwierdzone-projekty\/int0200005\/\">Fundusz Ma\u0142ych Projekt\u00f3w w ramach celu szczeg\u00f3\u0142owego 4.6 Kultura i zr\u00f3wnowa\u017cona turystyka<\/a><\/p>\n<\/div><\/div><\/div><\/div><div class=\"fusion-builder-row fusion-builder-row-inner fusion-row fusion-flex-align-items-flex-start fusion-flex-content-wrap\" style=\"--awb-flex-grow:0;--awb-flex-grow-medium:0;--awb-flex-grow-small:0;--awb-flex-shrink:0;--awb-flex-shrink-medium:0;--awb-flex-shrink-small:0;width:104% !important;max-width:104% !important;margin-left: calc(-4% \/ 2 );margin-right: calc(-4% \/ 2 );\"><div class=\"fusion-layout-column fusion_builder_column_inner fusion-builder-nested-column-42 fusion_builder_column_inner_1_1 1_1 fusion-flex-column\" style=\"--awb-bg-size:cover;--awb-width-large:100%;--awb-margin-top-large:0px;--awb-spacing-right-large:1.92%;--awb-margin-bottom-large:20px;--awb-spacing-left-large:1.92%;--awb-width-medium:100%;--awb-order-medium:0;--awb-spacing-right-medium:1.92%;--awb-spacing-left-medium:1.92%;--awb-width-small:100%;--awb-order-small:0;--awb-spacing-right-small:1.92%;--awb-spacing-left-small:1.92%;\"><div class=\"fusion-column-wrapper fusion-column-has-shadow fusion-flex-justify-content-flex-start fusion-content-layout-column\"><div class=\"fusion-title title fusion-title-67 fusion-sep-none fusion-title-text fusion-title-size-four\" style=\"--awb-margin-top:3%;--awb-margin-bottom:1%;--awb-margin-top-small:10px;--awb-margin-right-small:0px;--awb-margin-bottom-small:10px;--awb-margin-left-small:0px;\"><h4 class=\"fusion-title-heading title-heading-left\" style=\"margin:0;\">Szczeg\u00f3lny moment na festiwalu Liederlauschen am Rand<\/h4><\/div><div class=\"fusion-text fusion-text-87\"><p>Jest gor\u0105cy pi\u0105tek lipca 2024 roku, termometr wskazuje 35 stopni. Pomimo letniego upa\u0142u, oko\u0142o 500 go\u015bci z Polski i Niemiec przyby\u0142o do ma\u0142ej wioski Zollbr\u00fccke nad Odr\u0105, aby do\u015bwiadczy\u0107 trzech dni muzyki na \u017cywo, warsztat\u00f3w i wyst\u0119p\u00f3w na festiwalu Liederlauschen am Rand.<\/p>\n<p>Znany niemiecki piosenkarz i autor tekst\u00f3w Rainald Grebe siedzi na scenie przy keyboardzie, podczas gdy publiczno\u015b\u0107 &#8211; barwna mieszanka m\u0142odszych i starszych &#8211; uwa\u017cnie s\u0142ucha. W ci\u0105gu nast\u0119pnych kilku dni wyst\u0105pi\u0105 inni arty\u015bci du\u017cego formatu po obu stronach Odry, w tym Indie-Jazz-Band TANT FREAKY z Wroc\u0142awia, Zesp\u00f3\u0142 DODNA i artystka muzyki elektronicznej INA WEST.<\/p>\n<p>Ten obraz uosabia istot\u0119 festiwalu: transgraniczn\u0105, rodzinn\u0105 przestrze\u0144 kulturow\u0105, w kt\u00f3rej mieszka\u0144cy Polski i Niemiec spotykaj\u0105 si\u0119 na takich samych zasadach. Muzyka, natura i spo\u0142eczno\u015b\u0107 \u0142\u0105cz\u0105 si\u0119 tutaj, tworz\u0105c wyj\u0105tkowe do\u015bwiadczenie, kt\u00f3re jednoczy ludzi ponad granicami j\u0119zykowymi i narodowymi.<\/p>\n<\/div><\/div><\/div><div class=\"fusion-layout-column fusion_builder_column_inner fusion-builder-nested-column-43 fusion_builder_column_inner_1_1 1_1 fusion-flex-column\" style=\"--awb-bg-size:cover;--awb-width-large:100%;--awb-margin-top-large:0px;--awb-spacing-right-large:1.92%;--awb-margin-bottom-large:20px;--awb-spacing-left-large:1.92%;--awb-width-medium:100%;--awb-order-medium:0;--awb-spacing-right-medium:1.92%;--awb-spacing-left-medium:1.92%;--awb-width-small:100%;--awb-order-small:0;--awb-spacing-right-small:1.92%;--awb-spacing-left-small:1.92%;\"><div class=\"fusion-column-wrapper fusion-column-has-shadow fusion-flex-justify-content-flex-start fusion-content-layout-column\"><div class=\"fusion-title title fusion-title-68 fusion-sep-none fusion-title-text fusion-title-size-four\" style=\"--awb-margin-top:3%;--awb-margin-bottom:1%;--awb-margin-top-small:10px;--awb-margin-right-small:0px;--awb-margin-bottom-small:10px;--awb-margin-left-small:0px;\"><h4 class=\"fusion-title-heading title-heading-left\" style=\"margin:0;\">Wgl\u0105d w projekt<\/h4><\/div><div class=\"fusion-text fusion-text-88\"><p><strong>Wywiad z inicjatork\u0105 festiwalu Liederlauschen am Rand, Pani\u0105 Le\u0105 Dittbrenner<\/strong><\/p>\n<h5><strong>Jakie jest wsp\u00f3lne wyzwanie, z kt\u00f3rym partnerzy wsp\u00f3lnie mierz\u0105 si\u0119 w ramach projektu?<\/strong><\/h5>\n<p>W czasach narastaj\u0105cych wyzwa\u0144 bezpo\u015brednie mi\u0119dzynarodowe porozumienie jest wa\u017cniejsze ni\u017c kiedykolwiek. Dzi\u0119ki polsko-niemieckiemu festiwalowi kulturalnemu Liederlauschen am Rand tworzymy miejsce spotka\u0144 w Teatrze am Rand w regionie Oderbruch &#8211; tu\u017c przy granicy z Polsk\u0105. Wsp\u00f3lnie z naszymi polskimi partnerami promujemy wymian\u0119 kulturaln\u0105 poprzez muzyk\u0119 i sztuk\u0119, aby pokona\u0107 granice, prze\u0142ama\u0107 uprzedzenia i wzmocni\u0107 zainteresowanie kultur\u0105 s\u0105siedniego kraju.<\/p>\n<h5><strong>Jak dosz\u0142o do nawi\u0105zania wsp\u00f3\u0142pracy?<\/strong><\/h5>\n<p>Naszymi najwa\u017cniejszymi partnerami s\u0105 Sul\u0119ci\u0144ski O\u015brodek Kultury pod dyrekcj\u0105 Pana Jacka Filipka oraz Centrum Kultury w Chojnie pod dyrekcj\u0105 Pana Daniela Macuka. Z Suleci\u0144skim O\u015brodkiem Kultury \u015bci\u015ble wsp\u00f3\u0142pracujemy od 2019 roku, kiedy to wsp\u00f3lnie zorganizowali\u015bmy pierwszy festiwal Liederlauschen am Rand. Centrum Kultury w Chojnie zosta\u0142o naszym partnerem w 2023 r., gdy zorganizowali\u015bmy polsko-niemiecki konkurs muzyczny w Oderbergu w ramach wydarzenia artystycznego. Obaj wnosz\u0105 cenne kontakty, silne znajomo\u015bci z artystami i wielki entuzjazm dla transgranicznej wymiany kulturalnej.<\/p>\n<h5><strong>Jaki rezultat partnerzy chc\u0105 wsp\u00f3lnie osi\u0105gn\u0105\u0107?<\/strong><\/h5>\n<p>Festiwal Liederlauschen am Rand \u0142\u0105czy ludzi z r\u00f3\u017cnych \u015brodowisk &#8211; m\u0142odszych i starszych, mieszka\u0144c\u00f3w miast i wsi, Polak\u00f3w i Niemc\u00f3w. Wsp\u00f3lnie tworzymy otwart\u0105 przestrze\u0144, w kt\u00f3rej te r\u00f3\u017cne \u015bwiaty mog\u0105 si\u0119 spotka\u0107 z otwarto\u015bci\u0105 i wzajemnym uznaniem. Festiwal promuje dialog mi\u0119dzykulturowy i pomaga przekracza\u0107 granice terytorialne i mentalne.<\/p>\n<h5><strong>Jaki jest planowany du\u017cy krok, kt\u00f3ry partnerzy chc\u0105 zrealizowa\u0107 w ci\u0105gu najbli\u017cszych 12 miesi\u0119cy?<\/strong><\/h5>\n<p>W ci\u0105gu najbli\u017cszych kilku miesi\u0119cy skupimy si\u0119 na przygotowaniu merytorycznym i organizacyjnym Liederlauschen am Rand, kt\u00f3re odb\u0119dzie si\u0119 w dniach 25-27 lipca 2025 roku. Pracujemy nad wyborem artyst\u00f3w, programem i logistycznym wdro\u017ceniem nowych format\u00f3w. Aby wzmocni\u0107 do\u015bwiadczenie spo\u0142eczno\u015bci, planujemy na przyk\u0142ad wydarzenie kulinarne na \u015bwie\u017cym powietrzu z udzia\u0142em odwiedzaj\u0105cych. Teatralny sp\u0142yw tratw\u0105 po Odrze po\u0142\u0105czy sztuk\u0119 i performance z obu kraj\u00f3w. Wsp\u00f3\u0142pracujemy r\u00f3wnie\u017c z naszymi polskimi partnerami nad popraw\u0105 po\u0142\u0105cze\u0144 komunikacyjnych, aby jeszcze bardziej wzmocni\u0107 wymian\u0119 mi\u0119dzy oboma krajami. Kroki te s\u0105 kluczowe dla dalszego rozwoju festiwalu i dotarcia do nowych grup docelowych.<\/p>\n<h5><strong>Dlaczego wsp\u00f3\u0142praca polsko-niemiecka jest wa\u017cniejsza ni\u017c kiedykolwiek?<\/strong><\/h5>\n<p>Festiwal Liederlauschen am Rand odbywa si\u0119 tu\u017c przy granicy polsko-niemieckiej, w miejscu, z kt\u00f3rego wida\u0107 Odr\u0119. Od samego pocz\u0105tku by\u0142o dla nas jasne, \u017ce festiwal musi anga\u017cowa\u0107 mieszka\u0144c\u00f3w po obu jej stronach, aby promowa\u0107 wymian\u0119 kulturaln\u0105. Szokuj\u0105ce by\u0142o to, jak niewiele tej wymiany mia\u0142o miejsce pomimo bezpo\u015bredniego s\u0105siedztwa. Ta luka zmotywowa\u0142a nas do aktywno\u015bci i pomocy w przezwyci\u0119\u017ceniu istniej\u0105cych uprzedze\u0144. W czasach napi\u0119\u0107 politycznych silna wsp\u00f3\u0142praca polsko-niemiecka jest nie tylko cenna kulturowo, ale tak\u017ce niezb\u0119dna do promowania zrozumienia i pojednania mi\u0119dzy naszymi krajami. Poprzez bliskie partnerstwo z polskimi artystami i instytucjami chcemy budowa\u0107 mosty i stworzy\u0107 trwa\u0142\u0105 sie\u0107 wymiany w d\u0142u\u017cszej perspektywie.<\/p>\n<\/div><\/div><\/div><\/div><\/div><\/div><\/div><\/div><div class=\"fusion-fullwidth fullwidth-box fusion-builder-row-14 fusion-flex-container has-pattern-background has-mask-background nonhundred-percent-fullwidth non-hundred-percent-height-scrolling\" style=\"--awb-border-radius-top-left:0px;--awb-border-radius-top-right:0px;--awb-border-radius-bottom-right:0px;--awb-border-radius-bottom-left:0px;--awb-flex-wrap:wrap;\" ><div class=\"fusion-builder-row fusion-row fusion-flex-align-items-flex-start fusion-flex-content-wrap\" style=\"max-width:1586px;margin-left: calc(-4% \/ 2 );margin-right: calc(-4% \/ 2 );\"><div class=\"fusion-layout-column fusion_builder_column fusion-builder-column-15 fusion_builder_column_1_1 1_1 fusion-flex-column absatz\" style=\"--awb-padding-top:40px;--awb-padding-top-medium:30px;--awb-padding-top-small:20px;--awb-bg-size:cover;--awb-width-large:100%;--awb-margin-top-large:0px;--awb-spacing-right-large:1.92%;--awb-margin-bottom-large:20px;--awb-spacing-left-large:1.92%;--awb-width-medium:100%;--awb-order-medium:0;--awb-spacing-right-medium:1.92%;--awb-spacing-left-medium:1.92%;--awb-width-small:100%;--awb-order-small:0;--awb-spacing-right-small:1.92%;--awb-spacing-left-small:1.92%;\"><div class=\"fusion-column-wrapper fusion-column-has-shadow fusion-flex-justify-content-flex-start fusion-content-layout-column\"><div class=\"fusion-title title fusion-title-69 fusion-sep-none fusion-title-center fusion-title-text fusion-title-size-two\" style=\"--awb-margin-top:3%;--awb-margin-bottom:1%;--awb-margin-top-small:10px;--awb-margin-right-small:0px;--awb-margin-bottom-small:10px;--awb-margin-left-small:0px;\"><h2 class=\"fusion-title-heading title-heading-center\" style=\"margin:0;\">Stycze\u0144 2025<\/h2><\/div><div class=\"fusion-builder-row fusion-builder-row-inner fusion-row fusion-flex-align-items-flex-start fusion-flex-content-wrap\" style=\"--awb-flex-grow:0;--awb-flex-grow-medium:0;--awb-flex-grow-small:0;--awb-flex-shrink:0;--awb-flex-shrink-medium:0;--awb-flex-shrink-small:0;width:104% !important;max-width:104% !important;margin-left: calc(-4% \/ 2 );margin-right: calc(-4% \/ 2 );\"><div class=\"fusion-layout-column fusion_builder_column_inner fusion-builder-nested-column-44 fusion_builder_column_inner_2_3 2_3 fusion-flex-column\" style=\"--awb-bg-size:cover;--awb-width-large:66.666666666667%;--awb-margin-top-large:0px;--awb-spacing-right-large:2.88%;--awb-margin-bottom-large:20px;--awb-spacing-left-large:2.88%;--awb-width-medium:100%;--awb-order-medium:0;--awb-spacing-right-medium:1.92%;--awb-spacing-left-medium:1.92%;--awb-width-small:100%;--awb-order-small:0;--awb-spacing-right-small:1.92%;--awb-spacing-left-small:1.92%;\"><div class=\"fusion-column-wrapper fusion-column-has-shadow fusion-flex-justify-content-flex-start fusion-content-layout-column\"><div class=\"fusion-text fusion-text-89\"><p class=\"western\"><b>Autor zdj\u0119cia:<\/b> Andr\u00e9 Gschweng \/ Universit\u00e4ts- und Hansestadt Greifswald<\/p>\n<\/div><div class=\"fusion-image-element \" style=\"--awb-caption-title-font-family:var(--h2_typography-font-family);--awb-caption-title-font-weight:var(--h2_typography-font-weight);--awb-caption-title-font-style:var(--h2_typography-font-style);--awb-caption-title-size:var(--h2_typography-font-size);--awb-caption-title-transform:var(--h2_typography-text-transform);--awb-caption-title-line-height:var(--h2_typography-line-height);--awb-caption-title-letter-spacing:var(--h2_typography-letter-spacing);\"><span class=\" fusion-imageframe imageframe-none imageframe-12 hover-type-none\"><img decoding=\"async\" width=\"1200\" height=\"630\" title=\"facebook-querformat-januar\" src=\"https:\/\/www.interreg6a.net\/wp-content\/uploads\/2024\/12\/facebook-querformat-januar.jpg\" alt class=\"img-responsive wp-image-15545\" srcset=\"https:\/\/www.interreg6a.net\/wp-content\/uploads\/2024\/12\/facebook-querformat-januar-200x105.jpg 200w, https:\/\/www.interreg6a.net\/wp-content\/uploads\/2024\/12\/facebook-querformat-januar-400x210.jpg 400w, https:\/\/www.interreg6a.net\/wp-content\/uploads\/2024\/12\/facebook-querformat-januar-600x315.jpg 600w, https:\/\/www.interreg6a.net\/wp-content\/uploads\/2024\/12\/facebook-querformat-januar-800x420.jpg 800w, https:\/\/www.interreg6a.net\/wp-content\/uploads\/2024\/12\/facebook-querformat-januar.jpg 1200w\" sizes=\"(max-width: 575px) 100vw, 1200px\" \/><\/span><\/div><\/div><\/div><div class=\"fusion-layout-column fusion_builder_column_inner fusion-builder-nested-column-45 fusion_builder_column_inner_1_3 1_3 fusion-flex-column\" style=\"--awb-bg-color:rgba(255,255,255,0);--awb-bg-color-hover:rgba(255,255,255,0);--awb-bg-size:cover;--awb-width-large:33.333333333333%;--awb-margin-top-large:0px;--awb-spacing-right-large:5.76%;--awb-margin-bottom-large:20px;--awb-spacing-left-large:5.76%;--awb-width-medium:100%;--awb-order-medium:0;--awb-spacing-right-medium:1.92%;--awb-spacing-left-medium:1.92%;--awb-width-small:100%;--awb-order-small:0;--awb-spacing-right-small:1.92%;--awb-spacing-left-small:1.92%;\"><div class=\"fusion-column-wrapper fusion-column-has-shadow fusion-flex-justify-content-flex-start fusion-content-layout-column\"><div class=\"fusion-title title fusion-title-70 fusion-sep-none fusion-title-text fusion-title-size-four\" style=\"--awb-margin-top:3%;--awb-margin-bottom:1%;--awb-margin-top-small:10px;--awb-margin-right-small:0px;--awb-margin-bottom-small:10px;--awb-margin-left-small:0px;\"><h4 class=\"fusion-title-heading title-heading-left\" style=\"margin:0;\"><strong>Projekt<\/strong><\/h4><\/div><div class=\"fusion-text fusion-text-90\"><p><strong><span class=\"p-1\">INT0100001<\/span> <span class=\"p-1\">IBN\/SID<\/span><\/strong><\/p>\n<p><strong>F\u00f6rderperiode<\/strong>: 2021-2027<\/p>\n<\/div><div class=\"fusion-title title fusion-title-71 fusion-sep-none fusion-title-text fusion-title-size-four\" style=\"--awb-margin-top:3%;--awb-margin-bottom:1%;--awb-margin-top-small:10px;--awb-margin-right-small:0px;--awb-margin-bottom-small:10px;--awb-margin-left-small:0px;\"><h4 class=\"fusion-title-heading title-heading-left\" style=\"margin:0;\"><strong>Partner wiod\u0105cy<\/strong><\/h4><\/div><div class=\"fusion-text fusion-text-91\"><ul>\n<li>Kommunalgemeinschaft Europaregion Pomerania e.V.<\/li>\n<\/ul>\n<\/div><div class=\"fusion-title title fusion-title-72 fusion-sep-none fusion-title-text fusion-title-size-four\" style=\"--awb-margin-top:3%;--awb-margin-bottom:1%;--awb-margin-top-small:10px;--awb-margin-right-small:0px;--awb-margin-bottom-small:10px;--awb-margin-left-small:0px;\"><h4 class=\"fusion-title-heading title-heading-left\" style=\"margin:0;\"><strong>Partnerzy projektu<\/strong><\/h4><\/div><div class=\"fusion-text fusion-text-92\"><ul>\n<li>Stowarzyszenie Gmin Polskich Euroregionu Pomerania<\/li>\n<li>STIC Wirtschaftsf\u00f6rdergesellschaft M\u00e4rkisch-Oderland mbH<\/li>\n<li>Gmina Miasto Koszalin<\/li>\n<li>Gmina Miasto \u015awinouj\u015bcie<\/li>\n<li>Ogrody Przelewice &#8211; Zachodniopomorskie Centrum Kultury Obszar\u00f3w Wiejskich i Edukacji Ekologicznej<\/li>\n<\/ul>\n<\/div><div class=\"fusion-text fusion-text-93\"><p><a href=\"https:\/\/www.interreg6a.net\/pl\/projekty-strategiczne\/\">Projekt strategiczny<\/a><\/p>\n<\/div><div class=\"fusion-text fusion-text-94\"><p><a href=\"https:\/\/www.interreg6a.net\/pl\/zatwierdzone-projekty\/int0100001-ibn-sid\/\">do projektu<\/a><\/p>\n<\/div><\/div><\/div><\/div><div class=\"fusion-builder-row fusion-builder-row-inner fusion-row fusion-flex-align-items-flex-start fusion-flex-content-wrap\" style=\"--awb-flex-grow:0;--awb-flex-grow-medium:0;--awb-flex-grow-small:0;--awb-flex-shrink:0;--awb-flex-shrink-medium:0;--awb-flex-shrink-small:0;width:104% !important;max-width:104% !important;margin-left: calc(-4% \/ 2 );margin-right: calc(-4% \/ 2 );\"><div class=\"fusion-layout-column fusion_builder_column_inner fusion-builder-nested-column-46 fusion_builder_column_inner_1_1 1_1 fusion-flex-column\" style=\"--awb-bg-size:cover;--awb-width-large:100%;--awb-margin-top-large:0px;--awb-spacing-right-large:1.92%;--awb-margin-bottom-large:20px;--awb-spacing-left-large:1.92%;--awb-width-medium:100%;--awb-order-medium:0;--awb-spacing-right-medium:1.92%;--awb-spacing-left-medium:1.92%;--awb-width-small:100%;--awb-order-small:0;--awb-spacing-right-small:1.92%;--awb-spacing-left-small:1.92%;\"><div class=\"fusion-column-wrapper fusion-column-has-shadow fusion-flex-justify-content-flex-start fusion-content-layout-column\"><div class=\"fusion-title title fusion-title-73 fusion-sep-none fusion-title-text fusion-title-size-four\" style=\"--awb-margin-top:3%;--awb-margin-bottom:1%;--awb-margin-top-small:10px;--awb-margin-right-small:0px;--awb-margin-bottom-small:10px;--awb-margin-left-small:0px;\"><h4 class=\"fusion-title-heading title-heading-left\" style=\"margin:0;\">Szczeg\u00f3lny moment w realizacji projektu<\/h4><\/div><div class=\"fusion-text fusion-text-95\"><p>Przed ratuszem Uniwersytetu i Hanzeatyckiego Miasta Greifswald burmistrz dr Stefan Fassbinder wita uczestnik\u00f3w polsko-niemieckiej podr\u00f3\u017cy dla przedsi\u0119biorc\u00f3w, kt\u00f3ra odby\u0142a si\u0119 7 maja 2024 r. pod has\u0142em \u201eRok Jubileuszowy 2024 Caspara Davida Friedricha w Greifswaldzie jako oferta dla firm i multiplikator\u00f3w z bran\u017cy turystycznej\u201d. Celem podr\u00f3\u017cy by\u0142o nawi\u0105zanie kontakt\u00f3w z przedstawicielami bran\u017cy turystycznej i zaprezentowanie nowych ofert turystycznych z regionu.<\/p>\n<p>35 uczestnik\u00f3w odwiedzi\u0142o Pommersche Landesmuseum i zapozna\u0142o si\u0119 ze specjaln\u0105 wystaw\u0105 \u201eLinie \u017cycia\u201d, kt\u00f3ra koncentruje si\u0119 na \u017cyciu i tw\u00f3rczo\u015bci Caspara Davida Friedricha z okazji jego 250. Urodzin i tworzy wa\u017cne powi\u0105zanie kulturowe z atrakcjami turystycznymi hanzeatyckiego miasta Greifswald. Inne punkty programu obejmowa\u0142y wycieczk\u0119 z przewodnikiem po mie\u015bcie, wizyt\u0119 w Centrum Caspara Davida Friedricha i ruinach opactwa Eldena, kt\u00f3re sta\u0142o si\u0119 znane na ca\u0142ym \u015bwiecie dzi\u0119ki obrazom Friedricha.<\/p>\n<p>Ruiny klasztoru mo\u017cna podziwia\u0107 w zupe\u0142nie nowy spos\u00f3b dzi\u0119ki <a href=\"https:\/\/www.greifswald.de\/de\/historisches-erbe\/denkmal\/kirchen-und-kloester\/klosterruine-eldena\/kloster-app\/\">aplikacji Eldena Monastery<\/a>, kt\u00f3ra wykorzystuje technologie rzeczywisto\u015bci rozszerzonej. Aplikacja zosta\u0142a stworzona w ramach projektu Interreg INT 213 \u201eGreifswald-Goleni\u00f3w: Gemeinsam stark &#8211; Silni Razem\u201d (Okres finansowania 2021-2027).<\/p>\n<\/div><\/div><\/div><div class=\"fusion-layout-column fusion_builder_column_inner fusion-builder-nested-column-47 fusion_builder_column_inner_1_1 1_1 fusion-flex-column\" style=\"--awb-bg-size:cover;--awb-width-large:100%;--awb-margin-top-large:0px;--awb-spacing-right-large:1.92%;--awb-margin-bottom-large:20px;--awb-spacing-left-large:1.92%;--awb-width-medium:100%;--awb-order-medium:0;--awb-spacing-right-medium:1.92%;--awb-spacing-left-medium:1.92%;--awb-width-small:100%;--awb-order-small:0;--awb-spacing-right-small:1.92%;--awb-spacing-left-small:1.92%;\"><div class=\"fusion-column-wrapper fusion-column-has-shadow fusion-flex-justify-content-flex-start fusion-content-layout-column\"><div class=\"fusion-title title fusion-title-74 fusion-sep-none fusion-title-text fusion-title-size-four\" style=\"--awb-margin-top:3%;--awb-margin-bottom:1%;--awb-margin-top-small:10px;--awb-margin-right-small:0px;--awb-margin-bottom-small:10px;--awb-margin-left-small:0px;\"><h4 class=\"fusion-title-heading title-heading-left\" style=\"margin:0;\">Wgl\u0105d w projekt<\/h4><\/div><div class=\"fusion-text fusion-text-96\"><p><strong>Wywiad z dr Przemys\u0142awem Jackowskim, koordynatorem projektu<\/strong><\/p>\n<h5><strong>Jakie jest wsp\u00f3lne wyzwanie, z kt\u00f3rym partnerzy wsp\u00f3lnie mierz\u0105 si\u0119 w ramach projektu?<\/strong><\/h5>\n<p>Partnerzy projektu Sie\u0107 Informacyjno-Doradcza (SID) chc\u0105 wsp\u00f3lnie rozwi\u0105zywa\u0107 problemy istniej\u0105ce w obszarze przygranicznym. Celem jest wspieranie ludzi, przedsi\u0119biorstw i instytucji w lepszym zrozumieniu r\u00f3\u017cnorodnych regulacji obowi\u0105zuj\u0105cych po obu stronach granicy oraz budowanie efektywnej wsp\u00f3\u0142pracy. D\u0105\u017c\u0105 tak\u017ce do wzmacniania regionalnej gospodarki, promowania innowacji i maksymalnego wykorzystania potencja\u0142u rozwoju transgranicznego. Realizacja tych za\u0142o\u017ce\u0144 wymaga bliskiej wsp\u00f3\u0142pracy, gdy\u017c wyzwania te przekraczaj\u0105 granice i mog\u0105 by\u0107 skutecznie rozwi\u0105zane jedynie dzi\u0119ki wsp\u00f3lnemu wysi\u0142kowi obu stron.<\/p>\n<h5><strong>Jak dosz\u0142o do nawi\u0105zania wsp\u00f3\u0142pracy?<\/strong><\/h5>\n<p>W projekt zaanga\u017cowanych jest w sumie sze\u015bciu partner\u00f3w z Polski i Niemiec. Zwi\u0105zek Komunalny Pomerania i Stowarzyszenie Gmin Polskich Euroregionu Pomerania wsp\u00f3\u0142pracuj\u0105 ze sob\u0105 przy r\u00f3\u017cnych projektach od ponad 30 lat. Agencja Promocji Biznesu STIC powiatu M\u00e4rkisch-Oderland oraz miasta Koszalin i \u015awinouj\u015bcie bra\u0142y udzia\u0142 ju\u017c w naszym poprzednim projekcie \u201eCentra Us\u0142ugowo-Doradcze\u201d. Nowym partnerem w projekcie s\u0105 Ogrody Przelewice \u2013 Zachodniopomorskie Centrum Kultury Wiejskiej i Edukacji Ekologicznej.<\/p>\n<p>Partnerstwo bazuje wi\u0119c na wieloletniej, owocnej wsp\u00f3\u0142pracy, kt\u00f3ra zyskuje dodatkow\u0105 si\u0142\u0119 dzi\u0119ki w\u0142\u0105czaniu nowych partner\u00f3w wnosz\u0105cych specjalistyczne kompetencje.<\/p>\n<h5><strong>Jaki rezultat partnerzy chc\u0105 wsp\u00f3lnie osi\u0105gn\u0105\u0107?<\/strong><\/h5>\n<p>W trakcie realizacji projektu planujemy dotrze\u0107 do 20 000 firm, os\u00f3b i instytucji, oferuj\u0105c nasze us\u0142ugi doradcze, wspieraj\u0105c po\u015brednictwo w kontaktach transgranicznych, inicjuj\u0105c wsp\u00f3\u0142prac\u0119 oraz organizuj\u0105c wydarzenia. Ponadto, zamierzamy stworzy\u0107 formaln\u0105 sie\u0107 organizacji, kt\u00f3ra b\u0119dzie wspiera\u0107 mieszka\u0144c\u00f3w regionu przygranicznego.<\/p>\n<h5><strong>Jaki jest planowany du\u017cy krok, kt\u00f3ry partnerzy chc\u0105 zrealizowa\u0107 w ci\u0105gu najbli\u017cszych 12 miesi\u0119cy?<\/strong><\/h5>\n<p>Aby obiektywnie oceni\u0107 jako\u015b\u0107 naszej pracy, planujemy w ci\u0105gu najbli\u017cszych 12 miesi\u0119cy przeprowadzi\u0107 szczeg\u00f3\u0142ow\u0105 ewaluacj\u0119 zewn\u0119trzn\u0105. W ramach tej oceny zostan\u0105 przeanalizowane post\u0119py w realizacji projektu, skuteczno\u015b\u0107 dzia\u0142a\u0144 oraz efektywno\u015b\u0107 podj\u0119tych dzia\u0142a\u0144, a tak\u017ce stopie\u0144 osi\u0105gni\u0119cia zaplanowanych cel\u00f3w. Liczymy r\u00f3wnie\u017c na to, \u017ce oceniaj\u0105cy zaproponuj\u0105 konkretne rekomendacje dotycz\u0105ce optymalizacji proces\u00f3w i us\u0142ug, kt\u00f3re nam pomog\u0105 w dalszym, pomy\u015blnym rozwoju projektu.<\/p>\n<h5><strong>Jakie ma Pan wskaz\u00f3wki dla innych projekt\u00f3w, aby zapewni\u0107 udan\u0105 codzienn\u0105 wsp\u00f3\u0142prac\u0119 z partnerami?<\/strong><\/h5>\n<p>Fundamentem udanej wsp\u00f3\u0142pracy transgranicznej jest skuteczna, a zarazem wra\u017cliwa na potrzeby innych koordynacja. Kluczow\u0105 rol\u0119 odgrywa zaanga\u017cowanie os\u00f3b, kt\u00f3re nie tylko biegle pos\u0142uguj\u0105 si\u0119 dwoma j\u0119zykami, ale tak\u017ce rozumiej\u0105 istotne konteksty kulturowe i spo\u0142eczne. Powinny one nie tylko zna\u0107 r\u00f3\u017cnice kulturowe oraz specyfik\u0119 lokalnych uwarunkowa\u0144 w obu krajach, lecz tak\u017ce wykazywa\u0107 zdolno\u015b\u0107 empatycznego odbioru sytuacji i wczucia si\u0119 w punkt widzenia drugiej strony.<\/p>\n<h5 class=\"subpageHeader__title\">Kalendarz wydarze\u0144 w ramach projektu:<\/h5>\n<p><a href=\"https:\/\/ibn-sid.eu\/calendar\/\">https:\/\/ibn-sid.eu\/calendar\/<\/a><\/p>\n<\/div><\/div><\/div><\/div><\/div><\/div><\/div><\/div><div class=\"fusion-fullwidth fullwidth-box fusion-builder-row-15 fusion-flex-container nonhundred-percent-fullwidth non-hundred-percent-height-scrolling\" style=\"--awb-border-radius-top-left:0px;--awb-border-radius-top-right:0px;--awb-border-radius-bottom-right:0px;--awb-border-radius-bottom-left:0px;--awb-background-color:var(--awb-color1);--awb-flex-wrap:wrap;\" ><div class=\"fusion-builder-row fusion-row fusion-flex-align-items-flex-start fusion-flex-content-wrap\" style=\"max-width:1586px;margin-left: calc(-4% \/ 2 );margin-right: calc(-4% \/ 2 );\"><div class=\"fusion-layout-column fusion_builder_column fusion-builder-column-16 fusion_builder_column_1_1 1_1 fusion-flex-column fusion-flex-align-self-stretch\" style=\"--awb-bg-size:cover;--awb-width-large:100%;--awb-margin-top-large:0px;--awb-spacing-right-large:1.92%;--awb-margin-bottom-large:20px;--awb-spacing-left-large:1.92%;--awb-width-medium:100%;--awb-order-medium:0;--awb-spacing-right-medium:1.92%;--awb-spacing-left-medium:1.92%;--awb-width-small:100%;--awb-order-small:0;--awb-spacing-right-small:1.92%;--awb-spacing-left-small:1.92%;\"><div class=\"fusion-column-wrapper fusion-column-has-shadow fusion-flex-justify-content-flex-start fusion-content-layout-column\"><div class=\"fusion-title title fusion-title-75 fusion-sep-none fusion-title-center fusion-title-text fusion-title-size-two\" style=\"--awb-margin-top:3%;--awb-margin-bottom:-1px;--awb-margin-top-small:10px;--awb-margin-right-small:0px;--awb-margin-bottom-small:10px;--awb-margin-left-small:0px;\"><h2 class=\"fusion-title-heading title-heading-center\" style=\"margin:0;\">Przydatne Informacje<\/h2><\/div><div class=\"fusion-separator\" style=\"align-self: center;margin-left: auto;margin-right: auto;width:100%;max-width:20%;\"><div class=\"fusion-separator-border sep-single\" style=\"--awb-height:20px;--awb-amount:20px;border-color:var(--awb-color5);border-top-width:3px;\"><\/div><\/div><div class=\"fusion-content-boxes content-boxes columns row fusion-columns-4 fusion-columns-total-4 fusion-content-boxes-1 content-boxes-icon-on-top content-left teaser-blau content_boxes_mobile_nomargin\" style=\"--awb-backgroundcolor:var(--awb-color4);--awb-body-color:var(--awb-color3);--awb-title-color:var(--awb-color2);--awb-margin-top:50px;--awb-hover-accent-color:var(--awb-color5);--awb-circle-hover-accent-color:var(--awb-color5);\" data-animationOffset=\"top-into-view\"><div style=\"--awb-backgroundcolor:var(--awb-custom_color_2);\" class=\"fusion-column content-box-column content-box-column content-box-column-1 col-lg-3 col-md-3 col-sm-3 fusion-content-box-hover content-box-column-first-in-row\"><div class=\"col content-box-wrapper content-wrapper-background link-area-link-icon link-type-text icon-hover-animation-fade\" data-animationOffset=\"top-into-view\"><div class=\"heading heading-with-icon icon-left\"><a class=\"heading-link\" href=\"https:\/\/www.interreg6a.net\/veranstaltungen\/\" target=\"_self\"><div class=\"icon\"><i style=\"border-color:var(--awb-color8);border-width:0px;background-color:var(--awb-custom_color_6);box-sizing:content-box;height:140px;width:140px;line-height:140px;border-radius:50%;font-size:70px;\" aria-hidden=\"true\" class=\"fontawesome-icon fa-calendar-check fas circle-yes\"><\/i><\/div><h4 class=\"content-box-heading\" style=\"--h4_typography-font-size:24px;line-height:29px;\">Wydarzenia<\/h4><\/a><\/div><div class=\"fusion-clearfix\"><\/div><div class=\"content-container\">\n<p>Chcesz wiedzie\u0107, kiedy odb\u0119dzie si\u0119 najbli\u017csze szkolenie dla kandydat\u00f3w?<\/p>\n<p>Tutaj znajdziesz informacje o nadchodz\u0105cych wydarzeniach.<\/p>\n<\/div><\/div><\/div><div style=\"--awb-backgroundcolor:var(--awb-custom_color_2);\" class=\"fusion-column content-box-column content-box-column content-box-column-2 col-lg-3 col-md-3 col-sm-3 fusion-content-box-hover \"><div class=\"col content-box-wrapper content-wrapper-background link-area-link-icon link-type-text content-icon-wrapper-yes icon-hover-animation-fade\" data-animationOffset=\"top-into-view\"><div class=\"heading heading-with-icon icon-left\"><a class=\"heading-link\" href=\"https:\/\/www.interreg6a.net\/news\/\" target=\"_self\"><div class=\"icon\"><span style=\"height:140px;width:140px;line-height:70px;border-color:rgba(255,255,255,0);border-width:1px;border-style:solid;background-color:rgba(255,255,255,0);box-sizing:content-box;border-radius:50%;\"><i style=\"border-color:var(--awb-color8);border-width:0px;background-color:var(--awb-color5);box-sizing:content-box;height:140px;width:140px;line-height:140px;border-radius:50%;position:relative;top:auto;left:auto;margin:0;border-radius:50%;font-size:70px;\" aria-hidden=\"true\" class=\"fontawesome-icon fa-comment-dots fas circle-yes\"><\/i><\/span><\/div><h4 class=\"content-box-heading\" style=\"--h4_typography-font-size:24px;line-height:29px;\">Aktualno\u015bci<\/h4><\/a><\/div><div class=\"fusion-clearfix\"><\/div><div class=\"content-container\">Jeste\u015b ciekaw, co si\u0119 ostatnio wydarzy\u0142o w Programie?<\/p>\n<p>Przejrzyj nasze aktualno\u015bci.<\/div><\/div><\/div><div style=\"--awb-backgroundcolor:var(--awb-custom_color_2);\" class=\"fusion-column content-box-column content-box-column content-box-column-3 col-lg-3 col-md-3 col-sm-3 fusion-content-box-hover \"><div class=\"col content-box-wrapper content-wrapper-background link-area-link-icon link-type-text content-icon-wrapper-yes icon-hover-animation-fade\" data-animationOffset=\"top-into-view\"><div class=\"heading heading-with-icon icon-left\"><a class=\"heading-link\" href=\"https:\/\/www.interreg6a.net\/projekte\/kommunikation\/\" target=\"_self\"><div class=\"icon\"><span style=\"height:140px;width:140px;line-height:70px;border-color:rgba(255,255,255,0);border-width:1px;border-style:solid;background-color:rgba(255,255,255,0);box-sizing:content-box;border-radius:50%;\"><i style=\"border-color:var(--awb-color8);border-width:0px;background-color:var(--awb-custom_color_7);box-sizing:content-box;height:140px;width:140px;line-height:140px;border-radius:50%;position:relative;top:auto;left:auto;margin:0;border-radius:50%;font-size:70px;\" aria-hidden=\"true\" class=\"fontawesome-icon fa-bullhorn fas circle-yes\"><\/i><\/span><\/div><h4 class=\"content-box-heading\" style=\"--h4_typography-font-size:24px;line-height:29px;\">Komunikacja<\/h4><\/a><\/div><div class=\"fusion-clearfix\"><\/div><div class=\"content-container\">\n<p>Chcesz wiedzie\u0107 wi\u0119cej o wymaganiach dotycz\u0105cych komunikacji w zakresie PR?<\/p>\n<p>Logo Programu i wszystkie istotne informacje udost\u0119pnili\u015bmy tutaj.<\/p>\n<\/div><\/div><\/div><div style=\"--awb-backgroundcolor:var(--awb-custom_color_2);\" class=\"fusion-column content-box-column content-box-column content-box-column-4 col-lg-3 col-md-3 col-sm-3 fusion-content-box-hover content-box-column-last content-box-column-last-in-row\"><div class=\"col content-box-wrapper content-wrapper-background link-area-link-icon link-type-text content-icon-wrapper-yes icon-hover-animation-fade\" data-animationOffset=\"top-into-view\"><div class=\"heading heading-with-icon icon-left\"><a class=\"heading-link\" href=\"https:\/\/www.interreg6a.net\/ansprechpartner\/\" target=\"_self\"><div class=\"icon\"><span style=\"height:140px;width:140px;line-height:70px;border-color:rgba(255,255,255,0);border-width:1px;border-style:solid;background-color:rgba(255,255,255,0);box-sizing:content-box;border-radius:50%;\"><i style=\"border-color:var(--awb-color8);border-width:0px;background-color:var(--awb-custom_color_7);box-sizing:content-box;height:140px;width:140px;line-height:140px;border-radius:50%;position:relative;top:auto;left:auto;margin:0;border-radius:50%;font-size:70px;\" aria-hidden=\"true\" class=\"fontawesome-icon fa-user-friends fas circle-yes\"><\/i><\/span><\/div><h4 class=\"content-box-heading\" style=\"--h4_typography-font-size:24px;line-height:29px;\">Osoby do kontaktu<\/h4><\/a><\/div><div class=\"fusion-clearfix\"><\/div><div class=\"content-container\">\n<p>Masz pytania dotycz\u0105ce programu i jego wymaga\u0144?<\/p>\n<p>Prosimy o kontakt z naszymi osobami kontaktowymi.<\/p>\n<\/div><\/div><\/div><div class=\"fusion-clearfix\"><\/div><\/div><\/div><\/div><\/div><\/div><\/p>\n","protected":false},"excerpt":{"rendered":"","protected":false},"author":31,"featured_media":0,"parent":0,"menu_order":0,"comment_status":"closed","ping_status":"closed","template":"100-width.php","meta":{"_price":"","_stock":"","_tribe_ticket_header":"","_tribe_default_ticket_provider":"","_tribe_ticket_capacity":"0","_ticket_start_date":"","_ticket_end_date":"","_tribe_ticket_show_description":"","_tribe_ticket_show_not_going":false,"_tribe_ticket_use_global_stock":"","_tribe_ticket_global_stock_level":"","_global_stock_mode":"","_global_stock_cap":"","_tribe_rsvp_for_event":"","_tribe_ticket_going_count":"","_tribe_ticket_not_going_count":"","_tribe_tickets_list":"[]","_tribe_ticket_has_attendee_info_fields":false,"footnotes":"","_tec_slr_enabled":"","_tec_slr_layout":""},"class_list":["post-15553","page","type-page","status-publish","hentry"],"yoast_head":"<!-- This site is optimized with the Yoast SEO plugin v27.3 - https:\/\/yoast.com\/product\/yoast-seo-wordpress\/ -->\n<title>Projekt miesi\u0105ca 2025 - Interreg VI A MV\/BB\/PL<\/title>\n<meta name=\"robots\" content=\"index, follow, max-snippet:-1, max-image-preview:large, max-video-preview:-1\" \/>\n<link rel=\"canonical\" href=\"https:\/\/www.interreg6a.net\/pl\/projekt-miesiaca-2025\/\" \/>\n<meta property=\"og:locale\" content=\"pl_PL\" \/>\n<meta property=\"og:type\" content=\"article\" \/>\n<meta property=\"og:title\" content=\"Projekt miesi\u0105ca 2025 - Interreg VI A MV\/BB\/PL\" \/>\n<meta property=\"og:url\" content=\"https:\/\/www.interreg6a.net\/pl\/projekt-miesiaca-2025\/\" \/>\n<meta property=\"og:site_name\" content=\"Interreg VI A MV\/BB\/PL\" \/>\n<meta property=\"article:modified_time\" content=\"2026-01-02T07:40:32+00:00\" \/>\n<meta name=\"twitter:card\" content=\"summary_large_image\" \/>\n<meta name=\"twitter:label1\" content=\"Szacowany czas czytania\" \/>\n\t<meta name=\"twitter:data1\" content=\"51 minut\" \/>\n<script type=\"application\/ld+json\" class=\"yoast-schema-graph\">{\"@context\":\"https:\\\/\\\/schema.org\",\"@graph\":[{\"@type\":\"WebPage\",\"@id\":\"https:\\\/\\\/www.interreg6a.net\\\/pl\\\/projekt-miesiaca-2025\\\/\",\"url\":\"https:\\\/\\\/www.interreg6a.net\\\/pl\\\/projekt-miesiaca-2025\\\/\",\"name\":\"Projekt miesi\u0105ca 2025 - Interreg VI A MV\\\/BB\\\/PL\",\"isPartOf\":{\"@id\":\"https:\\\/\\\/www.interreg6a.net\\\/pl\\\/#website\"},\"datePublished\":\"2025-01-02T11:28:20+00:00\",\"dateModified\":\"2026-01-02T07:40:32+00:00\",\"breadcrumb\":{\"@id\":\"https:\\\/\\\/www.interreg6a.net\\\/pl\\\/projekt-miesiaca-2025\\\/#breadcrumb\"},\"inLanguage\":\"pl-PL\",\"potentialAction\":[{\"@type\":\"ReadAction\",\"target\":[\"https:\\\/\\\/www.interreg6a.net\\\/pl\\\/projekt-miesiaca-2025\\\/\"]}]},{\"@type\":\"BreadcrumbList\",\"@id\":\"https:\\\/\\\/www.interreg6a.net\\\/pl\\\/projekt-miesiaca-2025\\\/#breadcrumb\",\"itemListElement\":[{\"@type\":\"ListItem\",\"position\":1,\"name\":\"Strona g\u0142\u00f3wna\",\"item\":\"https:\\\/\\\/www.interreg6a.net\\\/pl\\\/\"},{\"@type\":\"ListItem\",\"position\":2,\"name\":\"Projekt miesi\u0105ca 2025\"}]},{\"@type\":\"WebSite\",\"@id\":\"https:\\\/\\\/www.interreg6a.net\\\/pl\\\/#website\",\"url\":\"https:\\\/\\\/www.interreg6a.net\\\/pl\\\/\",\"name\":\"Interreg VI A MV\\\/BB\\\/PL\",\"description\":\"\",\"potentialAction\":[{\"@type\":\"SearchAction\",\"target\":{\"@type\":\"EntryPoint\",\"urlTemplate\":\"https:\\\/\\\/www.interreg6a.net\\\/pl\\\/?s={search_term_string}\"},\"query-input\":{\"@type\":\"PropertyValueSpecification\",\"valueRequired\":true,\"valueName\":\"search_term_string\"}}],\"inLanguage\":\"pl-PL\"}]}<\/script>\n<!-- \/ Yoast SEO plugin. -->","yoast_head_json":{"title":"Projekt miesi\u0105ca 2025 - Interreg VI A MV\/BB\/PL","robots":{"index":"index","follow":"follow","max-snippet":"max-snippet:-1","max-image-preview":"max-image-preview:large","max-video-preview":"max-video-preview:-1"},"canonical":"https:\/\/www.interreg6a.net\/pl\/projekt-miesiaca-2025\/","og_locale":"pl_PL","og_type":"article","og_title":"Projekt miesi\u0105ca 2025 - Interreg VI A MV\/BB\/PL","og_url":"https:\/\/www.interreg6a.net\/pl\/projekt-miesiaca-2025\/","og_site_name":"Interreg VI A MV\/BB\/PL","article_modified_time":"2026-01-02T07:40:32+00:00","twitter_card":"summary_large_image","twitter_misc":{"Szacowany czas czytania":"51 minut"},"schema":{"@context":"https:\/\/schema.org","@graph":[{"@type":"WebPage","@id":"https:\/\/www.interreg6a.net\/pl\/projekt-miesiaca-2025\/","url":"https:\/\/www.interreg6a.net\/pl\/projekt-miesiaca-2025\/","name":"Projekt miesi\u0105ca 2025 - Interreg VI A MV\/BB\/PL","isPartOf":{"@id":"https:\/\/www.interreg6a.net\/pl\/#website"},"datePublished":"2025-01-02T11:28:20+00:00","dateModified":"2026-01-02T07:40:32+00:00","breadcrumb":{"@id":"https:\/\/www.interreg6a.net\/pl\/projekt-miesiaca-2025\/#breadcrumb"},"inLanguage":"pl-PL","potentialAction":[{"@type":"ReadAction","target":["https:\/\/www.interreg6a.net\/pl\/projekt-miesiaca-2025\/"]}]},{"@type":"BreadcrumbList","@id":"https:\/\/www.interreg6a.net\/pl\/projekt-miesiaca-2025\/#breadcrumb","itemListElement":[{"@type":"ListItem","position":1,"name":"Strona g\u0142\u00f3wna","item":"https:\/\/www.interreg6a.net\/pl\/"},{"@type":"ListItem","position":2,"name":"Projekt miesi\u0105ca 2025"}]},{"@type":"WebSite","@id":"https:\/\/www.interreg6a.net\/pl\/#website","url":"https:\/\/www.interreg6a.net\/pl\/","name":"Interreg VI A MV\/BB\/PL","description":"","potentialAction":[{"@type":"SearchAction","target":{"@type":"EntryPoint","urlTemplate":"https:\/\/www.interreg6a.net\/pl\/?s={search_term_string}"},"query-input":{"@type":"PropertyValueSpecification","valueRequired":true,"valueName":"search_term_string"}}],"inLanguage":"pl-PL"}]}},"ticketed":false,"_links":{"self":[{"href":"https:\/\/www.interreg6a.net\/pl\/wp-json\/wp\/v2\/pages\/15553","targetHints":{"allow":["GET"]}}],"collection":[{"href":"https:\/\/www.interreg6a.net\/pl\/wp-json\/wp\/v2\/pages"}],"about":[{"href":"https:\/\/www.interreg6a.net\/pl\/wp-json\/wp\/v2\/types\/page"}],"author":[{"embeddable":true,"href":"https:\/\/www.interreg6a.net\/pl\/wp-json\/wp\/v2\/users\/31"}],"replies":[{"embeddable":true,"href":"https:\/\/www.interreg6a.net\/pl\/wp-json\/wp\/v2\/comments?post=15553"}],"version-history":[{"count":117,"href":"https:\/\/www.interreg6a.net\/pl\/wp-json\/wp\/v2\/pages\/15553\/revisions"}],"predecessor-version":[{"id":21744,"href":"https:\/\/www.interreg6a.net\/pl\/wp-json\/wp\/v2\/pages\/15553\/revisions\/21744"}],"wp:attachment":[{"href":"https:\/\/www.interreg6a.net\/pl\/wp-json\/wp\/v2\/media?parent=15553"}],"curies":[{"name":"wp","href":"https:\/\/api.w.org\/{rel}","templated":true}]}}