{"id":16905,"date":"2025-03-31T07:12:38","date_gmt":"2025-03-31T05:12:38","guid":{"rendered":"https:\/\/www.interreg6a.net\/?page_id=16905"},"modified":"2025-05-21T07:50:56","modified_gmt":"2025-05-21T05:50:56","slug":"5-nabor","status":"publish","type":"page","link":"https:\/\/www.interreg6a.net\/pl\/nabory\/5-nabor\/","title":{"rendered":"5. Nab\u00f3r"},"content":{"rendered":"<p><div class=\"fusion-fullwidth fullwidth-box fusion-builder-row-1 fusion-flex-container has-pattern-background has-mask-background nonhundred-percent-fullwidth non-hundred-percent-height-scrolling\" style=\"--awb-border-radius-top-left:0px;--awb-border-radius-top-right:0px;--awb-border-radius-bottom-right:0px;--awb-border-radius-bottom-left:0px;--awb-flex-wrap:wrap;\" ><div class=\"fusion-builder-row fusion-row fusion-flex-align-items-flex-start fusion-flex-content-wrap\" style=\"max-width:1586px;margin-left: calc(-4% \/ 2 );margin-right: calc(-4% \/ 2 );\"><div class=\"fusion-layout-column fusion_builder_column fusion-builder-column-0 fusion-flex-column\" style=\"--awb-bg-size:cover;--awb-width-large:10%;--awb-margin-top-large:0px;--awb-spacing-right-large:19.2%;--awb-margin-bottom-large:20px;--awb-spacing-left-large:19.2%;--awb-width-medium:10%;--awb-order-medium:0;--awb-spacing-right-medium:19.2%;--awb-spacing-left-medium:19.2%;--awb-width-small:100%;--awb-order-small:0;--awb-spacing-right-small:1.92%;--awb-spacing-left-small:1.92%;\" data-scroll-devices=\"small-visibility,medium-visibility,large-visibility\"><div class=\"fusion-column-wrapper fusion-column-has-shadow fusion-flex-justify-content-flex-start fusion-content-layout-column\"><\/div><\/div><div class=\"fusion-layout-column fusion_builder_column fusion-builder-column-1 fusion-flex-column\" style=\"--awb-bg-size:cover;--awb-width-large:80%;--awb-margin-top-large:0px;--awb-spacing-right-large:2.4%;--awb-margin-bottom-large:20px;--awb-spacing-left-large:2.4%;--awb-width-medium:80%;--awb-order-medium:0;--awb-spacing-right-medium:2.4%;--awb-spacing-left-medium:2.4%;--awb-width-small:100%;--awb-order-small:0;--awb-spacing-right-small:1.92%;--awb-spacing-left-small:1.92%;\" data-scroll-devices=\"small-visibility,medium-visibility,large-visibility\"><div class=\"fusion-column-wrapper fusion-column-has-shadow fusion-flex-justify-content-flex-start fusion-content-layout-column\"><div class=\"fusion-title title fusion-title-1 fusion-sep-none fusion-title-text fusion-title-size-one\" style=\"--awb-margin-top-small:10px;--awb-margin-right-small:0px;--awb-margin-bottom-small:10px;--awb-margin-left-small:0px;\"><h1 class=\"fusion-title-heading title-heading-left\" style=\"margin:0;\"><p style=\"text-align: center;\">5. Nab\u00f3r: INT05\/2025<\/p>\n<p style=\"text-align: center;\">Priorytet 1 (SZ 1.1) i Priorytet 3 (SZ 4.6)<\/p><\/h1><\/div><\/div><\/div><div class=\"fusion-layout-column fusion_builder_column fusion-builder-column-2 fusion-flex-column\" style=\"--awb-bg-size:cover;--awb-width-large:10%;--awb-margin-top-large:0px;--awb-spacing-right-large:19.2%;--awb-margin-bottom-large:20px;--awb-spacing-left-large:19.2%;--awb-width-medium:10%;--awb-order-medium:0;--awb-spacing-right-medium:19.2%;--awb-spacing-left-medium:19.2%;--awb-width-small:100%;--awb-order-small:0;--awb-spacing-right-small:1.92%;--awb-spacing-left-small:1.92%;\" data-scroll-devices=\"small-visibility,medium-visibility,large-visibility\"><div class=\"fusion-column-wrapper fusion-column-has-shadow fusion-flex-justify-content-flex-start fusion-content-layout-column\"><\/div><\/div><\/div><\/div><div class=\"fusion-fullwidth fullwidth-box fusion-builder-row-2 fusion-flex-container has-pattern-background has-mask-background nonhundred-percent-fullwidth non-hundred-percent-height-scrolling\" style=\"--awb-border-radius-top-left:0px;--awb-border-radius-top-right:0px;--awb-border-radius-bottom-right:0px;--awb-border-radius-bottom-left:0px;--awb-flex-wrap:wrap;\" ><div class=\"fusion-builder-row fusion-row fusion-flex-align-items-flex-start fusion-flex-content-wrap\" style=\"max-width:1586px;margin-left: calc(-4% \/ 2 );margin-right: calc(-4% \/ 2 );\"><div class=\"fusion-layout-column fusion_builder_column fusion-builder-column-3 fusion_builder_column_1_1 1_1 fusion-flex-column\" style=\"--awb-bg-size:cover;--awb-width-large:100%;--awb-margin-top-large:0px;--awb-spacing-right-large:1.92%;--awb-margin-bottom-large:20px;--awb-spacing-left-large:1.92%;--awb-width-medium:100%;--awb-order-medium:0;--awb-spacing-right-medium:1.92%;--awb-spacing-left-medium:1.92%;--awb-width-small:100%;--awb-order-small:0;--awb-spacing-right-small:1.92%;--awb-spacing-left-small:1.92%;\"><div class=\"fusion-column-wrapper fusion-column-has-shadow fusion-flex-justify-content-flex-start fusion-content-layout-column\"><div class=\"fusion-text fusion-text-1\" style=\"--awb-margin-top:20px;\"><h3>1. Tematyka i bud\u017cet naboru<\/h3>\n<\/div><div class=\"fusion-text fusion-text-2\"><p><strong>Kwota \u015brodk\u00f3w przeznaczona w ramach naboru INT05\/2025 wynosi maksymalnie 15.479.523,92 EUR EFRR<\/strong><\/p>\n<h5>Priorytet 1: Aktywizacja transgranicznych potencja\u0142\u00f3w innowacyjno\u015bci<\/h5>\n<p><strong>Cel szczeg\u00f3\u0142owy 1.1: Badania i innowacje \u2013 planowany maksymalny bud\u017cet naboru: 7.253.289,81 EUR EFRR<\/strong><br \/>\ndo sk\u0142adania wniosk\u00f3w szczeg\u00f3lnie zach\u0119camy: projekty z szerokim partnerstwem projektowym w przysz\u0142ych dziedzinach gospodarki o obiegu zamkni\u0119tym, energii i mobilno\u015bci, kt\u00f3re z jednej strony anga\u017cuj\u0105 podmioty innowacyjne z sektora nauki i bada\u0144, ale tak\u017ce w\u0142\u0105czaj\u0105 konkretne podmioty gospodarcze i ich sieci w dzia\u0142ania projektowe.<\/p>\n<h5>Priorytet 3: Umo\u017cliwienie lepszego uczestnictwa w transgranicznym \u017cyciu codziennym poprzez j\u0119zyk, kultur\u0119 i turystyk\u0119<\/h5>\n<p><strong>! Uwaga<br \/>\nCel szczeg\u00f3\u0142owy 4.6: Kultura i zr\u00f3wnowa\u017cona turystyka \u2013 planowany maksymalny bud\u017cet naboru: 8.226.234,11 EUR EFRR<\/strong><br \/>\nProjekty wspieraj\u0105ce obiekty kulturalne i turystyczne w celu zwi\u0119kszenia ich dost\u0119pno\u015bci dla odwiedzaj\u0105cych z kraju s\u0105siada b\u0119d\u0105 traktowane priorytetowo, poniewa\u017c w szczeg\u00f3lny spos\u00f3b przyczyniaj\u0105 si\u0119 do osi\u0105gni\u0119cia cel\u00f3w Programu Wsp\u00f3\u0142pracy.<\/p>\n<\/div><div class=\"fusion-text fusion-text-3\" style=\"--awb-margin-top:20px;\"><h3>2. Termin sk\u0142adania wniosk\u00f3w<\/h3>\n<\/div><div class=\"fusion-text fusion-text-4\"><p>Termin sk\u0142adania wniosk\u00f3w od 31.03.2025 (godz. 8:00) do 18.09.2025 (godz. 16:00).<\/p>\n<\/div><div class=\"fusion-text fusion-text-5\" style=\"--awb-margin-top:20px;\"><h3>3. Forma sk\u0142adania wniosku<\/h3>\n<\/div><div class=\"fusion-text fusion-text-6\"><p>Wniosek o dofinansowanie jest sk\u0142adany online przez partnera wiod\u0105cego za po\u015brednictwem systemu Jems. Wniosek o dofinansowanie jest wype\u0142niany w systemie Jems w obu j\u0119zykach Programu, tj. w j\u0119zyku polskim i niemieckim. Obie wersje j\u0119zykowe musz\u0105 mie\u0107 identyczn\u0105 tre\u015b\u0107.<br \/>\nPodpisane potwierdzenie do wniosku z\u0142o\u017conego elektronicznie musi wp\u0142yn\u0105\u0107 do Wsp\u00f3lnego Sekretariatu w oryginalnej wersji papierowej nie p\u00f3\u017aniej ni\u017c 14 dni kalendarzowych po zako\u0144czeniu naboru. (Patrz pkt.12)<\/p>\n<ul>\n<li>Dost\u0119p do systemu Jems: <a href=\"https:\/\/jems-interreg6a.net\/\">https:\/\/jems-interreg6a.net\/<\/a> albo przez stron\u0119 internetow\u0105 Programu: <a href=\"http:\/\/www.interreg6a.net\">www.interreg6a.net<\/a><\/li>\n<li>Instrukcja online do Jems: <a href=\"https:\/\/www.interreg6a.net\/pl\/jems\/\">https:\/\/www.interreg6a.net\/jems\/<\/a><\/li>\n<li>Wnioski mo\u017cna przygotowa\u0107 wcze\u015bniej za pomoc\u0105 formularza offline! <a href=\"https:\/\/www.interreg6a.net\/pl\/skladanie-wnioskow\/\">https:\/\/www.interreg6a.net\/pl\/skladanie-wnioskow\/<\/a><\/li>\n<li>Dodatkowo wsparcie techniczne dla Jems zapewnia serwis helpdesk: <a href=\"mailto:jems@interreg6a.net\">jems@interreg6a.net<\/a><\/li>\n<\/ul>\n<\/div><div class=\"fusion-text fusion-text-7\" style=\"--awb-margin-top:20px;\"><h3>4. Przyk\u0142adowi beneficjenci<\/h3>\n<\/div><div class=\"fusion-text fusion-text-8\"><h5>Priorytet 1<\/h5>\n<ul>\n<li>ma\u0142e i \u015brednie przedsi\u0119biorstwa<\/li>\n<li>przedsi\u0119biorstwa transportu publicznego<\/li>\n<li>szko\u0142y wy\u017csze i plac\u00f3wki badawcze, centra transferu technologii<\/li>\n<li>instytucje otoczenia biznesu<\/li>\n<li>jednostki samorz\u0105du terytorialnego oraz jednostki administracji rz\u0105dowej<\/li>\n<\/ul>\n<\/div><div class=\"fusion-text fusion-text-9\"><h5>Priorytet 3<\/h5>\n<ul>\n<li>organizacje pozarz\u0105dowe oraz przedsi\u0119biorstwa i instytucje dzia\u0142aj\u0105ce w interesie og\u00f3lnym<\/li>\n<li>zrzeszenia i organizacje turystyczne<\/li>\n<li>plac\u00f3wki kultury<\/li>\n<li>jednostki samorz\u0105du terytorialnego i ich jednostki organizacyjne<\/li>\n<\/ul>\n<\/div><div class=\"fusion-text fusion-text-10\"><p>W projekcie bierze udzia\u0142 co najmniej jeden polski i jeden niemiecki partner &#8211; obaj finansowani ze \u015brodk\u00f3w EFRR.<br \/>\nPartnerzy projektu wyznaczaj\u0105 partnera wiod\u0105cego (Leadpartnera).<br \/>\nRol\u0119 partnera wiod\u0105cego w Programie mog\u0105 pe\u0142ni\u0107 wy\u0142\u0105cznie organizacje publiczne (Podr\u0119cznik Programu, rozdzia\u0142 2.1 Partnerstwo projektu).<\/p>\n<\/div><div class=\"fusion-text fusion-text-11\" style=\"--awb-margin-top:20px;\"><h3>5. Obszar Programu<\/h3>\n<\/div><div class=\"fusion-text fusion-text-12\"><p>Zasadniczo wszyscy partnerzy projektu posiadaj\u0105 sw\u0105 siedzib\u0119 w regionach tworz\u0105cych obszar Programu (Podr\u0119cznik Rozdzia\u0142 1.3 Obszar Programu). O ile mo\u017cliwe jest osi\u0105gni\u0119cie bardziej efektywnej i wi\u0119kszej transgranicznej warto\u015bci dodanej projekt\u00f3w, Program zach\u0119ca r\u00f3wnie\u017c partner\u00f3w projekt\u00f3w z innych polsko-niemieckich obszar\u00f3w wsparcia do w\u0142\u0105czenia si\u0119 w realizacj\u0119 ponadprogramowych projekt\u00f3w.<\/p>\n<p>W wyj\u0105tkowych i uzasadnionych przypadkach partnerzy projektu maj\u0105cy siedzib\u0119 poza obszarem Programu mog\u0105 r\u00f3wnie\u017c uczestniczy\u0107 w projektach Interreg. Decyduj\u0105cym warunkiem jest w tym przypadku to, \u017ce dzia\u0142ania projektowe tego partnera s\u0105 realizowane na rzecz obszaru Programu, generuj\u0105 dla niego widoczn\u0105 warto\u015b\u0107 dodan\u0105 oraz dzia\u0142ania te s\u0105 niezb\u0119dne dla realizacji projektu.<\/p>\n<\/div><div class=\"fusion-text fusion-text-13\" style=\"--awb-margin-top:20px;\"><h3>6. Obszar tematyczny wniosk\u00f3w o dofinansowanie<\/h3>\n<\/div><div class=\"fusion-text fusion-text-14\"><p>Program Wsp\u00f3\u0142pracy okre\u015bla cechy specyficzne dla ka\u017cdego z cel\u00f3w szczeg\u00f3\u0142owych, kt\u00f3re s\u0105 brane pod uwag\u0119 przy ocenie wniosk\u00f3w o dofinansowanie.<br \/>\nWi\u0119cej informacji na temat dofinansowywanych cel\u00f3w i oczekiwanych rodzaj\u00f3w dzia\u0142a\u0144 mo\u017cna znale\u017a\u0107 pod nast\u0119puj\u0105cym linkiem:<\/p>\n<ul>\n<li>dla priorytetu 1 <a href=\"https:\/\/www.interreg6a.net\/pl\/priorytet-1\/\">https:\/\/www.interreg6a.net\/prioritaet-1\/<\/a> i<\/li>\n<li>dla priorytetu 3 <a href=\"https:\/\/www.interreg6a.net\/pl\/priorytet-3\/\">https:\/\/www.interreg6a.net\/pl\/priorytet-3\/<\/a><\/li>\n<\/ul>\n<p>oraz w Podr\u0119czniku Programu, rozdzia\u0142 1.2 Priorytety programu.<\/p>\n<p>Szczeg\u00f3lnie preferowane s\u0105 projekty strategiczne, kt\u00f3re dotycz\u0105 wyzwa\u0144 zwi\u0105zanych z obszarami ponadprogramowymi.<\/p>\n<ul>\n<li>Podr\u0119cznik Programu rozdzia\u0142 5.3 Projekty strategiczne<\/li>\n<li>Strona internetowa Programu: <a href=\"https:\/\/www.interreg6a.net\/pl\/projekty-strategiczne\/\">https:\/\/www.interreg6a.net\/pl\/projekty-strategiczne\/<\/a><\/li>\n<\/ul>\n<\/div><div class=\"fusion-text fusion-text-15\" style=\"--awb-margin-top:20px;\"><h3>7. Poziom dofinansowania projekt\u00f3w<\/h3>\n<\/div><div class=\"fusion-text fusion-text-16\"><p>W ramach Programu, projekty mog\u0105 otrzyma\u0107 wsparcie z EFRR w wysoko\u015bci do 80% wydatk\u00f3w kwalifikowanych.<br \/>\nNa koszty przygotowania projektu mo\u017cna ubiega\u0107 si\u0119 o kwot\u0119 rycza\u0142tow\u0105 w wysoko\u015bci 10.560,00 EUR EFRR.<br \/>\nNa koszty zako\u0144czenia projektu mo\u017cna si\u0119 ubiega\u0107 o kwot\u0119 rycza\u0142tow\u0105 w wysoko\u015bci 6.720 EUR z EFRR.<\/p>\n<p>Zasady kwalifikowalno\u015bci znajduj\u0105 si\u0119 w Podr\u0119czniku Programu rozdzia\u0142 4 Wytyczne kwalifikowalno\u015bci wydatk\u00f3w.<br \/>\nPodr\u0119cznik Programu: <a href=\"https:\/\/www.interreg6a.net\/pl\/podrecznik-programu\/\">https:\/\/www.interreg6a.net\/pl\/podrecznik-programu\/<\/a><\/p>\n<\/div><div class=\"fusion-text fusion-text-17\" style=\"--awb-margin-top:20px;\"><h3>8. Regularne projekty i projekty o ma\u0142ej skali<\/h3>\n<\/div><div class=\"fusion-text fusion-text-18\"><p>Projekty regularne to takie, kt\u00f3rych ca\u0142kowity bud\u017cet jest wi\u0119kszy ni\u017c 200.000 EUR.<\/p>\n<p>Projekty o ca\u0142kowitym bud\u017cecie do 200.000 EUR, kt\u00f3re nie s\u0105 realizowane w ramach Funduszy Ma\u0142ych Projekt\u00f3w (FMP) nale\u017cy traktowa\u0107 jako projekty o ma\u0142ej skali (Podr\u0119cznik Programu Rozdzia\u0142 4.4.3 Draft budget).<\/p>\n<p>Minimalny bud\u017cet wniosk\u00f3w o dofinansowanie w ramach tego naboru musi wynosi\u0107 ponad 50.000 EUR EFRR.<\/p>\n<p><strong>! Wst\u0119pna informacja: <\/strong>w drugiej po\u0142owie 2025 r. zostanie otwarty osobny nab\u00f3r na projekty o ma\u0142ej skali o \u0142\u0105cznym bud\u017cecie od 50.000 do 200.000 Euro! W najbli\u017cszych tygodniach b\u0119dziemy w tym zakresie przygotowywa\u0107 uproszczenia proceduralne.<\/p>\n<\/div><div class=\"fusion-text fusion-text-19\" style=\"--awb-margin-top:20px;\"><h3>9. Wyb\u00f3r projekt\u00f3w<\/h3>\n<\/div><div class=\"fusion-text fusion-text-20\"><p>Zapisy dotycz\u0105ce oceny projekt\u00f3w znajduj\u0105 si\u0119 w Podr\u0119czniku Programu Rozdzia\u0142 3.3 Wyb\u00f3r projekt\u00f3w.<\/p>\n<\/div><div class=\"fusion-text fusion-text-21\" style=\"--awb-margin-top:20px;\"><h3>10. Oczekiwany termin wyboru projekt\u00f3w<\/h3>\n<\/div><div class=\"fusion-text fusion-text-22\"><p>Decyzj\u0119 o wyborze projekt\u00f3w podejmuje Komitet Monitoruj\u0105cy (KM) Programu Wsp\u00f3\u0142pracy Interreg VI A Meklemburgia &#8211; Pomorze Przednie \/ Brandenburgia \/ Polska 2021-2027. Decyzj\u0119 o wyborze projekt\u00f3w podejmuje Komitet Monitoruj\u0105cy (KM) Programu Wsp\u00f3\u0142pracy Interreg VI A Meklemburgia \u2013 Pomorze Przednie \/ Brandenburgia \/ Polska 2021-2027.<\/p>\n<p>Termin zostanie og\u0142oszony po zako\u0144czeniu procedury naboru (prawdopodobnie marzec 2026).<\/p>\n<\/div><div class=\"fusion-text fusion-text-23\" style=\"--awb-margin-top:20px;\"><h3>11. \u015arodek odwo\u0142awczy<\/h3>\n<\/div><div class=\"fusion-text fusion-text-24\"><p>Wszyscy wnioskodawcy maj\u0105 prawo do z\u0142o\u017cenia skargi dotycz\u0105cej procedury oceny i wyboru.<\/p>\n<p>Procedura odwo\u0142awcza zosta\u0142a opisana w Podr\u0119czniku Programu Rozdzia\u0142 3.4 Procedura skargowa.<\/p>\n<\/div><div class=\"fusion-text fusion-text-25\" style=\"--awb-margin-top:20px;\"><h3>12. Za\u0142\u0105czniki do sk\u0142adanego wniosku o dofinansowanie<\/h3>\n<\/div><div class=\"fusion-text fusion-text-26\"><p>Za\u0142\u0105czniki do sk\u0142adanego wniosku o dofinansowanie (faza 1) znajduj\u0105 si\u0119 w Podr\u0119czniku Programu Rozdzia\u0142 8.2. Poni\u017csze za\u0142\u0105czniki nale\u017cy zachowa\u0107 bez zmian:<\/p>\n<ul>\n<li>Potwierdzenie do wniosku z\u0142o\u017conego elektronicznie (DE, PL)<\/li>\n<li>Porozumienie partnerskie w celu uregulowania obowi\u0105zk\u00f3w i praw partner\u00f3w w trakcie realizacji projektu w ramach (DE, PL)<\/li>\n<li>O\u015bwiadczenie dot. przestrzegania Karty Praw Podstawowych Unii Europejskiej (PL)<\/li>\n<li>O\u015bwiadczenie zobowi\u0105zuj\u0105ce partnera stowarzyszonego (DE, PL)<\/li>\n<\/ul>\n<\/div><div class=\"fusion-text fusion-text-27\" style=\"--awb-margin-top:20px;\"><h3>13. Doradztwo w sprawie wniosk\u00f3w o dofinansowanie i wst\u0119pna weryfikacja wniosk\u00f3w<\/h3>\n<\/div><div class=\"fusion-text fusion-text-28\"><p>Istnieje mo\u017cliwo\u015b\u0107 indywidualnego om\u00f3wienia pomys\u0142u na projekt na bazie szkicu projektu.<\/p>\n<ul>\n<li>Prosimy o um\u00f3wienie si\u0119 na spotkanie ze Wsp\u00f3lnym Sekretariatem z odpowiednim wyprzedzeniem: <a href=\"https:\/\/www.interreg6a.net\/pl\/spotkania-doradcze-nowe-terminy\/\">https:\/\/www.interreg6a.net\/pl\/spotkania-doradcze-nowe-terminy\/<\/a><\/li>\n<li>Szkic projektu: <a href=\"https:\/\/www.interreg6a.net\/pl\/skladanie-wnioskow\/\">https:\/\/www.interreg6a.net\/pl\/skladanie-wnioskow\/<\/a><\/li>\n<\/ul>\n<\/div><div class=\"fusion-text fusion-text-29\"><h5>Wcze\u015bniejsza weryfikacja wniosku &#8211; NOWO\u015a\u0106!<\/h5>\n<\/div><div class=\"fusion-text fusion-text-30\"><p>Program oferuje r\u00f3wnie\u017c mo\u017cliwo\u015b\u0107 dodatkowej wst\u0119pnej weryfikacji wniosku na zasadzie dobrowolno\u015bci. W tym celu wnioskodawcy musz\u0105 z\u0142o\u017cy\u0107 ostateczny projekt wniosku poza systemem Jems do Wsp\u00f3lnego Sekretariatu najp\u00f3\u017aniej <strong>do 07. Sierpnia 2025<\/strong> przed oficjalnym z\u0142o\u017ceniem projektu w systemie Jems!<\/p>\n<p>W celu pomy\u015blnej weryfikacji wniosku zaleca si\u0119 wygenerowanie wype\u0142nionego formularza zg\u0142oszeniowego za pomoc\u0105 eksportu wniosku PDF w systemie Jems. Alternatywnie mo\u017cna u\u017cy\u0107 formularza wniosku offline (Pobierz: <a href=\"https:\/\/www.interreg6a.net\/pl\/skladanie-wnioskow\/\">https:\/\/www.interreg6a.net\/pl\/skladanie-wnioskow\/<\/a>)<br \/>\nW miar\u0119 mo\u017cliwo\u015bci zg\u0142oszenia nale\u017cy przesy\u0142a\u0107 do Wsp\u00f3lnego Sekretariatu poczt\u0105 elektroniczn\u0105 w obu wersjach j\u0119zykowych.<\/p>\n<p>W rezultacie wnioskodawcy otrzymuj\u0105 w ci\u0105gu 14 dni pisemn\u0105 informacj\u0119 zwrotn\u0105 dotycz\u0105c\u0105, mi\u0119dzy innymi takich aspekt\u00f3w jak:<\/p>\n<ul>\n<li>czytelno\u015b\u0107 i zrozumia\u0142o\u015b\u0107<\/li>\n<li>transgraniczna warto\u015b\u0107 dodana wniosku oraz<\/li>\n<li>jego zgodno\u015b\u0107 z wybranym celem szczeg\u00f3\u0142owym.<\/li>\n<\/ul>\n<p>Nie ma dalszych konsultacji w sprawie wyniku wst\u0119pnej weryfikacji wniosku.<\/p>\n<p><strong>! Uwaga:<\/strong> W przypadku korzystania ze wst\u0119pnej weryfikacji wniosku nie ma roszczenia prawnego do p\u00f3\u017aniejszego wyboru projektu przez Komitet Monitoruj\u0105cy.<\/p>\n<\/div><div class=\"fusion-text fusion-text-31\" style=\"--awb-margin-top:30px;\"><h5>Pytania nale\u017cy kierowa\u0107 do:<\/h5>\n<p>Gemeinsames Sekretariat Interreg VI A<br \/>\nErnst-Th\u00e4lmann-Str. 4<br \/>\nD \u2013 17321 L\u00f6cknitz<\/p>\n<p>E-Mail: <a href=\"mailto:info@interreg6a.net\">info@interreg6a.net<\/a><br \/>\nOsoby do kontaktu: <a href=\"https:\/\/www.interreg6a.net\/pl\/osoby-do-kontaktu\/\">https:\/\/www.interreg6a.net\/ansprechpartner\/<\/a><\/p>\n<\/div><\/div><\/div><\/div><\/div><\/p>\n","protected":false},"excerpt":{"rendered":"","protected":false},"author":25,"featured_media":0,"parent":8559,"menu_order":0,"comment_status":"closed","ping_status":"closed","template":"100-width.php","meta":{"_price":"","_stock":"","_tribe_ticket_header":"","_tribe_default_ticket_provider":"","_tribe_ticket_capacity":"0","_ticket_start_date":"","_ticket_end_date":"","_tribe_ticket_show_description":"","_tribe_ticket_show_not_going":false,"_tribe_ticket_use_global_stock":"","_tribe_ticket_global_stock_level":"","_global_stock_mode":"","_global_stock_cap":"","_tribe_rsvp_for_event":"","_tribe_ticket_going_count":"","_tribe_ticket_not_going_count":"","_tribe_tickets_list":"[]","_tribe_ticket_has_attendee_info_fields":false,"footnotes":"","_tec_slr_enabled":"","_tec_slr_layout":""},"class_list":["post-16905","page","type-page","status-publish","hentry"],"yoast_head":"<!-- This site is optimized with the Yoast SEO plugin v27.3 - https:\/\/yoast.com\/product\/yoast-seo-wordpress\/ -->\n<title>5. Nab\u00f3r - Interreg VI A MV\/BB\/PL<\/title>\n<meta name=\"robots\" content=\"index, follow, max-snippet:-1, max-image-preview:large, max-video-preview:-1\" \/>\n<link rel=\"canonical\" href=\"https:\/\/www.interreg6a.net\/pl\/nabory\/5-nabor\/\" \/>\n<meta property=\"og:locale\" content=\"pl_PL\" \/>\n<meta property=\"og:type\" content=\"article\" \/>\n<meta property=\"og:title\" content=\"5. Nab\u00f3r - Interreg VI A MV\/BB\/PL\" \/>\n<meta property=\"og:url\" content=\"https:\/\/www.interreg6a.net\/pl\/nabory\/5-nabor\/\" \/>\n<meta property=\"og:site_name\" content=\"Interreg VI A MV\/BB\/PL\" \/>\n<meta property=\"article:modified_time\" content=\"2025-05-21T05:50:56+00:00\" \/>\n<meta name=\"twitter:card\" content=\"summary_large_image\" \/>\n<meta name=\"twitter:label1\" content=\"Szacowany czas czytania\" \/>\n\t<meta name=\"twitter:data1\" content=\"6 minut\" \/>\n<script type=\"application\/ld+json\" class=\"yoast-schema-graph\">{\"@context\":\"https:\\\/\\\/schema.org\",\"@graph\":[{\"@type\":\"WebPage\",\"@id\":\"https:\\\/\\\/www.interreg6a.net\\\/pl\\\/nabory\\\/5-nabor\\\/\",\"url\":\"https:\\\/\\\/www.interreg6a.net\\\/pl\\\/nabory\\\/5-nabor\\\/\",\"name\":\"5. Nab\u00f3r - Interreg VI A MV\\\/BB\\\/PL\",\"isPartOf\":{\"@id\":\"https:\\\/\\\/www.interreg6a.net\\\/pl\\\/#website\"},\"datePublished\":\"2025-03-31T05:12:38+00:00\",\"dateModified\":\"2025-05-21T05:50:56+00:00\",\"breadcrumb\":{\"@id\":\"https:\\\/\\\/www.interreg6a.net\\\/pl\\\/nabory\\\/5-nabor\\\/#breadcrumb\"},\"inLanguage\":\"pl-PL\",\"potentialAction\":[{\"@type\":\"ReadAction\",\"target\":[\"https:\\\/\\\/www.interreg6a.net\\\/pl\\\/nabory\\\/5-nabor\\\/\"]}]},{\"@type\":\"BreadcrumbList\",\"@id\":\"https:\\\/\\\/www.interreg6a.net\\\/pl\\\/nabory\\\/5-nabor\\\/#breadcrumb\",\"itemListElement\":[{\"@type\":\"ListItem\",\"position\":1,\"name\":\"Strona g\u0142\u00f3wna\",\"item\":\"https:\\\/\\\/www.interreg6a.net\\\/pl\\\/\"},{\"@type\":\"ListItem\",\"position\":2,\"name\":\"Nabory\",\"item\":\"https:\\\/\\\/www.interreg6a.net\\\/pl\\\/nabory\\\/\"},{\"@type\":\"ListItem\",\"position\":3,\"name\":\"5. Nab\u00f3r\"}]},{\"@type\":\"WebSite\",\"@id\":\"https:\\\/\\\/www.interreg6a.net\\\/pl\\\/#website\",\"url\":\"https:\\\/\\\/www.interreg6a.net\\\/pl\\\/\",\"name\":\"Interreg VI A MV\\\/BB\\\/PL\",\"description\":\"\",\"potentialAction\":[{\"@type\":\"SearchAction\",\"target\":{\"@type\":\"EntryPoint\",\"urlTemplate\":\"https:\\\/\\\/www.interreg6a.net\\\/pl\\\/?s={search_term_string}\"},\"query-input\":{\"@type\":\"PropertyValueSpecification\",\"valueRequired\":true,\"valueName\":\"search_term_string\"}}],\"inLanguage\":\"pl-PL\"}]}<\/script>\n<!-- \/ Yoast SEO plugin. -->","yoast_head_json":{"title":"5. Nab\u00f3r - Interreg VI A MV\/BB\/PL","robots":{"index":"index","follow":"follow","max-snippet":"max-snippet:-1","max-image-preview":"max-image-preview:large","max-video-preview":"max-video-preview:-1"},"canonical":"https:\/\/www.interreg6a.net\/pl\/nabory\/5-nabor\/","og_locale":"pl_PL","og_type":"article","og_title":"5. Nab\u00f3r - Interreg VI A MV\/BB\/PL","og_url":"https:\/\/www.interreg6a.net\/pl\/nabory\/5-nabor\/","og_site_name":"Interreg VI A MV\/BB\/PL","article_modified_time":"2025-05-21T05:50:56+00:00","twitter_card":"summary_large_image","twitter_misc":{"Szacowany czas czytania":"6 minut"},"schema":{"@context":"https:\/\/schema.org","@graph":[{"@type":"WebPage","@id":"https:\/\/www.interreg6a.net\/pl\/nabory\/5-nabor\/","url":"https:\/\/www.interreg6a.net\/pl\/nabory\/5-nabor\/","name":"5. Nab\u00f3r - Interreg VI A MV\/BB\/PL","isPartOf":{"@id":"https:\/\/www.interreg6a.net\/pl\/#website"},"datePublished":"2025-03-31T05:12:38+00:00","dateModified":"2025-05-21T05:50:56+00:00","breadcrumb":{"@id":"https:\/\/www.interreg6a.net\/pl\/nabory\/5-nabor\/#breadcrumb"},"inLanguage":"pl-PL","potentialAction":[{"@type":"ReadAction","target":["https:\/\/www.interreg6a.net\/pl\/nabory\/5-nabor\/"]}]},{"@type":"BreadcrumbList","@id":"https:\/\/www.interreg6a.net\/pl\/nabory\/5-nabor\/#breadcrumb","itemListElement":[{"@type":"ListItem","position":1,"name":"Strona g\u0142\u00f3wna","item":"https:\/\/www.interreg6a.net\/pl\/"},{"@type":"ListItem","position":2,"name":"Nabory","item":"https:\/\/www.interreg6a.net\/pl\/nabory\/"},{"@type":"ListItem","position":3,"name":"5. Nab\u00f3r"}]},{"@type":"WebSite","@id":"https:\/\/www.interreg6a.net\/pl\/#website","url":"https:\/\/www.interreg6a.net\/pl\/","name":"Interreg VI A MV\/BB\/PL","description":"","potentialAction":[{"@type":"SearchAction","target":{"@type":"EntryPoint","urlTemplate":"https:\/\/www.interreg6a.net\/pl\/?s={search_term_string}"},"query-input":{"@type":"PropertyValueSpecification","valueRequired":true,"valueName":"search_term_string"}}],"inLanguage":"pl-PL"}]}},"ticketed":false,"_links":{"self":[{"href":"https:\/\/www.interreg6a.net\/pl\/wp-json\/wp\/v2\/pages\/16905","targetHints":{"allow":["GET"]}}],"collection":[{"href":"https:\/\/www.interreg6a.net\/pl\/wp-json\/wp\/v2\/pages"}],"about":[{"href":"https:\/\/www.interreg6a.net\/pl\/wp-json\/wp\/v2\/types\/page"}],"author":[{"embeddable":true,"href":"https:\/\/www.interreg6a.net\/pl\/wp-json\/wp\/v2\/users\/25"}],"replies":[{"embeddable":true,"href":"https:\/\/www.interreg6a.net\/pl\/wp-json\/wp\/v2\/comments?post=16905"}],"version-history":[{"count":45,"href":"https:\/\/www.interreg6a.net\/pl\/wp-json\/wp\/v2\/pages\/16905\/revisions"}],"predecessor-version":[{"id":17935,"href":"https:\/\/www.interreg6a.net\/pl\/wp-json\/wp\/v2\/pages\/16905\/revisions\/17935"}],"up":[{"embeddable":true,"href":"https:\/\/www.interreg6a.net\/pl\/wp-json\/wp\/v2\/pages\/8559"}],"wp:attachment":[{"href":"https:\/\/www.interreg6a.net\/pl\/wp-json\/wp\/v2\/media?parent=16905"}],"curies":[{"name":"wp","href":"https:\/\/api.w.org\/{rel}","templated":true}]}}