{"id":16918,"date":"2025-03-31T07:12:45","date_gmt":"2025-03-31T05:12:45","guid":{"rendered":"https:\/\/www.interreg6a.net\/?page_id=16918"},"modified":"2026-03-31T08:00:11","modified_gmt":"2026-03-31T06:00:11","slug":"6-nabor-stara-w1","status":"publish","type":"page","link":"https:\/\/www.interreg6a.net\/pl\/nabory\/6-nabor-stara-w1\/","title":{"rendered":"6. Nab\u00f3r &#8211; stara wersja W1"},"content":{"rendered":"<p><div class=\"fusion-fullwidth fullwidth-box fusion-builder-row-1 fusion-flex-container has-pattern-background has-mask-background nonhundred-percent-fullwidth non-hundred-percent-height-scrolling\" style=\"--awb-border-radius-top-left:0px;--awb-border-radius-top-right:0px;--awb-border-radius-bottom-right:0px;--awb-border-radius-bottom-left:0px;--awb-flex-wrap:wrap;\" ><div class=\"fusion-builder-row fusion-row fusion-flex-align-items-flex-start fusion-flex-content-wrap\" style=\"max-width:1586px;margin-left: calc(-4% \/ 2 );margin-right: calc(-4% \/ 2 );\"><div class=\"fusion-layout-column fusion_builder_column fusion-builder-column-0 fusion-flex-column\" style=\"--awb-bg-size:cover;--awb-width-large:10%;--awb-margin-top-large:0px;--awb-spacing-right-large:19.2%;--awb-margin-bottom-large:20px;--awb-spacing-left-large:19.2%;--awb-width-medium:10%;--awb-order-medium:0;--awb-spacing-right-medium:19.2%;--awb-spacing-left-medium:19.2%;--awb-width-small:100%;--awb-order-small:0;--awb-spacing-right-small:1.92%;--awb-spacing-left-small:1.92%;\" data-scroll-devices=\"small-visibility,medium-visibility,large-visibility\"><div class=\"fusion-column-wrapper fusion-column-has-shadow fusion-flex-justify-content-flex-start fusion-content-layout-column\"><\/div><\/div><div class=\"fusion-layout-column fusion_builder_column fusion-builder-column-1 fusion-flex-column\" style=\"--awb-bg-size:cover;--awb-width-large:80%;--awb-margin-top-large:0px;--awb-spacing-right-large:2.4%;--awb-margin-bottom-large:20px;--awb-spacing-left-large:2.4%;--awb-width-medium:80%;--awb-order-medium:0;--awb-spacing-right-medium:2.4%;--awb-spacing-left-medium:2.4%;--awb-width-small:100%;--awb-order-small:0;--awb-spacing-right-small:1.92%;--awb-spacing-left-small:1.92%;\" data-scroll-devices=\"small-visibility,medium-visibility,large-visibility\"><div class=\"fusion-column-wrapper fusion-column-has-shadow fusion-flex-justify-content-flex-start fusion-content-layout-column\"><div class=\"fusion-title title fusion-title-1 fusion-sep-none fusion-title-text fusion-title-size-one\" style=\"--awb-margin-top-small:10px;--awb-margin-right-small:0px;--awb-margin-bottom-small:10px;--awb-margin-left-small:0px;\"><h1 class=\"fusion-title-heading title-heading-left\" style=\"margin:0;\"><p style=\"text-align: center;\">6. Nab\u00f3r: INT06\/2025<\/p>\n<p style=\"text-align: center;\">Priorytet 2 (CS 2.4 + CS 2.7 )<\/p>\n<p style=\"text-align: center;\">i Priorytet 3 (CS 4.2)<\/p><\/h1><\/div><div class=\"fusion-text fusion-text-1\"><p style=\"text-align: center;\"><strong>Uwaga: stara wersja!<\/strong><br \/>\n<a href=\"https:\/\/www.interreg6a.net\/pl\/nabory\/6-nabor\/\">do aktualnej wersji<\/a><\/p>\n<\/div><\/div><\/div><div class=\"fusion-layout-column fusion_builder_column fusion-builder-column-2 fusion-flex-column\" style=\"--awb-bg-size:cover;--awb-width-large:10%;--awb-margin-top-large:0px;--awb-spacing-right-large:19.2%;--awb-margin-bottom-large:20px;--awb-spacing-left-large:19.2%;--awb-width-medium:10%;--awb-order-medium:0;--awb-spacing-right-medium:19.2%;--awb-spacing-left-medium:19.2%;--awb-width-small:100%;--awb-order-small:0;--awb-spacing-right-small:1.92%;--awb-spacing-left-small:1.92%;\" data-scroll-devices=\"small-visibility,medium-visibility,large-visibility\"><div class=\"fusion-column-wrapper fusion-column-has-shadow fusion-flex-justify-content-flex-start fusion-content-layout-column\"><\/div><\/div><\/div><\/div><div class=\"fusion-fullwidth fullwidth-box fusion-builder-row-2 fusion-flex-container has-pattern-background has-mask-background nonhundred-percent-fullwidth non-hundred-percent-height-scrolling\" style=\"--awb-border-radius-top-left:0px;--awb-border-radius-top-right:0px;--awb-border-radius-bottom-right:0px;--awb-border-radius-bottom-left:0px;--awb-margin-top:30px;--awb-flex-wrap:wrap;\" ><div class=\"fusion-builder-row fusion-row fusion-flex-align-items-flex-start fusion-flex-content-wrap\" style=\"max-width:1586px;margin-left: calc(-4% \/ 2 );margin-right: calc(-4% \/ 2 );\"><div class=\"fusion-layout-column fusion_builder_column fusion-builder-column-3 fusion_builder_column_1_1 1_1 fusion-flex-column\" style=\"--awb-bg-size:cover;--awb-width-large:100%;--awb-margin-top-large:0px;--awb-spacing-right-large:1.92%;--awb-margin-bottom-large:20px;--awb-spacing-left-large:1.92%;--awb-width-medium:100%;--awb-order-medium:0;--awb-spacing-right-medium:1.92%;--awb-spacing-left-medium:1.92%;--awb-width-small:100%;--awb-order-small:0;--awb-spacing-right-small:1.92%;--awb-spacing-left-small:1.92%;\"><div class=\"fusion-column-wrapper fusion-column-has-shadow fusion-flex-justify-content-flex-start fusion-content-layout-column\"><div class=\"fusion-text fusion-text-2\" style=\"--awb-margin-top:20px;\"><h3>1. Tematyka i bud\u017cet naboru<\/h3>\n<\/div><div class=\"fusion-text fusion-text-3\"><p style=\"text-align: left;\"><strong>Kwota \u015brodk\u00f3w przeznaczona w ramach naboru INT06\/2025 wynosi maksymalnie 23.959.571,83 EUR EFRE.<\/strong><\/p>\n<p style=\"text-align: left;\"><strong>! Uwaga:<\/strong> W obr\u0119bie ka\u017cdego z cel\u00f3w szczeg\u00f3\u0142owych priorytetowo traktowane b\u0119d\u0105 projekty zapewniaj\u0105ce osi\u0105gni\u0119cie wska\u017anik\u00f3w, kt\u00f3rych warto\u015b\u0107 znajduje si\u0119 obecnie poni\u017cej przyj\u0119tych za\u0142o\u017ce\u0144 i tym samym szczeg\u00f3lnie przyczyni\u0105 si\u0119 do osi\u0105gni\u0119cia cel\u00f3w Programu Wsp\u00f3\u0142pracy.<\/p>\n<h5>Priorytet 2: Wsp\u00f3lne przezwyci\u0119\u017canie zmian klimatu i ochrona przyrody<\/h5>\n<p><strong>Cel szczeg\u00f3\u0142owy 2.4: Przystosowanie do zmian klimatu: planowany maksymalny bud\u017cet naboru: 11.024.693,15 EUR EFRR<\/strong><\/p>\n<p>preferowane b\u0119d\u0105 projekty, kt\u00f3re<\/p>\n<ul>\n<li>wsp\u00f3lnie opracowuj\u0105 nowe strategie i cele oraz wdra\u017caj\u0105 je za pomoc\u0105 plan\u00f3w dzia\u0142ania ukierunkowanych na realizacj\u0119 proces\u00f3w zorientowanych na cele<\/li>\n<li>opracowuj\u0105 rozwi\u0105zania na podstawie wsp\u00f3lnych dzia\u0142a\u0144 pilota\u017cowych<\/li>\n<li>prowadz\u0105 do przyj\u0119cia i wdro\u017cenia wsp\u00f3lnych strategii i plan\u00f3w dzia\u0142ania przez organizacje w okresie trwania projektu lub po jego zako\u0144czeniu<\/li>\n<li>umo\u017cliwiaj\u0105 uczestnictwo w dzia\u0142aniach transgranicznych organizowanych przez partner\u00f3w i partner\u00f3w stowarzyszonych w ramach kontynuacji wsp\u00f3\u0142pracy po zako\u0144czeniu projektu.<\/li>\n<\/ul>\n<p><strong>Cel szczeg\u00f3\u0142owy 2.7: Ochrona przyrody i bior\u00f3\u017cnorodno\u015b\u0107: planowany maksymalny bud\u017cet <\/strong><strong>naboru: 6.503.402,17 EUR EFRR<\/strong><\/p>\n<p>preferowane b\u0119d\u0105 projekty, kt\u00f3re:<\/p>\n<ul>\n<li>umo\u017cliwiaj\u0105 udzia\u0142 w dzia\u0142aniach transgranicznych organizowanych przez partner\u00f3w i partner\u00f3w stowarzyszonych po zako\u0144czeniu projektu w ramach kontynuacji wsp\u00f3\u0142pracy.<\/li>\n<\/ul>\n<h5>Priorytet 3: Umo\u017cliwienie lepszego uczestnictwa w transgranicznym \u017cyciu codziennym poprzez j\u0119zyk, kultur\u0119 i turystyk\u0119<\/h5>\n<p><strong>Cel szczeg\u00f3\u0142owy 4.2: Edukacja: planowany maksymalny bud\u017cet naboru: 6.431.476,51 EUR EFRR<\/strong><\/p>\n<p>preferowane b\u0119d\u0105 projekty, kt\u00f3re:<\/p>\n<ul>\n<li>przekazuj\u0105 wiedz\u0119 w trakcie wielu spotka\u0144 realizowanych w ramach dzia\u0142ania edukacyjnego i umo\u017cliwiaj\u0105 uczestnikom uko\u0144czenie wsp\u00f3lnego programu szkoleniowego dofinansowanego w ramach projektu.<\/li>\n<\/ul>\n<\/div><div class=\"fusion-text fusion-text-4\" style=\"--awb-margin-top:20px;\"><h3>2. Termin sk\u0142adania wniosk\u00f3w<\/h3>\n<\/div><div class=\"fusion-text fusion-text-5\"><p>Termin sk\u0142adania wniosk\u00f3w od 31.03.2025 (godz. 8:00) do 31.03.2026 (godz. 16:00).<\/p>\n<\/div><div class=\"fusion-text fusion-text-6\" style=\"--awb-margin-top:20px;\"><h3>3. Forma sk\u0142adania wniosku<\/h3>\n<\/div><div class=\"fusion-text fusion-text-7\"><p>Wniosek o dofinansowanie jest sk\u0142adany online przez partnera wiod\u0105cego za po\u015brednictwem systemu Jems.<br \/>\nWniosek o dofinansowanie jest wype\u0142niany w systemie Jems w obu j\u0119zykach Programu, tj. w j\u0119zyku polskim i niemieckim. Obie wersje j\u0119zykowe musz\u0105 mie\u0107 identyczn\u0105 tre\u015b\u0107.<br \/>\nPodpisane potwierdzenie do wniosku z\u0142o\u017conego elektronicznie musi wp\u0142yn\u0105\u0107 do Wsp\u00f3lnego Sekretariatu w oryginalnej wersji papierowej nie p\u00f3\u017aniej ni\u017c 14 dni kalendarzowych po zako\u0144czeniu naboru. (Patrz pkt.12)<\/p>\n<ul>\n<li>Dost\u0119p do systemu Jems: <a href=\"https:\/\/jems-interreg6a.net\/\">https:\/\/jems-interreg6a.net\/<\/a> albo przez stron\u0119 internetow\u0105 Programu: <a href=\"https:\/\/www.interreg6a.net\/pl\/\">www.interreg6a.net<\/a><\/li>\n<li>Instrukcja online do Jems: <a href=\"https:\/\/www.interreg6a.net\/pl\/jems\/\">https:\/\/www.interreg6a.net\/jems\/<\/a><\/li>\n<li>Wnioski mo\u017cna przygotowa\u0107 wcze\u015bniej za pomoc\u0105 formularza offline!<a href=\"https:\/\/www.interreg6a.net\/pl\/skladanie-wnioskow\/\"> https:\/\/www.interreg6a.net\/pl\/skladanie-wnioskow\/<\/a><\/li>\n<li>Dodatkowo wsparcie techniczne dla Jems zapewnia serwis helpdesk: <a href=\"jems@interreg6a.net\">jems@interreg6a.net<\/a><\/li>\n<\/ul>\n<\/div><div class=\"fusion-text fusion-text-8\" style=\"--awb-margin-top:20px;\"><h3>4. Przyk\u0142adowi beneficjenci<\/h3>\n<\/div><div class=\"fusion-text fusion-text-9\"><h5>Priorytet 2<\/h5>\n<ul>\n<li>Administracje pa\u0144stwowe<\/li>\n<li>Jednostki\u00a0 samorz\u0105du terytorialnego oraz jednostki administracji rz\u0105dowej<\/li>\n<li>Szko\u0142y wy\u017csze i plac\u00f3wki badawcze<\/li>\n<li>Organizacje pozarz\u0105dowe i przedsi\u0119biorstwa oraz instytucje dzia\u0142aj\u0105ce w interesie og\u00f3lnym<\/li>\n<\/ul>\n<\/div><div class=\"fusion-text fusion-text-10\"><h5>Priorytet 3<\/h5>\n<ul>\n<li>Podmioty kszta\u0142cenia i edukacji, jak i szko\u0142y wy\u017csze<\/li>\n<li>Jednostki samorz\u0105du terytorialnego oraz pa\u0144stwowa administracja o\u015bwiatowa<\/li>\n<li>Izby przemys\u0142owo-handlowe, izby rzemie\u015blnicze i inne instytucje oko\u0142obiznesowe<\/li>\n<li>Zwi\u0105zki zawodowe<\/li>\n<li>Urz\u0119dy pracy<\/li>\n<li>Organizacje pozarz\u0105dowe oraz przedsi\u0119biorstwa i instytucje dzia\u0142aj\u0105ce w interesie og\u00f3lnym<\/li>\n<\/ul>\n<\/div><div class=\"fusion-text fusion-text-11\"><p>W ka\u017cdym projekcie musi by\u0107 co najmniej jeden partner z Polski i jeden z Niemiec \u2013 obaj z bud\u017cetami EFRR.<\/p>\n<p>Partnerzy projektu wyznaczaj\u0105 partnera wiod\u0105cego (Leadpartnera).<br \/>\nRol\u0119 partnera wiod\u0105cego w Programie mog\u0105 pe\u0142ni\u0107 wy\u0142\u0105cznie organizacje publiczne (Podr\u0119cznik Programu, rozdzia\u0142 2.1 Partnerstwo projektu).<\/p>\n<\/div><div class=\"fusion-text fusion-text-12\" style=\"--awb-margin-top:20px;\"><h3>5. Obszar Programu<\/h3>\n<\/div><div class=\"fusion-text fusion-text-13\"><p>Zasadniczo wszyscy partnerzy projektu posiadaj\u0105 sw\u0105 siedzib\u0119 w regionach tworz\u0105cych obszar Programu (Podr\u0119cznik Rozdzia\u0142 1.3 Obszar Programu). O ile mo\u017cliwe jest osi\u0105gni\u0119cie bardziej efektywnej i wi\u0119kszej transgranicznej warto\u015bci dodanej projekt\u00f3w, Program zach\u0119ca r\u00f3wnie\u017c partner\u00f3w projekt\u00f3w z innych polsko-niemieckich obszar\u00f3w wsparcia do w\u0142\u0105czenia si\u0119 w realizacj\u0119 ponadprogramowych projekt\u00f3w.<\/p>\n<p>W wyj\u0105tkowych i uzasadnionych przypadkach partnerzy projektu maj\u0105cy siedzib\u0119 poza obszarem Programu mog\u0105 r\u00f3wnie\u017c uczestniczy\u0107 w projektach Interreg. Decyduj\u0105cym warunkiem jest w tym przypadku to, \u017ce dzia\u0142ania projektowe tego partnera s\u0105 realizowane na rzecz obszaru Programu, generuj\u0105 dla niego widoczn\u0105 warto\u015b\u0107 dodan\u0105 oraz dzia\u0142ania te s\u0105 niezb\u0119dne dla realizacji projektu.<\/p>\n<\/div><div class=\"fusion-text fusion-text-14\" style=\"--awb-margin-top:20px;\"><h3>6. Obszar tematyczny wniosk\u00f3w o dofinansowanie<\/h3>\n<\/div><div class=\"fusion-text fusion-text-15\"><p>Program Wsp\u00f3\u0142pracy okre\u015bla cechy specyficzne dla ka\u017cdego z cel\u00f3w szczeg\u00f3\u0142owych, kt\u00f3re s\u0105 brane pod uwag\u0119 przy ocenie wniosk\u00f3w o dofinansowanie.<\/p>\n<p>Wi\u0119cej informacji na temat dofinansowywanych cel\u00f3w i oczekiwanych rodzaj\u00f3w dzia\u0142a\u0144 mo\u017cna znale\u017a\u0107 pod nast\u0119puj\u0105cym linkiem:<\/p>\n<ul>\n<li>dla priorytetu 2 <a href=\"https:\/\/www.interreg6a.net\/pl\/priorytet-2\/\">https:\/\/www.interreg6a.net\/prioritaet-2\/<\/a> i<\/li>\n<li>dla priorytetu 3 <a href=\"https:\/\/www.interreg6a.net\/pl\/priorytet-3\/\">https:\/\/www.interreg6a.net\/prioritaet-3\/<\/a><\/li>\n<\/ul>\n<p>oraz w podr\u0119czniku programu, rozdzia\u0142 1.2 Priorytety programu.<\/p>\n<p>Szczeg\u00f3lnie preferowane s\u0105 projekty strategiczne, kt\u00f3re dotycz\u0105 ponadprogramowych wyzwa\u0144.<\/p>\n<ul>\n<li>Podr\u0119cznik Programu rozdzia\u0142 5.3 Projekty strategiczne<\/li>\n<li>Strona internetowa Programu: <a href=\"https:\/\/www.interreg6a.net\/pl\/projekty-strategiczne\/\">https:\/\/www.interreg6a.net\/pl\/projekty-strategiczne\/<\/a><\/li>\n<\/ul>\n<\/div><div class=\"fusion-text fusion-text-16\" style=\"--awb-margin-top:20px;\"><h3>7. Poziom dofinansowania projekt\u00f3w<\/h3>\n<\/div><div class=\"fusion-text fusion-text-17\"><p>W ramach Programu, projekty mog\u0105 otrzyma\u0107 wsparcie z EFRR w wysoko\u015bci do 80% wydatk\u00f3w kwalifikowanych.<br \/>\nNa koszty przygotowania projektu mo\u017cna ubiega\u0107 si\u0119 o kwot\u0119 rycza\u0142tow\u0105 w wysoko\u015bci 10.560,00 EUR EFRR.<br \/>\nNa koszty zako\u0144czenia projektu mo\u017cna si\u0119 ubiega\u0107 o kwot\u0119 rycza\u0142tow\u0105 w wysoko\u015bci 6.720 EUR z EFRR.<\/p>\n<p>Zasady kwalifikowalno\u015bci znajduj\u0105 si\u0119 w Podr\u0119czniku Programu rozdzia\u0142 4 Wytyczne kwalifikowalno\u015bci wydatk\u00f3w.<br \/>\nPodr\u0119cznik Programu: <a href=\"https:\/\/www.interreg6a.net\/pl\/podrecznik-programu\/\">https:\/\/www.interreg6a.net\/pl\/podrecznik-programu\/<\/a><\/p>\n<\/div><div class=\"fusion-text fusion-text-18\" style=\"--awb-margin-top:20px;\"><h3>8. Regularne projekty i projekty o ma\u0142ej skali<\/h3>\n<\/div><div class=\"fusion-text fusion-text-19\"><p>Projekty regularne to takie, kt\u00f3rych ca\u0142kowity bud\u017cet jest wi\u0119kszy ni\u017c 200.000 EUR.<\/p>\n<p>Projekty o ca\u0142kowitym bud\u017cecie do 200.000 EUR, kt\u00f3re nie s\u0105 realizowane w ramach Funduszy Ma\u0142ych Projekt\u00f3w (FMP) nale\u017cy traktowa\u0107 jako projekty o ma\u0142ej skali (Podr\u0119cznik Programu Rozdzia\u0142 4.4.3 Draft budget).<\/p>\n<p>Minimalny bud\u017cet wniosk\u00f3w o dofinansowanie w ramach tego naboru musi wynosi\u0107 ponad 50.000 EUR EFRR.<\/p>\n<p><strong>! Wst\u0119pna informacja: <\/strong>w drugiej po\u0142owie 2025 r. zostanie otwarty osobny nab\u00f3r na projekty o ma\u0142ej skali o \u0142\u0105cznym bud\u017cecie od 50.000 do 200.000 Euro! W najbli\u017cszych tygodniach b\u0119dziemy w tym zakresie przygotowywa\u0107 uproszczenia proceduralne.<\/p>\n<\/div><div class=\"fusion-text fusion-text-20\" style=\"--awb-margin-top:20px;\"><h3>9. Wyb\u00f3r projekt\u00f3w<\/h3>\n<\/div><div class=\"fusion-text fusion-text-21\"><p>Zapisy dotycz\u0105ce oceny projekt\u00f3w znajduj\u0105 si\u0119 w Podr\u0119czniku Programu Rozdzia\u0142 3.3 Wyb\u00f3r projekt\u00f3w.<\/p>\n<\/div><div class=\"fusion-text fusion-text-22\" style=\"--awb-margin-top:20px;\"><h3>10. Oczekiwany termin wyboru projekt\u00f3w<\/h3>\n<\/div><div class=\"fusion-text fusion-text-23\"><p>Decyzj\u0119 o wyborze projekt\u00f3w podejmuje Komitet Monitoruj\u0105cy (KM) Programu Wsp\u00f3\u0142pracy Interreg VI A Meklemburgia \u2013 Pomorze Przednie \/ Brandenburgia \/ Polska 2021-2027.<\/p>\n<p>Terminy wyboru projekt\u00f3w zostan\u0105 ustalone niezw\u0142ocznie i w zale\u017cno\u015bci od z\u0142o\u017conych wniosk\u00f3w projektowych. W razie potrzeby kwartalne posiedzenia Komitetu Monitoruj\u0105cego b\u0119d\u0105 odbywa\u0107 si\u0119 online od trzeciego kwarta\u0142u 2025 r. lub w stosownych przypadkach, zostan\u0105 zorganizowane pisemne procedury obiegowe.<\/p>\n<\/div><div class=\"fusion-text fusion-text-24\" style=\"--awb-margin-top:20px;\"><h3>11. \u015arodek odwo\u0142awczy<\/h3>\n<\/div><div class=\"fusion-text fusion-text-25\"><p>Wszyscy wnioskodawcy maj\u0105 prawo do z\u0142o\u017cenia skargi dotycz\u0105cej procedury oceny i wyboru.<\/p>\n<p>Procedura odwo\u0142awcza zosta\u0142a opisana w Podr\u0119czniku Programu Rozdzia\u0142 3.4 Procedura skargowa.<\/p>\n<\/div><div class=\"fusion-text fusion-text-26\" style=\"--awb-margin-top:20px;\"><h3>12. Za\u0142\u0105czniki do sk\u0142adanego wniosku o dofinansowanie<\/h3>\n<\/div><div class=\"fusion-text fusion-text-27\"><p>Za\u0142\u0105czniki do sk\u0142adanego wniosku o dofinansowanie (faza 1) znajduj\u0105 si\u0119 w Podr\u0119czniku Programu Rozdzia\u0142 8.2. Poni\u017csze za\u0142\u0105czniki nale\u017cy zachowa\u0107 bez zmian:<\/p>\n<ul>\n<li>Potwierdzenie do wniosku z\u0142o\u017conego elektronicznie (DE, PL)<\/li>\n<li>Porozumienie partnerskie w celu uregulowania obowi\u0105zk\u00f3w i praw partner\u00f3w w trakcie realizacji projektu w ramach (DE, PL)<\/li>\n<li>O\u015bwiadczenie dot. przestrzegania Karty Praw Podstawowych Unii Europejskiej (PL)<\/li>\n<li>O\u015bwiadczenie zobowi\u0105zuj\u0105ce partnera stowarzyszonego (DE, PL)<\/li>\n<\/ul>\n<\/div><div class=\"fusion-text fusion-text-28\" style=\"--awb-margin-top:20px;\"><h3>13. Doradztwo w sprawie wniosk\u00f3w o dofinansowanie i wst\u0119pna weryfikacja wniosk\u00f3w<\/h3>\n<\/div><div class=\"fusion-text fusion-text-29\"><p>Istnieje mo\u017cliwo\u015b\u0107 indywidualnego om\u00f3wienia pomys\u0142u na projekt na bazie szkicu projektu.<\/p>\n<ul>\n<li>Prosimy o um\u00f3wienie si\u0119 na spotkanie ze Wsp\u00f3lnym Sekretariatem z odpowiednim wyprzedzeniem: <a href=\"https:\/\/www.interreg6a.net\/pl\/spotkania-doradcze-nowe-terminy\/\">https:\/\/www.interreg6a.net\/pl\/spotkania-doradcze-nowe-terminy<\/a>\/<\/li>\n<li>Szkic projektu: <a href=\"https:\/\/www.interreg6a.net\/pl\/skladanie-wnioskow\/\">https:\/\/www.interreg6a.net\/pl\/skladanie-wnioskow<\/a>\/<\/li>\n<\/ul>\n<\/div><div class=\"fusion-text fusion-text-30\"><h5>Wcze\u015bniejsza weryfikacja wniosku &#8211; NOWO\u015a\u0106!<\/h5>\n<\/div><div class=\"fusion-text fusion-text-31\"><p>Program oferuje r\u00f3wnie\u017c mo\u017cliwo\u015b\u0107 dodatkowej wst\u0119pnej weryfikacji wniosku na zasadzie dobrowolno\u015bci. W tym celu wnioskodawcy musz\u0105 z\u0142o\u017cy\u0107 ostateczny projekt wniosku <strong>poza <\/strong>systemem Jems do Wsp\u00f3lnego Sekretariatu &#8211;\u00a0<strong>przed<\/strong> oficjalnym z\u0142o\u017ceniem projektu w systemie Jems!<\/p>\n<p>W celu pomy\u015blnej weryfikacji wniosku zaleca si\u0119 wygenerowanie wype\u0142nionego formularza zg\u0142oszeniowego za pomoc\u0105 eksportu wniosku PDF w systemie Jems. Alternatywnie mo\u017cna u\u017cy\u0107 formularza wniosku offline (Pobierz: <a href=\"https:\/\/www.interreg6a.net\/pl\/skladanie-wnioskow\/\">https:\/\/www.interreg6a.net\/pl\/skladanie-wnioskow\/<\/a>)<br \/>\nW miar\u0119 mo\u017cliwo\u015bci zg\u0142oszenia nale\u017cy przesy\u0142a\u0107 do Wsp\u00f3lnego Sekretariatu poczt\u0105 elektroniczn\u0105 w obu wersjach j\u0119zykowych.<\/p>\n<p>W rezultacie wnioskodawcy otrzymuj\u0105 w ci\u0105gu 14 dni pisemn\u0105 informacj\u0119 zwrotn\u0105 dotycz\u0105c\u0105, mi\u0119dzy innymi takich aspekt\u00f3w jak:<\/p>\n<ul>\n<li>czytelno\u015b\u0107 i zrozumia\u0142o\u015b\u0107<\/li>\n<li>transgraniczna warto\u015b\u0107 dodana wniosku oraz<\/li>\n<li>jego zgodno\u015b\u0107 z wybranym celem szczeg\u00f3\u0142owym.<\/li>\n<\/ul>\n<p>Nie ma dalszych konsultacji w sprawie wyniku wst\u0119pnej weryfikacji wniosku.<\/p>\n<p><strong>! Uwaga:<\/strong> W przypadku korzystania ze wst\u0119pnej weryfikacji wniosku nie ma roszczenia prawnego do p\u00f3\u017aniejszego wyboru projektu przez Komitet Monitoruj\u0105cy.<\/p>\n<\/div><div class=\"fusion-text fusion-text-32\"><h5>Pytania nale\u017cy kierowa\u0107 do:<\/h5>\n<p>Gemeinsames Sekretariat Interreg VI A<br \/>\nErnst-Th\u00e4lmann-Str. 4<br \/>\nD \u2013 17321 L\u00f6cknitz<\/p>\n<p>E-Mail: <a href=\"mailto:info@interreg6a.net\">info@interreg6a.net<\/a><br \/>\nOsoby do kontaktu: <a href=\"https:\/\/www.interreg6a.net\/pl\/osoby-do-kontaktu\/\">https:\/\/www.interreg6a.net\/ansprechpartner\/<\/a><\/p>\n<\/div><\/div><\/div><\/div><\/div><\/p>\n","protected":false},"excerpt":{"rendered":"","protected":false},"author":33,"featured_media":0,"parent":8559,"menu_order":0,"comment_status":"closed","ping_status":"closed","template":"100-width.php","meta":{"_price":"","_stock":"","_tribe_ticket_header":"","_tribe_default_ticket_provider":"","_tribe_ticket_capacity":"0","_ticket_start_date":"","_ticket_end_date":"","_tribe_ticket_show_description":"","_tribe_ticket_show_not_going":false,"_tribe_ticket_use_global_stock":"","_tribe_ticket_global_stock_level":"","_global_stock_mode":"","_global_stock_cap":"","_tribe_rsvp_for_event":"","_tribe_ticket_going_count":"","_tribe_ticket_not_going_count":"","_tribe_tickets_list":"[]","_tribe_ticket_has_attendee_info_fields":false,"footnotes":"","_tec_slr_enabled":"","_tec_slr_layout":""},"class_list":["post-16918","page","type-page","status-publish","hentry"],"yoast_head":"<!-- This site is optimized with the Yoast SEO plugin v27.3 - https:\/\/yoast.com\/product\/yoast-seo-wordpress\/ -->\n<title>6. Nab\u00f3r - stara wersja W1 - Interreg VI A MV\/BB\/PL<\/title>\n<meta name=\"robots\" content=\"index, follow, max-snippet:-1, max-image-preview:large, max-video-preview:-1\" \/>\n<link rel=\"canonical\" href=\"https:\/\/www.interreg6a.net\/pl\/nabory\/6-nabor-stara-w1\/\" \/>\n<meta property=\"og:locale\" content=\"pl_PL\" \/>\n<meta property=\"og:type\" content=\"article\" \/>\n<meta property=\"og:title\" content=\"6. Nab\u00f3r - stara wersja W1 - Interreg VI A MV\/BB\/PL\" \/>\n<meta property=\"og:url\" content=\"https:\/\/www.interreg6a.net\/pl\/nabory\/6-nabor-stara-w1\/\" \/>\n<meta property=\"og:site_name\" content=\"Interreg VI A MV\/BB\/PL\" \/>\n<meta property=\"article:modified_time\" content=\"2026-03-31T06:00:11+00:00\" \/>\n<meta name=\"twitter:card\" content=\"summary_large_image\" \/>\n<meta name=\"twitter:label1\" content=\"Szacowany czas czytania\" \/>\n\t<meta name=\"twitter:data1\" content=\"7 minut\" \/>\n<script type=\"application\/ld+json\" class=\"yoast-schema-graph\">{\"@context\":\"https:\\\/\\\/schema.org\",\"@graph\":[{\"@type\":\"WebPage\",\"@id\":\"https:\\\/\\\/www.interreg6a.net\\\/pl\\\/nabory\\\/6-nabor-stara-w1\\\/\",\"url\":\"https:\\\/\\\/www.interreg6a.net\\\/pl\\\/nabory\\\/6-nabor-stara-w1\\\/\",\"name\":\"6. Nab\u00f3r - stara wersja W1 - Interreg VI A MV\\\/BB\\\/PL\",\"isPartOf\":{\"@id\":\"https:\\\/\\\/www.interreg6a.net\\\/pl\\\/#website\"},\"datePublished\":\"2025-03-31T05:12:45+00:00\",\"dateModified\":\"2026-03-31T06:00:11+00:00\",\"breadcrumb\":{\"@id\":\"https:\\\/\\\/www.interreg6a.net\\\/pl\\\/nabory\\\/6-nabor-stara-w1\\\/#breadcrumb\"},\"inLanguage\":\"pl-PL\",\"potentialAction\":[{\"@type\":\"ReadAction\",\"target\":[\"https:\\\/\\\/www.interreg6a.net\\\/pl\\\/nabory\\\/6-nabor-stara-w1\\\/\"]}]},{\"@type\":\"BreadcrumbList\",\"@id\":\"https:\\\/\\\/www.interreg6a.net\\\/pl\\\/nabory\\\/6-nabor-stara-w1\\\/#breadcrumb\",\"itemListElement\":[{\"@type\":\"ListItem\",\"position\":1,\"name\":\"Strona g\u0142\u00f3wna\",\"item\":\"https:\\\/\\\/www.interreg6a.net\\\/pl\\\/\"},{\"@type\":\"ListItem\",\"position\":2,\"name\":\"Nabory\",\"item\":\"https:\\\/\\\/www.interreg6a.net\\\/pl\\\/nabory\\\/\"},{\"@type\":\"ListItem\",\"position\":3,\"name\":\"6. Nab\u00f3r &#8211; stara wersja W1\"}]},{\"@type\":\"WebSite\",\"@id\":\"https:\\\/\\\/www.interreg6a.net\\\/pl\\\/#website\",\"url\":\"https:\\\/\\\/www.interreg6a.net\\\/pl\\\/\",\"name\":\"Interreg VI A MV\\\/BB\\\/PL\",\"description\":\"\",\"potentialAction\":[{\"@type\":\"SearchAction\",\"target\":{\"@type\":\"EntryPoint\",\"urlTemplate\":\"https:\\\/\\\/www.interreg6a.net\\\/pl\\\/?s={search_term_string}\"},\"query-input\":{\"@type\":\"PropertyValueSpecification\",\"valueRequired\":true,\"valueName\":\"search_term_string\"}}],\"inLanguage\":\"pl-PL\"}]}<\/script>\n<!-- \/ Yoast SEO plugin. -->","yoast_head_json":{"title":"6. Nab\u00f3r - stara wersja W1 - Interreg VI A MV\/BB\/PL","robots":{"index":"index","follow":"follow","max-snippet":"max-snippet:-1","max-image-preview":"max-image-preview:large","max-video-preview":"max-video-preview:-1"},"canonical":"https:\/\/www.interreg6a.net\/pl\/nabory\/6-nabor-stara-w1\/","og_locale":"pl_PL","og_type":"article","og_title":"6. Nab\u00f3r - stara wersja W1 - Interreg VI A MV\/BB\/PL","og_url":"https:\/\/www.interreg6a.net\/pl\/nabory\/6-nabor-stara-w1\/","og_site_name":"Interreg VI A MV\/BB\/PL","article_modified_time":"2026-03-31T06:00:11+00:00","twitter_card":"summary_large_image","twitter_misc":{"Szacowany czas czytania":"7 minut"},"schema":{"@context":"https:\/\/schema.org","@graph":[{"@type":"WebPage","@id":"https:\/\/www.interreg6a.net\/pl\/nabory\/6-nabor-stara-w1\/","url":"https:\/\/www.interreg6a.net\/pl\/nabory\/6-nabor-stara-w1\/","name":"6. Nab\u00f3r - stara wersja W1 - Interreg VI A MV\/BB\/PL","isPartOf":{"@id":"https:\/\/www.interreg6a.net\/pl\/#website"},"datePublished":"2025-03-31T05:12:45+00:00","dateModified":"2026-03-31T06:00:11+00:00","breadcrumb":{"@id":"https:\/\/www.interreg6a.net\/pl\/nabory\/6-nabor-stara-w1\/#breadcrumb"},"inLanguage":"pl-PL","potentialAction":[{"@type":"ReadAction","target":["https:\/\/www.interreg6a.net\/pl\/nabory\/6-nabor-stara-w1\/"]}]},{"@type":"BreadcrumbList","@id":"https:\/\/www.interreg6a.net\/pl\/nabory\/6-nabor-stara-w1\/#breadcrumb","itemListElement":[{"@type":"ListItem","position":1,"name":"Strona g\u0142\u00f3wna","item":"https:\/\/www.interreg6a.net\/pl\/"},{"@type":"ListItem","position":2,"name":"Nabory","item":"https:\/\/www.interreg6a.net\/pl\/nabory\/"},{"@type":"ListItem","position":3,"name":"6. Nab\u00f3r &#8211; stara wersja W1"}]},{"@type":"WebSite","@id":"https:\/\/www.interreg6a.net\/pl\/#website","url":"https:\/\/www.interreg6a.net\/pl\/","name":"Interreg VI A MV\/BB\/PL","description":"","potentialAction":[{"@type":"SearchAction","target":{"@type":"EntryPoint","urlTemplate":"https:\/\/www.interreg6a.net\/pl\/?s={search_term_string}"},"query-input":{"@type":"PropertyValueSpecification","valueRequired":true,"valueName":"search_term_string"}}],"inLanguage":"pl-PL"}]}},"ticketed":false,"_links":{"self":[{"href":"https:\/\/www.interreg6a.net\/pl\/wp-json\/wp\/v2\/pages\/16918","targetHints":{"allow":["GET"]}}],"collection":[{"href":"https:\/\/www.interreg6a.net\/pl\/wp-json\/wp\/v2\/pages"}],"about":[{"href":"https:\/\/www.interreg6a.net\/pl\/wp-json\/wp\/v2\/types\/page"}],"author":[{"embeddable":true,"href":"https:\/\/www.interreg6a.net\/pl\/wp-json\/wp\/v2\/users\/33"}],"replies":[{"embeddable":true,"href":"https:\/\/www.interreg6a.net\/pl\/wp-json\/wp\/v2\/comments?post=16918"}],"version-history":[{"count":41,"href":"https:\/\/www.interreg6a.net\/pl\/wp-json\/wp\/v2\/pages\/16918\/revisions"}],"predecessor-version":[{"id":23760,"href":"https:\/\/www.interreg6a.net\/pl\/wp-json\/wp\/v2\/pages\/16918\/revisions\/23760"}],"up":[{"embeddable":true,"href":"https:\/\/www.interreg6a.net\/pl\/wp-json\/wp\/v2\/pages\/8559"}],"wp:attachment":[{"href":"https:\/\/www.interreg6a.net\/pl\/wp-json\/wp\/v2\/media?parent=16918"}],"curies":[{"name":"wp","href":"https:\/\/api.w.org\/{rel}","templated":true}]}}