{"id":23583,"date":"2026-03-30T13:13:01","date_gmt":"2026-03-30T11:13:01","guid":{"rendered":"https:\/\/www.interreg6a.net\/?page_id=23583"},"modified":"2026-03-31T15:53:26","modified_gmt":"2026-03-31T13:53:26","slug":"6-nabor","status":"publish","type":"page","link":"https:\/\/www.interreg6a.net\/pl\/nabory\/6-nabor\/","title":{"rendered":"6. Nab\u00f3r"},"content":{"rendered":"<p><div class=\"fusion-fullwidth fullwidth-box fusion-builder-row-1 fusion-flex-container has-pattern-background has-mask-background nonhundred-percent-fullwidth non-hundred-percent-height-scrolling\" style=\"--awb-border-radius-top-left:0px;--awb-border-radius-top-right:0px;--awb-border-radius-bottom-right:0px;--awb-border-radius-bottom-left:0px;--awb-flex-wrap:wrap;\" ><div class=\"fusion-builder-row fusion-row fusion-flex-align-items-flex-start fusion-flex-content-wrap\" style=\"max-width:1586px;margin-left: calc(-4% \/ 2 );margin-right: calc(-4% \/ 2 );\"><div class=\"fusion-layout-column fusion_builder_column fusion-builder-column-0 fusion-flex-column\" style=\"--awb-bg-size:cover;--awb-width-large:10%;--awb-margin-top-large:0px;--awb-spacing-right-large:19.2%;--awb-margin-bottom-large:20px;--awb-spacing-left-large:19.2%;--awb-width-medium:10%;--awb-order-medium:0;--awb-spacing-right-medium:19.2%;--awb-spacing-left-medium:19.2%;--awb-width-small:100%;--awb-order-small:0;--awb-spacing-right-small:1.92%;--awb-spacing-left-small:1.92%;\" data-scroll-devices=\"small-visibility,medium-visibility,large-visibility\"><div class=\"fusion-column-wrapper fusion-column-has-shadow fusion-flex-justify-content-flex-start fusion-content-layout-column\"><\/div><\/div><div class=\"fusion-layout-column fusion_builder_column fusion-builder-column-1 fusion-flex-column\" style=\"--awb-bg-size:cover;--awb-width-large:80%;--awb-margin-top-large:0px;--awb-spacing-right-large:2.4%;--awb-margin-bottom-large:20px;--awb-spacing-left-large:2.4%;--awb-width-medium:80%;--awb-order-medium:0;--awb-spacing-right-medium:2.4%;--awb-spacing-left-medium:2.4%;--awb-width-small:100%;--awb-order-small:0;--awb-spacing-right-small:1.92%;--awb-spacing-left-small:1.92%;\" data-scroll-devices=\"small-visibility,medium-visibility,large-visibility\"><div class=\"fusion-column-wrapper fusion-column-has-shadow fusion-flex-justify-content-flex-start fusion-content-layout-column\"><div class=\"fusion-title title fusion-title-1 fusion-sep-none fusion-title-text fusion-title-size-one\" style=\"--awb-margin-top-small:10px;--awb-margin-right-small:0px;--awb-margin-bottom-small:10px;--awb-margin-left-small:0px;\"><h1 class=\"fusion-title-heading title-heading-left\" style=\"margin:0;\"><p style=\"text-align: center;\">6. Nab\u00f3r: INT06\/2025<\/p>\n<p style=\"text-align: center;\">Priorytet 2 (CS 2.4\u00a0 + CS 2.7 )<\/p>\n<p style=\"text-align: center;\">i 3 Priorytet (CS 4.2)<\/p><\/h1><\/div><div class=\"fusion-text fusion-text-1\" style=\"--awb-margin-top:-20px;\"><p style=\"text-align: center;\"><strong>aktualizacja w dniu <\/strong><strong>30.03.2026 r.<\/strong><\/p>\n<\/div><\/div><\/div><div class=\"fusion-layout-column fusion_builder_column fusion-builder-column-2 fusion-flex-column\" style=\"--awb-bg-size:cover;--awb-width-large:10%;--awb-margin-top-large:0px;--awb-spacing-right-large:19.2%;--awb-margin-bottom-large:20px;--awb-spacing-left-large:19.2%;--awb-width-medium:10%;--awb-order-medium:0;--awb-spacing-right-medium:19.2%;--awb-spacing-left-medium:19.2%;--awb-width-small:100%;--awb-order-small:0;--awb-spacing-right-small:1.92%;--awb-spacing-left-small:1.92%;\" data-scroll-devices=\"small-visibility,medium-visibility,large-visibility\"><div class=\"fusion-column-wrapper fusion-column-has-shadow fusion-flex-justify-content-flex-start fusion-content-layout-column\"><\/div><\/div><\/div><\/div><div class=\"fusion-fullwidth fullwidth-box fusion-builder-row-2 fusion-flex-container has-pattern-background has-mask-background nonhundred-percent-fullwidth non-hundred-percent-height-scrolling\" style=\"--awb-border-radius-top-left:0px;--awb-border-radius-top-right:0px;--awb-border-radius-bottom-right:0px;--awb-border-radius-bottom-left:0px;--awb-flex-wrap:wrap;\" ><div class=\"fusion-builder-row fusion-row fusion-flex-align-items-flex-start fusion-flex-content-wrap\" style=\"max-width:1586px;margin-left: calc(-4% \/ 2 );margin-right: calc(-4% \/ 2 );\"><div class=\"fusion-layout-column fusion_builder_column fusion-builder-column-3 fusion_builder_column_1_1 1_1 fusion-flex-column\" style=\"--awb-bg-size:cover;--awb-width-large:100%;--awb-margin-top-large:0px;--awb-spacing-right-large:1.92%;--awb-margin-bottom-large:20px;--awb-spacing-left-large:1.92%;--awb-width-medium:100%;--awb-order-medium:0;--awb-spacing-right-medium:1.92%;--awb-spacing-left-medium:1.92%;--awb-width-small:100%;--awb-order-small:0;--awb-spacing-right-small:1.92%;--awb-spacing-left-small:1.92%;\"><div class=\"fusion-column-wrapper fusion-column-has-shadow fusion-flex-justify-content-flex-start fusion-content-layout-column\"><div class=\"fusion-text fusion-text-2\" style=\"--awb-margin-top:30px;\"><p><strong>UWAGA Przed\u0142u\u017cenie naboru<\/strong><\/p>\n<p>Prosz\u0119 zwr\u00f3ci\u0107 uwag\u0119 na nast\u0119puj\u0105ce modyfikacje warunk\u00f3w naboru z dnia 30.03.2026 r.:<\/p>\n<ul>\n<li>1. Tematyka i bud\u017cet naboru<\/li>\n<li>(NOWO\u015a\u0106) 3. Czas trwania projektu<\/li>\n<li>(NOWO\u015a\u0106) 9. Zaliczki<\/li>\n<li>(NOWO\u015a\u0106) 10. Projekty regularne<\/li>\n<li>(NOWO\u015a\u0106) 11. Wyb\u00f3r projekt\u00f3w<\/li>\n<li>13. Doradztwo w zakresie wniosk\u00f3w i wst\u0119pna weryfikacja wniosk\u00f3w.<\/li>\n<\/ul>\n<\/div><\/div><\/div><\/div><\/div><div class=\"fusion-fullwidth fullwidth-box fusion-builder-row-3 fusion-flex-container has-pattern-background has-mask-background nonhundred-percent-fullwidth non-hundred-percent-height-scrolling\" style=\"--awb-border-radius-top-left:0px;--awb-border-radius-top-right:0px;--awb-border-radius-bottom-right:0px;--awb-border-radius-bottom-left:0px;--awb-flex-wrap:wrap;\" ><div class=\"fusion-builder-row fusion-row fusion-flex-align-items-flex-start fusion-flex-content-wrap\" style=\"max-width:1586px;margin-left: calc(-4% \/ 2 );margin-right: calc(-4% \/ 2 );\"><div class=\"fusion-layout-column fusion_builder_column fusion-builder-column-4 fusion_builder_column_1_1 1_1 fusion-flex-column\" style=\"--awb-bg-size:cover;--awb-width-large:100%;--awb-margin-top-large:0px;--awb-spacing-right-large:1.92%;--awb-margin-bottom-large:20px;--awb-spacing-left-large:1.92%;--awb-width-medium:100%;--awb-order-medium:0;--awb-spacing-right-medium:1.92%;--awb-spacing-left-medium:1.92%;--awb-width-small:100%;--awb-order-small:0;--awb-spacing-right-small:1.92%;--awb-spacing-left-small:1.92%;\"><div class=\"fusion-column-wrapper fusion-column-has-shadow fusion-flex-justify-content-flex-start fusion-content-layout-column\"><div class=\"fusion-text fusion-text-3\" style=\"--awb-margin-top:20px;\"><h3 style=\"text-align: left;\">1. Tematyka i bud\u017cet naboru<\/h3>\n<\/div><div class=\"fusion-text fusion-text-4\"><p style=\"text-align: left;\">W ramach trwaj\u0105cego naboru INT06\/2025 dost\u0119pne s\u0105 obecnie nast\u0119puj\u0105ce<\/p>\n<p>\u015brodki pozosta\u0142e (EFRR) w podziale na poszczeg\u00f3lne cele szczeg\u00f3\u0142owe (CS):<\/p>\n<p><strong>SZ 2.4 Przystosowanie do zmian klimatu<\/strong>: ok. 11,77 mln EUR<\/p>\n<p><strong>SZ 2.7 Ochrona przyrody i bior\u00f3\u017cnorodno\u015b\u0107<\/strong>: ok. 7,26 mln EUR<\/p>\n<p><strong>SZ 4.2 Edukacja<\/strong>: ok. 6,54 mln EUR<\/p>\n<p>Podane \u015brodki stanowi\u0105 ca\u0142kowity kontyngent Programu dost\u0119pny w momencie publikacji zaktualizowanych warunk\u00f3w naboru dla danego celu szczeg\u00f3\u0142owego. Ca\u0142kowity kontyngent mo\u017ce ulec zmianie w dowolnym momencie. Program zastrzega sobie prawo do przenoszenia \u015brodk\u00f3w mi\u0119dzy celami szczeg\u00f3\u0142owymi i priorytetami (art. 19 ust. 5 rozporz\u0105dzenia (UE) 2021\/1059).<\/p>\n<p><strong>! Uwaga: <\/strong>W obr\u0119bie ka\u017cdego z cel\u00f3w szczeg\u00f3\u0142owych priorytetowo traktowane b\u0119d\u0105 projekty zapewniaj\u0105ce osi\u0105gni\u0119cie wska\u017anik\u00f3w, kt\u00f3rych warto\u015b\u0107 znajduje si\u0119 obecnie poni\u017cej przyj\u0119tych za\u0142o\u017ce\u0144 i tym samym szczeg\u00f3lnie przyczyni\u0105 si\u0119 do osi\u0105gni\u0119cia cel\u00f3w Programu Wsp\u00f3\u0142pracy.<\/p>\n<h5>Priorytet 2: Wsp\u00f3lne przezwyci\u0119\u017canie zmian klimatu i ochrona przyrody<\/h5>\n<p><strong>W celu szczeg\u00f3\u0142owym 2.4: Przystosowanie do zmian klimatu<\/strong><\/p>\n<p>preferowane b\u0119d\u0105 projekty, kt\u00f3re:<\/p>\n<ol>\n<li>wsp\u00f3lnie opracowuj\u0105 nowe strategie i cele oraz wdra\u017caj\u0105 je za pomoc\u0105 plan\u00f3w dzia\u0142ania ukierunkowanych na realizacj\u0119 proces\u00f3w zorientowanych na cele<\/li>\n<li>opracowuj\u0105 rozwi\u0105zania na podstawie wsp\u00f3lnych dzia\u0142a\u0144 pilota\u017cowych<\/li>\n<li>prowadz\u0105 do przyj\u0119cia i wdro\u017cenia wsp\u00f3lnych strategii i plan\u00f3w dzia\u0142ania przez organizacje w okresie trwania projektu lub po jego zako\u0144czeniu<\/li>\n<li>umo\u017cliwiaj\u0105 uczestnictwo w dzia\u0142aniach transgranicznych organizowanych przez partner\u00f3w i partner\u00f3w stowarzyszonych w ramach kontynuacji wsp\u00f3\u0142pracy po zako\u0144czeniu projektu.<\/li>\n<\/ol>\n<p><strong>W celu szczeg\u00f3\u0142owym 2.7: Ochrona przyrody i bior\u00f3\u017cnorodno\u015b\u0107<\/strong><\/p>\n<p>preferowane b\u0119d\u0105 projekty, kt\u00f3re:<\/p>\n<ol>\n<li>umo\u017cliwiaj\u0105 udzia\u0142 w dzia\u0142aniach transgranicznych organizowanych przez partner\u00f3w<br \/>\ni partner\u00f3w stowarzyszonych po zako\u0144czeniu projektu w ramach kontynuacji wsp\u00f3\u0142pracy.<\/li>\n<\/ol>\n<h5>Priorytet 3: Umo\u017cliwienie lepszego uczestnictwa w transgranicznym \u017cyciu codziennym poprzez j\u0119zyk, kultur\u0119 i turystyk\u0119<\/h5>\n<p><strong>W celu szczeg\u00f3\u0142owym 4.2: Edukacja<\/strong><\/p>\n<p>preferowane b\u0119d\u0105 projekty, kt\u00f3re:<\/p>\n<ol>\n<li>przekazuj\u0105 wiedz\u0119 w trakcie wielu spotka\u0144 realizowanych w ramach dzia\u0142ania edukacyjnego i umo\u017cliwiaj\u0105 uczestnikom uko\u0144czenie wsp\u00f3lnego programu szkoleniowego dofinansowanego w ramach projektu.<\/li>\n<\/ol>\n<\/div><div class=\"fusion-text fusion-text-5\" style=\"--awb-margin-top:20px;\"><h3>2. Termin sk\u0142adania wniosk\u00f3w<\/h3>\n<\/div><div class=\"fusion-text fusion-text-6\"><p>Wnioski mo\u017cna sk\u0142ada\u0107 <strong>w dowolnym momencie<\/strong> od 31 marca 2025 r. (godz. 8:00) do 30 listopada 2026 r. (godz. 16:00).<\/p>\n<\/div><div class=\"fusion-text fusion-text-7\" style=\"--awb-margin-top:20px;\"><h3>3. Czas trwania projektu<\/h3>\n<\/div><div class=\"fusion-text fusion-text-8\"><p>W zale\u017cno\u015bci od terminu z\u0142o\u017cenia wniosku maksymalny czas trwania projektu wynosi od 24 do 30 miesi\u0119cy. Okres realizacji projektu mo\u017ce trwa\u0107 najd\u0142u\u017cej do 30 czerwca 2029 r.<\/p>\n<\/div><div class=\"fusion-text fusion-text-9\" style=\"--awb-margin-top:20px;\"><h3>4. Forma sk\u0142adania wniosku<\/h3>\n<\/div><div class=\"fusion-text fusion-text-10\"><p>Wniosek o dofinansowanie jest sk\u0142adany online przez partnera wiod\u0105cego za po\u015brednictwem systemu Jems.<\/p>\n<p>Wniosek o dofinansowanie jest wype\u0142niany w j\u0119zyku polskim i niemieckim. Obie wersje j\u0119zykowe musz\u0105 mie\u0107 identyczn\u0105 tre\u015b\u0107.<\/p>\n<p>Podpisane Potwierdzenie do wniosku z\u0142o\u017conego elektronicznie musi wp\u0142yn\u0105\u0107 do Wsp\u00f3lnego Sekretariatu w oryginalnej wersji papierowej nie p\u00f3\u017aniej ni\u017c 14 dni kalendarzowych po zako\u0144czeniu naboru (patrz punkt 12).<\/p>\n<ul>\n<li>Dost\u0119p do systemu Jems: <a href=\"https:\/\/jems-interreg6a.net\/\">https:\/\/jems-interreg6a.net\/ <\/a>lub za po\u015brednictwem strony internetowej Programu: <a href=\"http:\/\/www.interreg6a.net\/pl\/\">interreg6a.net<\/a><\/li>\n<li>Instrukcje online do Jems: <a href=\"https:\/\/www.interreg6a.net\/pl\/jems\/\">https:\/\/www.interreg6a.net\/jems\/<\/a><\/li>\n<li>Wnioski mo\u017cna przygotowa\u0107 z wyprzedzeniem, korzystaj\u0105c z formularza do wniosku offline! <a href=\"https:\/\/www.interreg6a.net\/pl\/skladanie-wnioskow\/\">https:\/\/www.interreg6a.net\/pl\/skladanie-wnioskow\/<\/a><\/li>\n<li>Dalsze wsparcie dla Jems zapewnia serwis pomocy technicznej: <a href=\"mailto:jems@interreg6a.net\">jems@interreg6a.net<\/a><\/li>\n<\/ul>\n<\/div><div class=\"fusion-text fusion-text-11\" style=\"--awb-margin-top:20px;\"><h3>5. Przyk\u0142adowi beneficjenci<\/h3>\n<\/div><div class=\"fusion-text fusion-text-12\"><h5>Priorytet 2<\/h5>\n<ul>\n<li>Administracje pa\u0144stwowe<\/li>\n<li>Jednostki samorz\u0105du terytorialnego oraz jednostki administracji rz\u0105dowej<\/li>\n<li>Szko\u0142y wy\u017csze i plac\u00f3wki badawcze<\/li>\n<li>Organizacje pozarz\u0105dowe oraz przedsi\u0119biorstwa i instytucje dzia\u0142aj\u0105ce w interesie og\u00f3lnym<\/li>\n<\/ul>\n<\/div><div class=\"fusion-text fusion-text-13\"><h5>Priorytet 3<\/h5>\n<ul>\n<li>Podmioty kszta\u0142cenia i edukacji, jak i szko\u0142y wy\u017csze<\/li>\n<li>Jednostki samorz\u0105du terytorialnego i pa\u0144stwowa administracja o\u015bwiatowa<\/li>\n<li>Izby przemys\u0142owo &#8211; handlowe i rzemie\u015blnicze oraz inne instytucje oko\u0142obiznesowe<\/li>\n<li>Zwi\u0105zki zawodowe<\/li>\n<li>Urz\u0119dy pracy<\/li>\n<li>Organizacje pozarz\u0105dowe oraz przedsi\u0119biorstwa i instytucje dzia\u0142aj\u0105ce w interesie og\u00f3lnym.<\/li>\n<\/ul>\n<\/div><div class=\"fusion-text fusion-text-14\"><p>W ka\u017cdym projekcie musi by\u0107 co najmniej jeden partner z Polski i jeden z Niemiec \u2013 obaj z bud\u017cetami EFRR.<\/p>\n<p>Partnerzy projektu wyznaczaj\u0105 jednego partnera wiod\u0105cego (Leadpartnera).<\/p>\n<p>W Programie rol\u0119 partnera wiod\u0105cego mog\u0105 pe\u0142ni\u0107 tylko organizacje publiczne (Podr\u0119cznik Rozdzia\u0142 2.1 Partnerstwo projektu).<\/p>\n<\/div><div class=\"fusion-text fusion-text-15\" style=\"--awb-margin-top:20px;\"><h3>6.\u00a0Obszar Programu<\/h3>\n<\/div><div class=\"fusion-text fusion-text-16\"><p>Zasadniczo wszyscy partnerzy projektu posiadaj\u0105 sw\u0105 siedzib\u0119 w regionach tworz\u0105cych obszar Programu (Podr\u0119cznik Rozdzia\u0142 1.3 Obszar Programu). O ile mo\u017cliwe jest osi\u0105gni\u0119cie bardziej efektywnej i wi\u0119kszej transgranicznej warto\u015bci dodanej projekt\u00f3w, Program zach\u0119ca r\u00f3wnie\u017c partner\u00f3w projekt\u00f3w z innych polsko-niemieckich obszar\u00f3w wsparcia do w\u0142\u0105czenia si\u0119 w realizacj\u0119 ponadprogramowych projekt\u00f3w.<\/p>\n<p>W wyj\u0105tkowych i uzasadnionych przypadkach partnerzy projektu maj\u0105cy siedzib\u0119 poza obszarem Programu mog\u0105 r\u00f3wnie\u017c uczestniczy\u0107 w projektach Interreg. Decyduj\u0105cym warunkiem jest w tym przypadku to, \u017ce dzia\u0142ania projektowe tego partnera s\u0105 realizowane na rzecz obszaru Programu, generuj\u0105 dla niego widoczn\u0105 warto\u015b\u0107 dodan\u0105 oraz dzia\u0142ania te s\u0105 niezb\u0119dne dla realizacji projektu.<\/p>\n<\/div><div class=\"fusion-text fusion-text-17\" style=\"--awb-margin-top:20px;\"><h3>7. Obszar tematyczny wniosk\u00f3w o dofinansowanie<\/h3>\n<\/div><div class=\"fusion-text fusion-text-18\"><p>Program Wsp\u00f3\u0142pracy okre\u015bla cechy specyficzne dla ka\u017cdego z cel\u00f3w szczeg\u00f3\u0142owych, kt\u00f3re s\u0105 brane pod uwag\u0119 przy ocenie wniosk\u00f3w o dofinansowanie.<\/p>\n<p>Wi\u0119cej informacji na temat dofinansowywanych cel\u00f3w i oczekiwanych rodzaj\u00f3w dzia\u0142a\u0144 mo\u017cna znale\u017a\u0107 pod nast\u0119puj\u0105cym linkiem:<\/p>\n<ul>\n<li>dla priorytetu 2 <a href=\"https:\/\/www.interreg6a.net\/pl\/priorytet-2\/\">https:\/\/www.interreg6a.net\/prioritaet-2\/ <\/a>i<\/li>\n<li>dla priorytetu 3 <a href=\"https:\/\/www.interreg6a.net\/pl\/priorytet-3\/\">https:\/\/www.interreg6a.net\/prioritaet-3\/<\/a><\/li>\n<\/ul>\n<p>oraz w Podr\u0119czniku Programu, rozdzia\u0142 1.2 Priorytety Programu.<\/p>\n<p>Szczeg\u00f3lnie preferowane s\u0105 projekty strategiczne, kt\u00f3re dotycz\u0105 ponadprogramowych wyzwa\u0144.<\/p>\n<ul>\n<li>Podr\u0119cznik Programu Rozdzia\u0142 5.3 Projekty strategiczne<\/li>\n<li>Strona internetowa Programu: <a href=\"https:\/\/www.interreg6a.net\/pl\/projekty-strategiczne\/\">https:\/\/www.interreg6a.net\/pl\/projekty-strategiczne\/<\/a><\/li>\n<\/ul>\n<\/div><div class=\"fusion-text fusion-text-19\" style=\"--awb-margin-top:20px;\"><h3>8.\u00a0Poziom dofinansowania projekt\u00f3w<\/h3>\n<\/div><div class=\"fusion-text fusion-text-20\"><p>W ramach Programu, projekty mog\u0105 otrzyma\u0107 wsparcie z EFRR w wysoko\u015bci do 80% wydatk\u00f3w kwalifikowanych.<\/p>\n<p>Na koszty przygotowania projektu mo\u017cna ubiega\u0107 si\u0119 o kwot\u0119 rycza\u0142tow\u0105 w wysoko\u015bci 10.560,00 EUR EFRR.<\/p>\n<p>Na koszty zako\u0144czenia projektu mo\u017cna si\u0119 ubiega\u0107 o kwot\u0119 rycza\u0142tow\u0105 w wysoko\u015bci 6.720 EUR z EFRR.<\/p>\n<p>Zasady kwalifikowalno\u015bci znajduj\u0105 si\u0119 w Podr\u0119czniku Programu Rozdzia\u0142 4 Wytyczne kwalifikowalno\u015bci wydatk\u00f3w.<\/p>\n<p>Podr\u0119cznik Programu: <a href=\"https:\/\/www.interreg6a.net\/pl\/podrecznik-programu\/\">https:\/\/www.interreg6a.net\/pl\/podrecznik-programu\/<\/a><\/p>\n<\/div><div class=\"fusion-text fusion-text-21\" style=\"--awb-margin-top:20px;\"><h3>9. Zaliczki dla projekt\u00f3w<\/h3>\n<\/div><div class=\"fusion-text fusion-text-22\"><p>Po wyborze projektu i w trakcie fazy wyja\u015bniaj\u0105cej projekty regularne maj\u0105 mo\u017cliwo\u015b\u0107 ubiegania si\u0119 o zaliczk\u0119 w wysoko\u015bci 15% zatwierdzonego bud\u017cetu projektu (EFRR). Nie jest wymagane uzasadnienie. (Podr\u0119cznik Programu, rozdzia\u0142 6.1)<\/p>\n<p>Zaliczka zostanie wyp\u0142acona partnerowi wiod\u0105cemu po podpisaniu umowy o dofinansowanie i pod warunkiem dost\u0119pno\u015bci \u015brodk\u00f3w bud\u017cetowych. Partner wiod\u0105cy przekazuje cz\u0119\u015bci zaliczki partnerom projektu. Wniosek o zaliczk\u0119 mo\u017cna pobra\u0107 ze strony internetowej Programu: <a href=\"https:\/\/www.interreg6a.net\/pl\/kontraktacja-projektu\/\">https:\/\/www.interreg6a.net\/pl\/kontraktacja-projektu\/<\/a><\/p>\n<\/div><div class=\"fusion-text fusion-text-23\" style=\"--awb-margin-top:20px;\"><h3>10. Regularne projekty<\/h3>\n<\/div><div class=\"fusion-text fusion-text-24\"><p><strong>W ramach 6. naboru mo\u017cna sk\u0142ada\u0107 wy\u0142\u0105cznie wnioski dotycz\u0105ce projekt\u00f3w regularnych<\/strong>; s\u0105 to projekty o ca\u0142kowitym bud\u017cecie powy\u017cej 200 000 EUR.<\/p>\n<p>Wnioski dotycz\u0105ce projekt\u00f3w o ma\u0142ej skali (Podr\u0119cznik Programu, rozdzia\u0142 5.2), kt\u00f3rych ca\u0142kowity bud\u017cet nie przekracza 200 000 EUR, mo\u017cna sk\u0142ada\u0107 wy\u0142\u0105cznie w ramach naboru 7.<\/p>\n<\/div><div class=\"fusion-text fusion-text-25\" style=\"--awb-margin-top:20px;\"><h3>11. Wyb\u00f3r projektu<\/h3>\n<\/div><div class=\"fusion-text fusion-text-26\"><p>Zapisy dotycz\u0105ce oceny projekt\u00f3w znajduj\u0105 si\u0119 w Podr\u0119czniku Programu Rozdzia\u0142 3.3 Wyb\u00f3r projekt\u00f3w.<\/p>\n<p>Decyzj\u0119 o wyborze projekt\u00f3w podejmuje Komitet Monitoruj\u0105cy Programu Wsp\u00f3\u0142pracy Interreg VI A Meklemburgia-Pomorze Przednie \/ Brandenburgia \/ Polska 2021\u20132027 (posiedzenie online lub stacjonarne).<\/p>\n<p>Terminy wyboru projekt\u00f3w b\u0119d\u0105 ustalane w zale\u017cno\u015bci od liczby z\u0142o\u017conych wniosk\u00f3w projektowych na koniec ka\u017cdego kwarta\u0142u \u2013 pocz\u0105wszy od II kwarta\u0142u 2026 r.<\/p>\n<p>Aby wnioski zosta\u0142y zakwalifikowane do wyboru w najbli\u017cszym terminie, nale\u017cy je z\u0142o\u017cy\u0107 najp\u00f3\u017aniej 4 miesi\u0105ce przed ko\u0144cem kwarta\u0142u; tj. na przyk\u0142ad: wnioskodawcy sk\u0142adaj\u0105 ostateczny wniosek najp\u00f3\u017aniej do 31.05.2026 r., aby Komitet Monitoruj\u0105cy m\u00f3g\u0142 podj\u0105\u0107 decyzj\u0119 o wyborze projekt\u00f3w pod koniec trzeciego kwarta\u0142u.<\/p>\n<p><strong>Wyb\u00f3r projekt\u00f3w odbywa si\u0119 przede wszystkim na podstawie stanu dost\u0119pnych, pozosta\u0142ych \u015brodk\u00f3w i spe\u0142nienia wska\u017anik\u00f3w w momencie podejmowania decyzji o wyborze.<\/strong><\/p>\n<p><strong>Wskaz\u00f3wka<\/strong>: Nie ma prawnego roszczenia, \u017ce wniosek o dofinansowanie zostanie przed\u0142o\u017cony Komitetowi Monitoruj\u0105cemu do rozpatrzenia. Decyduj\u0105ce znaczenie ma to, czy Wsp\u00f3lne Sekretariat b\u0119dzie w stanie zako\u0144czy\u0107 ocen\u0119 w odpowiednim terminie.<\/p>\n<p>Wszyscy wnioskodawcy maj\u0105 prawo z\u0142o\u017cy\u0107 odwo\u0142anie od procedury oceny i wyboru (patrz Podr\u0119cznik Programu, rozdzia\u0142 3.4).<\/p>\n<\/div><div class=\"fusion-text fusion-text-27\" style=\"--awb-margin-top:20px;\"><h3>12. Za\u0142\u0105czniki do sk\u0142adanego wniosku o dofinansowanie<\/h3>\n<\/div><div class=\"fusion-text fusion-text-28\"><p>Za\u0142\u0105czniki do sk\u0142adanego wniosku o dofinansowanie (faza 1) znajduj\u0105 si\u0119 w Podr\u0119czniku Programu Rozdzia\u0142 8.2. Poni\u017csze za\u0142\u0105czniki nale\u017cy zachowa\u0107 bez zmian: <a href=\"https:\/\/www.interreg6a.net\/pl\/skladanie-wnioskow\/\">https:\/\/www.interreg6a.net\/pl\/skladanie-wnioskow\/<\/a><\/p>\n<ul>\n<li>Potwierdzenie do wniosku z\u0142o\u017conego elektronicznie (DE, PL)<\/li>\n<li>Porozumienie partnerskie w celu uregulowania obowi\u0105zk\u00f3w i praw partner\u00f3w w trakcie realizacji projektu w ramach (DE, PL)<\/li>\n<li>O\u015bwiadczenie dot. przestrzegania Karty Praw Podstawowych (PL)<\/li>\n<li>O\u015bwiadczenie zobowi\u0105zuj\u0105ce partnera stowarzyszonego (DE, PL)<\/li>\n<\/ul>\n<\/div><div class=\"fusion-text fusion-text-29\"><h3>13. Doradztwo w sprawie wniosk\u00f3w i wst\u0119pna weryfikacja wniosku<\/h3>\n<\/div><div class=\"fusion-text fusion-text-30\"><p>Pomys\u0142y na projekty mo\u017cna omawia\u0107 indywidualnie ze Wsp\u00f3lnym Sekretariatem na podstawie zarysu projektu.<\/p>\n<ul>\n<li>Prosimy o um\u00f3wienie si\u0119 na spotkanie ze Wsp\u00f3lnym Sekretariatem z odpowiednim wyprzedzeniem: <a href=\"https:\/\/www.interreg6a.net\/pl\/spotkania-doradcze-nowe-terminy\/\">https:\/\/www.interreg6a.net\/pl\/spotkania-doradcze-nowe-terminy\/<\/a><\/li>\n<li>Zarys projektu: <a href=\"https:\/\/www.interreg6a.net\/pl\/skladanie-wnioskow\/\">https:\/\/www.interreg6a.net\/pl\/skladanie-wnioskow\/<\/a><\/li>\n<\/ul>\n<\/div><div class=\"fusion-text fusion-text-31\"><h5>Wcze\u015bniejsza weryfikacja wniosku<\/h5>\n<\/div><div class=\"fusion-text fusion-text-32\"><p>Program oferuje r\u00f3wnie\u017c mo\u017cliwo\u015b\u0107 wst\u0119pnej weryfikacji wniosku na zasadzie dobrowolno\u015bci.<\/p>\n<p>S\u0142u\u017cy ona zapewnieniu jako\u015bci, ma na celu u\u0142atwienie i przyspieszenie oceny oraz wyboru projekt\u00f3w, a tak\u017ce uwidocznienie mocnych stron, s\u0142abych stron i potencjalnych zagro\u017ce\u0144 zwi\u0105zanych z wyborem projektu.<\/p>\n<p>W celu przeprowadzenia wst\u0119pnej weryfikacji wniosku nale\u017cy przes\u0142a\u0107 <strong>ostateczn\u0105 wersj\u0119 wniosku<\/strong> <strong>poza systemem Jems<\/strong> do Wsp\u00f3lnego Sekretariatu <strong>co najmniej 6 tygodni przed oficjalnym z\u0142o\u017ceniem projektu w systemie Jems i najp\u00f3\u017aniej do dnia 15 pa\u017adziernika 2026 r., je\u015bli planowane jest z\u0142o\u017cenie wniosku w terminie ko\u0144cowym naboru (30 listopada 2026 r.)<\/strong>.<\/p>\n<p>W celu pomy\u015blnej weryfikacji wniosku zaleca si\u0119 wygenerowanie wype\u0142nionego formularza wniosku za pomoc\u0105 eksportu wniosku PDF w systemie Jems. Alternatywnie mo\u017cna u\u017cy\u0107 formularza wniosku offline (Pobierz: <a href=\"https:\/\/www.interreg6a.net\/pl\/skladanie-wnioskow\/\">https:\/\/www.interreg6a.net\/pl\/skladanie-wnioskow\/<\/a>).<\/p>\n<p>W miar\u0119 mo\u017cliwo\u015bci zg\u0142oszenia nale\u017cy przesy\u0142a\u0107 do Wsp\u00f3lnego Sekretariatu poczt\u0105 elektroniczn\u0105 w obu wersjach j\u0119zykowych.<\/p>\n<p>W rezultacie wnioskodawcy otrzymuj\u0105 w ci\u0105gu 14 dni pisemn\u0105 informacj\u0119 zwrotn\u0105 dotycz\u0105c\u0105, mi\u0119dzy innymi takich aspekt\u00f3w jak:<\/p>\n<ul>\n<li>czytelno\u015b\u0107 i zrozumia\u0142o\u015b\u0107<\/li>\n<li>transgraniczna warto\u015b\u0107 dodana wniosku oraz<\/li>\n<li>jego zgodno\u015b\u0107 z wybranym celem szczeg\u00f3\u0142owym.<\/li>\n<\/ul>\n<p>Nie ma dalszych konsultacji w sprawie wyniku wst\u0119pnej weryfikacji wniosku.<\/p>\n<p><strong>! Uwaga<\/strong>: W przypadku korzystania ze wst\u0119pnej weryfikacji wniosku nie ma roszczenia prawnego do p\u00f3\u017aniejszego wyboru projektu przez Komitet Monitoruj\u0105cy.<\/p>\n<\/div><div class=\"fusion-text fusion-text-33\" style=\"--awb-margin-top:30px;\"><h5>Pytania nale\u017cy kierowa\u0107 do:<\/h5>\n<p>Wsp\u00f3lny Sekretariat Interreg VI A<br \/>\nErnst-Th\u00e4lmann-Str. 4<br \/>\nD \u2013 17321 L\u00f6cknitz<\/p>\n<p>E-Mail: <a href=\"mailto:info@interreg6a.net\">info@interreg6a.net<\/a><\/p>\n<\/div><\/div><\/div><div class=\"fusion-layout-column fusion_builder_column fusion-builder-column-5 fusion_builder_column_1_5 1_5 fusion-flex-column\" style=\"--awb-bg-size:cover;--awb-width-large:20%;--awb-margin-top-large:0px;--awb-spacing-right-large:9.6%;--awb-margin-bottom-large:20px;--awb-spacing-left-large:9.6%;--awb-width-medium:20%;--awb-order-medium:0;--awb-spacing-right-medium:9.6%;--awb-spacing-left-medium:9.6%;--awb-width-small:100%;--awb-order-small:0;--awb-spacing-right-small:1.92%;--awb-spacing-left-small:1.92%;\"><div class=\"fusion-column-wrapper fusion-column-has-shadow fusion-flex-justify-content-flex-start fusion-content-layout-column\"><div style=\"text-align:left;\"><a class=\"fusion-button button-flat button-large button-custom fusion-button-default button-1 fusion-button-default-span fusion-button-default-type fusion-has-button-gradient button\" style=\"--button_accent_color:var(--awb-color2);--button_accent_hover_color:var(--awb-color1);--button_border_hover_color:var(--awb-color1);--button_gradient_angle:69deg;--button_gradient_top_color:#c0d1ea;--button_gradient_bottom_color:#e4ebf6;--button_gradient_top_color_hover:hsla(var(--awb-custom_color_4-h),calc(var(--awb-custom_color_4-s) - 5%),calc(var(--awb-custom_color_4-l) - 10%),var(--awb-custom_color_4-a));--button_gradient_bottom_color_hover:hsla(var(--awb-color2-h),calc(var(--awb-color2-s) - 5%),calc(var(--awb-color2-l) - 10%),var(--awb-color2-a));--button_margin-bottom:1%;\" target=\"_self\" href=\"https:\/\/www.interreg6a.net\/pl\/osoby-do-kontaktu\/\"><i class=\"icon-kontakt awb-button__icon awb-button__icon--default button-icon-left\" aria-hidden=\"true\"><\/i><span class=\"fusion-button-text awb-button__text awb-button__text--default\">Osoby do kontaktu<\/span><\/a><\/div><\/div><\/div><div class=\"fusion-layout-column fusion_builder_column fusion-builder-column-6 fusion_builder_column_4_5 4_5 fusion-flex-column\" style=\"--awb-bg-size:cover;--awb-width-large:80%;--awb-margin-top-large:0px;--awb-spacing-right-large:2.4%;--awb-margin-bottom-large:20px;--awb-spacing-left-large:2.4%;--awb-width-medium:80%;--awb-order-medium:0;--awb-spacing-right-medium:2.4%;--awb-spacing-left-medium:2.4%;--awb-width-small:100%;--awb-order-small:0;--awb-spacing-right-small:1.92%;--awb-spacing-left-small:1.92%;\"><div class=\"fusion-column-wrapper fusion-column-has-shadow fusion-flex-justify-content-flex-start fusion-content-layout-column\"><\/div><\/div><\/div><\/div><div class=\"fusion-fullwidth fullwidth-box fusion-builder-row-4 fusion-flex-container has-pattern-background has-mask-background nonhundred-percent-fullwidth non-hundred-percent-height-scrolling\" style=\"--awb-border-radius-top-left:0px;--awb-border-radius-top-right:0px;--awb-border-radius-bottom-right:0px;--awb-border-radius-bottom-left:0px;--awb-margin-top:50px;--awb-flex-wrap:wrap;\" ><div class=\"fusion-builder-row fusion-row fusion-flex-align-items-flex-start fusion-flex-content-wrap\" style=\"max-width:1586px;margin-left: calc(-4% \/ 2 );margin-right: calc(-4% \/ 2 );\"><div class=\"fusion-layout-column fusion_builder_column fusion-builder-column-7 fusion_builder_column_1_1 1_1 fusion-flex-column\" style=\"--awb-bg-size:cover;--awb-width-large:100%;--awb-margin-top-large:0px;--awb-spacing-right-large:1.92%;--awb-margin-bottom-large:20px;--awb-spacing-left-large:1.92%;--awb-width-medium:100%;--awb-order-medium:0;--awb-spacing-right-medium:1.92%;--awb-spacing-left-medium:1.92%;--awb-width-small:100%;--awb-order-small:0;--awb-spacing-right-small:1.92%;--awb-spacing-left-small:1.92%;\"><div class=\"fusion-column-wrapper fusion-column-has-shadow fusion-flex-justify-content-flex-start fusion-content-layout-column\"><div class=\"fusion-text fusion-text-34\"><h4>poprzednia wersja:<\/h4>\n<p><a href=\"https:\/\/www.interreg6a.net\/pl\/nabory\/6-nabor-stara-w1\/\">INT06\/2025 &#8211; stara wersja W1<\/a><\/p>\n<\/div><\/div><\/div><\/div><\/div><\/p>\n","protected":false},"excerpt":{"rendered":"","protected":false},"author":32,"featured_media":0,"parent":8559,"menu_order":0,"comment_status":"closed","ping_status":"closed","template":"100-width.php","meta":{"_price":"","_stock":"","_tribe_ticket_header":"","_tribe_default_ticket_provider":"","_tribe_ticket_capacity":"0","_ticket_start_date":"","_ticket_end_date":"","_tribe_ticket_show_description":"","_tribe_ticket_show_not_going":false,"_tribe_ticket_use_global_stock":"","_tribe_ticket_global_stock_level":"","_global_stock_mode":"","_global_stock_cap":"","_tribe_rsvp_for_event":"","_tribe_ticket_going_count":"","_tribe_ticket_not_going_count":"","_tribe_tickets_list":"[]","_tribe_ticket_has_attendee_info_fields":false,"footnotes":"","_tec_slr_enabled":"","_tec_slr_layout":""},"class_list":["post-23583","page","type-page","status-publish","hentry"],"yoast_head":"<!-- This site is optimized with the Yoast SEO plugin v27.3 - https:\/\/yoast.com\/product\/yoast-seo-wordpress\/ -->\n<title>6. Nab\u00f3r - Interreg VI A MV\/BB\/PL<\/title>\n<meta name=\"robots\" content=\"index, follow, max-snippet:-1, max-image-preview:large, max-video-preview:-1\" \/>\n<link rel=\"canonical\" href=\"https:\/\/www.interreg6a.net\/pl\/nabory\/6-nabor\/\" \/>\n<meta property=\"og:locale\" content=\"pl_PL\" \/>\n<meta property=\"og:type\" content=\"article\" \/>\n<meta property=\"og:title\" content=\"6. Nab\u00f3r - Interreg VI A MV\/BB\/PL\" \/>\n<meta property=\"og:url\" content=\"https:\/\/www.interreg6a.net\/pl\/nabory\/6-nabor\/\" \/>\n<meta property=\"og:site_name\" content=\"Interreg VI A MV\/BB\/PL\" \/>\n<meta property=\"article:modified_time\" content=\"2026-03-31T13:53:26+00:00\" \/>\n<meta name=\"twitter:card\" content=\"summary_large_image\" \/>\n<meta name=\"twitter:label1\" content=\"Szacowany czas czytania\" \/>\n\t<meta name=\"twitter:data1\" content=\"9 minut\" \/>\n<script type=\"application\/ld+json\" class=\"yoast-schema-graph\">{\"@context\":\"https:\\\/\\\/schema.org\",\"@graph\":[{\"@type\":\"WebPage\",\"@id\":\"https:\\\/\\\/www.interreg6a.net\\\/pl\\\/nabory\\\/6-nabor\\\/\",\"url\":\"https:\\\/\\\/www.interreg6a.net\\\/pl\\\/nabory\\\/6-nabor\\\/\",\"name\":\"6. Nab\u00f3r - Interreg VI A MV\\\/BB\\\/PL\",\"isPartOf\":{\"@id\":\"https:\\\/\\\/www.interreg6a.net\\\/pl\\\/#website\"},\"datePublished\":\"2026-03-30T11:13:01+00:00\",\"dateModified\":\"2026-03-31T13:53:26+00:00\",\"breadcrumb\":{\"@id\":\"https:\\\/\\\/www.interreg6a.net\\\/pl\\\/nabory\\\/6-nabor\\\/#breadcrumb\"},\"inLanguage\":\"pl-PL\",\"potentialAction\":[{\"@type\":\"ReadAction\",\"target\":[\"https:\\\/\\\/www.interreg6a.net\\\/pl\\\/nabory\\\/6-nabor\\\/\"]}]},{\"@type\":\"BreadcrumbList\",\"@id\":\"https:\\\/\\\/www.interreg6a.net\\\/pl\\\/nabory\\\/6-nabor\\\/#breadcrumb\",\"itemListElement\":[{\"@type\":\"ListItem\",\"position\":1,\"name\":\"Strona g\u0142\u00f3wna\",\"item\":\"https:\\\/\\\/www.interreg6a.net\\\/pl\\\/\"},{\"@type\":\"ListItem\",\"position\":2,\"name\":\"Nabory\",\"item\":\"https:\\\/\\\/www.interreg6a.net\\\/pl\\\/nabory\\\/\"},{\"@type\":\"ListItem\",\"position\":3,\"name\":\"6. Nab\u00f3r\"}]},{\"@type\":\"WebSite\",\"@id\":\"https:\\\/\\\/www.interreg6a.net\\\/pl\\\/#website\",\"url\":\"https:\\\/\\\/www.interreg6a.net\\\/pl\\\/\",\"name\":\"Interreg VI A MV\\\/BB\\\/PL\",\"description\":\"\",\"potentialAction\":[{\"@type\":\"SearchAction\",\"target\":{\"@type\":\"EntryPoint\",\"urlTemplate\":\"https:\\\/\\\/www.interreg6a.net\\\/pl\\\/?s={search_term_string}\"},\"query-input\":{\"@type\":\"PropertyValueSpecification\",\"valueRequired\":true,\"valueName\":\"search_term_string\"}}],\"inLanguage\":\"pl-PL\"}]}<\/script>\n<!-- \/ Yoast SEO plugin. -->","yoast_head_json":{"title":"6. Nab\u00f3r - Interreg VI A MV\/BB\/PL","robots":{"index":"index","follow":"follow","max-snippet":"max-snippet:-1","max-image-preview":"max-image-preview:large","max-video-preview":"max-video-preview:-1"},"canonical":"https:\/\/www.interreg6a.net\/pl\/nabory\/6-nabor\/","og_locale":"pl_PL","og_type":"article","og_title":"6. Nab\u00f3r - Interreg VI A MV\/BB\/PL","og_url":"https:\/\/www.interreg6a.net\/pl\/nabory\/6-nabor\/","og_site_name":"Interreg VI A MV\/BB\/PL","article_modified_time":"2026-03-31T13:53:26+00:00","twitter_card":"summary_large_image","twitter_misc":{"Szacowany czas czytania":"9 minut"},"schema":{"@context":"https:\/\/schema.org","@graph":[{"@type":"WebPage","@id":"https:\/\/www.interreg6a.net\/pl\/nabory\/6-nabor\/","url":"https:\/\/www.interreg6a.net\/pl\/nabory\/6-nabor\/","name":"6. Nab\u00f3r - Interreg VI A MV\/BB\/PL","isPartOf":{"@id":"https:\/\/www.interreg6a.net\/pl\/#website"},"datePublished":"2026-03-30T11:13:01+00:00","dateModified":"2026-03-31T13:53:26+00:00","breadcrumb":{"@id":"https:\/\/www.interreg6a.net\/pl\/nabory\/6-nabor\/#breadcrumb"},"inLanguage":"pl-PL","potentialAction":[{"@type":"ReadAction","target":["https:\/\/www.interreg6a.net\/pl\/nabory\/6-nabor\/"]}]},{"@type":"BreadcrumbList","@id":"https:\/\/www.interreg6a.net\/pl\/nabory\/6-nabor\/#breadcrumb","itemListElement":[{"@type":"ListItem","position":1,"name":"Strona g\u0142\u00f3wna","item":"https:\/\/www.interreg6a.net\/pl\/"},{"@type":"ListItem","position":2,"name":"Nabory","item":"https:\/\/www.interreg6a.net\/pl\/nabory\/"},{"@type":"ListItem","position":3,"name":"6. Nab\u00f3r"}]},{"@type":"WebSite","@id":"https:\/\/www.interreg6a.net\/pl\/#website","url":"https:\/\/www.interreg6a.net\/pl\/","name":"Interreg VI A MV\/BB\/PL","description":"","potentialAction":[{"@type":"SearchAction","target":{"@type":"EntryPoint","urlTemplate":"https:\/\/www.interreg6a.net\/pl\/?s={search_term_string}"},"query-input":{"@type":"PropertyValueSpecification","valueRequired":true,"valueName":"search_term_string"}}],"inLanguage":"pl-PL"}]}},"ticketed":false,"_links":{"self":[{"href":"https:\/\/www.interreg6a.net\/pl\/wp-json\/wp\/v2\/pages\/23583","targetHints":{"allow":["GET"]}}],"collection":[{"href":"https:\/\/www.interreg6a.net\/pl\/wp-json\/wp\/v2\/pages"}],"about":[{"href":"https:\/\/www.interreg6a.net\/pl\/wp-json\/wp\/v2\/types\/page"}],"author":[{"embeddable":true,"href":"https:\/\/www.interreg6a.net\/pl\/wp-json\/wp\/v2\/users\/32"}],"replies":[{"embeddable":true,"href":"https:\/\/www.interreg6a.net\/pl\/wp-json\/wp\/v2\/comments?post=23583"}],"version-history":[{"count":16,"href":"https:\/\/www.interreg6a.net\/pl\/wp-json\/wp\/v2\/pages\/23583\/revisions"}],"predecessor-version":[{"id":23795,"href":"https:\/\/www.interreg6a.net\/pl\/wp-json\/wp\/v2\/pages\/23583\/revisions\/23795"}],"up":[{"embeddable":true,"href":"https:\/\/www.interreg6a.net\/pl\/wp-json\/wp\/v2\/pages\/8559"}],"wp:attachment":[{"href":"https:\/\/www.interreg6a.net\/pl\/wp-json\/wp\/v2\/media?parent=23583"}],"curies":[{"name":"wp","href":"https:\/\/api.w.org\/{rel}","templated":true}]}}