{"id":23587,"date":"2026-03-30T13:32:08","date_gmt":"2026-03-30T11:32:08","guid":{"rendered":"https:\/\/www.interreg6a.net\/?page_id=23587"},"modified":"2026-03-31T15:51:56","modified_gmt":"2026-03-31T13:51:56","slug":"7-nabor","status":"publish","type":"page","link":"https:\/\/www.interreg6a.net\/pl\/nabory\/7-nabor\/","title":{"rendered":"7. Nab\u00f3r"},"content":{"rendered":"<p><div class=\"fusion-fullwidth fullwidth-box fusion-builder-row-1 fusion-flex-container has-pattern-background has-mask-background nonhundred-percent-fullwidth non-hundred-percent-height-scrolling\" style=\"--awb-border-radius-top-left:0px;--awb-border-radius-top-right:0px;--awb-border-radius-bottom-right:0px;--awb-border-radius-bottom-left:0px;--awb-flex-wrap:wrap;\" ><div class=\"fusion-builder-row fusion-row fusion-flex-align-items-flex-start fusion-flex-content-wrap\" style=\"max-width:1586px;margin-left: calc(-4% \/ 2 );margin-right: calc(-4% \/ 2 );\"><div class=\"fusion-layout-column fusion_builder_column fusion-builder-column-0 fusion-flex-column\" style=\"--awb-bg-size:cover;--awb-width-large:10%;--awb-margin-top-large:0px;--awb-spacing-right-large:19.2%;--awb-margin-bottom-large:20px;--awb-spacing-left-large:19.2%;--awb-width-medium:10%;--awb-order-medium:0;--awb-spacing-right-medium:19.2%;--awb-spacing-left-medium:19.2%;--awb-width-small:100%;--awb-order-small:0;--awb-spacing-right-small:1.92%;--awb-spacing-left-small:1.92%;\" data-scroll-devices=\"small-visibility,medium-visibility,large-visibility\"><div class=\"fusion-column-wrapper fusion-column-has-shadow fusion-flex-justify-content-flex-start fusion-content-layout-column\"><\/div><\/div><div class=\"fusion-layout-column fusion_builder_column fusion-builder-column-1 fusion-flex-column\" style=\"--awb-bg-size:cover;--awb-width-large:80%;--awb-margin-top-large:0px;--awb-spacing-right-large:2.4%;--awb-margin-bottom-large:20px;--awb-spacing-left-large:2.4%;--awb-width-medium:80%;--awb-order-medium:0;--awb-spacing-right-medium:2.4%;--awb-spacing-left-medium:2.4%;--awb-width-small:100%;--awb-order-small:0;--awb-spacing-right-small:1.92%;--awb-spacing-left-small:1.92%;\" data-scroll-devices=\"small-visibility,medium-visibility,large-visibility\"><div class=\"fusion-column-wrapper fusion-column-has-shadow fusion-flex-justify-content-flex-start fusion-content-layout-column\"><div class=\"fusion-title title fusion-title-1 fusion-sep-none fusion-title-text fusion-title-size-one\" style=\"--awb-margin-top-small:10px;--awb-margin-right-small:0px;--awb-margin-bottom-small:10px;--awb-margin-left-small:0px;\"><h1 class=\"fusion-title-heading title-heading-left\" style=\"margin:0;\"><p style=\"text-align: center;\">7.\u00a0Nab\u00f3r: INT07\/2025 Projekty o ma\u0142ej skali \u2013<\/p>\n<p style=\"text-align: center;\">Priorytety 1 do 4<\/p><\/h1><\/div><div class=\"fusion-text fusion-text-1\" style=\"--awb-margin-top:-20px;\"><p style=\"text-align: center;\">\u00a0<strong>aktualizacja w dniu\u00a0<\/strong><strong> 30.03.2026 r.<\/strong><\/p>\n<\/div><\/div><\/div><div class=\"fusion-layout-column fusion_builder_column fusion-builder-column-2 fusion-flex-column\" style=\"--awb-bg-size:cover;--awb-width-large:10%;--awb-margin-top-large:0px;--awb-spacing-right-large:19.2%;--awb-margin-bottom-large:20px;--awb-spacing-left-large:19.2%;--awb-width-medium:10%;--awb-order-medium:0;--awb-spacing-right-medium:19.2%;--awb-spacing-left-medium:19.2%;--awb-width-small:100%;--awb-order-small:0;--awb-spacing-right-small:1.92%;--awb-spacing-left-small:1.92%;\" data-scroll-devices=\"small-visibility,medium-visibility,large-visibility\"><div class=\"fusion-column-wrapper fusion-column-has-shadow fusion-flex-justify-content-flex-start fusion-content-layout-column\"><\/div><\/div><\/div><\/div><div class=\"fusion-fullwidth fullwidth-box fusion-builder-row-2 fusion-flex-container has-pattern-background has-mask-background nonhundred-percent-fullwidth non-hundred-percent-height-scrolling\" style=\"--awb-border-radius-top-left:0px;--awb-border-radius-top-right:0px;--awb-border-radius-bottom-right:0px;--awb-border-radius-bottom-left:0px;--awb-margin-top:30px;--awb-flex-wrap:wrap;\" ><div class=\"fusion-builder-row fusion-row fusion-flex-align-items-flex-start fusion-flex-content-wrap\" style=\"max-width:1586px;margin-left: calc(-4% \/ 2 );margin-right: calc(-4% \/ 2 );\"><div class=\"fusion-layout-column fusion_builder_column fusion-builder-column-3 fusion_builder_column_1_1 1_1 fusion-flex-column\" style=\"--awb-bg-size:cover;--awb-width-large:100%;--awb-margin-top-large:0px;--awb-spacing-right-large:1.92%;--awb-margin-bottom-large:20px;--awb-spacing-left-large:1.92%;--awb-width-medium:100%;--awb-order-medium:0;--awb-spacing-right-medium:1.92%;--awb-spacing-left-medium:1.92%;--awb-width-small:100%;--awb-order-small:0;--awb-spacing-right-small:1.92%;--awb-spacing-left-small:1.92%;\"><div class=\"fusion-column-wrapper fusion-column-has-shadow fusion-flex-justify-content-flex-start fusion-content-layout-column\"><div class=\"fusion-text fusion-text-2\" style=\"--awb-margin-top:40px px;\"><p><strong>UWAGA Rozszerzenie tematyczne naboru o cel szczeg\u00f3\u0142owy 6.1 \u201eZdolno\u015b\u0107 do wsp\u00f3\u0142pracy\u201c<\/strong><\/p>\n<p>Prosz\u0119 zwr\u00f3ci\u0107 uwag\u0119 na nast\u0119puj\u0105ce modyfikacje warunk\u00f3w naboru z dnia 30.03.2026 r.:<\/p>\n<ul>\n<li>1. Tematyka i bud\u017cet naboru<\/li>\n<li>(NOWO\u015a\u0106) 3. Czas trwania projektu<\/li>\n<li>5. Partnerstwo projektowe i przyk\u0142adowi beneficjenci \u015brodk\u00f3w<\/li>\n<li>7. Obszar tematyczny wniosk\u00f3w o dofinansowanie<\/li>\n<li>(NOWO\u015a\u0106) 10. Wyb\u00f3r projekt\u00f3w<\/li>\n<\/ul>\n<\/div><\/div><\/div><\/div><\/div><div class=\"fusion-fullwidth fullwidth-box fusion-builder-row-3 fusion-flex-container has-pattern-background has-mask-background nonhundred-percent-fullwidth non-hundred-percent-height-scrolling\" style=\"--awb-border-radius-top-left:0px;--awb-border-radius-top-right:0px;--awb-border-radius-bottom-right:0px;--awb-border-radius-bottom-left:0px;--awb-margin-top:30px;--awb-flex-wrap:wrap;\" ><div class=\"fusion-builder-row fusion-row fusion-flex-align-items-flex-start fusion-flex-content-wrap\" style=\"max-width:1586px;margin-left: calc(-4% \/ 2 );margin-right: calc(-4% \/ 2 );\"><div class=\"fusion-layout-column fusion_builder_column fusion-builder-column-4 fusion_builder_column_1_1 1_1 fusion-flex-column\" style=\"--awb-bg-size:cover;--awb-width-large:100%;--awb-margin-top-large:0px;--awb-spacing-right-large:1.92%;--awb-margin-bottom-large:20px;--awb-spacing-left-large:1.92%;--awb-width-medium:100%;--awb-order-medium:0;--awb-spacing-right-medium:1.92%;--awb-spacing-left-medium:1.92%;--awb-width-small:100%;--awb-order-small:0;--awb-spacing-right-small:1.92%;--awb-spacing-left-small:1.92%;\"><div class=\"fusion-column-wrapper fusion-column-has-shadow fusion-flex-justify-content-flex-start fusion-content-layout-column\"><div class=\"fusion-text fusion-text-3\"><p>Poni\u017csze warunki naboru (w szczeg\u00f3lno\u015bci tematyka, bud\u017cet i czas trwania) mog\u0105 by\u0107 dostosowywane w zale\u017cno\u015bci od przebiegu naboru.<\/p>\n<\/div><\/div><\/div><div class=\"fusion-layout-column fusion_builder_column fusion-builder-column-5 fusion_builder_column_1_5 1_5 fusion-flex-column\" style=\"--awb-bg-size:cover;--awb-width-large:20%;--awb-margin-top-large:0px;--awb-spacing-right-large:9.6%;--awb-margin-bottom-large:20px;--awb-spacing-left-large:9.6%;--awb-width-medium:20%;--awb-order-medium:0;--awb-spacing-right-medium:9.6%;--awb-spacing-left-medium:9.6%;--awb-width-small:100%;--awb-order-small:0;--awb-spacing-right-small:1.92%;--awb-spacing-left-small:1.92%;\"><div class=\"fusion-column-wrapper fusion-column-has-shadow fusion-flex-justify-content-flex-start fusion-content-layout-column\"><div class=\"md-text-align-right sm-text-align-right\" style=\"text-align:left;\"><a class=\"fusion-button button-flat button-large button-custom fusion-button-default button-1 fusion-button-default-span fusion-button-default-type fusion-has-button-gradient button\" style=\"--button_accent_color:var(--awb-color1);--button_accent_hover_color:var(--awb-color1);--button_border_hover_color:var(--awb-color1);--button_gradient_angle:69deg;--button_gradient_top_color:var(--awb-color2);--button_gradient_bottom_color:var(--awb-custom_color_7);--button_gradient_top_color_hover:hsla(var(--awb-custom_color_4-h),calc(var(--awb-custom_color_4-s) - 5%),calc(var(--awb-custom_color_4-l) - 10%),var(--awb-custom_color_4-a));--button_gradient_bottom_color_hover:hsla(var(--awb-color2-h),calc(var(--awb-color2-s) - 5%),calc(var(--awb-color2-l) - 10%),var(--awb-color2-a));--button_margin-bottom:15px;\" target=\"_self\" href=\"https:\/\/www.interreg6a.net\/pl\/podrecznik-programu\/\"><i class=\"icon-link-pfeil awb-button__icon awb-button__icon--default button-icon-left\" aria-hidden=\"true\"><\/i><span class=\"fusion-button-text awb-button__text awb-button__text--default\">Podr\u0119cznik Programu<\/span><\/a><\/div><\/div><\/div><div class=\"fusion-layout-column fusion_builder_column fusion-builder-column-6 fusion_builder_column_4_5 4_5 fusion-flex-column\" style=\"--awb-bg-size:cover;--awb-width-large:80%;--awb-margin-top-large:25px;--awb-spacing-right-large:2.4%;--awb-margin-bottom-large:20px;--awb-spacing-left-large:2.4%;--awb-width-medium:80%;--awb-order-medium:0;--awb-spacing-right-medium:2.4%;--awb-spacing-left-medium:2.4%;--awb-width-small:100%;--awb-order-small:0;--awb-spacing-right-small:1.92%;--awb-spacing-left-small:1.92%;\" data-scroll-devices=\"small-visibility,medium-visibility,large-visibility\"><div class=\"fusion-column-wrapper fusion-column-has-shadow fusion-flex-justify-content-flex-start fusion-content-layout-column\"><div class=\"fusion-text fusion-text-4\"><p>Szczeg\u00f3\u0142y dotycz\u0105ce projekt\u00f3w o ma\u0142ej skali zosta\u0142y uregulowane w Podr\u0119czniku Programu Rozdzia\u0142 5.2. Podr\u0119cznik Programu<\/p>\n<\/div><\/div><\/div><div class=\"fusion-layout-column fusion_builder_column fusion-builder-column-7 fusion_builder_column_1_5 1_5 fusion-flex-column\" style=\"--awb-bg-size:cover;--awb-width-large:20%;--awb-margin-top-large:0px;--awb-spacing-right-large:9.6%;--awb-margin-bottom-large:20px;--awb-spacing-left-large:9.6%;--awb-width-medium:20%;--awb-order-medium:0;--awb-spacing-right-medium:9.6%;--awb-spacing-left-medium:9.6%;--awb-width-small:100%;--awb-order-small:0;--awb-spacing-right-small:1.92%;--awb-spacing-left-small:1.92%;\"><div class=\"fusion-column-wrapper fusion-column-has-shadow fusion-flex-justify-content-flex-start fusion-content-layout-column\"><div class=\"md-text-align-right sm-text-align-right\" style=\"text-align:left;\"><a class=\"fusion-button button-flat button-large button-custom fusion-button-default button-2 fusion-button-default-span fusion-button-default-type fusion-has-button-gradient button\" style=\"--button_accent_color:var(--awb-color1);--button_accent_hover_color:var(--awb-color1);--button_border_hover_color:var(--awb-color1);--button_gradient_angle:69deg;--button_gradient_top_color:var(--awb-color2);--button_gradient_bottom_color:var(--awb-custom_color_7);--button_gradient_top_color_hover:hsla(var(--awb-custom_color_4-h),calc(var(--awb-custom_color_4-s) - 5%),calc(var(--awb-custom_color_4-l) - 10%),var(--awb-custom_color_4-a));--button_gradient_bottom_color_hover:hsla(var(--awb-color2-h),calc(var(--awb-color2-s) - 5%),calc(var(--awb-color2-l) - 10%),var(--awb-color2-a));--button_margin-bottom:15px;\" target=\"_self\" href=\"https:\/\/www.interreg6a.net\/pl\/projekty-o-malej-skali\/\"><i class=\"icon-link-pfeil awb-button__icon awb-button__icon--default button-icon-left\" aria-hidden=\"true\"><\/i><span class=\"fusion-button-text awb-button__text awb-button__text--default\">Projekty o ma\u0142ej skali<\/span><\/a><\/div><\/div><\/div><div class=\"fusion-layout-column fusion_builder_column fusion-builder-column-8 fusion_builder_column_4_5 4_5 fusion-flex-column\" style=\"--awb-bg-size:cover;--awb-width-large:80%;--awb-margin-top-large:25px;--awb-spacing-right-large:2.4%;--awb-margin-bottom-large:20px;--awb-spacing-left-large:2.4%;--awb-width-medium:80%;--awb-order-medium:0;--awb-spacing-right-medium:2.4%;--awb-spacing-left-medium:2.4%;--awb-width-small:100%;--awb-order-small:0;--awb-spacing-right-small:1.92%;--awb-spacing-left-small:1.92%;\" data-scroll-devices=\"small-visibility,medium-visibility,large-visibility\"><div class=\"fusion-column-wrapper fusion-column-has-shadow fusion-flex-justify-content-flex-start fusion-content-layout-column\"><div class=\"fusion-text fusion-text-5\"><p>Wszystkie istotne informacje dotycz\u0105ce projekt\u00f3w o ma\u0142ej skali znajduj\u0105 si\u0119 w oddzielnej zak\u0142adce na stronie internetowej Programu:<\/p>\n<\/div><\/div><\/div><\/div><\/div><div class=\"fusion-fullwidth fullwidth-box fusion-builder-row-4 fusion-flex-container has-pattern-background has-mask-background nonhundred-percent-fullwidth non-hundred-percent-height-scrolling\" style=\"--awb-border-radius-top-left:0px;--awb-border-radius-top-right:0px;--awb-border-radius-bottom-right:0px;--awb-border-radius-bottom-left:0px;--awb-flex-wrap:wrap;\" ><div class=\"fusion-builder-row fusion-row fusion-flex-align-items-flex-start fusion-flex-content-wrap\" style=\"max-width:1586px;margin-left: calc(-4% \/ 2 );margin-right: calc(-4% \/ 2 );\"><div class=\"fusion-layout-column fusion_builder_column fusion-builder-column-9 fusion_builder_column_1_1 1_1 fusion-flex-column\" style=\"--awb-bg-size:cover;--awb-width-large:100%;--awb-margin-top-large:0px;--awb-spacing-right-large:1.92%;--awb-margin-bottom-large:20px;--awb-spacing-left-large:1.92%;--awb-width-medium:100%;--awb-order-medium:0;--awb-spacing-right-medium:1.92%;--awb-spacing-left-medium:1.92%;--awb-width-small:100%;--awb-order-small:0;--awb-spacing-right-small:1.92%;--awb-spacing-left-small:1.92%;\"><div class=\"fusion-column-wrapper fusion-column-has-shadow fusion-flex-justify-content-flex-start fusion-content-layout-column\"><\/div><\/div><div class=\"fusion-layout-column fusion_builder_column fusion-builder-column-10 fusion_builder_column_1_1 1_1 fusion-flex-column\" style=\"--awb-bg-size:cover;--awb-width-large:100%;--awb-margin-top-large:0px;--awb-spacing-right-large:1.92%;--awb-margin-bottom-large:20px;--awb-spacing-left-large:1.92%;--awb-width-medium:100%;--awb-order-medium:0;--awb-spacing-right-medium:1.92%;--awb-spacing-left-medium:1.92%;--awb-width-small:100%;--awb-order-small:0;--awb-spacing-right-small:1.92%;--awb-spacing-left-small:1.92%;\"><div class=\"fusion-column-wrapper fusion-column-has-shadow fusion-flex-justify-content-flex-start fusion-content-layout-column\"><div class=\"fusion-text fusion-text-6\" style=\"--awb-margin-top:20px;\"><h3 style=\"text-align: left;\">1. Tematyka i bud\u017cet naboru<\/h3>\n<\/div><div class=\"fusion-text fusion-text-7\"><p>W ramach trwaj\u0105cego naboru INT07\/2025 do dyspozycji jest kwota 3.000.000 EUR EFRR.<\/p>\n<p>W ramach wszystkich nabor\u00f3w wniosk\u00f3w dost\u0119pne s\u0105 obecnie nast\u0119puj\u0105ce \u015brodki (EFRR) pozosta\u0142e do wykorzystania w poszczeg\u00f3lnych celach szczeg\u00f3\u0142owych (CS):<\/p>\n<p><strong>CS 1.1 Innowacje:<\/strong> ok. 7,34 mln EUR<\/p>\n<p><strong>CS 2.4 Przystosowanie do zmian klimatu:<\/strong> ok. 11,77 mln EUR<\/p>\n<p><strong>CS 2.7 Ochrona przyrody i bior\u00f3\u017cnorodno\u015b\u0107:<\/strong> ok. 7,26 mln EUR<\/p>\n<p><strong>CS 4.2 Edukacja:<\/strong> ok. 6,54 mln EUR<\/p>\n<p><strong>CS 4.6 Kultura i zr\u00f3wnowa\u017cona turystyka:<\/strong> 0 EUR (Mo\u017cna sk\u0142ada\u0107 wnioski o dofinansowanie projekt\u00f3w! W razie potrzeby zapewnimy dodatkowe \u015brodki poprzez przesuni\u0119cia w bud\u017cecie)<\/p>\n<p><strong>CS 6.1 Zdolno\u015b\u0107 do wsp\u00f3\u0142pracy:<\/strong> ok. 2,94 mln EUR<\/p>\n<p>Podane \u015brodki stanowi\u0105 ca\u0142kowity kontyngent Programu dost\u0119pny w momencie publikacji zaktualizowanych warunk\u00f3w naboru dla danego celu szczeg\u00f3\u0142owego. Ca\u0142kowity kontyngent mo\u017ce ulec zmianie w dowolnym momencie. Program zastrzega sobie prawo do przenoszenia \u015brodk\u00f3w mi\u0119dzy celami szczeg\u00f3\u0142owymi i priorytetami (art. 19 ust. 5 rozporz\u0105dzenia (UE) 2021\/1059).<\/p>\n<p><strong>! Uwaga<\/strong>: Priorytetowo b\u0119d\u0105 traktowane projekty, kt\u00f3re b\u0119d\u0105 przyczynia\u0142y si\u0119 do osi\u0105gni\u0119cia cel\u00f3w Programu Wsp\u00f3\u0142pracy w ramach tych cel\u00f3w szczeg\u00f3\u0142owych, kt\u00f3rych wska\u017aniki s\u0105 obecnie spe\u0142nione poni\u017cej \u015bredniej i tym samym szczeg\u00f3lnie przyczyni\u0105 si\u0119 do osi\u0105gni\u0119cia cel\u00f3w Programu Wsp\u00f3\u0142pracy.<\/p>\n<\/div><div class=\"fusion-text fusion-text-8\" style=\"--awb-margin-top:15px;\"><h5>Priorytet 1: Aktywizacja transgranicznych potencja\u0142\u00f3w innowacyjno\u015bci<\/h5>\n<p><strong>W celu szczeg\u00f3\u0142owym 1.1: Badania i innowacje<\/strong><\/p>\n<p>preferowane s\u0105 projekty, kt\u00f3re<\/p>\n<ol>\n<li>rozwijaj\u0105 i wdra\u017caj\u0105 innowacyjne rozwi\u0105zania transgraniczne.<\/li>\n<\/ol>\n<\/div><div class=\"fusion-text fusion-text-9\" style=\"--awb-margin-top:15px;\"><h5>Priorytet 2: Wsp\u00f3lne przezwyci\u0119\u017canie zmian klimatu i ochrona przyrody<\/h5>\n<p><strong>W celu szczeg\u00f3\u0142owym 2.4: Przystosowanie do zmian klimatu<\/strong><\/p>\n<p>preferowane s\u0105 projekty, kt\u00f3re<\/p>\n<ol>\n<li>wsp\u00f3lnie opracowuj\u0105 nowe strategie i cele oraz wdra\u017caj\u0105 je za pomoc\u0105 plan\u00f3w dzia\u0142ania, kt\u00f3re to maj\u0105 na celu realizacj\u0119 zorientowanych na cel proces\u00f3w,<\/li>\n<li>opracowuj\u0105 rozwi\u0105zania na podstawie wsp\u00f3lnych dzia\u0142a\u0144 pilota\u017cowych,<\/li>\n<li>prowadz\u0105 do przyj\u0119cia i wdro\u017cenia wsp\u00f3lnych strategii i plan\u00f3w dzia\u0142ania organizacji w trakcie trwania projektu lub po jego zako\u0144czeniu,<\/li>\n<li>umo\u017cliwiaj\u0105 udzia\u0142 w dzia\u0142aniach transgranicznych, kt\u00f3re po zako\u0144czeniu projektu s\u0105 organizowane przez partner\u00f3w i partner\u00f3w stowarzyszonych w ramach kontynuacji wsp\u00f3\u0142pracy.<\/li>\n<\/ol>\n<p><strong>W celu szczeg\u00f3\u0142owym 2.7: Ochrona przyrody i bior\u00f3\u017cnorodno\u015b\u0107<\/strong><\/p>\n<p>preferowane s\u0105 projekty, kt\u00f3re<\/p>\n<ol>\n<li>opracowuj\u0105 i wdra\u017caj\u0105 rozwi\u0105zania na rzecz zr\u00f3wnowa\u017conego rozwoju i zachowania r\u00f3\u017cnorodno\u015bci biologicznej,<\/li>\n<li>umo\u017cliwiaj\u0105 udzia\u0142 w dzia\u0142aniach transgranicznych, kt\u00f3re po zako\u0144czeniu projektu s\u0105 organizowane przez partner\u00f3w w ramach kontynuacji wsp\u00f3\u0142pracy.<\/li>\n<\/ol>\n<\/div><div class=\"fusion-text fusion-text-10\" style=\"--awb-margin-top:15px;\"><h5>Priorytet 3: Umo\u017cliwienie lepszego uczestnictwa w transgranicznym \u017cyciu codziennym poprzez j\u0119zyk, kultur\u0119 i turystyk\u0119<\/h5>\n<p><strong>\u00a0<\/strong><strong>W celu szczeg\u00f3\u0142owym 4.2: Edukacja<\/strong><\/p>\n<p>preferowane s\u0105 projekty, kt\u00f3re<\/p>\n<ol>\n<li>opracowuj\u0105 i wdra\u017caj\u0105 rozwi\u0105zania transgraniczne, takie jak np. cyfrowe platformy edukacyjne i szkoleniowe,<\/li>\n<li>w ramach dzia\u0142ania edukacyjnego przekazuj\u0105 wiedz\u0119 podczas kilku spotka\u0144 i\u00a0umo\u017cliwiaj\u0105 uczestnikom wsp\u00f3lnego programu szkoleniowego finansowanego w\u00a0ramach projektu uzyskanie dyplomu.<\/li>\n<\/ol>\n<p><strong>W celu szczeg\u00f3\u0142owym 4.6: Kultura i zr\u00f3wnowa\u017cona turystyka<\/strong><\/p>\n<p>preferowane s\u0105 projekty, kt\u00f3re<\/p>\n<ol>\n<li>opracowuj\u0105 i wdra\u017caj\u0105 wsp\u00f3lne innowacyjne rozwi\u0105zania cyfrowe zwi\u0105zane z turystyk\u0105 i\u00a0kultur\u0105,<\/li>\n<li>umo\u017cliwiaj\u0105 udzia\u0142 w dzia\u0142aniach transgranicznych w celu po\u0142\u0105czenia organizacji turystycznych, dostawc\u00f3w us\u0142ug turystycznych i lokalnych inicjatyw promuj\u0105cych transgraniczn\u0105 kultur\u0119 i turystyk\u0119, a tak\u017ce aktywizuj\u0105 transgraniczn\u0105 wymian\u0119 wiedzy i\u00a0kompetencji.<\/li>\n<\/ol>\n<\/div><div class=\"fusion-text fusion-text-11\" style=\"--awb-margin-top:15px;\"><h5>Priorytet 4: Wzmocnienie zaufania, wsp\u00f3lne kszta\u0142towanie rozwoju transgranicznego<\/h5>\n<p><strong>W celu szczeg\u00f3\u0142owym 6.1: Zdolno\u015b\u0107 do wsp\u00f3\u0142pracy<\/strong><\/p>\n<p>preferowane s\u0105 projekty, kt\u00f3re<\/p>\n<ol>\n<li>umo\u017cliwiaj\u0105 udzia\u0142 w dzia\u0142aniach transgranicznych w celu zapewnienia mieszka\u0144com, przedsi\u0119biorstwom i administracji przejrzystych informacji merytorycznych oraz doradztwa w zakresie podstawowych kwestii dotycz\u0105cych transgranicznego \u017cycia codziennego i gospodarczego.<\/li>\n<li>wsp\u00f3lnie opracowuj\u0105 nowe strategie, plany dzia\u0142ania i analizy dotycz\u0105ce rozwoju transgranicznego we wszystkich dziedzinach \u017cycia.<\/li>\n<\/ol>\n<p><strong>Dzia\u0142ania inwestycyjne o ma\u0142ej skali:<\/strong><\/p>\n<p>Zakup wyposa\u017cenia jest mo\u017cliwy wy\u0142\u0105cznie pod warunkiem, \u017ce jest ono bezwzgl\u0119dnie niezb\u0119dne do realizacji wsp\u00f3\u0142pracy transgranicznej.<\/p>\n<\/div><div class=\"fusion-text fusion-text-12\" style=\"--awb-margin-top:20px;\"><h3>2. Termin sk\u0142adania wniosk\u00f3w<\/h3>\n<\/div><div class=\"fusion-text fusion-text-13\"><p>Wnioski mo\u017cna sk\u0142ada\u0107<strong> w dowolnym momencie<\/strong> w okresie od 30.10.2025 (8:00 godz.) do 31.12.2026 (16:00 godz.).<\/p>\n<\/div><div class=\"fusion-text fusion-text-14\" style=\"--awb-margin-top:20px;\"><h3>3. Czas trwania projektu<\/h3>\n<\/div><div class=\"fusion-text fusion-text-15\"><p>Maksymalny czas trwania projektu wynosi do 18 miesi\u0119cy, w zale\u017cno\u015bci od daty z\u0142o\u017cenia wniosku. Okres realizacji projektu mo\u017ce trwa\u0107 najd\u0142u\u017cej do 30 czerwca 2029 r.<\/p>\n<\/div><div class=\"fusion-text fusion-text-16\" style=\"--awb-margin-top:20px;\"><h3>4. Forma sk\u0142adania wniosk\u00f3w, obowi\u0105zkowe doradztwo<\/h3>\n<\/div><div class=\"fusion-text fusion-text-17\"><p>Wsp\u00f3lny Sekretariat prowadzi obowi\u0105zkowe doradztwo dla projekt\u00f3w o ma\u0142ej skali.<\/p>\n<p><strong>Prosimy o um\u00f3wienie si\u0119 na spotkanie doradcze z odpowiednim wyprzedzeniem!<\/strong><\/p>\n<p>Podstaw\u0105 do konsultacji wniosku jest wz\u00f3r wniosku o dofinansowanie z\u0142o\u017cony w systemie Jems. Wnioskodawca uwzgl\u0119dnia uwagi Wsp\u00f3lnego Sekretariatu w projekcie wniosku.<\/p>\n<p>Po ostatecznym z\u0142o\u017ceniu wniosku o dofinansowanie Wsp\u00f3lny Sekretariat powiadomi wnioskodawc\u0119 na pi\u015bmie o jego przyj\u0119ciu. Wniosek o dofinansowanie nale\u017cy wype\u0142ni\u0107 w obu j\u0119zykach Programu, tj. niemieckim i polskim. Obie wersje j\u0119zykowe musz\u0105 by\u0107 identyczne pod wzgl\u0119dem tre\u015bci.<\/p>\n<p>Najp\u00f3\u017aniej w ci\u0105gu 14 dni kalendarzowych od ostatecznego z\u0142o\u017cenia wniosku musi by\u0107 przed\u0142o\u017cone we Wsp\u00f3lnym Sekretariacie podpisane potwierdzenie wniosku z\u0142o\u017conego drog\u0105 elektroniczn\u0105 (patrz nr 11).<\/p>\n<ul>\n<li>Dost\u0119p do Jems <a href=\"https:\/\/www.interreg6a.net\/pl\/jems\/\">https:\/\/www.interreg6a.net\/pl\/jems\/<\/a> lub poprzez stron\u0119 internetow\u0105 Programu: <a href=\"https:\/\/www.interreg6a.net\/pl\/\">https:\/\/www.interreg6a.net\/pl\/<\/a><\/li>\n<li>Materia\u0142y pomocnicze dotycz\u0105ce Jems: <a href=\"https:\/\/www.interreg6a.net\/pl\/jems\/\">https:\/\/www.interreg6a.net\/pl\/jems\/<\/a> <u><\/u><\/li>\n<li>Wnioski mo\u017cna przygotowywa\u0107 wcze\u015bniej za pomoc\u0105 formularza wniosku offline! <a href=\"https:\/\/www.interreg6a.net\/pl\/projekty-o-malej-skali\/\">https:\/\/www.interreg6a.net\/pl\/projekty-o-malej-skali\/<\/a><\/li>\n<li>Dalsza pomoc techniczna dotycz\u0105ca Jems jest dost\u0119pna za po\u015brednictwem Helpdesk: <a href=\"mailto:jems@interreg6a.net\">jems@interreg6a.net<\/a><\/li>\n<\/ul>\n<\/div><div class=\"fusion-text fusion-text-18\" style=\"--awb-margin-top:20px;\"><h3>5. Partnerstwo projektowe i przyk\u0142adowi beneficjenci \u015brodk\u00f3w<\/h3>\n<\/div><div class=\"fusion-text fusion-text-19\"><p>W projekcie uczestniczy co najmniej jeden partner polski i jeden niemiecki \u2013 obaj korzystaj\u0105 ze \u015brodk\u00f3w EFRR. Partnerzy projektu wyznaczaj\u0105 partnera wiod\u0105cego (Leadpartnera).<\/p>\n<p>W projektach o ma\u0142ej skali <strong>zar\u00f3wno organizacje publiczne jak i niepubliczne mog\u0105 pe\u0142ni\u0107 rol\u0119 partnera wiod\u0105cego<\/strong> (Podr\u0119cznik Programu, rozdzia\u0142 5.2.2 Sk\u0142adanie wniosk\u00f3w).<\/p>\n<\/div><div class=\"fusion-text fusion-text-20\"><h5>Priorytet 1<\/h5>\n<ul>\n<li>Ma\u0142e i \u015brednie przedsi\u0119biorstwa<\/li>\n<li>Przedsi\u0119biorstwa transportu publicznego<\/li>\n<li>Szko\u0142y wy\u017csze i plac\u00f3wki badawcze, centra transferu technologii<\/li>\n<li>Instytucje otoczenia biznesu<\/li>\n<li>Jednostki samorz\u0105du terytorialnego oraz jednostki administracji rz\u0105dowej<\/li>\n<li>Organizacje niepubliczne<\/li>\n<\/ul>\n<h5>Priorytet 2<\/h5>\n<ul>\n<li>Administracja rz\u0105dowa<\/li>\n<li>Jednostki samorz\u0105du terytorialnego oraz jednostki administracji rz\u0105dowej<\/li>\n<li>Szko\u0142y wy\u017csze i plac\u00f3wki badawcze<\/li>\n<li>Organizacje pozarz\u0105dowe i przedsi\u0119biorstwa oraz instytucje dzia\u0142aj\u0105ce w interesie og\u00f3lnym<\/li>\n<\/ul>\n<h5>Priorytet 3<\/h5>\n<ul>\n<li>Podmioty kszta\u0142cenia i edukacji, jak i szko\u0142y wy\u017csze<\/li>\n<li>Jednostki samorz\u0105du terytorialnego oraz pa\u0144stwowa administracja o\u015bwiatowa<\/li>\n<li>Izby przemys\u0142owo-handlowe, izby rzemie\u015blnicze i inne instytucje oko\u0142obiznesowe<\/li>\n<li>Zwi\u0105zki zawodowe<\/li>\n<li>Urz\u0119dy pracy<\/li>\n<li>Organizacje pozarz\u0105dowe oraz przedsi\u0119biorstwa i instytucje dzia\u0142aj\u0105ce w interesie og\u00f3lnym<\/li>\n<li>Zrzeszenia i organizacje turystyczne<\/li>\n<li>Jednostki samorz\u0105du terytorialnego i ich jednostki organizacyjne<\/li>\n<li>Jednostki administracji pa\u0144stwowej<\/li>\n<li>Plac\u00f3wki kultury<\/li>\n<li>Ma\u0142e i \u015brednie przedsi\u0119biorstwa.<\/li>\n<\/ul>\n<h5>Priorytet 4<\/h5>\n<ul>\n<li>Jednostki samorz\u0105du terytorialnego i podleg\u0142e im instytucje<\/li>\n<li>Szko\u0142y wy\u017csze i instytucje badawcze<\/li>\n<li>Organizacje pozarz\u0105dowe oraz przedsi\u0119biorstwa i instytucje po\u017cytku publicznego<\/li>\n<li>Instytucje i stowarzyszenia zwi\u0105zane z gospodark\u0105<\/li>\n<li>Pa\u0144stwowe organy administracji<\/li>\n<li>Ma\u0142e i \u015brednie przedsi\u0119biorstwa<\/li>\n<\/ul>\n<\/div><div class=\"fusion-text fusion-text-21\" style=\"--awb-margin-top:20px;\"><h3>6. Obszar Programu<\/h3>\n<\/div><div class=\"fusion-text fusion-text-22\"><p>W normalnym przypadku wszyscy partnerzy projektu posiadaj\u0105 swoje siedziby w regionach nale\u017c\u0105cych do obszaru Programu (Podr\u0119cznik Programu Rozdzia\u0142 1.3 Obszar Programu).<\/p>\n<\/div><div class=\"fusion-text fusion-text-23\" style=\"--awb-margin-top:20px;\"><h3>7. Obszar tematyczny wniosk\u00f3w o dofinansowanie<\/h3>\n<\/div><div class=\"fusion-text fusion-text-24\"><p>W Programie Wsp\u00f3\u0142pracy okre\u015blono szczeg\u00f3lne cechy poszczeg\u00f3lnych cel\u00f3w szczeg\u00f3\u0142owych, kt\u00f3re s\u0105 brane pod uwag\u0119 podczas oceny wniosk\u00f3w o dofinansowanie.<\/p>\n<p>Wi\u0119cej informacji na temat cel\u00f3w dofinansowania i oczekiwanych rodzaj\u00f3w dzia\u0142a\u0144 mo\u017cna znale\u017a\u0107 pod nast\u0119puj\u0105cymi linkami:<\/p>\n<ul>\n<li>dla Priorytetu 1 <a href=\"https:\/\/www.interreg6a.net\/pl\/priorytet-1\/\">https:\/\/www.interreg6a.net\/pl\/priorytet-1\/<\/a><\/li>\n<li>dla Priorytetu 2 <a href=\"https:\/\/www.interreg6a.net\/pl\/priorytet-2\/\">https:\/\/www.interreg6a.net\/pl\/priorytet-2\/<\/a><\/li>\n<li>dla Priorytetu 3<a href=\"https:\/\/www.interreg6a.net\/pl\/priorytet-3\/\"> https:\/\/www.interreg6a.net\/pl\/priorytet-3\/<\/a><\/li>\n<li>dla Priorytetu 4 <a href=\"https:\/\/www.interreg6a.net\/pl\/priorytet-4\/\">https:\/\/www.interreg6a.net\/pl\/priorytet-4\/<\/a><\/li>\n<\/ul>\n<p>oraz w Podr\u0119czniku Programu Rozdzia\u0142 1.2 Priorytety Programu.<\/p>\n<\/div><div class=\"fusion-text fusion-text-25\" style=\"--awb-margin-top:20px;\"><h3>8. Poziom dofinansowania projekt\u00f3w, zaliczka<\/h3>\n<\/div><div class=\"fusion-text fusion-text-26\"><p>W ramach Programu projekty mog\u0105 otrzyma\u0107 wsparcie z EFRR w wysoko\u015bci do 80% wydatk\u00f3w kwalifikowalnych.<\/p>\n<p>Wraz z wnioskiem o dofinansowanie projekty o ma\u0142ej skali mog\u0105 ubiega\u0107 si\u0119 o nast\u0119puj\u0105ce zaliczki (\u0142\u0105cznie do 60% bud\u017cetu projektu (EFRR)):<\/p>\n<ul>\n<li>zaliczka przy kontraktacji w wysoko\u015bci 25% bud\u017cetu projektu (EFRR) (brak\u00a0wymaganego uzasadnienia)<\/li>\n<li>zaliczka w trakcie realizacji projektu do 35% bud\u017cetu projektu (EFRR) (wymagane\u00a0uzasadnienie)<\/li>\n<\/ul>\n<p>Zasady kwalifikowalno\u015bci mo\u017cna znale\u017a\u0107 w Podr\u0119czniku Programu Rozdzia\u0142 4 Wytyczne kwalifikowalno\u015bci wydatk\u00f3w.<\/p>\n<p>Wszystkie szczeg\u00f3\u0142y dotycz\u0105ce projekt\u00f3w o ma\u0142ej skali zosta\u0142y uregulowane w Podr\u0119czniku Programu Rozdzia\u0142 5.2.3 Kwalifikowalno\u015b\u0107 i 5.2.4 Finansowanie.<\/p>\n<\/div><div class=\"fusion-text fusion-text-27\" style=\"--awb-margin-top:20px;\"><h3>9. Bud\u017cet projekt\u00f3w o ma\u0142ej skali<\/h3>\n<\/div><div class=\"fusion-text fusion-text-28\"><p>Projekty o ma\u0142ej skali s\u0105 to przedsi\u0119wzi\u0119cia z bud\u017cetem EFRR od 50.000 EUR i o ca\u0142kowitym bud\u017cecie do max. 200.000 EUR oraz maksymalnej stawce dofinansowania do 80%.<\/p>\n<p>Projekty o ma\u0142ej skali s\u0105 planowane, zatwierdzane i realizowane metod\u0105 Draft-Budget (projekt bud\u017cetu). Przy planowaniu bud\u017cetu projekty o ma\u0142ej skali opieraj\u0105 si\u0119 na wykazie koszt\u00f3w referencyjnych uznanych przez Instytucj\u0119 Zarz\u0105dzaj\u0105c\u0105, kt\u00f3ry zosta\u0142 sporz\u0105dzony przez zarz\u0105dzaj\u0105cych FMP w za\u0142\u0105czniku nr 3 \u201eFundusze Ma\u0142ych Projekt\u00f3w \u2013 Wytyczne dla wnioskodawc\u00f3w, warto\u015bci referencyjne dla us\u0142ug w FMP\u201d (Podr\u0119cznik Programu Rozdzia\u0142 4.4.3 Draft Budget).<\/p>\n<\/div><div class=\"fusion-text fusion-text-29\" style=\"--awb-margin-top:20px;\"><h3>10. Wyb\u00f3r projekt\u00f3w<\/h3>\n<\/div><div class=\"fusion-text fusion-text-30\"><p>Przepisy dotycz\u0105ce oceny projekt\u00f3w znajduj\u0105 si\u0119 w Podr\u0119czniku Programu Rozdzia\u0142 3.3 Wyb\u00f3r projekt\u00f3w. Szczeg\u00f3lne zasady dotycz\u0105ce projekt\u00f3w o ma\u0142ej skali zosta\u0142y uregulowane w Rozdzia\u0142ach 5.2.5 Ocena i 5.2.6 Wyb\u00f3r projekt\u00f3w Podr\u0119cznika Programu.<\/p>\n<p>Decyzj\u0119 o wyborze projekt\u00f3w podejmuje Komitet Monitoruj\u0105cy Programu Wsp\u00f3\u0142pracy Interreg VIA Meklemburgia-Pomorze Przednie \/ Brandenburgia \/ Polska 2021-2027 (posiedzenie online lub stacjonarne).<\/p>\n<p>Terminy wyboru projekt\u00f3w b\u0119d\u0105 ustalane w zale\u017cno\u015bci od liczby z\u0142o\u017conych wniosk\u00f3w projektowych na koniec ka\u017cdego kwarta\u0142u \u2013 pocz\u0105wszy od drugiego kwarta\u0142u 2026 roku.<\/p>\n<p>Z regu\u0142y przyj\u0119cie wniosku o dofinansowanie powinno zosta\u0107 potwierdzone przez Wsp\u00f3lny Sekretariat najp\u00f3\u017aniej w po\u0142owie kwarta\u0142u, aby wniosek m\u00f3g\u0142 zosta\u0107 przed\u0142o\u017cony Komitetowi Monitoruj\u0105cemu pod koniec tego samego kwarta\u0142u w celu wyboru projektu.<\/p>\n<p><strong>Wyb\u00f3r projekt\u00f3w odbywa si\u0119 przede wszystkim na podstawie stanu dost\u0119pnych, pozosta\u0142ych \u015brodk\u00f3w i spe\u0142nienia wska\u017anik\u00f3w w momencie podejmowania decyzji o wyborze.<\/strong><\/p>\n<p><strong>Wskaz\u00f3wka<\/strong>: Nie ma prawnego roszczenia, \u017ce wniosek o dofinansowanie zostanie przed\u0142o\u017cony Komitetowi Monitoruj\u0105cemu do rozpatrzenia. Decyduj\u0105ce znaczenie ma to, czy Wsp\u00f3lne Sekretariat b\u0119dzie w stanie zako\u0144czy\u0107 ocen\u0119 w odpowiednim terminie.<\/p>\n<p>Wszyscy wnioskodawcy maj\u0105 prawo z\u0142o\u017cy\u0107 odwo\u0142anie od procedury oceny i wyboru (patrz Podr\u0119cznik Programu, rozdzia\u0142 3.4).<\/p>\n<\/div><div class=\"fusion-text fusion-text-31\" style=\"--awb-margin-top:20px;\"><h3>11. Za\u0142\u0105czniki do wniosku<\/h3>\n<\/div><div class=\"fusion-text fusion-text-32\"><p>Za\u0142\u0105czniki do wniosku (faza 1) znajduj\u0105 si\u0119 w Podr\u0119czniku Programu w rozdziale 8.2.3.1. Nale\u017cy stosowa\u0107 nast\u0119puj\u0105ce wzory dokument\u00f3w bez wprowadzania zmian:<\/p>\n<ul>\n<li>Potwierdzenie z\u0142o\u017cenia wniosku drog\u0105 elektroniczn\u0105 (DE, PL)<\/li>\n<li>Porozumienie partnerskie w celu uregulowania obowi\u0105zk\u00f3w i praw partner\u00f3w w\u00a0trakcie realizacji projektu w ramach projekt\u00f3w o ma\u0142ej skali (DE, PL)<\/li>\n<li>O\u015bwiadczenie dot. przestrzegania Karty Praw Podstawowych Unii Europejskiej (PL)<\/li>\n<\/ul>\n<p>Wzory s\u0105 dost\u0119pne na stronie \u201eProjekty o ma\u0142ej skali\u201c: <a href=\"https:\/\/www.interreg6a.net\/pl\/projekty-o-malej-skali\/\">https:\/\/www.interreg6a.net\/pl\/projekty-o-malej-skali\/<\/a><\/p>\n<\/div><div class=\"fusion-text fusion-text-33\" style=\"--awb-margin-top:30px;\"><h5>W przypadku pyta\u0144 uprzejmie prosimy o kontakt:<\/h5>\n<p>Wsp\u00f3lny Sekretariat Interreg VI A<br \/>\nErnst-Th\u00e4lmann-Str. 4<br \/>\nD \u2013 17321 L\u00f6cknitz<\/p>\n<p>E-Mail: <a href=\"mailto:info@interreg6a.net\">info@interreg6a.net<\/a><\/p>\n<\/div><\/div><\/div><div class=\"fusion-layout-column fusion_builder_column fusion-builder-column-11 fusion_builder_column_1_5 1_5 fusion-flex-column\" style=\"--awb-bg-size:cover;--awb-width-large:20%;--awb-margin-top-large:0px;--awb-spacing-right-large:9.6%;--awb-margin-bottom-large:20px;--awb-spacing-left-large:9.6%;--awb-width-medium:20%;--awb-order-medium:0;--awb-spacing-right-medium:9.6%;--awb-spacing-left-medium:9.6%;--awb-width-small:100%;--awb-order-small:0;--awb-spacing-right-small:1.92%;--awb-spacing-left-small:1.92%;\"><div class=\"fusion-column-wrapper fusion-column-has-shadow fusion-flex-justify-content-flex-start fusion-content-layout-column\"><div style=\"text-align:left;\"><a class=\"fusion-button button-flat button-large button-custom fusion-button-default button-3 fusion-button-default-span fusion-button-default-type fusion-has-button-gradient button\" style=\"--button_accent_color:var(--awb-color2);--button_accent_hover_color:var(--awb-color1);--button_border_hover_color:var(--awb-color1);--button_gradient_angle:69deg;--button_gradient_top_color:#c0d1ea;--button_gradient_bottom_color:#e4ebf6;--button_gradient_top_color_hover:hsla(var(--awb-custom_color_4-h),calc(var(--awb-custom_color_4-s) - 5%),calc(var(--awb-custom_color_4-l) - 10%),var(--awb-custom_color_4-a));--button_gradient_bottom_color_hover:hsla(var(--awb-color2-h),calc(var(--awb-color2-s) - 5%),calc(var(--awb-color2-l) - 10%),var(--awb-color2-a));--button_margin-bottom:1%;\" target=\"_self\" href=\"https:\/\/www.interreg6a.net\/pl\/osoby-do-kontaktu\/\"><i class=\"icon-kontakt awb-button__icon awb-button__icon--default button-icon-left\" aria-hidden=\"true\"><\/i><span class=\"fusion-button-text awb-button__text awb-button__text--default\">Osoby do kontaktu<\/span><\/a><\/div><\/div><\/div><div class=\"fusion-layout-column fusion_builder_column fusion-builder-column-12 fusion_builder_column_4_5 4_5 fusion-flex-column\" style=\"--awb-bg-size:cover;--awb-width-large:80%;--awb-margin-top-large:25px;--awb-spacing-right-large:2.4%;--awb-margin-bottom-large:20px;--awb-spacing-left-large:2.4%;--awb-width-medium:80%;--awb-order-medium:0;--awb-spacing-right-medium:2.4%;--awb-spacing-left-medium:2.4%;--awb-width-small:100%;--awb-order-small:0;--awb-spacing-right-small:1.92%;--awb-spacing-left-small:1.92%;\" data-scroll-devices=\"small-visibility,medium-visibility,large-visibility\"><div class=\"fusion-column-wrapper fusion-column-has-shadow fusion-flex-justify-content-flex-start fusion-content-layout-column\"><div class=\"fusion-text fusion-text-34\"><\/div><\/div><\/div><\/div><\/div><div class=\"fusion-fullwidth fullwidth-box fusion-builder-row-5 fusion-flex-container has-pattern-background has-mask-background nonhundred-percent-fullwidth non-hundred-percent-height-scrolling\" style=\"--awb-border-radius-top-left:0px;--awb-border-radius-top-right:0px;--awb-border-radius-bottom-right:0px;--awb-border-radius-bottom-left:0px;--awb-margin-top:50px;--awb-flex-wrap:wrap;\" ><div class=\"fusion-builder-row fusion-row fusion-flex-align-items-flex-start fusion-flex-content-wrap\" style=\"max-width:1586px;margin-left: calc(-4% \/ 2 );margin-right: calc(-4% \/ 2 );\"><div class=\"fusion-layout-column fusion_builder_column fusion-builder-column-13 fusion_builder_column_1_1 1_1 fusion-flex-column\" style=\"--awb-bg-size:cover;--awb-width-large:100%;--awb-margin-top-large:0px;--awb-spacing-right-large:1.92%;--awb-margin-bottom-large:20px;--awb-spacing-left-large:1.92%;--awb-width-medium:100%;--awb-order-medium:0;--awb-spacing-right-medium:1.92%;--awb-spacing-left-medium:1.92%;--awb-width-small:100%;--awb-order-small:0;--awb-spacing-right-small:1.92%;--awb-spacing-left-small:1.92%;\" data-scroll-devices=\"small-visibility,medium-visibility,large-visibility\"><div class=\"fusion-column-wrapper fusion-column-has-shadow fusion-flex-justify-content-flex-start fusion-content-layout-column\"><div class=\"fusion-text fusion-text-35\"><h4>poprzednia wersja:<\/h4>\n<p><a href=\"https:\/\/www.interreg6a.net\/pl\/nabory\/7-nabor-stara-w1\/\">INT07\/2025 &#8211; stara wersja W1<\/a><\/p>\n<\/div><\/div><\/div><\/div><\/div><\/p>\n","protected":false},"excerpt":{"rendered":"","protected":false},"author":32,"featured_media":0,"parent":8559,"menu_order":0,"comment_status":"closed","ping_status":"closed","template":"100-width.php","meta":{"_price":"","_stock":"","_tribe_ticket_header":"","_tribe_default_ticket_provider":"","_tribe_ticket_capacity":"0","_ticket_start_date":"","_ticket_end_date":"","_tribe_ticket_show_description":"","_tribe_ticket_show_not_going":false,"_tribe_ticket_use_global_stock":"","_tribe_ticket_global_stock_level":"","_global_stock_mode":"","_global_stock_cap":"","_tribe_rsvp_for_event":"","_tribe_ticket_going_count":"","_tribe_ticket_not_going_count":"","_tribe_tickets_list":"[]","_tribe_ticket_has_attendee_info_fields":false,"footnotes":"","_tec_slr_enabled":"","_tec_slr_layout":""},"class_list":["post-23587","page","type-page","status-publish","hentry"],"yoast_head":"<!-- This site is optimized with the Yoast SEO plugin v27.3 - https:\/\/yoast.com\/product\/yoast-seo-wordpress\/ -->\n<title>7. Nab\u00f3r - Interreg VI A MV\/BB\/PL<\/title>\n<meta name=\"robots\" content=\"index, follow, max-snippet:-1, max-image-preview:large, max-video-preview:-1\" \/>\n<link rel=\"canonical\" href=\"https:\/\/www.interreg6a.net\/pl\/nabory\/7-nabor\/\" \/>\n<meta property=\"og:locale\" content=\"pl_PL\" \/>\n<meta property=\"og:type\" content=\"article\" \/>\n<meta property=\"og:title\" content=\"7. Nab\u00f3r - Interreg VI A MV\/BB\/PL\" \/>\n<meta property=\"og:url\" content=\"https:\/\/www.interreg6a.net\/pl\/nabory\/7-nabor\/\" \/>\n<meta property=\"og:site_name\" content=\"Interreg VI A MV\/BB\/PL\" \/>\n<meta property=\"article:modified_time\" content=\"2026-03-31T13:51:56+00:00\" \/>\n<meta name=\"twitter:card\" content=\"summary_large_image\" \/>\n<meta name=\"twitter:label1\" content=\"Szacowany czas czytania\" \/>\n\t<meta name=\"twitter:data1\" content=\"9 minut\" \/>\n<script type=\"application\/ld+json\" class=\"yoast-schema-graph\">{\"@context\":\"https:\\\/\\\/schema.org\",\"@graph\":[{\"@type\":\"WebPage\",\"@id\":\"https:\\\/\\\/www.interreg6a.net\\\/pl\\\/nabory\\\/7-nabor\\\/\",\"url\":\"https:\\\/\\\/www.interreg6a.net\\\/pl\\\/nabory\\\/7-nabor\\\/\",\"name\":\"7. Nab\u00f3r - Interreg VI A MV\\\/BB\\\/PL\",\"isPartOf\":{\"@id\":\"https:\\\/\\\/www.interreg6a.net\\\/pl\\\/#website\"},\"datePublished\":\"2026-03-30T11:32:08+00:00\",\"dateModified\":\"2026-03-31T13:51:56+00:00\",\"breadcrumb\":{\"@id\":\"https:\\\/\\\/www.interreg6a.net\\\/pl\\\/nabory\\\/7-nabor\\\/#breadcrumb\"},\"inLanguage\":\"pl-PL\",\"potentialAction\":[{\"@type\":\"ReadAction\",\"target\":[\"https:\\\/\\\/www.interreg6a.net\\\/pl\\\/nabory\\\/7-nabor\\\/\"]}]},{\"@type\":\"BreadcrumbList\",\"@id\":\"https:\\\/\\\/www.interreg6a.net\\\/pl\\\/nabory\\\/7-nabor\\\/#breadcrumb\",\"itemListElement\":[{\"@type\":\"ListItem\",\"position\":1,\"name\":\"Strona g\u0142\u00f3wna\",\"item\":\"https:\\\/\\\/www.interreg6a.net\\\/pl\\\/\"},{\"@type\":\"ListItem\",\"position\":2,\"name\":\"Nabory\",\"item\":\"https:\\\/\\\/www.interreg6a.net\\\/pl\\\/nabory\\\/\"},{\"@type\":\"ListItem\",\"position\":3,\"name\":\"7. Nab\u00f3r\"}]},{\"@type\":\"WebSite\",\"@id\":\"https:\\\/\\\/www.interreg6a.net\\\/pl\\\/#website\",\"url\":\"https:\\\/\\\/www.interreg6a.net\\\/pl\\\/\",\"name\":\"Interreg VI A MV\\\/BB\\\/PL\",\"description\":\"\",\"potentialAction\":[{\"@type\":\"SearchAction\",\"target\":{\"@type\":\"EntryPoint\",\"urlTemplate\":\"https:\\\/\\\/www.interreg6a.net\\\/pl\\\/?s={search_term_string}\"},\"query-input\":{\"@type\":\"PropertyValueSpecification\",\"valueRequired\":true,\"valueName\":\"search_term_string\"}}],\"inLanguage\":\"pl-PL\"}]}<\/script>\n<!-- \/ Yoast SEO plugin. -->","yoast_head_json":{"title":"7. Nab\u00f3r - Interreg VI A MV\/BB\/PL","robots":{"index":"index","follow":"follow","max-snippet":"max-snippet:-1","max-image-preview":"max-image-preview:large","max-video-preview":"max-video-preview:-1"},"canonical":"https:\/\/www.interreg6a.net\/pl\/nabory\/7-nabor\/","og_locale":"pl_PL","og_type":"article","og_title":"7. Nab\u00f3r - Interreg VI A MV\/BB\/PL","og_url":"https:\/\/www.interreg6a.net\/pl\/nabory\/7-nabor\/","og_site_name":"Interreg VI A MV\/BB\/PL","article_modified_time":"2026-03-31T13:51:56+00:00","twitter_card":"summary_large_image","twitter_misc":{"Szacowany czas czytania":"9 minut"},"schema":{"@context":"https:\/\/schema.org","@graph":[{"@type":"WebPage","@id":"https:\/\/www.interreg6a.net\/pl\/nabory\/7-nabor\/","url":"https:\/\/www.interreg6a.net\/pl\/nabory\/7-nabor\/","name":"7. Nab\u00f3r - Interreg VI A MV\/BB\/PL","isPartOf":{"@id":"https:\/\/www.interreg6a.net\/pl\/#website"},"datePublished":"2026-03-30T11:32:08+00:00","dateModified":"2026-03-31T13:51:56+00:00","breadcrumb":{"@id":"https:\/\/www.interreg6a.net\/pl\/nabory\/7-nabor\/#breadcrumb"},"inLanguage":"pl-PL","potentialAction":[{"@type":"ReadAction","target":["https:\/\/www.interreg6a.net\/pl\/nabory\/7-nabor\/"]}]},{"@type":"BreadcrumbList","@id":"https:\/\/www.interreg6a.net\/pl\/nabory\/7-nabor\/#breadcrumb","itemListElement":[{"@type":"ListItem","position":1,"name":"Strona g\u0142\u00f3wna","item":"https:\/\/www.interreg6a.net\/pl\/"},{"@type":"ListItem","position":2,"name":"Nabory","item":"https:\/\/www.interreg6a.net\/pl\/nabory\/"},{"@type":"ListItem","position":3,"name":"7. Nab\u00f3r"}]},{"@type":"WebSite","@id":"https:\/\/www.interreg6a.net\/pl\/#website","url":"https:\/\/www.interreg6a.net\/pl\/","name":"Interreg VI A MV\/BB\/PL","description":"","potentialAction":[{"@type":"SearchAction","target":{"@type":"EntryPoint","urlTemplate":"https:\/\/www.interreg6a.net\/pl\/?s={search_term_string}"},"query-input":{"@type":"PropertyValueSpecification","valueRequired":true,"valueName":"search_term_string"}}],"inLanguage":"pl-PL"}]}},"ticketed":false,"_links":{"self":[{"href":"https:\/\/www.interreg6a.net\/pl\/wp-json\/wp\/v2\/pages\/23587","targetHints":{"allow":["GET"]}}],"collection":[{"href":"https:\/\/www.interreg6a.net\/pl\/wp-json\/wp\/v2\/pages"}],"about":[{"href":"https:\/\/www.interreg6a.net\/pl\/wp-json\/wp\/v2\/types\/page"}],"author":[{"embeddable":true,"href":"https:\/\/www.interreg6a.net\/pl\/wp-json\/wp\/v2\/users\/32"}],"replies":[{"embeddable":true,"href":"https:\/\/www.interreg6a.net\/pl\/wp-json\/wp\/v2\/comments?post=23587"}],"version-history":[{"count":16,"href":"https:\/\/www.interreg6a.net\/pl\/wp-json\/wp\/v2\/pages\/23587\/revisions"}],"predecessor-version":[{"id":23791,"href":"https:\/\/www.interreg6a.net\/pl\/wp-json\/wp\/v2\/pages\/23587\/revisions\/23791"}],"up":[{"embeddable":true,"href":"https:\/\/www.interreg6a.net\/pl\/wp-json\/wp\/v2\/pages\/8559"}],"wp:attachment":[{"href":"https:\/\/www.interreg6a.net\/pl\/wp-json\/wp\/v2\/media?parent=23587"}],"curies":[{"name":"wp","href":"https:\/\/api.w.org\/{rel}","templated":true}]}}