{"id":5766,"date":"2022-09-16T13:13:14","date_gmt":"2022-09-16T11:13:14","guid":{"rendered":"https:\/\/www.interreg6a.net\/jems-datenschutzhinweise\/"},"modified":"2023-12-28T10:14:22","modified_gmt":"2023-12-28T09:14:22","slug":"ochronadanych-jems","status":"publish","type":"page","link":"https:\/\/www.interreg6a.net\/pl\/ochronadanych-jems\/","title":{"rendered":"Jems &#8211; Ochrona danych osobowych i warunki u\u017cytkowania"},"content":{"rendered":"<p><div class=\"fusion-fullwidth fullwidth-box fusion-builder-row-1 fusion-flex-container nonhundred-percent-fullwidth non-hundred-percent-height-scrolling\" style=\"--awb-border-radius-top-left:0px;--awb-border-radius-top-right:0px;--awb-border-radius-bottom-right:0px;--awb-border-radius-bottom-left:0px;--awb-flex-wrap:wrap;\" ><div class=\"fusion-builder-row fusion-row fusion-flex-align-items-flex-start fusion-flex-content-wrap\" style=\"max-width:1586px;margin-left: calc(-4% \/ 2 );margin-right: calc(-4% \/ 2 );\"><div class=\"fusion-layout-column fusion_builder_column fusion-builder-column-0 fusion-flex-column\" style=\"--awb-bg-size:cover;--awb-width-large:10%;--awb-margin-top-large:0px;--awb-spacing-right-large:19.2%;--awb-margin-bottom-large:20px;--awb-spacing-left-large:19.2%;--awb-order-medium:0;--awb-spacing-right-medium:0px;--awb-spacing-left-medium:0px;--awb-width-small:100%;--awb-order-small:0;--awb-spacing-right-small:1.92%;--awb-spacing-left-small:1.92%;\"><div class=\"fusion-column-wrapper fusion-column-has-shadow fusion-flex-justify-content-flex-start fusion-content-layout-column\"><\/div><\/div><div class=\"fusion-layout-column fusion_builder_column fusion-builder-column-1 fusion-flex-column\" style=\"--awb-bg-size:cover;--awb-width-large:79%;--awb-margin-top-large:0px;--awb-spacing-right-large:0%;--awb-margin-bottom-large:20px;--awb-spacing-left-large:0%;--awb-width-medium:100%;--awb-order-medium:0;--awb-spacing-right-medium:0%;--awb-spacing-left-medium:0%;--awb-width-small:100%;--awb-order-small:0;--awb-spacing-right-small:1.92%;--awb-spacing-left-small:1.92%;\"><div class=\"fusion-column-wrapper fusion-column-has-shadow fusion-flex-justify-content-flex-start fusion-content-layout-column\"><div class=\"fusion-title title fusion-title-1 fusion-sep-none fusion-title-center fusion-title-text fusion-title-size-one\" style=\"--awb-margin-top-small:10px;--awb-margin-right-small:0px;--awb-margin-bottom-small:10px;--awb-margin-left-small:0px;--awb-sep-color:var(--awb-custom_color_1);\"><h1 class=\"fusion-title-heading title-heading-center\" style=\"margin:0;\">Jems<br \/>\nOchrona danych osobowych i warunki u\u017cytkowania<\/h1><\/div><\/div><\/div><div class=\"fusion-layout-column fusion_builder_column fusion-builder-column-2 fusion-flex-column\" style=\"--awb-bg-size:cover;--awb-width-large:10%;--awb-margin-top-large:0px;--awb-spacing-right-large:19.2%;--awb-margin-bottom-large:20px;--awb-spacing-left-large:19.2%;--awb-order-medium:0;--awb-spacing-right-medium:0px;--awb-spacing-left-medium:0px;--awb-width-small:100%;--awb-order-small:0;--awb-spacing-right-small:0px;--awb-spacing-left-small:0px;\"><div class=\"fusion-column-wrapper fusion-column-has-shadow fusion-flex-justify-content-flex-start fusion-content-layout-column\"><\/div><\/div><\/div><\/div><div class=\"fusion-fullwidth fullwidth-box fusion-builder-row-2 fusion-flex-container nonhundred-percent-fullwidth non-hundred-percent-height-scrolling\" style=\"--awb-border-radius-top-left:0px;--awb-border-radius-top-right:0px;--awb-border-radius-bottom-right:0px;--awb-border-radius-bottom-left:0px;--awb-flex-wrap:wrap;\" ><div class=\"fusion-builder-row fusion-row fusion-flex-align-items-flex-start fusion-flex-content-wrap\" style=\"max-width:1586px;margin-left: calc(-4% \/ 2 );margin-right: calc(-4% \/ 2 );\"><div class=\"fusion-layout-column fusion_builder_column fusion-builder-column-3 fusion-flex-column\" style=\"--awb-bg-size:cover;--awb-width-large:10%;--awb-margin-top-large:0px;--awb-spacing-right-large:19.2%;--awb-margin-bottom-large:20px;--awb-spacing-left-large:19.2%;--awb-order-medium:0;--awb-spacing-right-medium:0px;--awb-spacing-left-medium:0px;--awb-width-small:100%;--awb-order-small:0;--awb-spacing-right-small:1.92%;--awb-spacing-left-small:1.92%;\"><div class=\"fusion-column-wrapper fusion-column-has-shadow fusion-flex-justify-content-flex-start fusion-content-layout-column\"><\/div><\/div><div class=\"fusion-layout-column fusion_builder_column fusion-builder-column-4 fusion-flex-column\" style=\"--awb-bg-size:cover;--awb-width-large:79%;--awb-margin-top-large:0px;--awb-spacing-right-large:0%;--awb-margin-bottom-large:20px;--awb-spacing-left-large:0%;--awb-width-medium:100%;--awb-order-medium:0;--awb-spacing-right-medium:0%;--awb-spacing-left-medium:0%;--awb-width-small:100%;--awb-order-small:0;--awb-spacing-right-small:1.92%;--awb-spacing-left-small:1.92%;\"><div class=\"fusion-column-wrapper fusion-column-has-shadow fusion-flex-justify-content-flex-start fusion-content-layout-column\"><div class=\"fusion-title title fusion-title-2 fusion-sep-none fusion-title-center fusion-title-text fusion-title-size-two\" style=\"--awb-margin-top-small:10px;--awb-margin-right-small:0px;--awb-margin-bottom-small:10px;--awb-margin-left-small:0px;--awb-sep-color:var(--awb-custom_color_1);\"><h2 class=\"fusion-title-heading title-heading-center\" style=\"margin:0;\">Ochrona danych<\/h2><\/div><div class=\"fusion-text fusion-text-1\"><p>Instytucja Zarz\u0105dzaj\u0105ca Programu Wsp\u00f3\u0142pracy Interreg VI A Mecklenburg-Vorpommern \/ Brandenburg \/ Polska 2021-2027, Ministerstwo Gospodarki, Infrastruktury, Turystyki i Pracy Mecklenburg-Vorpommern, bardzo powa\u017cnie traktuje ochron\u0119 Pa\u0144stwa danych osobowych. Chcemy, aby wiedzieli Pa\u0144stwo, kiedy przetwarzamy jakie dane i w jakim celu je wykorzystujemy. Jednocze\u015bnie podj\u0119li\u015bmy techniczne i organizacyjne \u015brodki ostro\u017cno\u015bci, aby zapewni\u0107 przestrzeganie przepis\u00f3w o ochronie danych osobowych.<\/p>\n<\/div><div class=\"fusion-title title fusion-title-3 fusion-sep-none fusion-title-center fusion-title-text fusion-title-size-three\" style=\"--awb-margin-top-small:10px;--awb-margin-right-small:0px;--awb-margin-bottom-small:10px;--awb-margin-left-small:0px;--awb-sep-color:var(--awb-custom_color_1);\"><h3 class=\"fusion-title-heading title-heading-center\" style=\"margin:0;\">I. Nazwa i adres administratora<\/h3><\/div><div class=\"fusion-text fusion-text-2\"><p>Administratorem danych w rozumieniu Og\u00f3lnego rozporz\u0105dzenia o ochronie danych (RODO) oraz innych krajowych przepis\u00f3w o ochronie danych pa\u0144stw cz\u0142onkowskich, jak r\u00f3wnie\u017c innych przepis\u00f3w o ochronie danych jest:<\/p>\n<p>Ministerium f\u00fcr Wirtschaft, Infrastruktur Tourismus und Arbeit des Landes Mecklenburg Vorpommern<br \/>\n(Ministerstwo Gospodarki, Infrastruktury, Turystyki i Pracy Kraju Zwi\u0105zkowego Meklemburgia-Pomorze)<br \/>\nReprezentowane przez: Pani\u0105 Sekretarz Stanu Ines Jesse<\/p>\n<p>Johannes-Stelling-Str. 14<br \/>\nD &#8211; 19053 Schwerin<br \/>\nTelefon: +49 385 &#8211; 588 0<br \/>\nE-Mail: <a href=\"mailto:poststelle@wm.mv-regierung.de\">poststelle@wm.mv-regierung.de<\/a><br \/>\nStrona internetowa: <a href=\"https:\/\/www.regierung-mv.de\/Landesregierung\/wm\/\">https:\/\/www.regierung-mv.de\/Landesregierung\/wm\/<\/a><\/p>\n<\/div><div class=\"fusion-title title fusion-title-4 fusion-sep-none fusion-title-center fusion-title-text fusion-title-size-three\" style=\"--awb-margin-top-small:10px;--awb-margin-right-small:0px;--awb-margin-bottom-small:10px;--awb-margin-left-small:0px;--awb-sep-color:var(--awb-custom_color_1);\"><h3 class=\"fusion-title-heading title-heading-center\" style=\"margin:0;\">II. Nazwisko i adres pe\u0142nomocnika ochrony danych osobowych<\/h3><\/div><div class=\"fusion-text fusion-text-3\"><p>Ministerium f\u00fcr Wirtschaft, Infrastruktur Tourismus und Arbeit des Landes Mecklenburg Vorpommern<br \/>\n(Ministerstwo Gospodarki, Infrastruktury, Turystyki i Pracy Kraju Zwi\u0105zkowego Meklemburgia-Pomorze)<br \/>\nPrzednie Urz\u0119dowy Inspektor ochrony danych osobowych<br \/>\nSebastian Tappe<\/p>\n<p>Johannes-Stelling-Str. 14<br \/>\nD &#8211; 19053 Schwerin<br \/>\nTelefon: +49 385 588-5710<br \/>\nE-Mail: <a href=\"mailto:S.Tappe@wm.mv-regierung.de\">S.Tappe@wm.mv-regierung.de<\/a><\/p>\n<\/div><div class=\"fusion-title title fusion-title-5 fusion-sep-none fusion-title-center fusion-title-text fusion-title-size-three\" style=\"--awb-margin-top-small:10px;--awb-margin-right-small:0px;--awb-margin-bottom-small:10px;--awb-margin-left-small:0px;--awb-sep-color:var(--awb-custom_color_1);\"><h3 class=\"fusion-title-heading title-heading-center\" style=\"margin:0;\">III. Zakres przetwarzania danych osobowych<\/h3><\/div><div class=\"fusion-text fusion-text-4\"><p>Aplikacja internetowa Jems (Joint electronic monitoring system) s\u0142u\u017cy do realizacji ca\u0142ej wymiany informacji w Programie drog\u0105 elektroniczn\u0105 zgodnie z art. 69 ust. 8 rozporz\u0105dzenia (UE) 2021\/1060, od z\u0142o\u017cenia wniosku do zamkni\u0119cia projektu. W tym celu dane osobowe musz\u0105 by\u0107 rejestrowane i przechowywane (art. 72 ust. 1 Rozporz\u0105dzenia (UE) 2021\/1060), a \u015bcie\u017cka audytu (art. 69 ust. 6 Rozporz\u0105dzenia (UE) 2021\/1060) musi by\u0107 zagwarantowana a\u017c do zamkni\u0119cia Programu. Instytucja Zarz\u0105dzaj\u0105ca i instytucje zaanga\u017cowane w realizacj\u0119 Programu w kontek\u015bcie systemu zarz\u0105dzania i kontroli s\u0105 upowa\u017cnione na mocy art. 5 rozporz\u0105dzenia (UE) 2021\/1060 do przetwarzania danych osobowych na podstawie RODO, je\u015bli jest to niezb\u0119dne do wykonania obowi\u0105zk\u00f3w okre\u015blonych w przepisach prawa, w szczeg\u00f3lno\u015bci w odniesieniu do monitorowania, sprawozdawczo\u015bci, komunikacji, publikacji, oceny, zarz\u0105dzania finansowego, weryfikacji i audyt\u00f3w.<\/p>\n<p>Aplikacja internetowa Jems jest udost\u0119pniana za po\u015brednictwem strony internetowej <a href=\"https:\/\/jems-interreg6a.net\">https:\/\/jems-interreg6a.net<\/a>. Pa\u0144stwa dane s\u0105 przesy\u0142ane za pomoc\u0105 szyfrowanego po\u0142\u0105czenia https.<\/p>\n<p>Pa\u0144stwa dane przechowujemy na specjalnie zabezpieczonych serwerach u administratora technicznego Jems<\/p>\n<p>DVZ Datenverarbeitungszentrum<br \/>\nMecklenburg-Vorpommern GmbH<br \/>\nL\u00fcbecker Str. 283<br \/>\nD &#8211; 19059 Schwerin.<\/p>\n<p>Dost\u0119p do niej ma tylko kilka specjalnie upowa\u017cnionych os\u00f3b, kt\u00f3re zajmuj\u0105 si\u0119 obs\u0142ug\u0105 techniczn\u0105 lub ekonomiczn\u0105 serwer\u00f3w. Dotyczy to r\u00f3wnie\u017c upowa\u017cnionych podwykonawc\u00f3w.<\/p>\n<p>Administracja specjalistyczna Jems jest realizowana przez<\/p>\n<p>Ministerium f\u00fcr Wirtschaft, Infrastruktur Tourismus und Arbeit des Landes Mecklenburg Vorpommern<br \/>\n(Ministerstwo Gospodarki, Infrastruktury, Turystyki i Pracy Kraju Zwi\u0105zkowego Meklemburgia-Pomorze)<br \/>\nWydzia\u0142 430 Europejska wsp\u00f3\u0142praca terytorialna INTERREG<\/p>\n<p>@ <a href=\"mailto:jems@interreg6a.net\">jems@interreg6a.net<\/a><br \/>\nInternet: <a href=\"https:\/\/www.interreg6a.net\/pl\/?page_id=39\">https:\/\/www.interreg6a.net\/jems<\/a><\/p>\n<p>W przypadku pyta\u0144 dotycz\u0105cych Jems, prosimy o kontakt mailowy pod adresem <a href=\"mailto:jems@interreg6a.net\">jems@interreg6a.net<\/a><\/p>\n<\/div><div class=\"fusion-title title fusion-title-6 fusion-sep-none fusion-title-center fusion-title-text fusion-title-size-three\" style=\"--awb-margin-top-small:10px;--awb-margin-right-small:0px;--awb-margin-bottom-small:10px;--awb-margin-left-small:0px;--awb-sep-color:var(--awb-custom_color_1);\"><h3 class=\"fusion-title-heading title-heading-center\" style=\"margin:0;\">IV. Rozpocz\u0119cie aplikacji internetowej<\/h3><\/div><div class=\"fusion-text fusion-text-5\"><h4>1. Wykorzystanie plik\u00f3w cookie<\/h4>\n<p>Jems korzysta z plik\u00f3w cookies.<\/p>\n<h4>1.1 Czym s\u0105 pliki cookie?<\/h4>\n<p>Plik cookie to ma\u0142y plik tekstowy, kt\u00f3ry strona internetowa przechowuje na komputerze lub urz\u0105dzeniu mobilnym u\u017cytkownika podczas odwiedzania strony. Plik cookie mo\u017ce by\u0107 odczytywany tylko przez t\u0119 jedn\u0105 stron\u0119 internetow\u0105 i umo\u017cliwia przechowywanie Pa\u0144stwa preferencji (takich jak nazwa u\u017cytkownika, j\u0119zyk itp.) na stronie internetowej przez okre\u015blony czas. Dzi\u0119ki temu nie musicie Pa\u0144stwo ich ponownie wprowadza\u0107 podczas przegl\u0105dania r\u00f3\u017cnych stron witryny.<\/p>\n<h4>1.2 Jak wykorzystywane s\u0105 pliki cookies w Jems?<\/h4>\n<p>Jems korzysta wy\u0142\u0105cznie z w\u0142asnych plik\u00f3w cookie i \u017cadnych dostarczonych i\/lub przechowywanych przez osoby trzecie.<\/p>\n<p>Wszystkie pliki cookie w Jems s\u0105 wykorzystywane tylko na potrzeby sesji i usuwane po zamkni\u0119ciu przegl\u0105darki. \u017badne pliki cookie nie s\u0105 trwale przechowywane na komputerze u\u017cytkownika.<\/p>\n<h4>1.3 Rodzaje plik\u00f3w cookies w programie Jems<\/h4>\n<h5>1.3.1 Pliki cookie zwi\u0105zane z bezpiecze\u0144stwem<\/h5>\n<p>Pliki cookie zwi\u0105zane z bezpiecze\u0144stwem pomagaj\u0105 w identyfikacji i zapobieganiu zagro\u017ceniom bezpiecze\u0144stwa. U\u017cywamy tych plik\u00f3w cookie do uwierzytelniania u\u017cytkownik\u00f3w i tym samym ochrony ich danych przed dost\u0119pem podmiot\u00f3w nieuprawnionych.<\/p>\n<h5>1.3.2 Pliki cookie dotycz\u0105ce zarz\u0105dzania stron\u0105 internetow\u0105<\/h5>\n<p>Pliki cookie do zarz\u0105dzania stron\u0105 internetow\u0105 s\u0105 u\u017cywane do zapami\u0119tanie Pa\u0144stwa to\u017csamo\u015bci lub Pa\u0144stwa sesji u\u017cytkownika w serwisie Jems. Te pliki cookie s\u0142u\u017c\u0105 do identyfikacji Pa\u0144stwa podczas poruszania si\u0119 po serwisie Jems i pomagaj\u0105 nam okre\u015bli\u0107, czy jeste\u015bcie Pa\u0144stwo jest zalogowani.<\/p>\n<h4>1.4. Jak mo\u017cna zarz\u0105dza\u0107 plikami cookie?<\/h4>\n<h5>1.4.1 Usuwanie plik\u00f3w cookie z urz\u0105dzenia ko\u0144cowego<\/h5>\n<p>Mo\u017cecie Pa\u0144stwo usun\u0105\u0107 wszystkie pliki cookie, kt\u00f3re ju\u017c znajduj\u0105 si\u0119 na Pa\u0144stwa urz\u0105dzeniu ko\u0144cowym poprzez wyczyszczenie historii przegl\u0105dania. Spowoduje to usuni\u0119cie wszystkich plik\u00f3w cookie ze wszystkich odwiedzonych przez Pa\u0144stwa stron internetowych.<\/p>\n<p>Nale\u017cy pami\u0119ta\u0107, \u017ce w ten spos\u00f3b mo\u017cna r\u00f3wnie\u017c usun\u0105\u0107 dodatkowe zapisane informacje (takie jak zapisane dane logowania, preferencje dotycz\u0105ce strony internetowej).<\/p>\n<h5>1.4.2 Blokowanie plik\u00f3w cookie<\/h5>\n<p>W wielu nowoczesnych przegl\u0105darkach mo\u017cna zmieni\u0107 ustawienia tak, aby na urz\u0105dzeniu ko\u0144cowym nie by\u0142y umieszczane pliki cookies. Oznacza to jednak konieczno\u015b\u0107 ustawienia pewnych preferencji przy ka\u017cdej wizycie na stronie. Nale\u017cy r\u00f3wnie\u017c pami\u0119ta\u0107, \u017ce z niekt\u00f3rych us\u0142ugi i funkcji nie b\u0119dzie mo\u017cna w pe\u0142ni korzysta\u0107 (np. logowanie do profilu).<\/p>\n<h5>1.4.3 Zarz\u0105dzanie plikami cookie<\/h5>\n<p>Je\u015bli Pa\u0144stwo mie\u0107 bardziej szczeg\u00f3\u0142ow\u0105 kontrol\u0119 nad plikami cookies, prosimy sprawdzi\u0107 ustawienia prywatno\u015bci i plik\u00f3w cookies w Pa\u0144stwa przegl\u0105darce.<\/p>\n<h4>2. Dziennik kontroli (AuditLog)<\/h4>\n<p>Aby zapewni\u0107 odpowiedni\u0105 \u015bcie\u017ck\u0119 kontroli (patrz V.4) oraz w celu usuwania b\u0142\u0119d\u00f3w, dzia\u0142ania u\u017cytkownika s\u0105 przechowywane w Dzienniku Kontroli w celu weryfikacji.<\/p>\n<h4>3. Podstawa prawna<\/h4>\n<p>Przetwarzanie jest niezb\u0119dne do wype\u0142nienia obowi\u0105zku prawnego, kt\u00f3remu podlega administrator lub do wykonania zadania realizowanego w interesie publicznym lub w ramach sprawowania w\u0142adzy publicznej przys\u0142uguj\u0105cej administratorowi zgodnie z art. 6 ust. 1 lit. c, e RODO.<\/p>\n<\/div><div class=\"fusion-title title fusion-title-7 fusion-sep-none fusion-title-center fusion-title-text fusion-title-size-three\" style=\"--awb-margin-top-small:10px;--awb-margin-right-small:0px;--awb-margin-bottom-small:10px;--awb-margin-left-small:0px;--awb-sep-color:var(--awb-custom_color_1);\"><h3 class=\"fusion-title-heading title-heading-center\" style=\"margin:0;\">V. Przetwarzanie danych w systemie Jems<\/h3><\/div><div class=\"fusion-text fusion-text-6\"><h4>1. Kategorie danych<\/h4>\n<p>W Jems systematycznie rejestrowane s\u0105 dane dotycz\u0105ce os\u00f3b funkcyjnych, tj. nazwiska, adresy e-mail i numery telefon\u00f3w pracownik\u00f3w, kt\u00f3rzy zg\u0142aszaj\u0105 projekty dla swoich organizacji i realizuj\u0105 zatwierdzone projekty. Organizacje s\u0105 zobowi\u0105zane do regularnego informowania o zmianach danych.<\/p>\n<p>Dane osobowe, poza danymi os\u00f3b funkcyjnych, nie s\u0105 gromadzone w spos\u00f3b jednoznaczny i systematyczny. Niemniej jednak dane te s\u0105 dostarczane sporadycznie za po\u015brednictwem dowod\u00f3w przesy\u0142anych przez finansowane organizacje.<\/p>\n<p>Kategorie danych gromadzonych systematycznie:<\/p>\n<ul>\n<li>Dane dotycz\u0105ce projektu (m.in. kwoty finansowania, okresy finansowania)<\/li>\n<li>Dane dotycz\u0105ce wniosk\u00f3w o dofinansowanie (w tym wymagania dotycz\u0105ce dofinansowania, dowody)<\/li>\n<li>Dane wnioskodawcy lub dofinansowanej organizacji (np. adresy, dane konta, obywatelstwo)<\/li>\n<li>Dane do rejestracji u\u017cytkownik\u00f3w aplikacji (adres e-mail, nazwisko)<\/li>\n<li>Dane z dziennika systemowego (np. zmiany we wpisach i rejestracjach \/ wyrejestrowaniach)<\/li>\n<\/ul>\n<p>Kategorie danych gromadzonych niesystematycznie (np. poprzez przesy\u0142anie plik\u00f3w):<\/p>\n<ul>\n<li>Dokumentacja wynik\u00f3w pracy pracownik\u00f3w organizacji dofinansowanej dotycz\u0105ca przepracowanych godzin (zazwyczaj rozliczenia godzin pracy zwi\u0105zane z projektem, ale tak\u017ce fragmenty system\u00f3w rejestracji czasu pracy).<\/li>\n<li>Dow\u00f3d zap\u0142aty (np. w postaci rozliczenia wynagrodzenia)<\/li>\n<li>Dane niewymagane, ale dostarczane w toku przesy\u0142ania plik\u00f3w\n<ul>\n<li>Dane dot. Ubezpiecze\u0144 spo\u0142ecznych (np. rozliczenie wynagrodzenia)<\/li>\n<li>Dane o wynagrodzeniu\/ maj\u0105tku (np. rozliczenie wynagrodze\u0144)<\/li>\n<li>Podpisy (w zeskanowanych dokumentach)<\/li>\n<\/ul>\n<\/li>\n<\/ul>\n<\/div><div class=\"fusion-text fusion-text-7\"><h4>2. Dost\u0119p do danych<\/h4>\n<p>Nast\u0119puj\u0105ce grupy u\u017cytkownik\u00f3w maj\u0105 dost\u0119p do odczytu danych udost\u0119pnionych w Jems. Zakres dost\u0119pu zale\u017cy od uprawnie\u0144 poszczeg\u00f3lnych grup u\u017cytkownik\u00f3w, kt\u00f3re s\u0105 zdefiniowane w Koncepcji R\u00f3l i Uprawnie\u0144:<\/p>\n<ul>\n<li>Instytucja Zarz\u0105dzaj\u0105ca,<\/li>\n<li>Wsp\u00f3lny Sekretariat,<\/li>\n<li>Komitet Monitoruj\u0105cy,<\/li>\n<li>Kontrolerzy pierwszego stopnia,<\/li>\n<li>Instytucja audytowa i cz\u0142onkowie zespo\u0142u audytowego,<\/li>\n<li>Audytorzy z innych organ\u00f3w kontroli (np. Komisja Europejska, Europejski Trybuna\u0142 Obrachunkowy),<\/li>\n<li>instytucja odpowiada za obszar &#8222;ksi\u0119gowo\u015b\u0107&#8221;,<\/li>\n<li>Eksperci,<\/li>\n<li>Wnioskodawcy i beneficjenci.<\/li>\n<\/ul>\n<p>Dane b\u0119d\u0105 przetwarzane przez grupy u\u017cytkownik\u00f3w wy\u0142\u0105cznie w celu wykonania zada\u0144 w ramach realizacji Programu zgodnie z RODO. U\u017cytkownicy s\u0105 zobowi\u0105zani do zachowania poufno\u015bci danych osobowych. Dane nie mog\u0105 by\u0107 ujawniane przez u\u017cytkownik\u00f3w bez upowa\u017cnienia. Dane nie b\u0119d\u0105 przekazywane osobom trzecim do innych cel\u00f3w.<\/p>\n<p>W trakcie aktywno\u015bci w Programie u\u017cytkownicy mog\u0105 nawi\u0105zywa\u0107 kontakty z innymi u\u017cytkownikami Jems, korzystaj\u0105c z danych kontaktowych przechowywanych w Jems.<\/p>\n<p>U\u017cytkownicy grupy u\u017cytkownik\u00f3w &#8222;Wnioskodawcy i beneficjenci&#8221; zapewniaj\u0105, \u017ce wy\u017cej wymienione dane kontaktowe w Jems s\u0105 zawsze aktualne.<\/p>\n<\/div><div class=\"fusion-text fusion-text-8\"><h4>3. Udost\u0119pnianie danych w formie przesy\u0142ania plik\u00f3w<\/h4>\n<p>Maj\u0105c na uwadze <strong>zasad\u0119 minimalizacji ilo\u015bci danych<\/strong>, u\u017cytkownicy wszystkich grup u\u017cytkownik\u00f3w zapewniaj\u0105, \u017ce do systemu trafiaj\u0105 tylko te dokumenty, kt\u00f3re s\u0105 istotne i niezb\u0119dne do realizacji danego procesu. Tre\u015b\u0107 dokumentu powinna by\u0107 zrozumia\u0142a na podstawie nazwy pliku. U\u017cytkownik wgrywaj\u0105cy plik do systemu Jems jest odpowiedzialny za sprawdzenie pozosta\u0142ych informacji w dokumentach, np. odr\u0119cznych notatek na dokumentach, ukrytego tekstu lub element\u00f3w danych.<\/p>\n<p>Zgodnie z art. 6 RODO (np. na podstawie umowy, zgody) u\u017cytkownik gwarantuje zgodno\u015b\u0107 z prawem przetwarzania danych os\u00f3b trzecich wgranych i przechowywanych w Jems. Prawa os\u00f3b trzecich nie mog\u0105 by\u0107 naruszane poprzez wgrywanie dokument\u00f3w do systemu Jems.<\/p>\n<\/div><div class=\"fusion-text fusion-text-9\"><h4>4. \u015alad rewizyjny \/ okres przechowywania danych<\/h4>\n<p>Dane zebrane i przes\u0142ane w Jems b\u0119d\u0105 przechowywane co najmniej do 31.12.2034 r. w celu zapewnienia wystarczaj\u0105cej \u015bcie\u017cki audytu zgodnie z art. 69 ust. 6 rozporz\u0105dzenia (UE) 2021\/1060.<\/p>\n<p>Nast\u0119pnie mog\u0105 by\u0107 one archiwizowane poza Jems w celach statystycznych i na podstawie przepis\u00f3w krajowych.<\/p>\n<\/div><div class=\"fusion-title title fusion-title-8 fusion-sep-none fusion-title-center fusion-title-text fusion-title-size-three\" style=\"--awb-margin-top-small:10px;--awb-margin-right-small:0px;--awb-margin-bottom-small:10px;--awb-margin-left-small:0px;--awb-sep-color:var(--awb-custom_color_1);\"><h3 class=\"fusion-title-heading title-heading-center\" style=\"margin:0;\">VI. Interreg Newsflash<\/h3><\/div><div class=\"fusion-text fusion-text-10\"><p>Zgodnie z art. 46 rozporz\u0105dzenia (UE) 2021\/1059, Wsp\u00f3lny Sekretariat wspiera beneficjent\u00f3w wszystkich zatwierdzonych projekt\u00f3w w ich realizacji. Obejmuje to informowanie o innowacjach i wynikach Programu za pomoc\u0105 elektronicznego biuletynu Interreg Newsflash. Wsp\u00f3lny Sekretariat jest upowa\u017cniony do wysy\u0142ania wiadomo\u015bci Interreg Newsflash w Jems do wszystkich os\u00f3b pe\u0142ni\u0105cych okre\u015blone funkcje u Partnera Wiod\u0105cego, Partner\u00f3w Projektu i Partner\u00f3w Stowarzyszonych projektu, kt\u00f3re zostan\u0105 wyznaczone<\/p>\n<ul>\n<li>jako osoby kontaktowe organizacji,<\/li>\n<li>jako kierownik projektu\/finans\u00f3w\/komunikacji lub<\/li>\n<li>\u2022 jako osoby uprawnione do korzystania z systemu przy sporz\u0105dzaniu raportu<\/li>\n<\/ul>\n<p>.<\/p>\n<p>Osoby fizyczne b\u0119d\u0105 otrzymywa\u0107 biuletyn Interreg co najmniej do 31.12.2028 r., chyba \u017ce w Podr\u0119czniku Programu kwalifikowalno\u015b\u0107 wydatk\u00f3w dla projekt\u00f3w zostanie przed\u0142u\u017cona poza t\u0119 dat\u0119.<\/p>\n<\/div><div class=\"fusion-title title fusion-title-9 fusion-sep-none fusion-title-center fusion-title-text fusion-title-size-three\" style=\"--awb-margin-top-small:10px;--awb-margin-right-small:0px;--awb-margin-bottom-small:10px;--awb-margin-left-small:0px;--awb-sep-color:var(--awb-custom_color_1);\"><h3 class=\"fusion-title-heading title-heading-center\" style=\"margin:0;\">VII. Prawa osoby, kt\u00f3rej dotycz\u0105 dane<\/h3><\/div><div class=\"fusion-text fusion-text-11\"><p>Je\u017celi przetwarzane s\u0105 Pa\u0144stwa dane osobowe, s\u0105 Pa\u0144stwo podmiotem, kt\u00f3rego w rozumieniu RODO dane dotycz\u0105 i maj\u0105 Pa\u0144stwo nast\u0119puj\u0105ce prawa wobec administratora danych:<\/p>\n<\/div><div class=\"fusion-text fusion-text-12\"><h4>1. Prawo do informacji<\/h4>\n<p>Mog\u0105 Pa\u0144stwo za\u017c\u0105da\u0107 od administratora potwierdzenia, czy przetwarzane s\u0105 dane osobowe dotycz\u0105ce Pa\u0144stwa.<\/p>\n<p>Je\u017celi takie przetwarzanie ma miejsce, mog\u0105 Pa\u0144stwo za\u017c\u0105da\u0107 od administratora danych osobowych, aby dostarczy\u0142 Pa\u0144stwu nast\u0119puj\u0105cych informacji:<\/p>\n<ul>\n<li>cele, dla kt\u00f3rych przetwarzane s\u0105 dane osobowe,<\/li>\n<li>kategorie danych osobowych, kt\u00f3re s\u0105 przetwarzane,<\/li>\n<li>odbiorc\u00f3w lub kategorie odbiorc\u00f3w, kt\u00f3rym dane osobowe dotycz\u0105ce Pa\u0144stwa zosta\u0142y lub zostan\u0105 ujawnione,<\/li>\n<li>planowany okres przechowywania danych osobowych dotycz\u0105cych Pa\u0144stwa lub, je\u017celi nie jest mo\u017cliwe, podanie szczeg\u00f3\u0142owych informacji na ten temat, kryteria ustalania okresu przechowywania,<\/li>\n<li>o prawie do sprostowania lub usuni\u0119cia dotycz\u0105cych Pa\u0144stwa danych osobowych, prawie do ograniczenia przetwarzania przez administratora lub prawie do sprzeciwu wobec takiego przetwarzania b\u0105d\u017a braku tych praw,<\/li>\n<li>o prawie do odwo\u0142ania si\u0119 do organu nadzorczego,<\/li>\n<li>\u2022 wszelkie dost\u0119pne informacje o pochodzeniu danych, je\u017celi dane osobowe nie zosta\u0142y pozyskane od osoby, kt\u00f3rej dane dotycz\u0105,<\/li>\n<li>o istnieniu zautomatyzowanego narz\u0119dzia podejmowania decyzji, w tym profilowania, zgodnie z art. 22 ust. 1 i 4 RODO oraz, przynajmniej w tych przypadkach, wyczerpuj\u0105cych informacji na temat zastosowanej logiki, zakresu i zamierzonych skutk\u00f3w takiego przetwarzania dla osoby, kt\u00f3rej dane dotycz\u0105.<\/li>\n<\/ul>\n<\/div><div class=\"fusion-text fusion-text-13\"><h4>2. Prawo do sprostowania<\/h4>\n<p>W stosunku do administratora danych maj\u0105 Pa\u0144stwo prawo do sprostowania i\/lub uzupe\u0142nienia, je\u017celi przetwarzane dane osobowe dotycz\u0105ce Pa\u0144stwa s\u0105 niedok\u0142adne lub niekompletne. Administrator danych dokona sprostowania bez zb\u0119dnej zw\u0142oki.<\/p>\n<\/div><div class=\"fusion-text fusion-text-14\"><h4>3. Prawo do ograniczenia przetwarzania<\/h4>\n<p>W nast\u0119puj\u0105cych okoliczno\u015bciach mog\u0105 Pa\u0144stwo za\u017c\u0105da\u0107 ograniczenia przetwarzania dotycz\u0105cych Pa\u0144stwa danych osobowych:<\/p>\n<ul>\n<li>je\u017celi kwestionuj\u0105 Pa\u0144stwo prawid\u0142owo\u015b\u0107 dotycz\u0105cych Pa\u0144stwa danych osobowych przez okres umo\u017cliwiaj\u0105cy administratorowi sprawdzenie prawid\u0142owo\u015bci danych osobowych;<\/li>\n<li>przetwarzanie jest niezgodne z prawem i sprzeciwiaj\u0105 si\u0119 Pa\u0144stwo usuni\u0119ciu danych osobowych i \u017c\u0105daj\u0105 w zamian ograniczenia ich wykorzystywania;<\/li>\n<li>administrator nie potrzebuje ju\u017c danych osobowych do cel\u00f3w przetwarzania, ale s\u0105 one potrzebne do ustalenia, wykonania lub obrony roszcze\u0144 prawnych; lub<\/li>\n<li>je\u017celi zg\u0142osili Pa\u0144stwo sprzeciw wobec przetwarzania zgodnie z art. 21 ust. 1 RODO i nie ustalono jeszcze, czy uzasadnione powody administratora s\u0105 nadrz\u0119dne wobec Pa\u0144stwa powod\u00f3w.<\/li>\n<\/ul>\n<p>Je\u017celi przetwarzanie danych osobowych dotycz\u0105cych Pa\u0144stwa zosta\u0142o ograniczone, dane te mog\u0105 by\u0107 &#8211; opr\u00f3cz przechowywania &#8211; przetwarzane wy\u0142\u0105cznie za Pa\u0144stwa zgod\u0105 lub w celu ustalenia, wykonania lub obrony roszcze\u0144 prawnych lub w celu ochrony praw innej osoby fizycznej lub prawnej lub ze wzgl\u0119du na istotny interes publiczny Unii lub pa\u0144stwa cz\u0142onkowskiego.<\/p>\n<p>Wurde die Einschr\u00e4nkung der Verarbeitung nach den o.g. Voraussetzungen Je\u017celi ograniczenie przetwarzania zosta\u0142o ograniczone zgodnie z powy\u017cszymi warunkami, przed zniesieniem ograniczenia zostan\u0105 Pa\u0144stwo poinformowani przez administratora.<\/p>\n<\/div><div class=\"fusion-text fusion-text-15\"><h4>4. Prawo do usuni\u0119cia<\/h4>\n<h4>4.1 Obowi\u0105zek usuni\u0119cia<\/h4>\n<p>Mog\u0105 Pa\u0144stwo za\u017c\u0105da\u0107 od administratora niezw\u0142ocznego usuni\u0119cia dotycz\u0105cych Pa\u0144stwa danych osobowych, a administrator jest zobowi\u0105zany do niezw\u0142ocznego usuni\u0119cia tych danych, je\u017celi zachodzi jedna z nast\u0119puj\u0105cych przyczyn:<\/p>\n<ul>\n<li>dane osobowe nie s\u0105 ju\u017c niezb\u0119dne do cel\u00f3w, w kt\u00f3rych zosta\u0142y zebrane lub w inny spos\u00f3b przetwarzane;<\/li>\n<li>osoba, kt\u00f3rej dane dotycz\u0105, cofn\u0119\u0142a zgod\u0119, na kt\u00f3rej opiera si\u0119 przetwarzanie zgodnie z art. 6 ust. 1 lit. a) lub art. 9 ust. 2 lit. a), i nie ma innej podstawy prawnej przetwarzania;<\/li>\n<li>osoba, kt\u00f3rej dane dotycz\u0105, wnosi sprzeciw na mocy art. 21 ust. 1 wobec przetwarzania i nie wyst\u0119puj\u0105 nadrz\u0119dne prawnie uzasadnione podstawy przetwarzania lub osoba, kt\u00f3rej dane dotycz\u0105, wnosi sprzeciw na mocy art. 21 ust. 2 wobec przetwarzania;<\/li>\n<li>dane osobowe by\u0142y przetwarzane niezgodnie z prawem;<\/li>\n<li>dane osobowe musz\u0105 zosta\u0107 usuni\u0119te w celu wywi\u0105zania si\u0119 z obowi\u0105zku prawnego przewidzianego w prawie Unii lub prawie pa\u0144stwa cz\u0142onkowskiego, kt\u00f3remu podlega administrator;<\/li>\n<li>dane osobowe zosta\u0142y zebrane w zwi\u0105zku z oferowaniem us\u0142ug spo\u0142ecze\u0144stwa informacyjnego, o kt\u00f3rych mowa w art. 8 ust. 1.<\/li>\n<\/ul>\n<h4>4.2 Informacje przekazywane innym podmiotom<\/h4>\n<p>Je\u017celi administrator upubliczni\u0142 dane osobowe na mocy art. 17 ust. a na mocy ust. 1 ma obowi\u0105zek usun\u0105\u0107 te dane osobowe, to \u2013 bior\u0105c pod uwag\u0119 dost\u0119pn\u0105 technologi\u0119 i koszt realizacji \u2013 podejmuje rozs\u0105dne dzia\u0142ania, w tym \u015brodki techniczne, by poinformowa\u0107 administrator\u00f3w przetwarzaj\u0105cych te dane osobowe, \u017ce osoba, kt\u00f3rej dane dotycz\u0105, \u017c\u0105da, by administratorzy ci usun\u0119li wszelkie \u0142\u0105cza do tych danych, kopie tych danych osobowych lub ich replikacje.<\/p>\n<h4>4.3 Wyj\u0105tki<\/h4>\n<p>Prawo do usuni\u0119cia danych nie ma zastosowania, w zakresie w jakim przetwarzanie jest niezb\u0119dne:<\/p>\n<ul>\n<li>do korzystania z prawa do wolno\u015bci wypowiedzi i informacji;<\/li>\n<li>do wywi\u0105zania si\u0119 z prawnego obowi\u0105zku wymagaj\u0105cego przetwarzania na mocy prawa Unii lub prawa pa\u0144stwa cz\u0142onkowskiego, kt\u00f3remu podlega administrator, lub do wykonania zadania realizowanego w interesie publicznym lub w ramach sprawowania w\u0142adzy publicznej powierzonej administratorowi;<\/li>\n<li>z uwagi na wzgl\u0119dy interesu publicznego w dziedzinie zdrowia publicznego zgodnie z art. 9 ust. 2 lit. h) oraz i) i art. 9 ust. 3;<\/li>\n<li>do cel\u00f3w archiwalnych w interesie publicznym, do cel\u00f3w bada\u0144 naukowych lub historycznych lub do cel\u00f3w statystycznych zgodnie z art. 89 ust. 1, o ile prawdopodobne jest, \u017ce prawo, o kt\u00f3rym mowa w ust. 1, uniemo\u017cliwi lub powa\u017cnie utrudni realizacj\u0119 cel\u00f3w takiego przetwarzania; lub<\/li>\n<li>do ustalenia, dochodzenia lub obrony roszcze\u0144.<\/li>\n<\/ul>\n<\/div><div class=\"fusion-text fusion-text-16\"><h4>5. Prawo do sprostowania<\/h4>\n<p>Je\u017celi dochodz\u0105 Pa\u0144stwo wobec administratora prawa do sprostowania, usuni\u0119cia lub ograniczenia przetwarzania, administrator ma obowi\u0105zek powiadomi\u0107 wszystkich odbiorc\u00f3w, kt\u00f3rym ujawniono dotycz\u0105ce Pa\u0144stwa dane osobowe, o tym sprostowaniu lub usuni\u0119ciu danych lub ograniczeniu przetwarzania, chyba \u017ce oka\u017ce si\u0119 to niemo\u017cliwe lub b\u0119dzie wymaga\u0142o niewsp\u00f3\u0142miernie du\u017cego wysi\u0142ku.<\/p>\n<p>Maj\u0105 Pa\u0144stwo prawo \u017c\u0105da\u0107 od administratora danych informacji o powy\u017cszych odbiorcach.<\/p>\n<\/div><div class=\"fusion-text fusion-text-17\"><h4>6. Prawo do przenoszenia danych<\/h4>\n<p>Maj\u0105 Pa\u0144stwo prawo otrzyma\u0107 w ustrukturyzowanym, powszechnie u\u017cywanym formacie nadaj\u0105cym si\u0119 do odczytu maszynowego dane osobowe dotycz\u0105ce Pa\u0144stwa, oraz prawo przes\u0142a\u0107 te dane osobowe innemu administratorowi bez przeszk\u00f3d ze strony administratora, kt\u00f3remu dostarczono te dane osobowe, je\u017celi:<\/p>\n<ul>\n<li>oraz prawo przes\u0142a\u0107 te dane osobowe innemu administratorowi bez przeszk\u00f3d ze strony administratora, kt\u00f3remu dostarczono te dane osobowe, je\u017celi: art. 6 ust. 1 lit. lub art. 9 ust. 2 lit. a) lub na podstawie umowy w my\u015bl art. 6 ust. 1 lit. b); oraz<\/li>\n<li>przetwarzanie odbywa si\u0119 w spos\u00f3b zautomatyzowany.<\/li>\n<\/ul>\n<p>Wykonuj\u0105c powy\u017csze prawo maj\u0105 Pa\u0144stwo r\u00f3wnie\u017c prawo \u017c\u0105dania, by Pa\u0144stwa dane osobowe zosta\u0142y przes\u0142ane przez administratora bezpo\u015brednio innemu administratorowi, o ile jest to technicznie mo\u017cliwe i nie narusza wolno\u015bci i praw innych os\u00f3b.<\/p>\n<p>Prawo to nie ma zastosowania do przetwarzania, kt\u00f3re jest niezb\u0119dne do wykonania zadania realizowanego w interesie publicznym lub w ramach sprawowania w\u0142adzy publicznej powierzonej administratorowi.<\/p>\n<\/div><div class=\"fusion-text fusion-text-18\"><h4>7. Prawo do sprzeciwu<\/h4>\n<p>Maj\u0105 Pa\u0144stwo prawo w dowolnym momencie wnie\u015b\u0107 sprzeciw \u2013 z przyczyn zwi\u0105zanych z jej szczeg\u00f3ln\u0105 sytuacj\u0105 \u2013 wobec przetwarzania dotycz\u0105cych jej danych osobowych opartego na art. 6 ust. 1 lit. e) lub f) RODO, w tym profilowania na podstawie tych przepis\u00f3w.<\/p>\n<p>Administratorowi nie wolno ju\u017c przetwarza\u0107 tych danych osobowych, chyba \u017ce wyka\u017ce on istnienie wa\u017cnych prawnie uzasadnionych podstaw do przetwarzania, nadrz\u0119dnych wobec interes\u00f3w, praw i wolno\u015bci osoby, kt\u00f3rej dane dotycz\u0105, lub podstaw do ustalenia, dochodzenia lub obrony roszcze\u0144.<\/p>\n<p>Je\u017celi Pa\u0144stwa dane osobowe s\u0105 przetwarzane na potrzeby marketingu bezpo\u015bredniego, maj\u0105 Pa\u0144stwo prawo w dowolnym momencie wnie\u015b\u0107 sprzeciw wobec przetwarzania dotycz\u0105cych Pa\u0144stwa danych osobowych na potrzeby takiego marketingu, w tym profilowania, w zakresie, w jakim przetwarzanie jest zwi\u0105zane z takim marketingiem bezpo\u015brednim.<\/p>\n<p>Je\u017celi wniesiecie Pa\u0144stwo sprzeciw wobec przetwarzania Pa\u0144stwa danych osobowych do cel\u00f3w marketingu bezpo\u015bredniego, danych osobowych nie wolno ju\u017c przetwarza\u0107 do takich cel\u00f3w.<\/p>\n<p>W zwi\u0105zku z korzystaniem z us\u0142ug spo\u0142ecze\u0144stwa informacyjnego i bez uszczerbku dla dyrektywy 2002\/58\/WE mo\u017cecie Pa\u0144stwo wykona\u0107 prawo do sprzeciwu za po\u015brednictwem zautomatyzowanych \u015brodk\u00f3w wykorzystuj\u0105cych specyfikacje techniczne.<\/p>\n<\/div><div class=\"fusion-text fusion-text-19\"><h4>8. Prawo do cofni\u0119cia o\u015bwiadczenia o wyra\u017ceniu zgody w \u015bwietle prawa o ochronie danych osobowych<\/h4>\n<p>Zgodnie z prawem ochrony danych osobowych maj\u0105 Pa\u0144stwo prawo w ka\u017cdej chwili odwo\u0142a\u0107 swoje o\u015bwiadczenie o wyra\u017ceniu zgody. Odwo\u0142anie zgody nie wp\u0142ywa na zgodno\u015b\u0107 z prawem przetwarzania, kt\u00f3rego dokonano na podstawie zgody do momentu jej odwo\u0142ania.<\/p>\n<p>Zwracamy uwag\u0119, \u017ce po odwo\u0142aniu dalsze korzystanie z Jem jako aktywny u\u017cytkownik nie jest ju\u017c mo\u017cliwe, a dost\u0119p u\u017cytkownika jest dezaktywowany; tzn. nie ma ju\u017c mo\u017cliwo\u015bci realizacji lub uczestnictwa w poszczeg\u00f3lnych etapach procesu, kt\u00f3re s\u0105 obowi\u0105zkowo realizowane w Jem. (np. sk\u0142adanie wniosk\u00f3w, sprawozdawczo\u015b\u0107, refundacja \u015brodk\u00f3w, zako\u0144czenie projektu)<\/p>\n<\/div><div class=\"fusion-text fusion-text-20\"><h4>9. Prawo do z\u0142o\u017cenia skargi do organu nadzorczego<\/h4>\n<p>Bez uszczerbku dla innych administracyjnych lub s\u0105dowych \u015brodk\u00f3w ochrony prawnej przys\u0142uguje Pa\u0144stwu prawo wnie\u015b\u0107 skargi do organu nadzorczego, w szczeg\u00f3lno\u015bci w pa\u0144stwie cz\u0142onkowskim swojego zwyk\u0142ego pobytu, swojego miejsca pracy lub miejsca pope\u0142nienia domniemanego naruszenia, je\u017celi s\u0105dzicie Pa\u0144stwo, \u017ce przetwarzanie danych osobowych jej dotycz\u0105ce narusza rozporz\u0105dzenie RODO.<\/p>\n<p>Organ nadzorczy, do kt\u00f3rego wniesiono skarg\u0119, informuje skar\u017c\u0105cego o post\u0119pach i efektach rozpatrywania skargi, w tym o mo\u017cliwo\u015bci skorzystania z s\u0105dowego \u015brodka ochrony prawnej na mocy art. 78 RODO.<\/p>\n<p>W\u0142a\u015bciwym organem nadzorczym w zakresie ochrony danych w kraju zwi\u0105zkowym Meklemburgia-Pomorze Przednie jest Krajowy Pe\u0142nomocnik Ochrony Danych Osobowych i Dost\u0119pu do Informacji Publicznej<\/p>\n<p>Der Landesbeauftragte f\u00fcr Datenschutz und Informationsfreiheit Mecklenburg-Vorpommern (Krajowy Pe\u0142nomocnik Ochrony Danych Osobowych i Dost\u0119pu do Informacji Publicznej)<br \/>\nZamek w Schwerinie<br \/>\nLenn\u00e9stra\u00dfe 1<br \/>\nD &#8211; 19053 Schwerin<\/p>\n<p>Telefon: +49 385 59494 0<br \/>\nTelefax: +49 385 59494 58<br \/>\nE-Mail: <a href=\"mailto:info@datenschutz-mv.de\">info@datenschutz-mv.de<\/a><br \/>\nStrona internetowa: <a href=\"http:\/\/www.datenschutz-mv.de\">www.datenschutz-mv.de<\/a> ; <a href=\"http:\/\/www.informationsfreiheit-mv.de\/\">www.informationsfreiheit-mv.de<\/a><\/p>\n<\/div><\/div><\/div><div class=\"fusion-layout-column fusion_builder_column fusion-builder-column-5 fusion-flex-column\" style=\"--awb-bg-size:cover;--awb-width-large:10%;--awb-margin-top-large:0px;--awb-spacing-right-large:19.2%;--awb-margin-bottom-large:20px;--awb-spacing-left-large:19.2%;--awb-order-medium:0;--awb-spacing-right-medium:0px;--awb-spacing-left-medium:0px;--awb-width-small:100%;--awb-order-small:0;--awb-spacing-right-small:0px;--awb-spacing-left-small:0px;\"><div class=\"fusion-column-wrapper fusion-column-has-shadow fusion-flex-justify-content-flex-start fusion-content-layout-column\"><\/div><\/div><\/div><\/div><div class=\"fusion-fullwidth fullwidth-box fusion-builder-row-3 fusion-flex-container nonhundred-percent-fullwidth non-hundred-percent-height-scrolling\" style=\"--awb-border-radius-top-left:0px;--awb-border-radius-top-right:0px;--awb-border-radius-bottom-right:0px;--awb-border-radius-bottom-left:0px;--awb-flex-wrap:wrap;\" ><div class=\"fusion-builder-row fusion-row fusion-flex-align-items-flex-start fusion-flex-content-wrap\" style=\"max-width:1586px;margin-left: calc(-4% \/ 2 );margin-right: calc(-4% \/ 2 );\"><div class=\"fusion-layout-column fusion_builder_column fusion-builder-column-6 fusion-flex-column\" style=\"--awb-bg-size:cover;--awb-width-large:10%;--awb-margin-top-large:0px;--awb-spacing-right-large:19.2%;--awb-margin-bottom-large:20px;--awb-spacing-left-large:19.2%;--awb-order-medium:0;--awb-spacing-right-medium:0px;--awb-spacing-left-medium:0px;--awb-width-small:100%;--awb-order-small:0;--awb-spacing-right-small:1.92%;--awb-spacing-left-small:1.92%;\"><div class=\"fusion-column-wrapper fusion-column-has-shadow fusion-flex-justify-content-flex-start fusion-content-layout-column\"><\/div><\/div><div class=\"fusion-layout-column fusion_builder_column fusion-builder-column-7 fusion-flex-column\" style=\"--awb-bg-size:cover;--awb-width-large:79%;--awb-margin-top-large:0px;--awb-spacing-right-large:0%;--awb-margin-bottom-large:20px;--awb-spacing-left-large:0%;--awb-width-medium:100%;--awb-order-medium:0;--awb-spacing-right-medium:0%;--awb-spacing-left-medium:0%;--awb-width-small:100%;--awb-order-small:0;--awb-spacing-right-small:1.92%;--awb-spacing-left-small:1.92%;\"><div class=\"fusion-column-wrapper fusion-column-has-shadow fusion-flex-justify-content-flex-start fusion-content-layout-column\"><div class=\"fusion-title title fusion-title-10 fusion-sep-none fusion-title-center fusion-title-text fusion-title-size-two\" style=\"--awb-margin-top-small:10px;--awb-margin-right-small:0px;--awb-margin-bottom-small:10px;--awb-margin-left-small:0px;--awb-sep-color:var(--awb-custom_color_1);\"><h2 class=\"fusion-title-heading title-heading-center\" style=\"margin:0;\">Warunki u\u017cytkowania<\/h2><\/div><div class=\"fusion-text fusion-text-21\"><h4>1. Konto u\u017cytkownika<\/h4>\n<p>Zapisane podczas rejestracji dane mo\u017cna przegl\u0105da\u0107 i zmienia\u0107 w ka\u017cdej chwili po zalogowaniu si\u0119 poprzez &#8222;Konto u\u017cytkownika&#8221;. (Tw\u00f3j adres e-mail w nawigacji powy\u017cej)<\/p>\n<p>Aby zapobiec nadu\u017cyciom ze strony os\u00f3b trzecich, nale\u017cy wykluczy\u0107 ujawnianie danych konta u\u017cytkownika lub udzielanie dost\u0119pu osobom trzecim. Nale\u017cy stosowa\u0107 odpowiednie has\u0142a o wystarczaj\u0105cej z\u0142o\u017cono\u015bci; wym\u00f3g techniczny: co najmniej 10 znak\u00f3w, jedna wielka i jedna ma\u0142a litera oraz jedna cyfra. Zaleca si\u0119 stosowanie w ha\u015ble dodatkowych znak\u00f3w specjalnych.<\/p>\n<p>Has\u0142a nale\u017cy zmienia\u0107 regularnie, a szczeg\u00f3lnie w przypadkach, gdy sta\u0142y si\u0119 one znane osobom nieuprawnionym lub istnieje takie podejrzenie.<\/p>\n<\/div><div class=\"fusion-text fusion-text-22\"><h4>2. J\u0119zyki<\/h4>\n<p>Wsp\u00f3lnym j\u0119zykiem, w kt\u00f3rym w ramach Interact dostarczane s\u0105 funkcjonalno\u015bci Jems s\u0105 jest standardowo j\u0119zyk angielski.<\/p>\n<p>W systemie Jems u\u017cytkownicy mog\u0105 wy\u015bwietla\u0107 Jems w j\u0119zykach systemowych: niemieckim, polskim i angielskim. W systemowym j\u0119zyku angielskim wy\u015bwietlane s\u0105 tylko standardowe nazwy dostarczane przez Interact, kt\u00f3re <strong>nie<\/strong> s\u0105 dostosowane do specjalnych funkcji programu.<\/p>\n<p>U\u017cytkownicy podczas wprowadzania danych do Jems kieruj\u0105 si\u0119 wi\u0119c wy\u0142\u0105cznie j\u0119zykami systemu: niemieckim i polskim. Oznaczenia Jems w tych dw\u00f3ch j\u0119zykach s\u0105 dostosowane do specyfiki Programu.<\/p>\n<\/div><div class=\"fusion-text fusion-text-23\"><h4>3. Automatyczne powiadomienia o statusie spraw w systemie Jems<\/h4>\n<p>Jems wysy\u0142a automatyczne powiadomienia, gdy tylko stan proces\u00f3w w systemie Jems zmieni si\u0119 w wyniku wykonania akcji. (Funkcja b\u0119dzie prawdopodobnie dost\u0119pna w Jems wersja 7) Organizacje zapewniaj\u0105, \u017ce wpisy i dzia\u0142ania w Jems s\u0105 wykonywane wy\u0142\u0105cznie w spos\u00f3b prawnie wi\u0105\u017c\u0105cy przez uprawnionych u\u017cytkownik\u00f3w. W takim przypadku u\u017cytkownik upewnia si\u0119, \u017ce adres e-mail zapisany na koncie u\u017cytkownika Jems jest prawid\u0142owy oraz \u017ce konto e-mail jest sprawne. Nadawc\u0105 przekazywanych powiadomie\u0144 Jems jest strona <a href=\"mailto:jems@interreg6a.net\">jems@interreg6a.net<\/a>.<\/p>\n<p>Je\u015bli u\u017cytkownicy nie otrzymuj\u0105 automatycznych powiadomie\u0144 we w\u0142asnej skrzynce odbiorczej, nale\u017cy najpierw sprawdzi\u0107 folder spamu, zanim poprosz\u0105 Pa\u0144stwo w\u0142asny dzia\u0142 IT o sprawdzenie ustawie\u0144 zapory.<\/p>\n<\/div><div class=\"fusion-text fusion-text-24\"><h4>4. Bezpiecze\u0144stwo informatyczne po stronie u\u017cytkownik\u00f3w<\/h4>\n<p>Za bezpiecze\u0144stwo informatyczne po stronie u\u017cytkownika odpowiada sam u\u017cytkownik. W tym celu opiera si\u0119 on na wymaganiach dotycz\u0105cych ochrony linii podstawowej IT okre\u015blonych w BSI lub w innej mi\u0119dzynarodowej normie dotycz\u0105cej bezpiecze\u0144stwa informacji, np. ISO 27001.<\/p>\n<p>W przypadku wyst\u0105pienia incydentu bezpiecze\u0144stwa (np. atak wirusa, dost\u0119p os\u00f3b nieuprawnionych) nale\u017cy niezw\u0142ocznie poinformowa\u0107 dostawc\u0119 <a href=\"mailto:jems@interreg6a.net\">jems@interreg6a.net<\/a>.<\/p>\n<\/div><div class=\"fusion-text fusion-text-25\"><h4>5. Odpowiedzialno\u015b\u0107<\/h4>\n<p>U\u017cytkownicy ponosz\u0105 pe\u0142n\u0105 odpowiedzialno\u015b\u0107 za spos\u00f3b, w jaki korzystaj\u0105 z Jems (w tym niew\u0142a\u015bciwe korzystanie) oraz za wszelkie konsekwencje, kt\u00f3re mog\u0105 z tego wynika\u0107 bezpo\u015brednio lub po\u015brednio.<\/p>\n<p>Organizacje zapewniaj\u0105, \u017ce wpisy i dzia\u0142ania w Jems s\u0105 wykonywane wy\u0142\u0105cznie w spos\u00f3b prawnie wi\u0105\u017c\u0105cy przez uprawnionych u\u017cytkownik\u00f3w.<\/p>\n<p>Wyklucza si\u0119 odpowiedzialno\u015b\u0107 za szkody maj\u0105tkowe i niemaj\u0105tkowe spowodowane nieuprawnion\u0105 ingerencj\u0105 os\u00f3b trzecich w proces transmisji lub wykorzystaniem przechwyconych danych, chyba \u017ce mamy do czynienia z dzia\u0142aniem umy\u015blnym lub ra\u017c\u0105cym zaniedbaniem.<\/p>\n<p>Jems jest zazwyczaj dost\u0119pny 24 godziny na dob\u0119. Z przyczyn technicznych (np. prace konserwacyjne, prace optymalizacyjne) Jems mo\u017ce by\u0107 niedost\u0119pny przez okre\u015blony czas. Komunikat o konserwacji zostanie opublikowany z odpowiednim wyprzedzeniem na stronie logowania.<\/p>\n<p>Dostawca nie przejmuje \u017cadnej gwarancji ani odpowiedzialno\u015bci za powodzenie transmisji.<\/p>\n<\/div><\/div><\/div><div class=\"fusion-layout-column fusion_builder_column fusion-builder-column-8 fusion-flex-column\" style=\"--awb-bg-size:cover;--awb-width-large:10%;--awb-margin-top-large:0px;--awb-spacing-right-large:19.2%;--awb-margin-bottom-large:20px;--awb-spacing-left-large:19.2%;--awb-order-medium:0;--awb-spacing-right-medium:0px;--awb-spacing-left-medium:0px;--awb-width-small:100%;--awb-order-small:0;--awb-spacing-right-small:0px;--awb-spacing-left-small:0px;\"><div class=\"fusion-column-wrapper fusion-column-has-shadow fusion-flex-justify-content-flex-start fusion-content-layout-column\"><\/div><\/div><\/div><\/div><\/p>\n","protected":false},"excerpt":{"rendered":"","protected":false},"author":5,"featured_media":0,"parent":0,"menu_order":0,"comment_status":"closed","ping_status":"closed","template":"100-width.php","meta":{"_price":"","_stock":"","_tribe_ticket_header":"","_tribe_default_ticket_provider":"","_tribe_ticket_capacity":"0","_ticket_start_date":"","_ticket_end_date":"","_tribe_ticket_show_description":"","_tribe_ticket_show_not_going":false,"_tribe_ticket_use_global_stock":"","_tribe_ticket_global_stock_level":"","_global_stock_mode":"","_global_stock_cap":"","_tribe_rsvp_for_event":"","_tribe_ticket_going_count":"","_tribe_ticket_not_going_count":"","_tribe_tickets_list":"[]","_tribe_ticket_has_attendee_info_fields":false,"footnotes":"","_tec_slr_enabled":"","_tec_slr_layout":""},"class_list":["post-5766","page","type-page","status-publish","hentry"],"yoast_head":"<!-- This site is optimized with the Yoast SEO plugin v27.3 - https:\/\/yoast.com\/product\/yoast-seo-wordpress\/ -->\n<title>Jems - Ochrona danych osobowych i warunki u\u017cytkowania - Interreg VI A MV\/BB\/PL<\/title>\n<meta name=\"robots\" content=\"index, follow, max-snippet:-1, max-image-preview:large, max-video-preview:-1\" \/>\n<link rel=\"canonical\" href=\"https:\/\/www.interreg6a.net\/pl\/ochronadanych-jems\/\" \/>\n<meta property=\"og:locale\" content=\"pl_PL\" \/>\n<meta property=\"og:type\" content=\"article\" \/>\n<meta property=\"og:title\" content=\"Jems - Ochrona danych osobowych i warunki u\u017cytkowania - Interreg VI A MV\/BB\/PL\" \/>\n<meta property=\"og:url\" content=\"https:\/\/www.interreg6a.net\/pl\/ochronadanych-jems\/\" \/>\n<meta property=\"og:site_name\" content=\"Interreg VI A MV\/BB\/PL\" \/>\n<meta property=\"article:modified_time\" content=\"2023-12-28T09:14:22+00:00\" \/>\n<meta name=\"twitter:card\" content=\"summary_large_image\" \/>\n<meta name=\"twitter:label1\" content=\"Szacowany czas czytania\" \/>\n\t<meta name=\"twitter:data1\" content=\"32 minuty\" \/>\n<script type=\"application\/ld+json\" class=\"yoast-schema-graph\">{\"@context\":\"https:\\\/\\\/schema.org\",\"@graph\":[{\"@type\":\"WebPage\",\"@id\":\"https:\\\/\\\/www.interreg6a.net\\\/pl\\\/ochronadanych-jems\\\/\",\"url\":\"https:\\\/\\\/www.interreg6a.net\\\/pl\\\/ochronadanych-jems\\\/\",\"name\":\"Jems - Ochrona danych osobowych i warunki u\u017cytkowania - Interreg VI A MV\\\/BB\\\/PL\",\"isPartOf\":{\"@id\":\"https:\\\/\\\/www.interreg6a.net\\\/pl\\\/#website\"},\"datePublished\":\"2022-09-16T11:13:14+00:00\",\"dateModified\":\"2023-12-28T09:14:22+00:00\",\"breadcrumb\":{\"@id\":\"https:\\\/\\\/www.interreg6a.net\\\/pl\\\/ochronadanych-jems\\\/#breadcrumb\"},\"inLanguage\":\"pl-PL\",\"potentialAction\":[{\"@type\":\"ReadAction\",\"target\":[\"https:\\\/\\\/www.interreg6a.net\\\/pl\\\/ochronadanych-jems\\\/\"]}]},{\"@type\":\"BreadcrumbList\",\"@id\":\"https:\\\/\\\/www.interreg6a.net\\\/pl\\\/ochronadanych-jems\\\/#breadcrumb\",\"itemListElement\":[{\"@type\":\"ListItem\",\"position\":1,\"name\":\"Strona g\u0142\u00f3wna\",\"item\":\"https:\\\/\\\/www.interreg6a.net\\\/pl\\\/\"},{\"@type\":\"ListItem\",\"position\":2,\"name\":\"Jems &#8211; Ochrona danych osobowych i warunki u\u017cytkowania\"}]},{\"@type\":\"WebSite\",\"@id\":\"https:\\\/\\\/www.interreg6a.net\\\/pl\\\/#website\",\"url\":\"https:\\\/\\\/www.interreg6a.net\\\/pl\\\/\",\"name\":\"Interreg VI A MV\\\/BB\\\/PL\",\"description\":\"\",\"potentialAction\":[{\"@type\":\"SearchAction\",\"target\":{\"@type\":\"EntryPoint\",\"urlTemplate\":\"https:\\\/\\\/www.interreg6a.net\\\/pl\\\/?s={search_term_string}\"},\"query-input\":{\"@type\":\"PropertyValueSpecification\",\"valueRequired\":true,\"valueName\":\"search_term_string\"}}],\"inLanguage\":\"pl-PL\"}]}<\/script>\n<!-- \/ Yoast SEO plugin. -->","yoast_head_json":{"title":"Jems - Ochrona danych osobowych i warunki u\u017cytkowania - Interreg VI A MV\/BB\/PL","robots":{"index":"index","follow":"follow","max-snippet":"max-snippet:-1","max-image-preview":"max-image-preview:large","max-video-preview":"max-video-preview:-1"},"canonical":"https:\/\/www.interreg6a.net\/pl\/ochronadanych-jems\/","og_locale":"pl_PL","og_type":"article","og_title":"Jems - Ochrona danych osobowych i warunki u\u017cytkowania - Interreg VI A MV\/BB\/PL","og_url":"https:\/\/www.interreg6a.net\/pl\/ochronadanych-jems\/","og_site_name":"Interreg VI A MV\/BB\/PL","article_modified_time":"2023-12-28T09:14:22+00:00","twitter_card":"summary_large_image","twitter_misc":{"Szacowany czas czytania":"32 minuty"},"schema":{"@context":"https:\/\/schema.org","@graph":[{"@type":"WebPage","@id":"https:\/\/www.interreg6a.net\/pl\/ochronadanych-jems\/","url":"https:\/\/www.interreg6a.net\/pl\/ochronadanych-jems\/","name":"Jems - Ochrona danych osobowych i warunki u\u017cytkowania - Interreg VI A MV\/BB\/PL","isPartOf":{"@id":"https:\/\/www.interreg6a.net\/pl\/#website"},"datePublished":"2022-09-16T11:13:14+00:00","dateModified":"2023-12-28T09:14:22+00:00","breadcrumb":{"@id":"https:\/\/www.interreg6a.net\/pl\/ochronadanych-jems\/#breadcrumb"},"inLanguage":"pl-PL","potentialAction":[{"@type":"ReadAction","target":["https:\/\/www.interreg6a.net\/pl\/ochronadanych-jems\/"]}]},{"@type":"BreadcrumbList","@id":"https:\/\/www.interreg6a.net\/pl\/ochronadanych-jems\/#breadcrumb","itemListElement":[{"@type":"ListItem","position":1,"name":"Strona g\u0142\u00f3wna","item":"https:\/\/www.interreg6a.net\/pl\/"},{"@type":"ListItem","position":2,"name":"Jems &#8211; Ochrona danych osobowych i warunki u\u017cytkowania"}]},{"@type":"WebSite","@id":"https:\/\/www.interreg6a.net\/pl\/#website","url":"https:\/\/www.interreg6a.net\/pl\/","name":"Interreg VI A MV\/BB\/PL","description":"","potentialAction":[{"@type":"SearchAction","target":{"@type":"EntryPoint","urlTemplate":"https:\/\/www.interreg6a.net\/pl\/?s={search_term_string}"},"query-input":{"@type":"PropertyValueSpecification","valueRequired":true,"valueName":"search_term_string"}}],"inLanguage":"pl-PL"}]}},"ticketed":false,"_links":{"self":[{"href":"https:\/\/www.interreg6a.net\/pl\/wp-json\/wp\/v2\/pages\/5766","targetHints":{"allow":["GET"]}}],"collection":[{"href":"https:\/\/www.interreg6a.net\/pl\/wp-json\/wp\/v2\/pages"}],"about":[{"href":"https:\/\/www.interreg6a.net\/pl\/wp-json\/wp\/v2\/types\/page"}],"author":[{"embeddable":true,"href":"https:\/\/www.interreg6a.net\/pl\/wp-json\/wp\/v2\/users\/5"}],"replies":[{"embeddable":true,"href":"https:\/\/www.interreg6a.net\/pl\/wp-json\/wp\/v2\/comments?post=5766"}],"version-history":[{"count":29,"href":"https:\/\/www.interreg6a.net\/pl\/wp-json\/wp\/v2\/pages\/5766\/revisions"}],"predecessor-version":[{"id":11705,"href":"https:\/\/www.interreg6a.net\/pl\/wp-json\/wp\/v2\/pages\/5766\/revisions\/11705"}],"wp:attachment":[{"href":"https:\/\/www.interreg6a.net\/pl\/wp-json\/wp\/v2\/media?parent=5766"}],"curies":[{"name":"wp","href":"https:\/\/api.w.org\/{rel}","templated":true}]}}