{"id":8628,"date":"2023-03-29T16:48:58","date_gmt":"2023-03-29T14:48:58","guid":{"rendered":"https:\/\/www.interreg6a.net\/2-nabory\/"},"modified":"2023-03-31T14:27:04","modified_gmt":"2023-03-31T12:27:04","slug":"nabor-02","status":"publish","type":"page","link":"https:\/\/www.interreg6a.net\/pl\/nabor-02\/","title":{"rendered":"2. Nab\u00f3r"},"content":{"rendered":"<div class=\"fusion-fullwidth fullwidth-box fusion-builder-row-1 fusion-flex-container has-pattern-background has-mask-background nonhundred-percent-fullwidth non-hundred-percent-height-scrolling\" style=\"--awb-border-radius-top-left:0px;--awb-border-radius-top-right:0px;--awb-border-radius-bottom-right:0px;--awb-border-radius-bottom-left:0px;--awb-flex-wrap:wrap;\" ><div class=\"fusion-builder-row fusion-row fusion-flex-align-items-flex-start fusion-flex-content-wrap\" style=\"max-width:1586px;margin-left: calc(-4% \/ 2 );margin-right: calc(-4% \/ 2 );\"><div class=\"fusion-layout-column fusion_builder_column fusion-builder-column-0 fusion_builder_column_1_1 1_1 fusion-flex-column\" style=\"--awb-bg-size:cover;--awb-width-large:100%;--awb-margin-top-large:0px;--awb-spacing-right-large:1.92%;--awb-margin-bottom-large:20px;--awb-spacing-left-large:1.92%;--awb-width-medium:100%;--awb-order-medium:0;--awb-spacing-right-medium:1.92%;--awb-spacing-left-medium:1.92%;--awb-width-small:100%;--awb-order-small:0;--awb-spacing-right-small:1.92%;--awb-spacing-left-small:1.92%;\"><div class=\"fusion-column-wrapper fusion-column-has-shadow fusion-flex-justify-content-flex-start fusion-content-layout-column\"><div class=\"fusion-title title fusion-title-1 fusion-sep-none fusion-title-text fusion-title-size-one\" style=\"--awb-margin-top-small:10px;--awb-margin-right-small:0px;--awb-margin-bottom-small:10px;--awb-margin-left-small:0px;\"><h1 class=\"fusion-title-heading title-heading-left\" style=\"margin:0;\"><p><strong>2. Nab\u00f3r: INT02\/2023 \u2013 Nab\u00f3r specjalny FMP <\/strong><\/p>\n<p><strong>(CS 4.6, CS 6.3)<\/strong><\/p><\/h1><\/div><div class=\"fusion-text fusion-text-1\"><h5><strong>1. Bud\u017cet naboru INT02\/2023 &#8211; Nab\u00f3r specjalny FMP (CS 4.6, CS 6.3)<\/strong><\/h5>\n<\/div>\n<div class=\"table-1\">\n<table width=\"100%\">\n<thead>\n<tr>\n<th align=\"left\">Cel szczeg\u00f3\u0142owy<\/th>\n<th align=\"left\">\u015arodki FMP w EUR EFRR<\/th>\n<\/tr>\n<\/thead>\n<tbody>\n<tr>\n<td align=\"left\"><strong>4.6<\/strong><\/td>\n<td align=\"left\"><strong>7 837 689 EUR<\/strong><\/td>\n<\/tr>\n<tr>\n<td align=\"left\"><strong>6.3<\/strong><\/td>\n<td align=\"left\"><strong>5 912 311 EUR<\/strong><\/td>\n<\/tr>\n<tr>\n<td align=\"left\"><strong>Razem<\/strong><\/td>\n<td align=\"left\"><strong>13 750 000 EUR<\/strong><\/td>\n<\/tr>\n<\/tbody>\n<\/table>\n<\/div>\n<div class=\"fusion-text fusion-text-2\"><h5><strong>2. Termin sk\u0142adania wniosk\u00f3w<\/strong><\/h5>\n<\/div><div class=\"fusion-text fusion-text-3\"><p>Od <strong>30.03.2023<\/strong> (godz. 8:00) do <strong>26.04.2023<\/strong> (godz.16:00)<\/p>\n<\/div><div class=\"fusion-text fusion-text-4\"><h5><strong>3. Forma sk\u0142adania wniosku<\/strong><\/h5>\n<\/div><div class=\"fusion-text fusion-text-5\"><p>Wniosek o dofinansowanie jest sk\u0142adany online przez zarz\u0105dzaj\u0105cych FMP za po\u015brednictwem Jems.<\/p>\n<p>Wniosek o dofinansowanie jest wype\u0142niany w Jems w obu j\u0119zykach Programu, tj. w j\u0119zyku polskim i niemieckim. Obie wersje j\u0119zykowe musz\u0105 mie\u0107 identyczn\u0105 tre\u015b\u0107.<\/p>\n<p><strong>Dost\u0119p do systemu Jems: <\/strong><a href=\"https:\/\/jems-interreg6a.net\/\">https:\/\/jems-interreg6a.net\/<\/a><br \/>\nalbo przez stron\u0119 internetow\u0105 Programu: <a href=\"http:\/\/www.interreg6a.net\">www.interreg6a.net<\/a><\/p>\n<p><strong>Instrukcja do Jems: <\/strong> <a href=\"https:\/\/www.interreg6a.net\/pl\/jems\/\">https:\/\/www.interreg6a.net\/jems\/<\/a><\/p>\n<p><strong>Wnioski mo\u017cna przygotowa\u0107 wcze\u015bniej za pomoc\u0105 formularza offline!<br \/>\n<\/strong><a href=\"https:\/\/www.interreg6a.net\/pl\/skladanie-wnioskow\/\">https:\/\/www.interreg6a.net\/antragstellung\/<\/a><br \/>\n<strong>Jems Helpdesk:<\/strong> <a href=\"mailto:jems@interreg6a.net\">jems@interreg6a.net<\/a><\/p>\n<\/div><div class=\"fusion-text fusion-text-6\"><h5><strong>4. Uprawnieni do otrzymania wsparcia zarz\u0105dzaj\u0105cy FMP<\/strong><\/h5>\n<\/div><div class=\"fusion-text fusion-text-7\"><p>Nab\u00f3r specjalny skierowany jest do Stowarzyszenia Gmin Polskich Euroregionu Pomerania oraz Zwi\u0105zku Komunalnego Europaregion Pomerania e.V.<\/p>\n<\/div><div class=\"fusion-text fusion-text-8\"><h5><strong>5. Obszar tematyczny wniosk\u00f3w o dofinansowanie<\/strong><\/h5>\n<\/div><div class=\"fusion-text fusion-text-9\"><p>Ma\u0142e projekty, kt\u00f3re mog\u0105 by\u0107 realizowane w ramach celu szczeg\u00f3\u0142owego 4.6, ukierunkowane s\u0105 na wspieranie kultury i turystyki jako elementu rozwoju gospodarczego, w\u0142\u0105czenia spo\u0142ecznego i innowacji spo\u0142ecznych polsko-niemieckiego pogranicza.<\/p>\n<p>Ma\u0142e projekty, kt\u00f3re mog\u0105 by\u0107 realizowane w ramach celu szczeg\u00f3\u0142owego 6.3, koncentruj\u0105 si\u0119 na dzia\u0142aniach wspieraj\u0105cych budowanie wzajemnego zaufania poprzez wsp\u00f3\u0142prac\u0119 mi\u0119dzy obywatelami, organizacjami i administracj\u0105.<\/p>\n<p>Tematyczne ukierunkowanie ma\u0142ych projekt\u00f3w odpowiada lokalnym potrzebom obszaru Programu, odpowiada logice interwencji Programu i opiera si\u0119 na dzia\u0142aniach i przedsi\u0119wzi\u0119ciach odpowiednich dla priorytet\u00f3w i cel\u00f3w szczeg\u00f3\u0142owych opisanych w rozdziale 2 Podr\u0119cznika Programu<br \/>\n(link do dokumentu programowego: <a href=\"https:\/\/www.interreg6a.net\/pl\/przygotowanie-programu-vi-a\/\">https:\/\/www.interreg6a.net\/pl\/przygotowanie-programu-vi-a\/<\/a>).<\/p>\n<p>Ponadto ma\u0142e projekty mog\u0105 by\u0107 tematycznie opracowane w taki spos\u00f3b, aby mog\u0142y by\u0107 wykorzystane w przygotowaniu lub realizacji projekt\u00f3w regularnych. Do rozliczania ma\u0142ych projekt\u00f3w stosuje si\u0119 uproszczone opcje koszt\u00f3w.<\/p>\n<\/div><div class=\"fusion-text fusion-text-10\"><h5><strong>6. Poziom dofinansowania projekt\u00f3w<\/strong><\/h5>\n<\/div><div class=\"fusion-text fusion-text-11\"><p>W ramach Programu, projekty mog\u0105 otrzyma\u0107 wsparcie z EFRR w wysoko\u015bci do <strong>80% wydatk\u00f3w kwalifikowanych<\/strong>.<\/p>\n<p>Zasady kwalifikowalno\u015bci znajduj\u0105 si\u0119 w Podr\u0119czniku Programu Rozdzia\u0142 4 Wytyczne kwalifikowalno\u015bci wydatk\u00f3w.<\/p>\n<p>Oba stowarzyszenia wsp\u00f3lnie opracuj\u0105 wytyczne FMP zawieraj\u0105ce dalsze szczeg\u00f3\u0142y dotycz\u0105ce wyboru i finansowania ma\u0142ych projekt\u00f3w. Wytyczne FMP wymagaj\u0105 zatwierdzenia przez Instytucj\u0119 Zarz\u0105dzaj\u0105c\u0105 z udzia\u0142em Partner\u00f3w Programu.<\/p>\n<p>Dalsze szczeg\u00f3\u0142y na temat przepis\u00f3w dotycz\u0105cych Funduszy Ma\u0142ych Projekt\u00f3w mo\u017cna znale\u017a\u0107 w rozdziale 5.1 Podr\u0119cznika Programu.<\/p>\n<p>Link do Podr\u0119cznika Programu: <a href=\"https:\/\/www.interreg6a.net\/pl\/podrecznik-programu\/\">https:\/\/www.interreg6a.net\/pl\/podrecznik-programu\/<\/a><\/p>\n<\/div><div class=\"fusion-text fusion-text-12\"><h5><strong>7. Ma\u0142e projekty<\/strong><\/h5>\n<\/div><div class=\"fusion-text fusion-text-13\"><p>Dofinansowanie z EFRR dla ma\u0142ych projekt\u00f3w nie mo\u017ce przekroczy\u0107 50 000 EUR.<\/p>\n<\/div><div class=\"fusion-text fusion-text-14\"><h5><strong>8. Wyb\u00f3r projekt\u00f3w<\/strong><\/h5>\n<\/div><div class=\"fusion-text fusion-text-15\"><p>Zapisy dotycz\u0105ce oceny projekt\u00f3w znajduj\u0105 si\u0119 w Podr\u0119czniku Programu Rozdzia\u0142 3.3 Wyb\u00f3r projekt\u00f3w.<\/p>\n<\/div><div class=\"fusion-text fusion-text-16\"><h5><strong>9. Oczekiwany termin wyboru projekt\u00f3w<\/strong><\/h5>\n<\/div><div class=\"fusion-text fusion-text-17\"><p>Decyzj\u0119 o wyborze projekt\u00f3w podejmuje Komitet Monitoruj\u0105cy (KM) Programu Wsp\u00f3\u0142pracy Interreg VI A Meklemburgia &#8211; Pomorze Przednie \/ Brandenburgia \/ Polska 2021-2027. Termin zostanie og\u0142oszony po zako\u0144czeniu procedury naboru (prawdopodobnie lipiec 2023).<\/p>\n<\/div><div class=\"fusion-text fusion-text-18\"><h5><strong>10. \u015arodek odwo\u0142awczy<\/strong><\/h5>\n<\/div><div class=\"fusion-text fusion-text-19\"><p>Wszyscy wnioskodawcy maj\u0105 prawo do z\u0142o\u017cenia skargi dotycz\u0105cej procedury oceny i wyboru. Procedura odwo\u0142awcza zosta\u0142a opisana w Podr\u0119czniku Programu Rozdzia\u0142 3.4 Procedura skargowa.<\/p>\n<\/div><div class=\"fusion-text fusion-text-20\"><h5><strong>11. Za\u0142\u0105czniki do sk\u0142adanego wniosku o dofinansowanie<\/strong><\/h5>\n<\/div><div class=\"fusion-text fusion-text-21\"><p>Za\u0142\u0105czniki do sk\u0142adanego wniosku o dofinansowanie (faza 1) znajduj\u0105 si\u0119 w Podr\u0119czniku Programu Rozdzia\u0142 8.2.<\/p>\n<p>Jako \u201ePotwierdzenie do wniosku z\u0142o\u017conego elektronicznie\u201d administratorzy FMP proszeni s\u0105 o stosowanie poni\u017cszego wzoru w niezmienionej formie:<u><br \/>\n<\/u><\/p>\n<ul>\n<li>Potwierdzenie do wniosku FMP z\u0142o\u017conego elektronicznie (DE,PL)<\/li>\n<\/ul>\n<\/div><div class=\"fusion-text fusion-text-22\"><h5><strong>12. Doradztwo w sprawie wniosk\u00f3w o dofinansowanie<\/strong><\/h5>\n<\/div><div class=\"fusion-text fusion-text-23\"><p>Isnieje mo\u017cliwo\u015b\u0107 indywidualnego om\u00f3wienia pomys\u0142u na projekt. Prosimy o um\u00f3wienie si\u0119 na spotkanie ze Wsp\u00f3lnym Sekretariatem z odpowiednim wyprzedzeniem.<\/p>\n<p><strong>Pytania nale\u017cy kierowa\u0107 do:<br \/>\n<\/strong>Gemeinsames Sekretariat Interreg VI A<br \/>\nErnst-Th\u00e4lmann-Str. 4<br \/>\nD &#8211; 17321 L\u00f6cknitz<br \/>\nE-Mail: <a href=\"mailto:info@interreg6a.net\">info@interreg6a.net<\/a> <strong><br \/>\n<\/strong>Osoby do kontaktu: <a href=\"https:\/\/www.interreg6a.net\/pl\/osoby-do-kontaktu\/\">https:\/\/www.interreg6a.net\/pl\/osoby-do-kontaktu\/<\/a><\/p>\n<\/div><\/div><\/div><\/div><\/div>\n","protected":false},"excerpt":{"rendered":"","protected":false},"author":25,"featured_media":0,"parent":0,"menu_order":0,"comment_status":"closed","ping_status":"closed","template":"100-width.php","meta":{"_price":"","_stock":"","_tribe_ticket_header":"","_tribe_default_ticket_provider":"","_tribe_ticket_capacity":"0","_ticket_start_date":"","_ticket_end_date":"","_tribe_ticket_show_description":"","_tribe_ticket_show_not_going":false,"_tribe_ticket_use_global_stock":"","_tribe_ticket_global_stock_level":"","_global_stock_mode":"","_global_stock_cap":"","_tribe_rsvp_for_event":"","_tribe_ticket_going_count":"","_tribe_ticket_not_going_count":"","_tribe_tickets_list":"[]","_tribe_ticket_has_attendee_info_fields":false,"footnotes":"","_tec_slr_enabled":"","_tec_slr_layout":""},"class_list":["post-8628","page","type-page","status-publish","hentry"],"yoast_head":"<!-- This site is optimized with the Yoast SEO plugin v27.3 - https:\/\/yoast.com\/product\/yoast-seo-wordpress\/ -->\n<title>2. Nab\u00f3r - Interreg VI A MV\/BB\/PL<\/title>\n<meta name=\"robots\" content=\"index, follow, max-snippet:-1, max-image-preview:large, max-video-preview:-1\" \/>\n<link rel=\"canonical\" href=\"https:\/\/www.interreg6a.net\/pl\/nabor-02\/\" \/>\n<meta property=\"og:locale\" content=\"pl_PL\" \/>\n<meta property=\"og:type\" content=\"article\" \/>\n<meta property=\"og:title\" content=\"2. Nab\u00f3r - Interreg VI A MV\/BB\/PL\" \/>\n<meta property=\"og:url\" content=\"https:\/\/www.interreg6a.net\/pl\/nabor-02\/\" \/>\n<meta property=\"og:site_name\" content=\"Interreg VI A MV\/BB\/PL\" \/>\n<meta property=\"article:modified_time\" content=\"2023-03-31T12:27:04+00:00\" \/>\n<meta name=\"twitter:card\" content=\"summary_large_image\" \/>\n<meta name=\"twitter:label1\" content=\"Szacowany czas czytania\" \/>\n\t<meta name=\"twitter:data1\" content=\"10 minut\" \/>\n<script type=\"application\/ld+json\" class=\"yoast-schema-graph\">{\"@context\":\"https:\\\/\\\/schema.org\",\"@graph\":[{\"@type\":\"WebPage\",\"@id\":\"https:\\\/\\\/www.interreg6a.net\\\/pl\\\/nabor-02\\\/\",\"url\":\"https:\\\/\\\/www.interreg6a.net\\\/pl\\\/nabor-02\\\/\",\"name\":\"2. Nab\u00f3r - Interreg VI A MV\\\/BB\\\/PL\",\"isPartOf\":{\"@id\":\"https:\\\/\\\/www.interreg6a.net\\\/pl\\\/#website\"},\"datePublished\":\"2023-03-29T14:48:58+00:00\",\"dateModified\":\"2023-03-31T12:27:04+00:00\",\"breadcrumb\":{\"@id\":\"https:\\\/\\\/www.interreg6a.net\\\/pl\\\/nabor-02\\\/#breadcrumb\"},\"inLanguage\":\"pl-PL\",\"potentialAction\":[{\"@type\":\"ReadAction\",\"target\":[\"https:\\\/\\\/www.interreg6a.net\\\/pl\\\/nabor-02\\\/\"]}]},{\"@type\":\"BreadcrumbList\",\"@id\":\"https:\\\/\\\/www.interreg6a.net\\\/pl\\\/nabor-02\\\/#breadcrumb\",\"itemListElement\":[{\"@type\":\"ListItem\",\"position\":1,\"name\":\"Strona g\u0142\u00f3wna\",\"item\":\"https:\\\/\\\/www.interreg6a.net\\\/pl\\\/\"},{\"@type\":\"ListItem\",\"position\":2,\"name\":\"2. Nab\u00f3r\"}]},{\"@type\":\"WebSite\",\"@id\":\"https:\\\/\\\/www.interreg6a.net\\\/pl\\\/#website\",\"url\":\"https:\\\/\\\/www.interreg6a.net\\\/pl\\\/\",\"name\":\"Interreg VI A MV\\\/BB\\\/PL\",\"description\":\"\",\"potentialAction\":[{\"@type\":\"SearchAction\",\"target\":{\"@type\":\"EntryPoint\",\"urlTemplate\":\"https:\\\/\\\/www.interreg6a.net\\\/pl\\\/?s={search_term_string}\"},\"query-input\":{\"@type\":\"PropertyValueSpecification\",\"valueRequired\":true,\"valueName\":\"search_term_string\"}}],\"inLanguage\":\"pl-PL\"}]}<\/script>\n<!-- \/ Yoast SEO plugin. -->","yoast_head_json":{"title":"2. Nab\u00f3r - Interreg VI A MV\/BB\/PL","robots":{"index":"index","follow":"follow","max-snippet":"max-snippet:-1","max-image-preview":"max-image-preview:large","max-video-preview":"max-video-preview:-1"},"canonical":"https:\/\/www.interreg6a.net\/pl\/nabor-02\/","og_locale":"pl_PL","og_type":"article","og_title":"2. Nab\u00f3r - Interreg VI A MV\/BB\/PL","og_url":"https:\/\/www.interreg6a.net\/pl\/nabor-02\/","og_site_name":"Interreg VI A MV\/BB\/PL","article_modified_time":"2023-03-31T12:27:04+00:00","twitter_card":"summary_large_image","twitter_misc":{"Szacowany czas czytania":"10 minut"},"schema":{"@context":"https:\/\/schema.org","@graph":[{"@type":"WebPage","@id":"https:\/\/www.interreg6a.net\/pl\/nabor-02\/","url":"https:\/\/www.interreg6a.net\/pl\/nabor-02\/","name":"2. Nab\u00f3r - Interreg VI A MV\/BB\/PL","isPartOf":{"@id":"https:\/\/www.interreg6a.net\/pl\/#website"},"datePublished":"2023-03-29T14:48:58+00:00","dateModified":"2023-03-31T12:27:04+00:00","breadcrumb":{"@id":"https:\/\/www.interreg6a.net\/pl\/nabor-02\/#breadcrumb"},"inLanguage":"pl-PL","potentialAction":[{"@type":"ReadAction","target":["https:\/\/www.interreg6a.net\/pl\/nabor-02\/"]}]},{"@type":"BreadcrumbList","@id":"https:\/\/www.interreg6a.net\/pl\/nabor-02\/#breadcrumb","itemListElement":[{"@type":"ListItem","position":1,"name":"Strona g\u0142\u00f3wna","item":"https:\/\/www.interreg6a.net\/pl\/"},{"@type":"ListItem","position":2,"name":"2. Nab\u00f3r"}]},{"@type":"WebSite","@id":"https:\/\/www.interreg6a.net\/pl\/#website","url":"https:\/\/www.interreg6a.net\/pl\/","name":"Interreg VI A MV\/BB\/PL","description":"","potentialAction":[{"@type":"SearchAction","target":{"@type":"EntryPoint","urlTemplate":"https:\/\/www.interreg6a.net\/pl\/?s={search_term_string}"},"query-input":{"@type":"PropertyValueSpecification","valueRequired":true,"valueName":"search_term_string"}}],"inLanguage":"pl-PL"}]}},"ticketed":false,"_links":{"self":[{"href":"https:\/\/www.interreg6a.net\/pl\/wp-json\/wp\/v2\/pages\/8628","targetHints":{"allow":["GET"]}}],"collection":[{"href":"https:\/\/www.interreg6a.net\/pl\/wp-json\/wp\/v2\/pages"}],"about":[{"href":"https:\/\/www.interreg6a.net\/pl\/wp-json\/wp\/v2\/types\/page"}],"author":[{"embeddable":true,"href":"https:\/\/www.interreg6a.net\/pl\/wp-json\/wp\/v2\/users\/25"}],"replies":[{"embeddable":true,"href":"https:\/\/www.interreg6a.net\/pl\/wp-json\/wp\/v2\/comments?post=8628"}],"version-history":[{"count":23,"href":"https:\/\/www.interreg6a.net\/pl\/wp-json\/wp\/v2\/pages\/8628\/revisions"}],"predecessor-version":[{"id":8877,"href":"https:\/\/www.interreg6a.net\/pl\/wp-json\/wp\/v2\/pages\/8628\/revisions\/8877"}],"wp:attachment":[{"href":"https:\/\/www.interreg6a.net\/pl\/wp-json\/wp\/v2\/media?parent=8628"}],"curies":[{"name":"wp","href":"https:\/\/api.w.org\/{rel}","templated":true}]}}