{"id":8019,"date":"2023-03-10T14:39:13","date_gmt":"2023-03-10T13:39:13","guid":{"rendered":"https:\/\/www.interreg6a.net\/?post_type=tribe_events&#038;p=8019"},"modified":"2023-03-10T15:01:03","modified_gmt":"2023-03-10T14:01:03","slug":"28-03-2023-prenzlau-szkolenie-dla-wnioskodawcow","status":"publish","type":"tribe_events","link":"https:\/\/www.interreg6a.net\/pl\/veranstaltungen2\/28-03-2023-prenzlau-szkolenie-dla-wnioskodawcow\/","title":{"rendered":"Prenzlau &#8211; Szkolenie dla wnioskodawc\u00f3w"},"content":{"rendered":"<p>Wsp\u00f3lny Sekretariat Programu Interreg VI A we wsp\u00f3\u0142pracy z regionalnymi punktami kontaktowymi zaprasza na szkolenie w Prenzlau w dniu 28.03.2023 r. w godzinach 10:00 &#8211; 15:00.<br \/>\nSzkolenie skierowane jest do polskich i niemieckich zainteresowanych, kt\u00f3rzy chc\u0105 wzi\u0105\u0107 udzia\u0142 w nadchodz\u0105cych naborach wniosk\u00f3w o dofinasowanie. Liczba uczestnik\u00f3w ka\u017cdego szkolenia jest ograniczona. Dlatego te\u017c prosimy, aby ka\u017cda organizacja\/instytucja zg\u0142osi\u0142a <strong>maksymalnie 2 osoby.<\/strong><\/p>\n<h4>Zagadnienia:<\/h4>\n<ol>\n<li>Program Wsp\u00f3\u0142pracy Interreg VI A Meklemburgia-Pomorze Przednie \/ Brandenburgia \u2013 priorytety i cele<\/li>\n<li>Opracowywanie projektu i sk\u0142adanie wniosku<\/li>\n<li>Wskaz\u00f3wki merytoryczne i techniczne, dotycz\u0105ce z\u0142o\u017cenia wniosku projektowego poprzez nowy elektroniczny system monitoringu (JEMS)<\/li>\n<li>Procedura wyboru projekt\u00f3w<\/li>\n<li>Wytyczne kwalifikowalno\u015bci wydatk\u00f3w<\/li>\n<li>Informacja i promocja<\/li>\n<\/ol>\n<p>Szkolenie b\u0119de t\u0142umaczone symultanicznie na j\u0119zyk polski\/niemiecki.<\/p>\n<div class='w3eden'>\n<!-- WPDM Link Template: Default Template -->\n\n<div class=\"link-template-default card mb-2\">\n    <div class=\"card-body\">\n        <div class=\"media\">\n            <div class=\"media-pic-icon\">\n                <a class='wpdm-download-link download-on-click btn btn-primary ' rel='nofollow' href='#' data-downloadurl=\"https:\/\/www.interreg6a.net\/download\/anmeldeformular-formularz-zgloszeniowy-28-03-2023-prenzlau\/?wpdmdl=7987&refresh=69f2ebe8406821777527784\">Pobierz<\/a>\n            <\/div>\n            <div class=\"media-body\">\n                <h3 class=\"package-title\">Anmeldeformular \/ Formularz zg\u0142oszeniowy 28.03.2023, Prenzlau<\/h3>\n                <div class=\"text-muted text-small\">\n                    <span class=\"wpdm_file_ext\">pdf<\/span> | <span class=\"wpdm_file_size\">248.49 KB<\/span> | <span class=\"wpdm_update_date\">10. marca 2023<\/span> <!-- 10. marca 2023 -->\n                <\/div>\n            <\/div>\n\n        <\/div>\n    <\/div>\n<\/div>\n\n<\/div>\n<p>Wraz ze zg\u0142oszeniem wyra\u017cacie Pa\u0144stwo zgod\u0119 na nast\u0119puj\u0105ce dzia\u0142ania w zakresie <strong><u>przetwarzania danych osobowych<\/u><\/strong>:<\/p>\n<ul>\n<li>Dane wprowadzone w formularzu b\u0119d\u0105 przetwarzane w ramach lokalnej sieci Wsp\u00f3lnego Sekretariatu. Niekt\u00f3re informacje (tj.: imi\u0119 i nazwisko, telefon kontaktowy, instytucja, adres e-mail) zostan\u0105 zamieszczone na listach uczestnik\u00f3w. Dane kontaktowe (tj.: imi\u0119 i nazwisko, adres e-mail) mog\u0105 zosta\u0107 wykorzystane do przesy\u0142ania materia\u0142\u00f3w szkoleniowych i konferencyjnych. Niekt\u00f3re z danych (nazwisko, instytucja, lista uczestnik\u00f3w) w razie potrzeby zostan\u0105 udost\u0119pnione Instytucjom Programu Wsp\u00f3\u0142pracy do cel\u00f3w organizacyjnych lub rozliczeniowych.<\/li>\n<li>W trakcie tego wydarzenia mog\u0105 by\u0107 robione zdj\u0119cia i filmy, kt\u00f3re zostan\u0105 opublikowane w celach informacyjnych w ramach Programu Wsp\u00f3\u0142pracy. Poprzez rejestracj\u0119 wyra\u017caj\u0105 Pa\u0144stwo zgod\u0119, aby zdj\u0119cia wykonane w ramach tego wydarzenia, wykorzystywane by\u0142y przez Wsp\u00f3lny Sekretariat w publikacjach (np. w mediach spo\u0142eczno\u015bciowych) oraz na stronie internetowej Programu Wsp\u00f3\u0142pracy (<a href=\"http:\/\/www.interreg6a.net\">www.interreg6a.net<\/a>) oraz, je\u015bli to konieczne przez Instytucje Programu Wsp\u00f3\u0142pracy w ramach promocji.<\/li>\n<\/ul>\n","protected":false},"excerpt":{"rendered":"<p>Wsp\u00f3lny Sekretariat Programu Interreg VI A we wsp\u00f3\u0142pracy z regionalnymi  [&#8230;]<\/p>\n","protected":false},"author":25,"featured_media":7986,"template":"","meta":{"_price":"","_stock":"","_tribe_ticket_header":"","_tribe_default_ticket_provider":"","_tribe_ticket_capacity":"0","_ticket_start_date":"","_ticket_end_date":"","_tribe_ticket_show_description":"","_tribe_ticket_show_not_going":false,"_tribe_ticket_use_global_stock":"","_tribe_ticket_global_stock_level":"","_global_stock_mode":"","_global_stock_cap":"","_tribe_rsvp_for_event":"","_tribe_ticket_going_count":"","_tribe_ticket_not_going_count":"","_tribe_tickets_list":"[]","_tribe_ticket_has_attendee_info_fields":false,"_tribe_events_status":"","_tribe_events_status_reason":"","_tribe_events_is_hybrid":"","_tribe_events_is_virtual":"","_tribe_events_virtual_video_source":"","_tribe_events_virtual_embed_video":"","_tribe_events_virtual_linked_button_text":"","_tribe_events_virtual_linked_button":"","_tribe_events_virtual_show_embed_at":"","_tribe_events_virtual_show_embed_to":[],"_tribe_events_virtual_show_on_event":"","_tribe_events_virtual_show_on_views":"","_tribe_events_virtual_url":"","footnotes":"","_tec_slr_enabled":"","_tec_slr_layout":""},"tags":[],"tribe_events_cat":[65],"class_list":["post-8019","tribe_events","type-tribe_events","status-publish","has-post-thumbnail","hentry","tribe_events_cat-szkolenia","cat_szkolenia"],"yoast_head":"<!-- This site is optimized with the Yoast SEO plugin v27.3 - https:\/\/yoast.com\/product\/yoast-seo-wordpress\/ -->\n<title>Prenzlau - Szkolenie dla wnioskodawc\u00f3w - Interreg VI A MV\/BB\/PL<\/title>\n<meta name=\"robots\" content=\"index, follow, max-snippet:-1, max-image-preview:large, max-video-preview:-1\" \/>\n<link rel=\"canonical\" href=\"https:\/\/www.interreg6a.net\/pl\/veranstaltungen2\/28-03-2023-prenzlau-szkolenie-dla-wnioskodawcow\/\" \/>\n<meta property=\"og:locale\" content=\"pl_PL\" \/>\n<meta property=\"og:type\" content=\"article\" \/>\n<meta property=\"og:title\" content=\"Prenzlau - Szkolenie dla wnioskodawc\u00f3w - Interreg VI A MV\/BB\/PL\" \/>\n<meta property=\"og:description\" content=\"Wsp\u00f3lny Sekretariat Programu Interreg VI A we wsp\u00f3\u0142pracy z regionalnymi [...]\" \/>\n<meta property=\"og:url\" content=\"https:\/\/www.interreg6a.net\/pl\/veranstaltungen2\/28-03-2023-prenzlau-szkolenie-dla-wnioskodawcow\/\" \/>\n<meta property=\"og:site_name\" content=\"Interreg VI A MV\/BB\/PL\" \/>\n<meta property=\"article:modified_time\" content=\"2023-03-10T14:01:03+00:00\" \/>\n<meta property=\"og:image\" content=\"https:\/\/www.interreg6a.net\/wp-content\/uploads\/2023\/03\/28.03.2023-Prenzlau.jpg\" \/>\n\t<meta property=\"og:image:width\" content=\"1600\" \/>\n\t<meta property=\"og:image:height\" content=\"897\" \/>\n\t<meta property=\"og:image:type\" content=\"image\/jpeg\" \/>\n<meta name=\"twitter:card\" content=\"summary_large_image\" \/>\n<meta name=\"twitter:label1\" content=\"Szacowany czas czytania\" \/>\n\t<meta name=\"twitter:data1\" content=\"2 minuty\" \/>\n<script type=\"application\/ld+json\" class=\"yoast-schema-graph\">{\"@context\":\"https:\\\/\\\/schema.org\",\"@graph\":[{\"@type\":\"WebPage\",\"@id\":\"https:\\\/\\\/www.interreg6a.net\\\/pl\\\/veranstaltungen2\\\/28-03-2023-prenzlau-szkolenie-dla-wnioskodawcow\\\/\",\"url\":\"https:\\\/\\\/www.interreg6a.net\\\/pl\\\/veranstaltungen2\\\/28-03-2023-prenzlau-szkolenie-dla-wnioskodawcow\\\/\",\"name\":\"Prenzlau - Szkolenie dla wnioskodawc\u00f3w - Interreg VI A MV\\\/BB\\\/PL\",\"isPartOf\":{\"@id\":\"https:\\\/\\\/www.interreg6a.net\\\/pl\\\/#website\"},\"primaryImageOfPage\":{\"@id\":\"https:\\\/\\\/www.interreg6a.net\\\/pl\\\/veranstaltungen2\\\/28-03-2023-prenzlau-szkolenie-dla-wnioskodawcow\\\/#primaryimage\"},\"image\":{\"@id\":\"https:\\\/\\\/www.interreg6a.net\\\/pl\\\/veranstaltungen2\\\/28-03-2023-prenzlau-szkolenie-dla-wnioskodawcow\\\/#primaryimage\"},\"thumbnailUrl\":\"https:\\\/\\\/www.interreg6a.net\\\/wp-content\\\/uploads\\\/2023\\\/03\\\/28.03.2023-Prenzlau.jpg\",\"datePublished\":\"2023-03-10T13:39:13+00:00\",\"dateModified\":\"2023-03-10T14:01:03+00:00\",\"breadcrumb\":{\"@id\":\"https:\\\/\\\/www.interreg6a.net\\\/pl\\\/veranstaltungen2\\\/28-03-2023-prenzlau-szkolenie-dla-wnioskodawcow\\\/#breadcrumb\"},\"inLanguage\":\"pl-PL\",\"potentialAction\":[{\"@type\":\"ReadAction\",\"target\":[\"https:\\\/\\\/www.interreg6a.net\\\/pl\\\/veranstaltungen2\\\/28-03-2023-prenzlau-szkolenie-dla-wnioskodawcow\\\/\"]}]},{\"@type\":\"ImageObject\",\"inLanguage\":\"pl-PL\",\"@id\":\"https:\\\/\\\/www.interreg6a.net\\\/pl\\\/veranstaltungen2\\\/28-03-2023-prenzlau-szkolenie-dla-wnioskodawcow\\\/#primaryimage\",\"url\":\"https:\\\/\\\/www.interreg6a.net\\\/wp-content\\\/uploads\\\/2023\\\/03\\\/28.03.2023-Prenzlau.jpg\",\"contentUrl\":\"https:\\\/\\\/www.interreg6a.net\\\/wp-content\\\/uploads\\\/2023\\\/03\\\/28.03.2023-Prenzlau.jpg\",\"width\":1600,\"height\":897},{\"@type\":\"BreadcrumbList\",\"@id\":\"https:\\\/\\\/www.interreg6a.net\\\/pl\\\/veranstaltungen2\\\/28-03-2023-prenzlau-szkolenie-dla-wnioskodawcow\\\/#breadcrumb\",\"itemListElement\":[{\"@type\":\"ListItem\",\"position\":1,\"name\":\"Strona g\u0142\u00f3wna\",\"item\":\"https:\\\/\\\/www.interreg6a.net\\\/pl\\\/\"},{\"@type\":\"ListItem\",\"position\":2,\"name\":\"Wydarzenia\",\"item\":\"https:\\\/\\\/www.interreg6a.net\\\/pl\\\/veranstaltungen2\\\/\"},{\"@type\":\"ListItem\",\"position\":3,\"name\":\"Prenzlau &#8211; Szkolenie dla wnioskodawc\u00f3w\"}]},{\"@type\":\"WebSite\",\"@id\":\"https:\\\/\\\/www.interreg6a.net\\\/pl\\\/#website\",\"url\":\"https:\\\/\\\/www.interreg6a.net\\\/pl\\\/\",\"name\":\"Interreg VI A MV\\\/BB\\\/PL\",\"description\":\"\",\"potentialAction\":[{\"@type\":\"SearchAction\",\"target\":{\"@type\":\"EntryPoint\",\"urlTemplate\":\"https:\\\/\\\/www.interreg6a.net\\\/pl\\\/?s={search_term_string}\"},\"query-input\":{\"@type\":\"PropertyValueSpecification\",\"valueRequired\":true,\"valueName\":\"search_term_string\"}}],\"inLanguage\":\"pl-PL\"}]}<\/script>\n<!-- \/ Yoast SEO plugin. -->","yoast_head_json":{"title":"Prenzlau - Szkolenie dla wnioskodawc\u00f3w - Interreg VI A MV\/BB\/PL","robots":{"index":"index","follow":"follow","max-snippet":"max-snippet:-1","max-image-preview":"max-image-preview:large","max-video-preview":"max-video-preview:-1"},"canonical":"https:\/\/www.interreg6a.net\/pl\/veranstaltungen2\/28-03-2023-prenzlau-szkolenie-dla-wnioskodawcow\/","og_locale":"pl_PL","og_type":"article","og_title":"Prenzlau - Szkolenie dla wnioskodawc\u00f3w - Interreg VI A MV\/BB\/PL","og_description":"Wsp\u00f3lny Sekretariat Programu Interreg VI A we wsp\u00f3\u0142pracy z regionalnymi [...]","og_url":"https:\/\/www.interreg6a.net\/pl\/veranstaltungen2\/28-03-2023-prenzlau-szkolenie-dla-wnioskodawcow\/","og_site_name":"Interreg VI A MV\/BB\/PL","article_modified_time":"2023-03-10T14:01:03+00:00","og_image":[{"width":1600,"height":897,"url":"https:\/\/www.interreg6a.net\/wp-content\/uploads\/2023\/03\/28.03.2023-Prenzlau.jpg","type":"image\/jpeg"}],"twitter_card":"summary_large_image","twitter_misc":{"Szacowany czas czytania":"2 minuty"},"schema":{"@context":"https:\/\/schema.org","@graph":[{"@type":"WebPage","@id":"https:\/\/www.interreg6a.net\/pl\/veranstaltungen2\/28-03-2023-prenzlau-szkolenie-dla-wnioskodawcow\/","url":"https:\/\/www.interreg6a.net\/pl\/veranstaltungen2\/28-03-2023-prenzlau-szkolenie-dla-wnioskodawcow\/","name":"Prenzlau - Szkolenie dla wnioskodawc\u00f3w - Interreg VI A MV\/BB\/PL","isPartOf":{"@id":"https:\/\/www.interreg6a.net\/pl\/#website"},"primaryImageOfPage":{"@id":"https:\/\/www.interreg6a.net\/pl\/veranstaltungen2\/28-03-2023-prenzlau-szkolenie-dla-wnioskodawcow\/#primaryimage"},"image":{"@id":"https:\/\/www.interreg6a.net\/pl\/veranstaltungen2\/28-03-2023-prenzlau-szkolenie-dla-wnioskodawcow\/#primaryimage"},"thumbnailUrl":"https:\/\/www.interreg6a.net\/wp-content\/uploads\/2023\/03\/28.03.2023-Prenzlau.jpg","datePublished":"2023-03-10T13:39:13+00:00","dateModified":"2023-03-10T14:01:03+00:00","breadcrumb":{"@id":"https:\/\/www.interreg6a.net\/pl\/veranstaltungen2\/28-03-2023-prenzlau-szkolenie-dla-wnioskodawcow\/#breadcrumb"},"inLanguage":"pl-PL","potentialAction":[{"@type":"ReadAction","target":["https:\/\/www.interreg6a.net\/pl\/veranstaltungen2\/28-03-2023-prenzlau-szkolenie-dla-wnioskodawcow\/"]}]},{"@type":"ImageObject","inLanguage":"pl-PL","@id":"https:\/\/www.interreg6a.net\/pl\/veranstaltungen2\/28-03-2023-prenzlau-szkolenie-dla-wnioskodawcow\/#primaryimage","url":"https:\/\/www.interreg6a.net\/wp-content\/uploads\/2023\/03\/28.03.2023-Prenzlau.jpg","contentUrl":"https:\/\/www.interreg6a.net\/wp-content\/uploads\/2023\/03\/28.03.2023-Prenzlau.jpg","width":1600,"height":897},{"@type":"BreadcrumbList","@id":"https:\/\/www.interreg6a.net\/pl\/veranstaltungen2\/28-03-2023-prenzlau-szkolenie-dla-wnioskodawcow\/#breadcrumb","itemListElement":[{"@type":"ListItem","position":1,"name":"Strona g\u0142\u00f3wna","item":"https:\/\/www.interreg6a.net\/pl\/"},{"@type":"ListItem","position":2,"name":"Wydarzenia","item":"https:\/\/www.interreg6a.net\/pl\/veranstaltungen2\/"},{"@type":"ListItem","position":3,"name":"Prenzlau &#8211; Szkolenie dla wnioskodawc\u00f3w"}]},{"@type":"WebSite","@id":"https:\/\/www.interreg6a.net\/pl\/#website","url":"https:\/\/www.interreg6a.net\/pl\/","name":"Interreg VI A MV\/BB\/PL","description":"","potentialAction":[{"@type":"SearchAction","target":{"@type":"EntryPoint","urlTemplate":"https:\/\/www.interreg6a.net\/pl\/?s={search_term_string}"},"query-input":{"@type":"PropertyValueSpecification","valueRequired":true,"valueName":"search_term_string"}}],"inLanguage":"pl-PL"}]}},"ticketed":false,"_links":{"self":[{"href":"https:\/\/www.interreg6a.net\/pl\/wp-json\/wp\/v2\/tribe_events\/8019","targetHints":{"allow":["GET"]}}],"collection":[{"href":"https:\/\/www.interreg6a.net\/pl\/wp-json\/wp\/v2\/tribe_events"}],"about":[{"href":"https:\/\/www.interreg6a.net\/pl\/wp-json\/wp\/v2\/types\/tribe_events"}],"author":[{"embeddable":true,"href":"https:\/\/www.interreg6a.net\/pl\/wp-json\/wp\/v2\/users\/25"}],"version-history":[{"count":3,"href":"https:\/\/www.interreg6a.net\/pl\/wp-json\/wp\/v2\/tribe_events\/8019\/revisions"}],"predecessor-version":[{"id":8033,"href":"https:\/\/www.interreg6a.net\/pl\/wp-json\/wp\/v2\/tribe_events\/8019\/revisions\/8033"}],"wp:featuredmedia":[{"embeddable":true,"href":"https:\/\/www.interreg6a.net\/pl\/wp-json\/wp\/v2\/media\/7986"}],"wp:attachment":[{"href":"https:\/\/www.interreg6a.net\/pl\/wp-json\/wp\/v2\/media?parent=8019"}],"wp:term":[{"taxonomy":"post_tag","embeddable":true,"href":"https:\/\/www.interreg6a.net\/pl\/wp-json\/wp\/v2\/tags?post=8019"},{"taxonomy":"tribe_events_cat","embeddable":true,"href":"https:\/\/www.interreg6a.net\/pl\/wp-json\/wp\/v2\/tribe_events_cat?post=8019"}],"curies":[{"name":"wp","href":"https:\/\/api.w.org\/{rel}","templated":true}]}}